{"id":66803,"date":"2026-03-06T18:33:50","date_gmt":"2026-03-06T17:33:50","guid":{"rendered":"https:\/\/www.lavillagardendesign.com\/product\/ulm-canape-dexterieur-circulaire\/"},"modified":"2026-03-07T17:35:08","modified_gmt":"2026-03-07T16:35:08","slug":"ulm-canape-dexterieur-circulaire","status":"publish","type":"product","link":"https:\/\/www.lavillagardendesign.com\/fr\/product\/ulm-canape-dexterieur-circulaire\/","title":{"rendered":"ULM &#8211; Canap\u00e9 d&rsquo;ext\u00e9rieur circulaire"},"content":{"rendered":"","protected":false},"excerpt":{"rendered":"<p>Le canap\u00e9 ULM, chef-d&rsquo;\u0153uvre du designer Ram\u00f3n Esteve, est l&rsquo;expression ultime du confort g\u00e9om\u00e9trique. Con\u00e7u selon une esth\u00e9tique de formes circulaires pures, ce canap\u00e9 offre une exp\u00e9rience de relaxation enveloppante, id\u00e9ale pour les terrasses de luxe et les villas m\u00e9diterran\u00e9ennes. Sa fabrication par rotomoulage en r\u00e9sine de poly\u00e9thyl\u00e8ne lui assure une extr\u00eame durabilit\u00e9 face \u00e0 la salinit\u00e9 et \u00e0 la lumi\u00e8re intense du soleil, sans compromettre sa l\u00e9g\u00e8ret\u00e9. Une pi\u00e8ce essentielle qui allie l&rsquo;ergonomie \u00e0 un design architectural d&rsquo;avant-garde et qui est recyclable \u00e0 100 %.   <\/p>\n","protected":false},"featured_media":66611,"comment_status":"open","ping_status":"closed","template":"","meta":[],"product_brand":[5000],"product_cat":[2937,2935,6832],"product_tag":[],"class_list":{"0":"post-66803","1":"product","2":"type-product","3":"status-publish","4":"has-post-thumbnail","6":"product_brand-vondom","7":"product_cat-canapes","8":"product_cat-canapes-fauteuils","9":"product_cat-outdoor-fr","11":"first","12":"instock","13":"taxable","14":"shipping-taxable","15":"purchasable","16":"product-type-variable"},"yoast_head":"<!-- This site is optimized with the Yoast SEO plugin v27.4 - https:\/\/yoast.com\/product\/yoast-seo-wordpress\/ -->\n<title>Canap\u00e9 d&#039;ext\u00e9rieur circulaire ULM | Luxury Design by Ram\u00f3n Esteve | La Villa<\/title>\n<meta name=\"description\" content=\"Achetez le canap\u00e9 ULM de Ram\u00f3n Esteve \u00e0 La Villa Garden &amp; Design. Design circulaire exclusif en r\u00e9sine haute r\u00e9sistance pour les jardins de luxe et les villas haut de gamme.\" \/>\n<meta name=\"robots\" content=\"index, follow, max-snippet:-1, max-image-preview:large, max-video-preview:-1\" \/>\n<link rel=\"canonical\" href=\"https:\/\/www.lavillagardendesign.com\/fr\/product\/ulm-canape-dexterieur-circulaire\/\" \/>\n<meta property=\"og:locale\" content=\"fr_FR\" \/>\n<meta property=\"og:type\" content=\"article\" \/>\n<meta property=\"og:title\" content=\"Canap\u00e9 d&#039;ext\u00e9rieur circulaire ULM | Luxury Design by Ram\u00f3n Esteve | La Villa\" \/>\n<meta property=\"og:description\" content=\"Achetez le canap\u00e9 ULM de Ram\u00f3n Esteve \u00e0 La Villa Garden &amp; Design. Design circulaire exclusif en r\u00e9sine haute r\u00e9sistance pour les jardins de luxe et les villas haut de gamme.\" \/>\n<meta property=\"og:url\" content=\"https:\/\/www.lavillagardendesign.com\/fr\/product\/ulm-canape-dexterieur-circulaire\/\" \/>\n<meta property=\"og:site_name\" content=\"La Villa Garden&amp;Design\" \/>\n<meta property=\"article:publisher\" content=\"https:\/\/www.facebook.com\/lavillagardendesign\/\" \/>\n<meta property=\"article:modified_time\" content=\"2026-03-07T16:35:08+00:00\" \/>\n<meta property=\"og:image\" content=\"https:\/\/www.lavillagardendesign.com\/wp-content\/uploads\/2026\/03\/2-34.png\" \/>\n\t<meta property=\"og:image:width\" content=\"700\" \/>\n\t<meta property=\"og:image:height\" content=\"800\" \/>\n\t<meta property=\"og:image:type\" content=\"image\/png\" \/>\n<meta name=\"twitter:card\" content=\"summary_large_image\" \/>\n<script type=\"application\/ld+json\" class=\"yoast-schema-graph\">{\"@context\":\"https:\\\/\\\/schema.org\",\"@graph\":[{\"@type\":\"WebPage\",\"@id\":\"https:\\\/\\\/www.lavillagardendesign.com\\\/fr\\\/product\\\/ulm-canape-dexterieur-circulaire\\\/\",\"url\":\"https:\\\/\\\/www.lavillagardendesign.com\\\/fr\\\/product\\\/ulm-canape-dexterieur-circulaire\\\/\",\"name\":\"Canap\u00e9 d'ext\u00e9rieur circulaire ULM | Luxury Design by Ram\u00f3n Esteve | La Villa\",\"isPartOf\":{\"@id\":\"https:\\\/\\\/www.lavillagardendesign.com\\\/#website\"},\"primaryImageOfPage\":{\"@id\":\"https:\\\/\\\/www.lavillagardendesign.com\\\/fr\\\/product\\\/ulm-canape-dexterieur-circulaire\\\/#primaryimage\"},\"image\":{\"@id\":\"https:\\\/\\\/www.lavillagardendesign.com\\\/fr\\\/product\\\/ulm-canape-dexterieur-circulaire\\\/#primaryimage\"},\"thumbnailUrl\":\"https:\\\/\\\/www.lavillagardendesign.com\\\/wp-content\\\/uploads\\\/2026\\\/03\\\/2-34.png\",\"datePublished\":\"2026-03-06T17:33:50+00:00\",\"dateModified\":\"2026-03-07T16:35:08+00:00\",\"description\":\"Achetez le canap\u00e9 ULM de Ram\u00f3n Esteve \u00e0 La Villa Garden & Design. Design circulaire exclusif en r\u00e9sine haute r\u00e9sistance pour les jardins de luxe et les villas haut de gamme.\",\"breadcrumb\":{\"@id\":\"https:\\\/\\\/www.lavillagardendesign.com\\\/fr\\\/product\\\/ulm-canape-dexterieur-circulaire\\\/#breadcrumb\"},\"inLanguage\":\"fr-FR\",\"potentialAction\":[{\"@type\":\"ReadAction\",\"target\":[\"https:\\\/\\\/www.lavillagardendesign.com\\\/fr\\\/product\\\/ulm-canape-dexterieur-circulaire\\\/\"]}]},{\"@type\":\"ImageObject\",\"inLanguage\":\"fr-FR\",\"@id\":\"https:\\\/\\\/www.lavillagardendesign.com\\\/fr\\\/product\\\/ulm-canape-dexterieur-circulaire\\\/#primaryimage\",\"url\":\"https:\\\/\\\/www.lavillagardendesign.com\\\/wp-content\\\/uploads\\\/2026\\\/03\\\/2-34.png\",\"contentUrl\":\"https:\\\/\\\/www.lavillagardendesign.com\\\/wp-content\\\/uploads\\\/2026\\\/03\\\/2-34.png\",\"width\":700,\"height\":800},{\"@type\":\"BreadcrumbList\",\"@id\":\"https:\\\/\\\/www.lavillagardendesign.com\\\/fr\\\/product\\\/ulm-canape-dexterieur-circulaire\\\/#breadcrumb\",\"itemListElement\":[{\"@type\":\"ListItem\",\"position\":1,\"name\":\"Home\",\"item\":\"https:\\\/\\\/www.lavillagardendesign.com\\\/\"},{\"@type\":\"ListItem\",\"position\":2,\"name\":\"Boutique\",\"item\":\"https:\\\/\\\/www.lavillagardendesign.com\\\/fr\\\/boutique\\\/\"},{\"@type\":\"ListItem\",\"position\":3,\"name\":\"ULM &#8211; Canap\u00e9 d&#8217;ext\u00e9rieur circulaire\"}]},{\"@type\":\"WebSite\",\"@id\":\"https:\\\/\\\/www.lavillagardendesign.com\\\/#website\",\"url\":\"https:\\\/\\\/www.lavillagardendesign.com\\\/\",\"name\":\"La Villa Garden&Design\",\"description\":\"\",\"publisher\":{\"@id\":\"https:\\\/\\\/www.lavillagardendesign.com\\\/#organization\"},\"potentialAction\":[{\"@type\":\"SearchAction\",\"target\":{\"@type\":\"EntryPoint\",\"urlTemplate\":\"https:\\\/\\\/www.lavillagardendesign.com\\\/?s={search_term_string}\"},\"query-input\":{\"@type\":\"PropertyValueSpecification\",\"valueRequired\":true,\"valueName\":\"search_term_string\"}}],\"inLanguage\":\"fr-FR\"},{\"@type\":\"Organization\",\"@id\":\"https:\\\/\\\/www.lavillagardendesign.com\\\/#organization\",\"name\":\"La Villa Garden&Design\",\"url\":\"https:\\\/\\\/www.lavillagardendesign.com\\\/\",\"logo\":{\"@type\":\"ImageObject\",\"inLanguage\":\"fr-FR\",\"@id\":\"https:\\\/\\\/www.lavillagardendesign.com\\\/#\\\/schema\\\/logo\\\/image\\\/\",\"url\":\"https:\\\/\\\/www.lavillagardendesign.com\\\/wp-content\\\/uploads\\\/2024\\\/04\\\/logolavilla.png\",\"contentUrl\":\"https:\\\/\\\/www.lavillagardendesign.com\\\/wp-content\\\/uploads\\\/2024\\\/04\\\/logolavilla.png\",\"width\":682,\"height\":391,\"caption\":\"La Villa Garden&Design\"},\"image\":{\"@id\":\"https:\\\/\\\/www.lavillagardendesign.com\\\/#\\\/schema\\\/logo\\\/image\\\/\"},\"sameAs\":[\"https:\\\/\\\/www.facebook.com\\\/lavillagardendesign\\\/\"]}]}<\/script>\n<!-- \/ Yoast SEO plugin. -->","yoast_head_json":{"title":"Canap\u00e9 d'ext\u00e9rieur circulaire ULM | Luxury Design by Ram\u00f3n Esteve | La Villa","description":"Achetez le canap\u00e9 ULM de Ram\u00f3n Esteve \u00e0 La Villa Garden & Design. Design circulaire exclusif en r\u00e9sine haute r\u00e9sistance pour les jardins de luxe et les villas haut de gamme.","robots":{"index":"index","follow":"follow","max-snippet":"max-snippet:-1","max-image-preview":"max-image-preview:large","max-video-preview":"max-video-preview:-1"},"canonical":"https:\/\/www.lavillagardendesign.com\/fr\/product\/ulm-canape-dexterieur-circulaire\/","og_locale":"fr_FR","og_type":"article","og_title":"Canap\u00e9 d'ext\u00e9rieur circulaire ULM | Luxury Design by Ram\u00f3n Esteve | La Villa","og_description":"Achetez le canap\u00e9 ULM de Ram\u00f3n Esteve \u00e0 La Villa Garden & Design. Design circulaire exclusif en r\u00e9sine haute r\u00e9sistance pour les jardins de luxe et les villas haut de gamme.","og_url":"https:\/\/www.lavillagardendesign.com\/fr\/product\/ulm-canape-dexterieur-circulaire\/","og_site_name":"La Villa Garden&amp;Design","article_publisher":"https:\/\/www.facebook.com\/lavillagardendesign\/","article_modified_time":"2026-03-07T16:35:08+00:00","og_image":[{"width":700,"height":800,"url":"https:\/\/www.lavillagardendesign.com\/wp-content\/uploads\/2026\/03\/2-34.png","type":"image\/png"}],"twitter_card":"summary_large_image","schema":{"@context":"https:\/\/schema.org","@graph":[{"@type":"WebPage","@id":"https:\/\/www.lavillagardendesign.com\/fr\/product\/ulm-canape-dexterieur-circulaire\/","url":"https:\/\/www.lavillagardendesign.com\/fr\/product\/ulm-canape-dexterieur-circulaire\/","name":"Canap\u00e9 d'ext\u00e9rieur circulaire ULM | Luxury Design by Ram\u00f3n Esteve | La Villa","isPartOf":{"@id":"https:\/\/www.lavillagardendesign.com\/#website"},"primaryImageOfPage":{"@id":"https:\/\/www.lavillagardendesign.com\/fr\/product\/ulm-canape-dexterieur-circulaire\/#primaryimage"},"image":{"@id":"https:\/\/www.lavillagardendesign.com\/fr\/product\/ulm-canape-dexterieur-circulaire\/#primaryimage"},"thumbnailUrl":"https:\/\/www.lavillagardendesign.com\/wp-content\/uploads\/2026\/03\/2-34.png","datePublished":"2026-03-06T17:33:50+00:00","dateModified":"2026-03-07T16:35:08+00:00","description":"Achetez le canap\u00e9 ULM de Ram\u00f3n Esteve \u00e0 La Villa Garden & Design. Design circulaire exclusif en r\u00e9sine haute r\u00e9sistance pour les jardins de luxe et les villas haut de gamme.","breadcrumb":{"@id":"https:\/\/www.lavillagardendesign.com\/fr\/product\/ulm-canape-dexterieur-circulaire\/#breadcrumb"},"inLanguage":"fr-FR","potentialAction":[{"@type":"ReadAction","target":["https:\/\/www.lavillagardendesign.com\/fr\/product\/ulm-canape-dexterieur-circulaire\/"]}]},{"@type":"ImageObject","inLanguage":"fr-FR","@id":"https:\/\/www.lavillagardendesign.com\/fr\/product\/ulm-canape-dexterieur-circulaire\/#primaryimage","url":"https:\/\/www.lavillagardendesign.com\/wp-content\/uploads\/2026\/03\/2-34.png","contentUrl":"https:\/\/www.lavillagardendesign.com\/wp-content\/uploads\/2026\/03\/2-34.png","width":700,"height":800},{"@type":"BreadcrumbList","@id":"https:\/\/www.lavillagardendesign.com\/fr\/product\/ulm-canape-dexterieur-circulaire\/#breadcrumb","itemListElement":[{"@type":"ListItem","position":1,"name":"Home","item":"https:\/\/www.lavillagardendesign.com\/"},{"@type":"ListItem","position":2,"name":"Boutique","item":"https:\/\/www.lavillagardendesign.com\/fr\/boutique\/"},{"@type":"ListItem","position":3,"name":"ULM &#8211; Canap\u00e9 d&#8217;ext\u00e9rieur circulaire"}]},{"@type":"WebSite","@id":"https:\/\/www.lavillagardendesign.com\/#website","url":"https:\/\/www.lavillagardendesign.com\/","name":"La Villa Garden&Design","description":"","publisher":{"@id":"https:\/\/www.lavillagardendesign.com\/#organization"},"potentialAction":[{"@type":"SearchAction","target":{"@type":"EntryPoint","urlTemplate":"https:\/\/www.lavillagardendesign.com\/?s={search_term_string}"},"query-input":{"@type":"PropertyValueSpecification","valueRequired":true,"valueName":"search_term_string"}}],"inLanguage":"fr-FR"},{"@type":"Organization","@id":"https:\/\/www.lavillagardendesign.com\/#organization","name":"La Villa Garden&Design","url":"https:\/\/www.lavillagardendesign.com\/","logo":{"@type":"ImageObject","inLanguage":"fr-FR","@id":"https:\/\/www.lavillagardendesign.com\/#\/schema\/logo\/image\/","url":"https:\/\/www.lavillagardendesign.com\/wp-content\/uploads\/2024\/04\/logolavilla.png","contentUrl":"https:\/\/www.lavillagardendesign.com\/wp-content\/uploads\/2024\/04\/logolavilla.png","width":682,"height":391,"caption":"La Villa Garden&Design"},"image":{"@id":"https:\/\/www.lavillagardendesign.com\/#\/schema\/logo\/image\/"},"sameAs":["https:\/\/www.facebook.com\/lavillagardendesign\/"]}]}},"_links":{"self":[{"href":"https:\/\/www.lavillagardendesign.com\/fr\/wp-json\/wp\/v2\/product\/66803","targetHints":{"allow":["GET"]}}],"collection":[{"href":"https:\/\/www.lavillagardendesign.com\/fr\/wp-json\/wp\/v2\/product"}],"about":[{"href":"https:\/\/www.lavillagardendesign.com\/fr\/wp-json\/wp\/v2\/types\/product"}],"replies":[{"embeddable":true,"href":"https:\/\/www.lavillagardendesign.com\/fr\/wp-json\/wp\/v2\/comments?post=66803"}],"version-history":[{"count":1,"href":"https:\/\/www.lavillagardendesign.com\/fr\/wp-json\/wp\/v2\/product\/66803\/revisions"}],"predecessor-version":[{"id":66948,"href":"https:\/\/www.lavillagardendesign.com\/fr\/wp-json\/wp\/v2\/product\/66803\/revisions\/66948"}],"wp:featuredmedia":[{"embeddable":true,"href":"https:\/\/www.lavillagardendesign.com\/fr\/wp-json\/wp\/v2\/media\/66611"}],"wp:attachment":[{"href":"https:\/\/www.lavillagardendesign.com\/fr\/wp-json\/wp\/v2\/media?parent=66803"}],"wp:term":[{"taxonomy":"product_brand","embeddable":true,"href":"https:\/\/www.lavillagardendesign.com\/fr\/wp-json\/wp\/v2\/product_brand?post=66803"},{"taxonomy":"product_cat","embeddable":true,"href":"https:\/\/www.lavillagardendesign.com\/fr\/wp-json\/wp\/v2\/product_cat?post=66803"},{"taxonomy":"product_tag","embeddable":true,"href":"https:\/\/www.lavillagardendesign.com\/fr\/wp-json\/wp\/v2\/product_tag?post=66803"}],"curies":[{"name":"wp","href":"https:\/\/api.w.org\/{rel}","templated":true}]}}