{"id":62333,"date":"2026-02-08T00:46:34","date_gmt":"2026-02-07T23:46:34","guid":{"rendered":"https:\/\/www.lavillagardendesign.com\/product\/martinique-tabouret-de-bar-empilable-en-fibre-torsadee-et-aluminium\/"},"modified":"2026-02-10T14:23:12","modified_gmt":"2026-02-10T12:23:12","slug":"martinique-tabouret-de-bar-empilable-en-fibre-torsadee-et-aluminium","status":"publish","type":"product","link":"https:\/\/www.lavillagardendesign.com\/fr\/product\/martinique-tabouret-de-bar-empilable-en-fibre-torsadee-et-aluminium\/","title":{"rendered":"MARTINIQUE &#8211; Tabouret de bar empilable en fibre torsad\u00e9e et aluminium"},"content":{"rendered":"","protected":false},"excerpt":{"rendered":"<p>Rehaussez le style de votre bar ext\u00e9rieur avec le tabouret de bar <span class=\"il\">MARTINIQUE<\/span>. Con\u00e7u pour s&rsquo;int\u00e9grer parfaitement \u00e0 la collection du m\u00eame nom, cette pi\u00e8ce se distingue par son dossier et son assise exquis tiss\u00e9s en <b> fibre synth\u00e9tique \u00ab\u00a0Twisted\u00a0\u00bb<\/b>, un mat\u00e9riau de haute technologie qui simule le tissage naturel d&rsquo;une corde, offrant une esth\u00e9tique chaleureuse et artisanale avec une r\u00e9sistance totale aux intemp\u00e9ries. Sa structure en <b>aluminium thermolaqu\u00e9 polyester<\/b> garantit l\u00e9g\u00e8ret\u00e9 et absence de rouille. Con\u00e7ue pour un usage intensif, elle est <b>empilable<\/b>, ce qui facilite grandement son rangement. Il est dot\u00e9 d&rsquo;une barre de repose-pieds renforc\u00e9e (\u00e0 assembler) pour vous assurer une position confortable pendant des heures. Disponible en deux finitions : <b>Anthracite<\/b>(avec fibre Natural tone pour un contraste moderne) et <b>Blanc<\/b> (pour une int\u00e9gration lumineuse totale).     <\/p>\n<p>&nbsp;<\/p>\n<ul>\n<li>Largeur : 53 cm<\/li>\n<li>Profondeur : 56 cm<\/li>\n<li>Hauteur totale : 105 cm<\/li>\n<li>Hauteur d&rsquo;assise : 73 cm (hauteur standard du bar)<\/li>\n<li>Hauteur des accoudoirs : 94,5 cm<\/li>\n<\/ul>\n","protected":false},"featured_media":62210,"comment_status":"open","ping_status":"closed","template":"","meta":[],"product_brand":[4998],"product_cat":[2929,2930,6832,5658],"product_tag":[],"class_list":{"0":"post-62333","1":"product","2":"type-product","3":"status-publish","4":"has-post-thumbnail","6":"product_brand-la-villa","7":"product_cat-chaises","8":"product_cat-chaises-hautes","9":"product_cat-outdoor-fr","10":"product_cat-promos-web","12":"first","13":"instock","14":"sale","15":"taxable","16":"shipping-taxable","17":"purchasable","18":"product-type-variable"},"yoast_head":"<!-- This site is optimized with the Yoast SEO plugin v27.4 - https:\/\/yoast.com\/product\/yoast-seo-wordpress\/ -->\n<title>Tabouret de bar MARTINIQUE Aluminium &amp; Fibre | La Villa Garden<\/title>\n<meta name=\"description\" content=\"Tabouret haut d&#039;ext\u00e9rieur empilable MARTINIQUE. Structure en aluminium et fibre tiss\u00e9e &quot;Twisted&quot;. Hauteur d&#039;assise 73cm. Disponible en blanc et anthracite. Offre \u20ac259.\" \/>\n<meta name=\"robots\" content=\"index, follow, max-snippet:-1, max-image-preview:large, max-video-preview:-1\" \/>\n<link rel=\"canonical\" href=\"https:\/\/www.lavillagardendesign.com\/fr\/product\/martinique-tabouret-de-bar-empilable-en-fibre-torsadee-et-aluminium\/\" \/>\n<meta property=\"og:locale\" content=\"fr_FR\" \/>\n<meta property=\"og:type\" content=\"article\" \/>\n<meta property=\"og:title\" content=\"Tabouret de bar MARTINIQUE Aluminium &amp; Fibre | La Villa Garden\" \/>\n<meta property=\"og:description\" content=\"Tabouret haut d&#039;ext\u00e9rieur empilable MARTINIQUE. Structure en aluminium et fibre tiss\u00e9e &quot;Twisted&quot;. Hauteur d&#039;assise 73cm. Disponible en blanc et anthracite. Offre \u20ac259.\" \/>\n<meta property=\"og:url\" content=\"https:\/\/www.lavillagardendesign.com\/fr\/product\/martinique-tabouret-de-bar-empilable-en-fibre-torsadee-et-aluminium\/\" \/>\n<meta property=\"og:site_name\" content=\"La Villa Garden&amp;Design\" \/>\n<meta property=\"article:publisher\" content=\"https:\/\/www.facebook.com\/lavillagardendesign\/\" \/>\n<meta property=\"article:modified_time\" content=\"2026-02-10T12:23:12+00:00\" \/>\n<meta property=\"og:image\" content=\"https:\/\/www.lavillagardendesign.com\/wp-content\/uploads\/2026\/02\/9-2.jpg\" \/>\n\t<meta property=\"og:image:width\" content=\"700\" \/>\n\t<meta property=\"og:image:height\" content=\"800\" \/>\n\t<meta property=\"og:image:type\" content=\"image\/jpeg\" \/>\n<meta name=\"twitter:card\" content=\"summary_large_image\" \/>\n<script type=\"application\/ld+json\" class=\"yoast-schema-graph\">{\"@context\":\"https:\\\/\\\/schema.org\",\"@graph\":[{\"@type\":\"WebPage\",\"@id\":\"https:\\\/\\\/www.lavillagardendesign.com\\\/fr\\\/product\\\/martinique-tabouret-de-bar-empilable-en-fibre-torsadee-et-aluminium\\\/\",\"url\":\"https:\\\/\\\/www.lavillagardendesign.com\\\/fr\\\/product\\\/martinique-tabouret-de-bar-empilable-en-fibre-torsadee-et-aluminium\\\/\",\"name\":\"Tabouret de bar MARTINIQUE Aluminium & Fibre | La Villa Garden\",\"isPartOf\":{\"@id\":\"https:\\\/\\\/www.lavillagardendesign.com\\\/#website\"},\"primaryImageOfPage\":{\"@id\":\"https:\\\/\\\/www.lavillagardendesign.com\\\/fr\\\/product\\\/martinique-tabouret-de-bar-empilable-en-fibre-torsadee-et-aluminium\\\/#primaryimage\"},\"image\":{\"@id\":\"https:\\\/\\\/www.lavillagardendesign.com\\\/fr\\\/product\\\/martinique-tabouret-de-bar-empilable-en-fibre-torsadee-et-aluminium\\\/#primaryimage\"},\"thumbnailUrl\":\"https:\\\/\\\/www.lavillagardendesign.com\\\/wp-content\\\/uploads\\\/2026\\\/02\\\/9-2.jpg\",\"datePublished\":\"2026-02-07T23:46:34+00:00\",\"dateModified\":\"2026-02-10T12:23:12+00:00\",\"description\":\"Tabouret haut d'ext\u00e9rieur empilable MARTINIQUE. Structure en aluminium et fibre tiss\u00e9e \\\"Twisted\\\". Hauteur d'assise 73cm. Disponible en blanc et anthracite. Offre \u20ac259.\",\"breadcrumb\":{\"@id\":\"https:\\\/\\\/www.lavillagardendesign.com\\\/fr\\\/product\\\/martinique-tabouret-de-bar-empilable-en-fibre-torsadee-et-aluminium\\\/#breadcrumb\"},\"inLanguage\":\"fr-FR\",\"potentialAction\":[{\"@type\":\"ReadAction\",\"target\":[\"https:\\\/\\\/www.lavillagardendesign.com\\\/fr\\\/product\\\/martinique-tabouret-de-bar-empilable-en-fibre-torsadee-et-aluminium\\\/\"]}]},{\"@type\":\"ImageObject\",\"inLanguage\":\"fr-FR\",\"@id\":\"https:\\\/\\\/www.lavillagardendesign.com\\\/fr\\\/product\\\/martinique-tabouret-de-bar-empilable-en-fibre-torsadee-et-aluminium\\\/#primaryimage\",\"url\":\"https:\\\/\\\/www.lavillagardendesign.com\\\/wp-content\\\/uploads\\\/2026\\\/02\\\/9-2.jpg\",\"contentUrl\":\"https:\\\/\\\/www.lavillagardendesign.com\\\/wp-content\\\/uploads\\\/2026\\\/02\\\/9-2.jpg\",\"width\":700,\"height\":800},{\"@type\":\"BreadcrumbList\",\"@id\":\"https:\\\/\\\/www.lavillagardendesign.com\\\/fr\\\/product\\\/martinique-tabouret-de-bar-empilable-en-fibre-torsadee-et-aluminium\\\/#breadcrumb\",\"itemListElement\":[{\"@type\":\"ListItem\",\"position\":1,\"name\":\"Home\",\"item\":\"https:\\\/\\\/www.lavillagardendesign.com\\\/\"},{\"@type\":\"ListItem\",\"position\":2,\"name\":\"Boutique\",\"item\":\"https:\\\/\\\/www.lavillagardendesign.com\\\/fr\\\/boutique\\\/\"},{\"@type\":\"ListItem\",\"position\":3,\"name\":\"MARTINIQUE &#8211; Tabouret de bar empilable en fibre torsad\u00e9e et aluminium\"}]},{\"@type\":\"WebSite\",\"@id\":\"https:\\\/\\\/www.lavillagardendesign.com\\\/#website\",\"url\":\"https:\\\/\\\/www.lavillagardendesign.com\\\/\",\"name\":\"La Villa Garden&Design\",\"description\":\"\",\"publisher\":{\"@id\":\"https:\\\/\\\/www.lavillagardendesign.com\\\/#organization\"},\"potentialAction\":[{\"@type\":\"SearchAction\",\"target\":{\"@type\":\"EntryPoint\",\"urlTemplate\":\"https:\\\/\\\/www.lavillagardendesign.com\\\/?s={search_term_string}\"},\"query-input\":{\"@type\":\"PropertyValueSpecification\",\"valueRequired\":true,\"valueName\":\"search_term_string\"}}],\"inLanguage\":\"fr-FR\"},{\"@type\":\"Organization\",\"@id\":\"https:\\\/\\\/www.lavillagardendesign.com\\\/#organization\",\"name\":\"La Villa Garden&Design\",\"url\":\"https:\\\/\\\/www.lavillagardendesign.com\\\/\",\"logo\":{\"@type\":\"ImageObject\",\"inLanguage\":\"fr-FR\",\"@id\":\"https:\\\/\\\/www.lavillagardendesign.com\\\/#\\\/schema\\\/logo\\\/image\\\/\",\"url\":\"https:\\\/\\\/www.lavillagardendesign.com\\\/wp-content\\\/uploads\\\/2024\\\/04\\\/logolavilla.png\",\"contentUrl\":\"https:\\\/\\\/www.lavillagardendesign.com\\\/wp-content\\\/uploads\\\/2024\\\/04\\\/logolavilla.png\",\"width\":682,\"height\":391,\"caption\":\"La Villa Garden&Design\"},\"image\":{\"@id\":\"https:\\\/\\\/www.lavillagardendesign.com\\\/#\\\/schema\\\/logo\\\/image\\\/\"},\"sameAs\":[\"https:\\\/\\\/www.facebook.com\\\/lavillagardendesign\\\/\"]}]}<\/script>\n<!-- \/ Yoast SEO plugin. -->","yoast_head_json":{"title":"Tabouret de bar MARTINIQUE Aluminium & Fibre | La Villa Garden","description":"Tabouret haut d'ext\u00e9rieur empilable MARTINIQUE. Structure en aluminium et fibre tiss\u00e9e \"Twisted\". Hauteur d'assise 73cm. Disponible en blanc et anthracite. Offre \u20ac259.","robots":{"index":"index","follow":"follow","max-snippet":"max-snippet:-1","max-image-preview":"max-image-preview:large","max-video-preview":"max-video-preview:-1"},"canonical":"https:\/\/www.lavillagardendesign.com\/fr\/product\/martinique-tabouret-de-bar-empilable-en-fibre-torsadee-et-aluminium\/","og_locale":"fr_FR","og_type":"article","og_title":"Tabouret de bar MARTINIQUE Aluminium & Fibre | La Villa Garden","og_description":"Tabouret haut d'ext\u00e9rieur empilable MARTINIQUE. Structure en aluminium et fibre tiss\u00e9e \"Twisted\". Hauteur d'assise 73cm. Disponible en blanc et anthracite. Offre \u20ac259.","og_url":"https:\/\/www.lavillagardendesign.com\/fr\/product\/martinique-tabouret-de-bar-empilable-en-fibre-torsadee-et-aluminium\/","og_site_name":"La Villa Garden&amp;Design","article_publisher":"https:\/\/www.facebook.com\/lavillagardendesign\/","article_modified_time":"2026-02-10T12:23:12+00:00","og_image":[{"width":700,"height":800,"url":"https:\/\/www.lavillagardendesign.com\/wp-content\/uploads\/2026\/02\/9-2.jpg","type":"image\/jpeg"}],"twitter_card":"summary_large_image","schema":{"@context":"https:\/\/schema.org","@graph":[{"@type":"WebPage","@id":"https:\/\/www.lavillagardendesign.com\/fr\/product\/martinique-tabouret-de-bar-empilable-en-fibre-torsadee-et-aluminium\/","url":"https:\/\/www.lavillagardendesign.com\/fr\/product\/martinique-tabouret-de-bar-empilable-en-fibre-torsadee-et-aluminium\/","name":"Tabouret de bar MARTINIQUE Aluminium & Fibre | La Villa Garden","isPartOf":{"@id":"https:\/\/www.lavillagardendesign.com\/#website"},"primaryImageOfPage":{"@id":"https:\/\/www.lavillagardendesign.com\/fr\/product\/martinique-tabouret-de-bar-empilable-en-fibre-torsadee-et-aluminium\/#primaryimage"},"image":{"@id":"https:\/\/www.lavillagardendesign.com\/fr\/product\/martinique-tabouret-de-bar-empilable-en-fibre-torsadee-et-aluminium\/#primaryimage"},"thumbnailUrl":"https:\/\/www.lavillagardendesign.com\/wp-content\/uploads\/2026\/02\/9-2.jpg","datePublished":"2026-02-07T23:46:34+00:00","dateModified":"2026-02-10T12:23:12+00:00","description":"Tabouret haut d'ext\u00e9rieur empilable MARTINIQUE. Structure en aluminium et fibre tiss\u00e9e \"Twisted\". Hauteur d'assise 73cm. Disponible en blanc et anthracite. Offre \u20ac259.","breadcrumb":{"@id":"https:\/\/www.lavillagardendesign.com\/fr\/product\/martinique-tabouret-de-bar-empilable-en-fibre-torsadee-et-aluminium\/#breadcrumb"},"inLanguage":"fr-FR","potentialAction":[{"@type":"ReadAction","target":["https:\/\/www.lavillagardendesign.com\/fr\/product\/martinique-tabouret-de-bar-empilable-en-fibre-torsadee-et-aluminium\/"]}]},{"@type":"ImageObject","inLanguage":"fr-FR","@id":"https:\/\/www.lavillagardendesign.com\/fr\/product\/martinique-tabouret-de-bar-empilable-en-fibre-torsadee-et-aluminium\/#primaryimage","url":"https:\/\/www.lavillagardendesign.com\/wp-content\/uploads\/2026\/02\/9-2.jpg","contentUrl":"https:\/\/www.lavillagardendesign.com\/wp-content\/uploads\/2026\/02\/9-2.jpg","width":700,"height":800},{"@type":"BreadcrumbList","@id":"https:\/\/www.lavillagardendesign.com\/fr\/product\/martinique-tabouret-de-bar-empilable-en-fibre-torsadee-et-aluminium\/#breadcrumb","itemListElement":[{"@type":"ListItem","position":1,"name":"Home","item":"https:\/\/www.lavillagardendesign.com\/"},{"@type":"ListItem","position":2,"name":"Boutique","item":"https:\/\/www.lavillagardendesign.com\/fr\/boutique\/"},{"@type":"ListItem","position":3,"name":"MARTINIQUE &#8211; Tabouret de bar empilable en fibre torsad\u00e9e et aluminium"}]},{"@type":"WebSite","@id":"https:\/\/www.lavillagardendesign.com\/#website","url":"https:\/\/www.lavillagardendesign.com\/","name":"La Villa Garden&Design","description":"","publisher":{"@id":"https:\/\/www.lavillagardendesign.com\/#organization"},"potentialAction":[{"@type":"SearchAction","target":{"@type":"EntryPoint","urlTemplate":"https:\/\/www.lavillagardendesign.com\/?s={search_term_string}"},"query-input":{"@type":"PropertyValueSpecification","valueRequired":true,"valueName":"search_term_string"}}],"inLanguage":"fr-FR"},{"@type":"Organization","@id":"https:\/\/www.lavillagardendesign.com\/#organization","name":"La Villa Garden&Design","url":"https:\/\/www.lavillagardendesign.com\/","logo":{"@type":"ImageObject","inLanguage":"fr-FR","@id":"https:\/\/www.lavillagardendesign.com\/#\/schema\/logo\/image\/","url":"https:\/\/www.lavillagardendesign.com\/wp-content\/uploads\/2024\/04\/logolavilla.png","contentUrl":"https:\/\/www.lavillagardendesign.com\/wp-content\/uploads\/2024\/04\/logolavilla.png","width":682,"height":391,"caption":"La Villa Garden&Design"},"image":{"@id":"https:\/\/www.lavillagardendesign.com\/#\/schema\/logo\/image\/"},"sameAs":["https:\/\/www.facebook.com\/lavillagardendesign\/"]}]}},"_links":{"self":[{"href":"https:\/\/www.lavillagardendesign.com\/fr\/wp-json\/wp\/v2\/product\/62333","targetHints":{"allow":["GET"]}}],"collection":[{"href":"https:\/\/www.lavillagardendesign.com\/fr\/wp-json\/wp\/v2\/product"}],"about":[{"href":"https:\/\/www.lavillagardendesign.com\/fr\/wp-json\/wp\/v2\/types\/product"}],"replies":[{"embeddable":true,"href":"https:\/\/www.lavillagardendesign.com\/fr\/wp-json\/wp\/v2\/comments?post=62333"}],"version-history":[{"count":1,"href":"https:\/\/www.lavillagardendesign.com\/fr\/wp-json\/wp\/v2\/product\/62333\/revisions"}],"predecessor-version":[{"id":62773,"href":"https:\/\/www.lavillagardendesign.com\/fr\/wp-json\/wp\/v2\/product\/62333\/revisions\/62773"}],"wp:featuredmedia":[{"embeddable":true,"href":"https:\/\/www.lavillagardendesign.com\/fr\/wp-json\/wp\/v2\/media\/62210"}],"wp:attachment":[{"href":"https:\/\/www.lavillagardendesign.com\/fr\/wp-json\/wp\/v2\/media?parent=62333"}],"wp:term":[{"taxonomy":"product_brand","embeddable":true,"href":"https:\/\/www.lavillagardendesign.com\/fr\/wp-json\/wp\/v2\/product_brand?post=62333"},{"taxonomy":"product_cat","embeddable":true,"href":"https:\/\/www.lavillagardendesign.com\/fr\/wp-json\/wp\/v2\/product_cat?post=62333"},{"taxonomy":"product_tag","embeddable":true,"href":"https:\/\/www.lavillagardendesign.com\/fr\/wp-json\/wp\/v2\/product_tag?post=62333"}],"curies":[{"name":"wp","href":"https:\/\/api.w.org\/{rel}","templated":true}]}}