{"id":61747,"date":"2026-02-04T20:54:06","date_gmt":"2026-02-04T19:54:06","guid":{"rendered":"https:\/\/www.lavillagardendesign.com\/product\/collection-porto-rico-chaise-de-salle-a-manger-empilable-en-acier-et-fibre-torsadee\/"},"modified":"2026-02-10T14:37:37","modified_gmt":"2026-02-10T12:37:37","slug":"collection-porto-rico-chaise-de-salle-a-manger-empilable-en-acier-et-fibre-torsadee","status":"publish","type":"product","link":"https:\/\/www.lavillagardendesign.com\/fr\/product\/collection-porto-rico-chaise-de-salle-a-manger-empilable-en-acier-et-fibre-torsadee\/","title":{"rendered":"COLLECTION PORTO RICO &#8211; Chaise de salle \u00e0 manger empilable en acier et fibre torsad\u00e9e"},"content":{"rendered":"","protected":false},"excerpt":{"rendered":"<p>Ajoutez de la texture et de la l\u00e9g\u00e8ret\u00e9 \u00e0 votre salle \u00e0 manger ext\u00e9rieure avec la chaise PORTO <span class=\"il\">RICO<\/span>. Con\u00e7ue pour compl\u00e9ter la robustesse des tables en bois, cette chaise se distingue par son dossier et son assise tiss\u00e9s en <b> fibre synth\u00e9tique \u00ab\u00a0Twisted\u00a0\u00bb<\/b>, qui simule parfaitement le tissage naturel d&rsquo;une corde, mais avec une r\u00e9sistance totale aux intemp\u00e9ries. Sa structure est en <b>acier avec un double traitement<\/b>: d&rsquo;abord un bain d&rsquo;anticorrosion <b>E-Coating<\/b> et ensuite un rev\u00eatement en poudre, ce qui lui assure une longue dur\u00e9e de vie \u00e0 l&rsquo;ext\u00e9rieur. Elle est enti\u00e8rement <b>empilable<\/b> et ses accoudoirs (63,5 cm) sont con\u00e7us pour se glisser sous la table. Disponible en deux tons inspir\u00e9s de la nature : <b>Sand<\/b> (pour un look neutre) et <b>Green<\/b> (pour une touche botanique).    <\/p>\n<ul>\n<li>Largeur : 54 cm<\/li>\n<li>Profondeur : 63 cm<\/li>\n<li>Hauteur totale : 79 cm<\/li>\n<li>Hauteur du si\u00e8ge : 44 cm<\/li>\n<li>Hauteur des accoudoirs : 63,5 cm<\/li>\n<\/ul>\n","protected":false},"featured_media":61732,"comment_status":"open","ping_status":"closed","template":"","meta":[],"product_brand":[4998],"product_cat":[2929,2931,6832,5658],"product_tag":[],"class_list":{"0":"post-61747","1":"product","2":"type-product","3":"status-publish","4":"has-post-thumbnail","6":"product_brand-la-villa","7":"product_cat-chaises","8":"product_cat-chaises-repas","9":"product_cat-outdoor-fr","10":"product_cat-promos-web","12":"first","13":"instock","14":"sale","15":"taxable","16":"shipping-taxable","17":"purchasable","18":"product-type-variable"},"yoast_head":"<!-- This site is optimized with the Yoast SEO plugin v27.4 - https:\/\/yoast.com\/product\/yoast-seo-wordpress\/ -->\n<title>Chaise empilable PORTO RICO Fibre torsad\u00e9e Sable ou Vert | La Villa Garden<\/title>\n<meta name=\"description\" content=\"Chaise de jardin empilable PORTO RICO. Structure en acier E-Coating et fibre tiss\u00e9e &quot;Twisted&quot;. Disponible en sable et vert. Offre \u20ac99.\" \/>\n<meta name=\"robots\" content=\"index, follow, max-snippet:-1, max-image-preview:large, max-video-preview:-1\" \/>\n<link rel=\"canonical\" href=\"https:\/\/www.lavillagardendesign.com\/fr\/product\/collection-porto-rico-chaise-de-salle-a-manger-empilable-en-acier-et-fibre-torsadee\/\" \/>\n<meta property=\"og:locale\" content=\"fr_FR\" \/>\n<meta property=\"og:type\" content=\"article\" \/>\n<meta property=\"og:title\" content=\"Chaise empilable PORTO RICO Fibre torsad\u00e9e Sable ou Vert | La Villa Garden\" \/>\n<meta property=\"og:description\" content=\"Chaise de jardin empilable PORTO RICO. Structure en acier E-Coating et fibre tiss\u00e9e &quot;Twisted&quot;. Disponible en sable et vert. Offre \u20ac99.\" \/>\n<meta property=\"og:url\" content=\"https:\/\/www.lavillagardendesign.com\/fr\/product\/collection-porto-rico-chaise-de-salle-a-manger-empilable-en-acier-et-fibre-torsadee\/\" \/>\n<meta property=\"og:site_name\" content=\"La Villa Garden&amp;Design\" \/>\n<meta property=\"article:publisher\" content=\"https:\/\/www.facebook.com\/lavillagardendesign\/\" \/>\n<meta property=\"article:modified_time\" content=\"2026-02-10T12:37:37+00:00\" \/>\n<meta property=\"og:image\" content=\"https:\/\/www.lavillagardendesign.com\/wp-content\/uploads\/2026\/02\/2-1-1.jpg\" \/>\n\t<meta property=\"og:image:width\" content=\"700\" \/>\n\t<meta property=\"og:image:height\" content=\"800\" \/>\n\t<meta property=\"og:image:type\" content=\"image\/jpeg\" \/>\n<meta name=\"twitter:card\" content=\"summary_large_image\" \/>\n<script type=\"application\/ld+json\" class=\"yoast-schema-graph\">{\"@context\":\"https:\\\/\\\/schema.org\",\"@graph\":[{\"@type\":\"WebPage\",\"@id\":\"https:\\\/\\\/www.lavillagardendesign.com\\\/fr\\\/product\\\/collection-porto-rico-chaise-de-salle-a-manger-empilable-en-acier-et-fibre-torsadee\\\/\",\"url\":\"https:\\\/\\\/www.lavillagardendesign.com\\\/fr\\\/product\\\/collection-porto-rico-chaise-de-salle-a-manger-empilable-en-acier-et-fibre-torsadee\\\/\",\"name\":\"Chaise empilable PORTO RICO Fibre torsad\u00e9e Sable ou Vert | La Villa Garden\",\"isPartOf\":{\"@id\":\"https:\\\/\\\/www.lavillagardendesign.com\\\/#website\"},\"primaryImageOfPage\":{\"@id\":\"https:\\\/\\\/www.lavillagardendesign.com\\\/fr\\\/product\\\/collection-porto-rico-chaise-de-salle-a-manger-empilable-en-acier-et-fibre-torsadee\\\/#primaryimage\"},\"image\":{\"@id\":\"https:\\\/\\\/www.lavillagardendesign.com\\\/fr\\\/product\\\/collection-porto-rico-chaise-de-salle-a-manger-empilable-en-acier-et-fibre-torsadee\\\/#primaryimage\"},\"thumbnailUrl\":\"https:\\\/\\\/www.lavillagardendesign.com\\\/wp-content\\\/uploads\\\/2026\\\/02\\\/2-1-1.jpg\",\"datePublished\":\"2026-02-04T19:54:06+00:00\",\"dateModified\":\"2026-02-10T12:37:37+00:00\",\"description\":\"Chaise de jardin empilable PORTO RICO. Structure en acier E-Coating et fibre tiss\u00e9e \\\"Twisted\\\". Disponible en sable et vert. Offre \u20ac99.\",\"breadcrumb\":{\"@id\":\"https:\\\/\\\/www.lavillagardendesign.com\\\/fr\\\/product\\\/collection-porto-rico-chaise-de-salle-a-manger-empilable-en-acier-et-fibre-torsadee\\\/#breadcrumb\"},\"inLanguage\":\"fr-FR\",\"potentialAction\":[{\"@type\":\"ReadAction\",\"target\":[\"https:\\\/\\\/www.lavillagardendesign.com\\\/fr\\\/product\\\/collection-porto-rico-chaise-de-salle-a-manger-empilable-en-acier-et-fibre-torsadee\\\/\"]}]},{\"@type\":\"ImageObject\",\"inLanguage\":\"fr-FR\",\"@id\":\"https:\\\/\\\/www.lavillagardendesign.com\\\/fr\\\/product\\\/collection-porto-rico-chaise-de-salle-a-manger-empilable-en-acier-et-fibre-torsadee\\\/#primaryimage\",\"url\":\"https:\\\/\\\/www.lavillagardendesign.com\\\/wp-content\\\/uploads\\\/2026\\\/02\\\/2-1-1.jpg\",\"contentUrl\":\"https:\\\/\\\/www.lavillagardendesign.com\\\/wp-content\\\/uploads\\\/2026\\\/02\\\/2-1-1.jpg\",\"width\":700,\"height\":800},{\"@type\":\"BreadcrumbList\",\"@id\":\"https:\\\/\\\/www.lavillagardendesign.com\\\/fr\\\/product\\\/collection-porto-rico-chaise-de-salle-a-manger-empilable-en-acier-et-fibre-torsadee\\\/#breadcrumb\",\"itemListElement\":[{\"@type\":\"ListItem\",\"position\":1,\"name\":\"Home\",\"item\":\"https:\\\/\\\/www.lavillagardendesign.com\\\/\"},{\"@type\":\"ListItem\",\"position\":2,\"name\":\"Boutique\",\"item\":\"https:\\\/\\\/www.lavillagardendesign.com\\\/fr\\\/boutique\\\/\"},{\"@type\":\"ListItem\",\"position\":3,\"name\":\"COLLECTION PORTO RICO &#8211; Chaise de salle \u00e0 manger empilable en acier et fibre torsad\u00e9e\"}]},{\"@type\":\"WebSite\",\"@id\":\"https:\\\/\\\/www.lavillagardendesign.com\\\/#website\",\"url\":\"https:\\\/\\\/www.lavillagardendesign.com\\\/\",\"name\":\"La Villa Garden&Design\",\"description\":\"\",\"publisher\":{\"@id\":\"https:\\\/\\\/www.lavillagardendesign.com\\\/#organization\"},\"potentialAction\":[{\"@type\":\"SearchAction\",\"target\":{\"@type\":\"EntryPoint\",\"urlTemplate\":\"https:\\\/\\\/www.lavillagardendesign.com\\\/?s={search_term_string}\"},\"query-input\":{\"@type\":\"PropertyValueSpecification\",\"valueRequired\":true,\"valueName\":\"search_term_string\"}}],\"inLanguage\":\"fr-FR\"},{\"@type\":\"Organization\",\"@id\":\"https:\\\/\\\/www.lavillagardendesign.com\\\/#organization\",\"name\":\"La Villa Garden&Design\",\"url\":\"https:\\\/\\\/www.lavillagardendesign.com\\\/\",\"logo\":{\"@type\":\"ImageObject\",\"inLanguage\":\"fr-FR\",\"@id\":\"https:\\\/\\\/www.lavillagardendesign.com\\\/#\\\/schema\\\/logo\\\/image\\\/\",\"url\":\"https:\\\/\\\/www.lavillagardendesign.com\\\/wp-content\\\/uploads\\\/2024\\\/04\\\/logolavilla.png\",\"contentUrl\":\"https:\\\/\\\/www.lavillagardendesign.com\\\/wp-content\\\/uploads\\\/2024\\\/04\\\/logolavilla.png\",\"width\":682,\"height\":391,\"caption\":\"La Villa Garden&Design\"},\"image\":{\"@id\":\"https:\\\/\\\/www.lavillagardendesign.com\\\/#\\\/schema\\\/logo\\\/image\\\/\"},\"sameAs\":[\"https:\\\/\\\/www.facebook.com\\\/lavillagardendesign\\\/\"]}]}<\/script>\n<!-- \/ Yoast SEO plugin. -->","yoast_head_json":{"title":"Chaise empilable PORTO RICO Fibre torsad\u00e9e Sable ou Vert | La Villa Garden","description":"Chaise de jardin empilable PORTO RICO. Structure en acier E-Coating et fibre tiss\u00e9e \"Twisted\". Disponible en sable et vert. Offre \u20ac99.","robots":{"index":"index","follow":"follow","max-snippet":"max-snippet:-1","max-image-preview":"max-image-preview:large","max-video-preview":"max-video-preview:-1"},"canonical":"https:\/\/www.lavillagardendesign.com\/fr\/product\/collection-porto-rico-chaise-de-salle-a-manger-empilable-en-acier-et-fibre-torsadee\/","og_locale":"fr_FR","og_type":"article","og_title":"Chaise empilable PORTO RICO Fibre torsad\u00e9e Sable ou Vert | La Villa Garden","og_description":"Chaise de jardin empilable PORTO RICO. Structure en acier E-Coating et fibre tiss\u00e9e \"Twisted\". Disponible en sable et vert. Offre \u20ac99.","og_url":"https:\/\/www.lavillagardendesign.com\/fr\/product\/collection-porto-rico-chaise-de-salle-a-manger-empilable-en-acier-et-fibre-torsadee\/","og_site_name":"La Villa Garden&amp;Design","article_publisher":"https:\/\/www.facebook.com\/lavillagardendesign\/","article_modified_time":"2026-02-10T12:37:37+00:00","og_image":[{"width":700,"height":800,"url":"https:\/\/www.lavillagardendesign.com\/wp-content\/uploads\/2026\/02\/2-1-1.jpg","type":"image\/jpeg"}],"twitter_card":"summary_large_image","schema":{"@context":"https:\/\/schema.org","@graph":[{"@type":"WebPage","@id":"https:\/\/www.lavillagardendesign.com\/fr\/product\/collection-porto-rico-chaise-de-salle-a-manger-empilable-en-acier-et-fibre-torsadee\/","url":"https:\/\/www.lavillagardendesign.com\/fr\/product\/collection-porto-rico-chaise-de-salle-a-manger-empilable-en-acier-et-fibre-torsadee\/","name":"Chaise empilable PORTO RICO Fibre torsad\u00e9e Sable ou Vert | La Villa Garden","isPartOf":{"@id":"https:\/\/www.lavillagardendesign.com\/#website"},"primaryImageOfPage":{"@id":"https:\/\/www.lavillagardendesign.com\/fr\/product\/collection-porto-rico-chaise-de-salle-a-manger-empilable-en-acier-et-fibre-torsadee\/#primaryimage"},"image":{"@id":"https:\/\/www.lavillagardendesign.com\/fr\/product\/collection-porto-rico-chaise-de-salle-a-manger-empilable-en-acier-et-fibre-torsadee\/#primaryimage"},"thumbnailUrl":"https:\/\/www.lavillagardendesign.com\/wp-content\/uploads\/2026\/02\/2-1-1.jpg","datePublished":"2026-02-04T19:54:06+00:00","dateModified":"2026-02-10T12:37:37+00:00","description":"Chaise de jardin empilable PORTO RICO. Structure en acier E-Coating et fibre tiss\u00e9e \"Twisted\". Disponible en sable et vert. Offre \u20ac99.","breadcrumb":{"@id":"https:\/\/www.lavillagardendesign.com\/fr\/product\/collection-porto-rico-chaise-de-salle-a-manger-empilable-en-acier-et-fibre-torsadee\/#breadcrumb"},"inLanguage":"fr-FR","potentialAction":[{"@type":"ReadAction","target":["https:\/\/www.lavillagardendesign.com\/fr\/product\/collection-porto-rico-chaise-de-salle-a-manger-empilable-en-acier-et-fibre-torsadee\/"]}]},{"@type":"ImageObject","inLanguage":"fr-FR","@id":"https:\/\/www.lavillagardendesign.com\/fr\/product\/collection-porto-rico-chaise-de-salle-a-manger-empilable-en-acier-et-fibre-torsadee\/#primaryimage","url":"https:\/\/www.lavillagardendesign.com\/wp-content\/uploads\/2026\/02\/2-1-1.jpg","contentUrl":"https:\/\/www.lavillagardendesign.com\/wp-content\/uploads\/2026\/02\/2-1-1.jpg","width":700,"height":800},{"@type":"BreadcrumbList","@id":"https:\/\/www.lavillagardendesign.com\/fr\/product\/collection-porto-rico-chaise-de-salle-a-manger-empilable-en-acier-et-fibre-torsadee\/#breadcrumb","itemListElement":[{"@type":"ListItem","position":1,"name":"Home","item":"https:\/\/www.lavillagardendesign.com\/"},{"@type":"ListItem","position":2,"name":"Boutique","item":"https:\/\/www.lavillagardendesign.com\/fr\/boutique\/"},{"@type":"ListItem","position":3,"name":"COLLECTION PORTO RICO &#8211; Chaise de salle \u00e0 manger empilable en acier et fibre torsad\u00e9e"}]},{"@type":"WebSite","@id":"https:\/\/www.lavillagardendesign.com\/#website","url":"https:\/\/www.lavillagardendesign.com\/","name":"La Villa Garden&Design","description":"","publisher":{"@id":"https:\/\/www.lavillagardendesign.com\/#organization"},"potentialAction":[{"@type":"SearchAction","target":{"@type":"EntryPoint","urlTemplate":"https:\/\/www.lavillagardendesign.com\/?s={search_term_string}"},"query-input":{"@type":"PropertyValueSpecification","valueRequired":true,"valueName":"search_term_string"}}],"inLanguage":"fr-FR"},{"@type":"Organization","@id":"https:\/\/www.lavillagardendesign.com\/#organization","name":"La Villa Garden&Design","url":"https:\/\/www.lavillagardendesign.com\/","logo":{"@type":"ImageObject","inLanguage":"fr-FR","@id":"https:\/\/www.lavillagardendesign.com\/#\/schema\/logo\/image\/","url":"https:\/\/www.lavillagardendesign.com\/wp-content\/uploads\/2024\/04\/logolavilla.png","contentUrl":"https:\/\/www.lavillagardendesign.com\/wp-content\/uploads\/2024\/04\/logolavilla.png","width":682,"height":391,"caption":"La Villa Garden&Design"},"image":{"@id":"https:\/\/www.lavillagardendesign.com\/#\/schema\/logo\/image\/"},"sameAs":["https:\/\/www.facebook.com\/lavillagardendesign\/"]}]}},"_links":{"self":[{"href":"https:\/\/www.lavillagardendesign.com\/fr\/wp-json\/wp\/v2\/product\/61747","targetHints":{"allow":["GET"]}}],"collection":[{"href":"https:\/\/www.lavillagardendesign.com\/fr\/wp-json\/wp\/v2\/product"}],"about":[{"href":"https:\/\/www.lavillagardendesign.com\/fr\/wp-json\/wp\/v2\/types\/product"}],"replies":[{"embeddable":true,"href":"https:\/\/www.lavillagardendesign.com\/fr\/wp-json\/wp\/v2\/comments?post=61747"}],"version-history":[{"count":1,"href":"https:\/\/www.lavillagardendesign.com\/fr\/wp-json\/wp\/v2\/product\/61747\/revisions"}],"predecessor-version":[{"id":62095,"href":"https:\/\/www.lavillagardendesign.com\/fr\/wp-json\/wp\/v2\/product\/61747\/revisions\/62095"}],"wp:featuredmedia":[{"embeddable":true,"href":"https:\/\/www.lavillagardendesign.com\/fr\/wp-json\/wp\/v2\/media\/61732"}],"wp:attachment":[{"href":"https:\/\/www.lavillagardendesign.com\/fr\/wp-json\/wp\/v2\/media?parent=61747"}],"wp:term":[{"taxonomy":"product_brand","embeddable":true,"href":"https:\/\/www.lavillagardendesign.com\/fr\/wp-json\/wp\/v2\/product_brand?post=61747"},{"taxonomy":"product_cat","embeddable":true,"href":"https:\/\/www.lavillagardendesign.com\/fr\/wp-json\/wp\/v2\/product_cat?post=61747"},{"taxonomy":"product_tag","embeddable":true,"href":"https:\/\/www.lavillagardendesign.com\/fr\/wp-json\/wp\/v2\/product_tag?post=61747"}],"curies":[{"name":"wp","href":"https:\/\/api.w.org\/{rel}","templated":true}]}}