{"id":61229,"date":"2026-01-29T10:22:56","date_gmt":"2026-01-29T09:22:56","guid":{"rendered":"https:\/\/www.lavillagardendesign.com\/product\/amalfi-collection-ensemble-de-salle-a-manger-6-places-en-bois-dacacia-fsc\/"},"modified":"2026-02-10T14:38:37","modified_gmt":"2026-02-10T12:38:37","slug":"amalfi-collection-ensemble-de-salle-a-manger-6-places-en-bois-dacacia-fsc","status":"publish","type":"product","link":"https:\/\/www.lavillagardendesign.com\/fr\/product\/amalfi-collection-ensemble-de-salle-a-manger-6-places-en-bois-dacacia-fsc\/","title":{"rendered":"AMALFI COLLECTION &#8211; Ensemble de salle \u00e0 manger 6 places en bois d&rsquo;acacia FSC"},"content":{"rendered":"","protected":false},"excerpt":{"rendered":"<p>Transformez vos r\u00e9unions de famille en \u00e9v\u00e9nements inoubliables avec le majestueux ensemble de salle \u00e0 manger <span class=\"il\">AMALFI<\/span>. Cet ensemble de 7 pi\u00e8ces est constitu\u00e9 d&rsquo;une impressionnante table rectangulaire de 240 cm, capable d&rsquo;accueillir confortablement de grands banquets. L&rsquo;ensemble est fabriqu\u00e9 \u00e0 <b>100% en bois d&rsquo;acacia certifi\u00e9 FSC<\/b>, trait\u00e9 avec une finition \u00e0 l&rsquo;huile \u00ab\u00a0Teak Effect\u00a0\u00bb qui conf\u00e8re la noblesse et la tonalit\u00e9 chaude des bois tropicaux les plus exclusifs. Les 6 fauteuils inclus se distinguent par leur conception robuste et ergonomique, avec des pieds r\u00e9glables pour assurer la stabilit\u00e9 sur des sols en pierre ou irr\u00e9guliers. Le confort est garanti par les coussins d&rsquo;assise amovibles en <b>tissu Spunpoly 230g\/m2<\/b>, un mat\u00e9riau de qualit\u00e9 sup\u00e9rieure au toucher textile doux et aux propri\u00e9t\u00e9s hydrofuges. La quincaillerie en acier inoxydable garantit une r\u00e9sistance totale aux intemp\u00e9ries.     <\/p>\n<ul>\n<li><b>Table :<\/b> Longueur 240 cm | Largeur 100 cm | Hauteur 77 cm<\/li>\n<li><b>Chaises (x6) :<\/b> Largeur 53 cm | Profondeur 58 cm | Hauteur 82 cm<\/li>\n<li><b>Hauteur de l&rsquo;assise :<\/b> 48 cm | <b>Hauteur des accoudoirs :<\/b> 67,5 cm<\/li>\n<\/ul>\n","protected":false},"featured_media":61175,"comment_status":"open","ping_status":"closed","template":"","meta":[],"product_brand":[4998],"product_cat":[6832,5658,2944,2946],"product_tag":[],"class_list":{"0":"post-61229","1":"product","2":"type-product","3":"status-publish","4":"has-post-thumbnail","6":"product_brand-la-villa","7":"product_cat-outdoor-fr","8":"product_cat-promos-web","9":"product_cat-tables-fr","10":"product_cat-tables-repas","12":"first","13":"instock","14":"sale","15":"taxable","16":"shipping-taxable","17":"purchasable","18":"product-type-simple"},"yoast_head":"<!-- This site is optimized with the Yoast SEO plugin v27.4 - https:\/\/yoast.com\/product\/yoast-seo-wordpress\/ -->\n<title>AMALFI Salle \u00e0 manger de jardin FSC Acacia 240cm | Effet Teck<\/title>\n<meta name=\"description\" content=\"Ensemble table et 6 chaises AMALFI. Bois d&#039;acacia massif FSC avec effet teck. Table de 240 cm et coussins de luxe en Spunpoly. Offre exclusive en ligne.\" \/>\n<meta name=\"robots\" content=\"index, follow, max-snippet:-1, max-image-preview:large, max-video-preview:-1\" \/>\n<link rel=\"canonical\" href=\"https:\/\/www.lavillagardendesign.com\/fr\/product\/amalfi-collection-ensemble-de-salle-a-manger-6-places-en-bois-dacacia-fsc\/\" \/>\n<meta property=\"og:locale\" content=\"fr_FR\" \/>\n<meta property=\"og:type\" content=\"article\" \/>\n<meta property=\"og:title\" content=\"AMALFI Salle \u00e0 manger de jardin FSC Acacia 240cm | Effet Teck\" \/>\n<meta property=\"og:description\" content=\"Ensemble table et 6 chaises AMALFI. Bois d&#039;acacia massif FSC avec effet teck. Table de 240 cm et coussins de luxe en Spunpoly. Offre exclusive en ligne.\" \/>\n<meta property=\"og:url\" content=\"https:\/\/www.lavillagardendesign.com\/fr\/product\/amalfi-collection-ensemble-de-salle-a-manger-6-places-en-bois-dacacia-fsc\/\" \/>\n<meta property=\"og:site_name\" content=\"La Villa Garden&amp;Design\" \/>\n<meta property=\"article:publisher\" content=\"https:\/\/www.facebook.com\/lavillagardendesign\/\" \/>\n<meta property=\"article:modified_time\" content=\"2026-02-10T12:38:37+00:00\" \/>\n<meta property=\"og:image\" content=\"https:\/\/www.lavillagardendesign.com\/wp-content\/uploads\/2026\/01\/Design-sans-titre1-3-1.jpg\" \/>\n\t<meta property=\"og:image:width\" content=\"700\" \/>\n\t<meta property=\"og:image:height\" content=\"800\" \/>\n\t<meta property=\"og:image:type\" content=\"image\/jpeg\" \/>\n<meta name=\"twitter:card\" content=\"summary_large_image\" \/>\n<script type=\"application\/ld+json\" class=\"yoast-schema-graph\">{\"@context\":\"https:\\\/\\\/schema.org\",\"@graph\":[{\"@type\":\"WebPage\",\"@id\":\"https:\\\/\\\/www.lavillagardendesign.com\\\/fr\\\/product\\\/amalfi-collection-ensemble-de-salle-a-manger-6-places-en-bois-dacacia-fsc\\\/\",\"url\":\"https:\\\/\\\/www.lavillagardendesign.com\\\/fr\\\/product\\\/amalfi-collection-ensemble-de-salle-a-manger-6-places-en-bois-dacacia-fsc\\\/\",\"name\":\"AMALFI Salle \u00e0 manger de jardin FSC Acacia 240cm | Effet Teck\",\"isPartOf\":{\"@id\":\"https:\\\/\\\/www.lavillagardendesign.com\\\/#website\"},\"primaryImageOfPage\":{\"@id\":\"https:\\\/\\\/www.lavillagardendesign.com\\\/fr\\\/product\\\/amalfi-collection-ensemble-de-salle-a-manger-6-places-en-bois-dacacia-fsc\\\/#primaryimage\"},\"image\":{\"@id\":\"https:\\\/\\\/www.lavillagardendesign.com\\\/fr\\\/product\\\/amalfi-collection-ensemble-de-salle-a-manger-6-places-en-bois-dacacia-fsc\\\/#primaryimage\"},\"thumbnailUrl\":\"https:\\\/\\\/www.lavillagardendesign.com\\\/wp-content\\\/uploads\\\/2026\\\/01\\\/Design-sans-titre1-3-1.jpg\",\"datePublished\":\"2026-01-29T09:22:56+00:00\",\"dateModified\":\"2026-02-10T12:38:37+00:00\",\"description\":\"Ensemble table et 6 chaises AMALFI. Bois d'acacia massif FSC avec effet teck. Table de 240 cm et coussins de luxe en Spunpoly. Offre exclusive en ligne.\",\"breadcrumb\":{\"@id\":\"https:\\\/\\\/www.lavillagardendesign.com\\\/fr\\\/product\\\/amalfi-collection-ensemble-de-salle-a-manger-6-places-en-bois-dacacia-fsc\\\/#breadcrumb\"},\"inLanguage\":\"fr-FR\",\"potentialAction\":[{\"@type\":\"ReadAction\",\"target\":[\"https:\\\/\\\/www.lavillagardendesign.com\\\/fr\\\/product\\\/amalfi-collection-ensemble-de-salle-a-manger-6-places-en-bois-dacacia-fsc\\\/\"]}]},{\"@type\":\"ImageObject\",\"inLanguage\":\"fr-FR\",\"@id\":\"https:\\\/\\\/www.lavillagardendesign.com\\\/fr\\\/product\\\/amalfi-collection-ensemble-de-salle-a-manger-6-places-en-bois-dacacia-fsc\\\/#primaryimage\",\"url\":\"https:\\\/\\\/www.lavillagardendesign.com\\\/wp-content\\\/uploads\\\/2026\\\/01\\\/Design-sans-titre1-3-1.jpg\",\"contentUrl\":\"https:\\\/\\\/www.lavillagardendesign.com\\\/wp-content\\\/uploads\\\/2026\\\/01\\\/Design-sans-titre1-3-1.jpg\",\"width\":700,\"height\":800},{\"@type\":\"BreadcrumbList\",\"@id\":\"https:\\\/\\\/www.lavillagardendesign.com\\\/fr\\\/product\\\/amalfi-collection-ensemble-de-salle-a-manger-6-places-en-bois-dacacia-fsc\\\/#breadcrumb\",\"itemListElement\":[{\"@type\":\"ListItem\",\"position\":1,\"name\":\"Home\",\"item\":\"https:\\\/\\\/www.lavillagardendesign.com\\\/\"},{\"@type\":\"ListItem\",\"position\":2,\"name\":\"Boutique\",\"item\":\"https:\\\/\\\/www.lavillagardendesign.com\\\/fr\\\/boutique\\\/\"},{\"@type\":\"ListItem\",\"position\":3,\"name\":\"AMALFI COLLECTION &#8211; Ensemble de salle \u00e0 manger 6 places en bois d&rsquo;acacia FSC\"}]},{\"@type\":\"WebSite\",\"@id\":\"https:\\\/\\\/www.lavillagardendesign.com\\\/#website\",\"url\":\"https:\\\/\\\/www.lavillagardendesign.com\\\/\",\"name\":\"La Villa Garden&Design\",\"description\":\"\",\"publisher\":{\"@id\":\"https:\\\/\\\/www.lavillagardendesign.com\\\/#organization\"},\"potentialAction\":[{\"@type\":\"SearchAction\",\"target\":{\"@type\":\"EntryPoint\",\"urlTemplate\":\"https:\\\/\\\/www.lavillagardendesign.com\\\/?s={search_term_string}\"},\"query-input\":{\"@type\":\"PropertyValueSpecification\",\"valueRequired\":true,\"valueName\":\"search_term_string\"}}],\"inLanguage\":\"fr-FR\"},{\"@type\":\"Organization\",\"@id\":\"https:\\\/\\\/www.lavillagardendesign.com\\\/#organization\",\"name\":\"La Villa Garden&Design\",\"url\":\"https:\\\/\\\/www.lavillagardendesign.com\\\/\",\"logo\":{\"@type\":\"ImageObject\",\"inLanguage\":\"fr-FR\",\"@id\":\"https:\\\/\\\/www.lavillagardendesign.com\\\/#\\\/schema\\\/logo\\\/image\\\/\",\"url\":\"https:\\\/\\\/www.lavillagardendesign.com\\\/wp-content\\\/uploads\\\/2024\\\/04\\\/logolavilla.png\",\"contentUrl\":\"https:\\\/\\\/www.lavillagardendesign.com\\\/wp-content\\\/uploads\\\/2024\\\/04\\\/logolavilla.png\",\"width\":682,\"height\":391,\"caption\":\"La Villa Garden&Design\"},\"image\":{\"@id\":\"https:\\\/\\\/www.lavillagardendesign.com\\\/#\\\/schema\\\/logo\\\/image\\\/\"},\"sameAs\":[\"https:\\\/\\\/www.facebook.com\\\/lavillagardendesign\\\/\"]}]}<\/script>\n<!-- \/ Yoast SEO plugin. -->","yoast_head_json":{"title":"AMALFI Salle \u00e0 manger de jardin FSC Acacia 240cm | Effet Teck","description":"Ensemble table et 6 chaises AMALFI. Bois d'acacia massif FSC avec effet teck. Table de 240 cm et coussins de luxe en Spunpoly. Offre exclusive en ligne.","robots":{"index":"index","follow":"follow","max-snippet":"max-snippet:-1","max-image-preview":"max-image-preview:large","max-video-preview":"max-video-preview:-1"},"canonical":"https:\/\/www.lavillagardendesign.com\/fr\/product\/amalfi-collection-ensemble-de-salle-a-manger-6-places-en-bois-dacacia-fsc\/","og_locale":"fr_FR","og_type":"article","og_title":"AMALFI Salle \u00e0 manger de jardin FSC Acacia 240cm | Effet Teck","og_description":"Ensemble table et 6 chaises AMALFI. Bois d'acacia massif FSC avec effet teck. Table de 240 cm et coussins de luxe en Spunpoly. Offre exclusive en ligne.","og_url":"https:\/\/www.lavillagardendesign.com\/fr\/product\/amalfi-collection-ensemble-de-salle-a-manger-6-places-en-bois-dacacia-fsc\/","og_site_name":"La Villa Garden&amp;Design","article_publisher":"https:\/\/www.facebook.com\/lavillagardendesign\/","article_modified_time":"2026-02-10T12:38:37+00:00","og_image":[{"width":700,"height":800,"url":"https:\/\/www.lavillagardendesign.com\/wp-content\/uploads\/2026\/01\/Design-sans-titre1-3-1.jpg","type":"image\/jpeg"}],"twitter_card":"summary_large_image","schema":{"@context":"https:\/\/schema.org","@graph":[{"@type":"WebPage","@id":"https:\/\/www.lavillagardendesign.com\/fr\/product\/amalfi-collection-ensemble-de-salle-a-manger-6-places-en-bois-dacacia-fsc\/","url":"https:\/\/www.lavillagardendesign.com\/fr\/product\/amalfi-collection-ensemble-de-salle-a-manger-6-places-en-bois-dacacia-fsc\/","name":"AMALFI Salle \u00e0 manger de jardin FSC Acacia 240cm | Effet Teck","isPartOf":{"@id":"https:\/\/www.lavillagardendesign.com\/#website"},"primaryImageOfPage":{"@id":"https:\/\/www.lavillagardendesign.com\/fr\/product\/amalfi-collection-ensemble-de-salle-a-manger-6-places-en-bois-dacacia-fsc\/#primaryimage"},"image":{"@id":"https:\/\/www.lavillagardendesign.com\/fr\/product\/amalfi-collection-ensemble-de-salle-a-manger-6-places-en-bois-dacacia-fsc\/#primaryimage"},"thumbnailUrl":"https:\/\/www.lavillagardendesign.com\/wp-content\/uploads\/2026\/01\/Design-sans-titre1-3-1.jpg","datePublished":"2026-01-29T09:22:56+00:00","dateModified":"2026-02-10T12:38:37+00:00","description":"Ensemble table et 6 chaises AMALFI. Bois d'acacia massif FSC avec effet teck. Table de 240 cm et coussins de luxe en Spunpoly. Offre exclusive en ligne.","breadcrumb":{"@id":"https:\/\/www.lavillagardendesign.com\/fr\/product\/amalfi-collection-ensemble-de-salle-a-manger-6-places-en-bois-dacacia-fsc\/#breadcrumb"},"inLanguage":"fr-FR","potentialAction":[{"@type":"ReadAction","target":["https:\/\/www.lavillagardendesign.com\/fr\/product\/amalfi-collection-ensemble-de-salle-a-manger-6-places-en-bois-dacacia-fsc\/"]}]},{"@type":"ImageObject","inLanguage":"fr-FR","@id":"https:\/\/www.lavillagardendesign.com\/fr\/product\/amalfi-collection-ensemble-de-salle-a-manger-6-places-en-bois-dacacia-fsc\/#primaryimage","url":"https:\/\/www.lavillagardendesign.com\/wp-content\/uploads\/2026\/01\/Design-sans-titre1-3-1.jpg","contentUrl":"https:\/\/www.lavillagardendesign.com\/wp-content\/uploads\/2026\/01\/Design-sans-titre1-3-1.jpg","width":700,"height":800},{"@type":"BreadcrumbList","@id":"https:\/\/www.lavillagardendesign.com\/fr\/product\/amalfi-collection-ensemble-de-salle-a-manger-6-places-en-bois-dacacia-fsc\/#breadcrumb","itemListElement":[{"@type":"ListItem","position":1,"name":"Home","item":"https:\/\/www.lavillagardendesign.com\/"},{"@type":"ListItem","position":2,"name":"Boutique","item":"https:\/\/www.lavillagardendesign.com\/fr\/boutique\/"},{"@type":"ListItem","position":3,"name":"AMALFI COLLECTION &#8211; Ensemble de salle \u00e0 manger 6 places en bois d&rsquo;acacia FSC"}]},{"@type":"WebSite","@id":"https:\/\/www.lavillagardendesign.com\/#website","url":"https:\/\/www.lavillagardendesign.com\/","name":"La Villa Garden&Design","description":"","publisher":{"@id":"https:\/\/www.lavillagardendesign.com\/#organization"},"potentialAction":[{"@type":"SearchAction","target":{"@type":"EntryPoint","urlTemplate":"https:\/\/www.lavillagardendesign.com\/?s={search_term_string}"},"query-input":{"@type":"PropertyValueSpecification","valueRequired":true,"valueName":"search_term_string"}}],"inLanguage":"fr-FR"},{"@type":"Organization","@id":"https:\/\/www.lavillagardendesign.com\/#organization","name":"La Villa Garden&Design","url":"https:\/\/www.lavillagardendesign.com\/","logo":{"@type":"ImageObject","inLanguage":"fr-FR","@id":"https:\/\/www.lavillagardendesign.com\/#\/schema\/logo\/image\/","url":"https:\/\/www.lavillagardendesign.com\/wp-content\/uploads\/2024\/04\/logolavilla.png","contentUrl":"https:\/\/www.lavillagardendesign.com\/wp-content\/uploads\/2024\/04\/logolavilla.png","width":682,"height":391,"caption":"La Villa Garden&Design"},"image":{"@id":"https:\/\/www.lavillagardendesign.com\/#\/schema\/logo\/image\/"},"sameAs":["https:\/\/www.facebook.com\/lavillagardendesign\/"]}]}},"_links":{"self":[{"href":"https:\/\/www.lavillagardendesign.com\/fr\/wp-json\/wp\/v2\/product\/61229","targetHints":{"allow":["GET"]}}],"collection":[{"href":"https:\/\/www.lavillagardendesign.com\/fr\/wp-json\/wp\/v2\/product"}],"about":[{"href":"https:\/\/www.lavillagardendesign.com\/fr\/wp-json\/wp\/v2\/types\/product"}],"replies":[{"embeddable":true,"href":"https:\/\/www.lavillagardendesign.com\/fr\/wp-json\/wp\/v2\/comments?post=61229"}],"version-history":[{"count":1,"href":"https:\/\/www.lavillagardendesign.com\/fr\/wp-json\/wp\/v2\/product\/61229\/revisions"}],"predecessor-version":[{"id":61232,"href":"https:\/\/www.lavillagardendesign.com\/fr\/wp-json\/wp\/v2\/product\/61229\/revisions\/61232"}],"wp:featuredmedia":[{"embeddable":true,"href":"https:\/\/www.lavillagardendesign.com\/fr\/wp-json\/wp\/v2\/media\/61175"}],"wp:attachment":[{"href":"https:\/\/www.lavillagardendesign.com\/fr\/wp-json\/wp\/v2\/media?parent=61229"}],"wp:term":[{"taxonomy":"product_brand","embeddable":true,"href":"https:\/\/www.lavillagardendesign.com\/fr\/wp-json\/wp\/v2\/product_brand?post=61229"},{"taxonomy":"product_cat","embeddable":true,"href":"https:\/\/www.lavillagardendesign.com\/fr\/wp-json\/wp\/v2\/product_cat?post=61229"},{"taxonomy":"product_tag","embeddable":true,"href":"https:\/\/www.lavillagardendesign.com\/fr\/wp-json\/wp\/v2\/product_tag?post=61229"}],"curies":[{"name":"wp","href":"https:\/\/api.w.org\/{rel}","templated":true}]}}