{"id":55441,"date":"2025-06-14T09:37:39","date_gmt":"2025-06-14T08:37:39","guid":{"rendered":"https:\/\/www.lavillagardendesign.com\/product\/tamires-fauteuil-dexterieur-avec-coussin\/"},"modified":"2026-02-01T15:00:37","modified_gmt":"2026-02-01T13:00:37","slug":"tamires-fauteuil-dexterieur-avec-coussin","status":"publish","type":"product","link":"https:\/\/www.lavillagardendesign.com\/fr\/product\/tamires-fauteuil-dexterieur-avec-coussin\/","title":{"rendered":"TAORMINA &#8211; Fauteuil d&rsquo;ext\u00e9rieur avec coussin"},"content":{"rendered":"","protected":false},"excerpt":{"rendered":"<p>Le fauteuil TAMIRES est un choix \u00e9l\u00e9gant et respectueux de l&rsquo;environnement pour les si\u00e8ges d&rsquo;ext\u00e9rieur.<br \/>\nIl est dot\u00e9 d&rsquo;un cadre durable en aluminium peint par poudrage et de pieds en teck certifi\u00e9 SVLK provenant de for\u00eats g\u00e9r\u00e9es durablement.<br \/>\nL&rsquo;assise est envelopp\u00e9e d&rsquo;une corde en polypropyl\u00e8ne et les coussins amovibles sont fabriqu\u00e9s en ol\u00e9fine Sunproof (100 % polypropyl\u00e8ne), hydrofuge et r\u00e9sistante aux intemp\u00e9ries.<\/p>\n<p>Caract\u00e9ristiques principales<br \/>\n&#8211; Disponible en beige et anthracite<br \/>\n&#8211; Structure en aluminium peint par poudrage<br \/>\n&#8211; Pieds en bois de teck certifi\u00e9 SVLK<br \/>\n&#8211; Tissu ext\u00e9rieur en corde de polypropyl\u00e8ne<br \/>\n&#8211; Coussins amovibles en tissu Sunproof Olefin<br \/>\n&#8211; Tissu hydrofuge<br \/>\n&#8211; Quincaillerie en acier inoxydable<br \/>\n&#8211; Les pieds doivent \u00eatre assembl\u00e9s<br \/>\n&#8211; Poids : 20,75 kg<\/p>\n","protected":false},"featured_media":55371,"comment_status":"open","ping_status":"closed","template":"","meta":[],"product_brand":[4998],"product_cat":[2935,2936,6832],"product_tag":[],"class_list":{"0":"post-55441","1":"product","2":"type-product","3":"status-publish","4":"has-post-thumbnail","6":"product_brand-la-villa","7":"product_cat-canapes-fauteuils","8":"product_cat-fauteuils","9":"product_cat-outdoor-fr","11":"first","12":"instock","13":"taxable","14":"shipping-taxable","15":"purchasable","16":"product-type-variable","17":"has-default-attributes"},"yoast_head":"<!-- This site is optimized with the Yoast SEO plugin v27.4 - https:\/\/yoast.com\/product\/yoast-seo-wordpress\/ -->\n<title>TAORMINA - Fauteuil d&#039;ext\u00e9rieur avec coussin - La Villa Garden&amp;Design<\/title>\n<meta name=\"robots\" content=\"index, follow, max-snippet:-1, max-image-preview:large, max-video-preview:-1\" \/>\n<link rel=\"canonical\" href=\"https:\/\/www.lavillagardendesign.com\/fr\/product\/tamires-fauteuil-dexterieur-avec-coussin\/\" \/>\n<meta property=\"og:locale\" content=\"fr_FR\" \/>\n<meta property=\"og:type\" content=\"article\" \/>\n<meta property=\"og:title\" content=\"TAORMINA - Fauteuil d&#039;ext\u00e9rieur avec coussin - La Villa Garden&amp;Design\" \/>\n<meta property=\"og:description\" content=\"Le fauteuil TAMIRES est un choix \u00e9l\u00e9gant et respectueux de l&#039;environnement pour les si\u00e8ges d&#039;ext\u00e9rieur. Il est dot\u00e9 d&#039;un cadre durable en aluminium peint par poudrage et de pieds en teck certifi\u00e9 SVLK provenant de for\u00eats g\u00e9r\u00e9es durablement. L&#039;assise est envelopp\u00e9e d&#039;une corde en polypropyl\u00e8ne et les coussins amovibles sont fabriqu\u00e9s en ol\u00e9fine Sunproof (100 % polypropyl\u00e8ne), hydrofuge et r\u00e9sistante aux intemp\u00e9ries. Caract\u00e9ristiques principales - Disponible en beige et anthracite - Structure en aluminium peint par poudrage - Pieds en bois de teck certifi\u00e9 SVLK - Tissu ext\u00e9rieur en corde de polypropyl\u00e8ne - Coussins amovibles en tissu Sunproof Olefin - Tissu hydrofuge - Quincaillerie en acier inoxydable - Les pieds doivent \u00eatre assembl\u00e9s - Poids : 20,75 kg\" \/>\n<meta property=\"og:url\" content=\"https:\/\/www.lavillagardendesign.com\/fr\/product\/tamires-fauteuil-dexterieur-avec-coussin\/\" \/>\n<meta property=\"og:site_name\" content=\"La Villa Garden&amp;Design\" \/>\n<meta property=\"article:publisher\" content=\"https:\/\/www.facebook.com\/lavillagardendesign\/\" \/>\n<meta property=\"article:modified_time\" content=\"2026-02-01T13:00:37+00:00\" \/>\n<meta property=\"og:image\" content=\"https:\/\/www.lavillagardendesign.com\/wp-content\/uploads\/2025\/06\/tamiressillon.jpg\" \/>\n\t<meta property=\"og:image:width\" content=\"700\" \/>\n\t<meta property=\"og:image:height\" content=\"800\" \/>\n\t<meta property=\"og:image:type\" content=\"image\/jpeg\" \/>\n<meta name=\"twitter:card\" content=\"summary_large_image\" \/>\n<script type=\"application\/ld+json\" class=\"yoast-schema-graph\">{\"@context\":\"https:\\\/\\\/schema.org\",\"@graph\":[{\"@type\":\"WebPage\",\"@id\":\"https:\\\/\\\/www.lavillagardendesign.com\\\/fr\\\/product\\\/tamires-fauteuil-dexterieur-avec-coussin\\\/\",\"url\":\"https:\\\/\\\/www.lavillagardendesign.com\\\/fr\\\/product\\\/tamires-fauteuil-dexterieur-avec-coussin\\\/\",\"name\":\"TAORMINA - Fauteuil d'ext\u00e9rieur avec coussin - La Villa Garden&amp;Design\",\"isPartOf\":{\"@id\":\"https:\\\/\\\/www.lavillagardendesign.com\\\/#website\"},\"primaryImageOfPage\":{\"@id\":\"https:\\\/\\\/www.lavillagardendesign.com\\\/fr\\\/product\\\/tamires-fauteuil-dexterieur-avec-coussin\\\/#primaryimage\"},\"image\":{\"@id\":\"https:\\\/\\\/www.lavillagardendesign.com\\\/fr\\\/product\\\/tamires-fauteuil-dexterieur-avec-coussin\\\/#primaryimage\"},\"thumbnailUrl\":\"https:\\\/\\\/www.lavillagardendesign.com\\\/wp-content\\\/uploads\\\/2025\\\/06\\\/tamiressillon.jpg\",\"datePublished\":\"2025-06-14T08:37:39+00:00\",\"dateModified\":\"2026-02-01T13:00:37+00:00\",\"breadcrumb\":{\"@id\":\"https:\\\/\\\/www.lavillagardendesign.com\\\/fr\\\/product\\\/tamires-fauteuil-dexterieur-avec-coussin\\\/#breadcrumb\"},\"inLanguage\":\"fr-FR\",\"potentialAction\":[{\"@type\":\"ReadAction\",\"target\":[\"https:\\\/\\\/www.lavillagardendesign.com\\\/fr\\\/product\\\/tamires-fauteuil-dexterieur-avec-coussin\\\/\"]}]},{\"@type\":\"ImageObject\",\"inLanguage\":\"fr-FR\",\"@id\":\"https:\\\/\\\/www.lavillagardendesign.com\\\/fr\\\/product\\\/tamires-fauteuil-dexterieur-avec-coussin\\\/#primaryimage\",\"url\":\"https:\\\/\\\/www.lavillagardendesign.com\\\/wp-content\\\/uploads\\\/2025\\\/06\\\/tamiressillon.jpg\",\"contentUrl\":\"https:\\\/\\\/www.lavillagardendesign.com\\\/wp-content\\\/uploads\\\/2025\\\/06\\\/tamiressillon.jpg\",\"width\":700,\"height\":800},{\"@type\":\"BreadcrumbList\",\"@id\":\"https:\\\/\\\/www.lavillagardendesign.com\\\/fr\\\/product\\\/tamires-fauteuil-dexterieur-avec-coussin\\\/#breadcrumb\",\"itemListElement\":[{\"@type\":\"ListItem\",\"position\":1,\"name\":\"Home\",\"item\":\"https:\\\/\\\/www.lavillagardendesign.com\\\/\"},{\"@type\":\"ListItem\",\"position\":2,\"name\":\"Boutique\",\"item\":\"https:\\\/\\\/www.lavillagardendesign.com\\\/fr\\\/boutique\\\/\"},{\"@type\":\"ListItem\",\"position\":3,\"name\":\"TAORMINA &#8211; Fauteuil d&rsquo;ext\u00e9rieur avec coussin\"}]},{\"@type\":\"WebSite\",\"@id\":\"https:\\\/\\\/www.lavillagardendesign.com\\\/#website\",\"url\":\"https:\\\/\\\/www.lavillagardendesign.com\\\/\",\"name\":\"La Villa Garden&Design\",\"description\":\"\",\"publisher\":{\"@id\":\"https:\\\/\\\/www.lavillagardendesign.com\\\/#organization\"},\"potentialAction\":[{\"@type\":\"SearchAction\",\"target\":{\"@type\":\"EntryPoint\",\"urlTemplate\":\"https:\\\/\\\/www.lavillagardendesign.com\\\/?s={search_term_string}\"},\"query-input\":{\"@type\":\"PropertyValueSpecification\",\"valueRequired\":true,\"valueName\":\"search_term_string\"}}],\"inLanguage\":\"fr-FR\"},{\"@type\":\"Organization\",\"@id\":\"https:\\\/\\\/www.lavillagardendesign.com\\\/#organization\",\"name\":\"La Villa Garden&Design\",\"url\":\"https:\\\/\\\/www.lavillagardendesign.com\\\/\",\"logo\":{\"@type\":\"ImageObject\",\"inLanguage\":\"fr-FR\",\"@id\":\"https:\\\/\\\/www.lavillagardendesign.com\\\/#\\\/schema\\\/logo\\\/image\\\/\",\"url\":\"https:\\\/\\\/www.lavillagardendesign.com\\\/wp-content\\\/uploads\\\/2024\\\/04\\\/logolavilla.png\",\"contentUrl\":\"https:\\\/\\\/www.lavillagardendesign.com\\\/wp-content\\\/uploads\\\/2024\\\/04\\\/logolavilla.png\",\"width\":682,\"height\":391,\"caption\":\"La Villa Garden&Design\"},\"image\":{\"@id\":\"https:\\\/\\\/www.lavillagardendesign.com\\\/#\\\/schema\\\/logo\\\/image\\\/\"},\"sameAs\":[\"https:\\\/\\\/www.facebook.com\\\/lavillagardendesign\\\/\"]}]}<\/script>\n<!-- \/ Yoast SEO plugin. -->","yoast_head_json":{"title":"TAORMINA - Fauteuil d'ext\u00e9rieur avec coussin - La Villa Garden&amp;Design","robots":{"index":"index","follow":"follow","max-snippet":"max-snippet:-1","max-image-preview":"max-image-preview:large","max-video-preview":"max-video-preview:-1"},"canonical":"https:\/\/www.lavillagardendesign.com\/fr\/product\/tamires-fauteuil-dexterieur-avec-coussin\/","og_locale":"fr_FR","og_type":"article","og_title":"TAORMINA - Fauteuil d'ext\u00e9rieur avec coussin - La Villa Garden&amp;Design","og_description":"Le fauteuil TAMIRES est un choix \u00e9l\u00e9gant et respectueux de l'environnement pour les si\u00e8ges d'ext\u00e9rieur. Il est dot\u00e9 d'un cadre durable en aluminium peint par poudrage et de pieds en teck certifi\u00e9 SVLK provenant de for\u00eats g\u00e9r\u00e9es durablement. L'assise est envelopp\u00e9e d'une corde en polypropyl\u00e8ne et les coussins amovibles sont fabriqu\u00e9s en ol\u00e9fine Sunproof (100 % polypropyl\u00e8ne), hydrofuge et r\u00e9sistante aux intemp\u00e9ries. Caract\u00e9ristiques principales - Disponible en beige et anthracite - Structure en aluminium peint par poudrage - Pieds en bois de teck certifi\u00e9 SVLK - Tissu ext\u00e9rieur en corde de polypropyl\u00e8ne - Coussins amovibles en tissu Sunproof Olefin - Tissu hydrofuge - Quincaillerie en acier inoxydable - Les pieds doivent \u00eatre assembl\u00e9s - Poids : 20,75 kg","og_url":"https:\/\/www.lavillagardendesign.com\/fr\/product\/tamires-fauteuil-dexterieur-avec-coussin\/","og_site_name":"La Villa Garden&amp;Design","article_publisher":"https:\/\/www.facebook.com\/lavillagardendesign\/","article_modified_time":"2026-02-01T13:00:37+00:00","og_image":[{"width":700,"height":800,"url":"https:\/\/www.lavillagardendesign.com\/wp-content\/uploads\/2025\/06\/tamiressillon.jpg","type":"image\/jpeg"}],"twitter_card":"summary_large_image","schema":{"@context":"https:\/\/schema.org","@graph":[{"@type":"WebPage","@id":"https:\/\/www.lavillagardendesign.com\/fr\/product\/tamires-fauteuil-dexterieur-avec-coussin\/","url":"https:\/\/www.lavillagardendesign.com\/fr\/product\/tamires-fauteuil-dexterieur-avec-coussin\/","name":"TAORMINA - Fauteuil d'ext\u00e9rieur avec coussin - La Villa Garden&amp;Design","isPartOf":{"@id":"https:\/\/www.lavillagardendesign.com\/#website"},"primaryImageOfPage":{"@id":"https:\/\/www.lavillagardendesign.com\/fr\/product\/tamires-fauteuil-dexterieur-avec-coussin\/#primaryimage"},"image":{"@id":"https:\/\/www.lavillagardendesign.com\/fr\/product\/tamires-fauteuil-dexterieur-avec-coussin\/#primaryimage"},"thumbnailUrl":"https:\/\/www.lavillagardendesign.com\/wp-content\/uploads\/2025\/06\/tamiressillon.jpg","datePublished":"2025-06-14T08:37:39+00:00","dateModified":"2026-02-01T13:00:37+00:00","breadcrumb":{"@id":"https:\/\/www.lavillagardendesign.com\/fr\/product\/tamires-fauteuil-dexterieur-avec-coussin\/#breadcrumb"},"inLanguage":"fr-FR","potentialAction":[{"@type":"ReadAction","target":["https:\/\/www.lavillagardendesign.com\/fr\/product\/tamires-fauteuil-dexterieur-avec-coussin\/"]}]},{"@type":"ImageObject","inLanguage":"fr-FR","@id":"https:\/\/www.lavillagardendesign.com\/fr\/product\/tamires-fauteuil-dexterieur-avec-coussin\/#primaryimage","url":"https:\/\/www.lavillagardendesign.com\/wp-content\/uploads\/2025\/06\/tamiressillon.jpg","contentUrl":"https:\/\/www.lavillagardendesign.com\/wp-content\/uploads\/2025\/06\/tamiressillon.jpg","width":700,"height":800},{"@type":"BreadcrumbList","@id":"https:\/\/www.lavillagardendesign.com\/fr\/product\/tamires-fauteuil-dexterieur-avec-coussin\/#breadcrumb","itemListElement":[{"@type":"ListItem","position":1,"name":"Home","item":"https:\/\/www.lavillagardendesign.com\/"},{"@type":"ListItem","position":2,"name":"Boutique","item":"https:\/\/www.lavillagardendesign.com\/fr\/boutique\/"},{"@type":"ListItem","position":3,"name":"TAORMINA &#8211; Fauteuil d&rsquo;ext\u00e9rieur avec coussin"}]},{"@type":"WebSite","@id":"https:\/\/www.lavillagardendesign.com\/#website","url":"https:\/\/www.lavillagardendesign.com\/","name":"La Villa Garden&Design","description":"","publisher":{"@id":"https:\/\/www.lavillagardendesign.com\/#organization"},"potentialAction":[{"@type":"SearchAction","target":{"@type":"EntryPoint","urlTemplate":"https:\/\/www.lavillagardendesign.com\/?s={search_term_string}"},"query-input":{"@type":"PropertyValueSpecification","valueRequired":true,"valueName":"search_term_string"}}],"inLanguage":"fr-FR"},{"@type":"Organization","@id":"https:\/\/www.lavillagardendesign.com\/#organization","name":"La Villa Garden&Design","url":"https:\/\/www.lavillagardendesign.com\/","logo":{"@type":"ImageObject","inLanguage":"fr-FR","@id":"https:\/\/www.lavillagardendesign.com\/#\/schema\/logo\/image\/","url":"https:\/\/www.lavillagardendesign.com\/wp-content\/uploads\/2024\/04\/logolavilla.png","contentUrl":"https:\/\/www.lavillagardendesign.com\/wp-content\/uploads\/2024\/04\/logolavilla.png","width":682,"height":391,"caption":"La Villa Garden&Design"},"image":{"@id":"https:\/\/www.lavillagardendesign.com\/#\/schema\/logo\/image\/"},"sameAs":["https:\/\/www.facebook.com\/lavillagardendesign\/"]}]}},"_links":{"self":[{"href":"https:\/\/www.lavillagardendesign.com\/fr\/wp-json\/wp\/v2\/product\/55441","targetHints":{"allow":["GET"]}}],"collection":[{"href":"https:\/\/www.lavillagardendesign.com\/fr\/wp-json\/wp\/v2\/product"}],"about":[{"href":"https:\/\/www.lavillagardendesign.com\/fr\/wp-json\/wp\/v2\/types\/product"}],"replies":[{"embeddable":true,"href":"https:\/\/www.lavillagardendesign.com\/fr\/wp-json\/wp\/v2\/comments?post=55441"}],"version-history":[{"count":1,"href":"https:\/\/www.lavillagardendesign.com\/fr\/wp-json\/wp\/v2\/product\/55441\/revisions"}],"predecessor-version":[{"id":61426,"href":"https:\/\/www.lavillagardendesign.com\/fr\/wp-json\/wp\/v2\/product\/55441\/revisions\/61426"}],"wp:featuredmedia":[{"embeddable":true,"href":"https:\/\/www.lavillagardendesign.com\/fr\/wp-json\/wp\/v2\/media\/55371"}],"wp:attachment":[{"href":"https:\/\/www.lavillagardendesign.com\/fr\/wp-json\/wp\/v2\/media?parent=55441"}],"wp:term":[{"taxonomy":"product_brand","embeddable":true,"href":"https:\/\/www.lavillagardendesign.com\/fr\/wp-json\/wp\/v2\/product_brand?post=55441"},{"taxonomy":"product_cat","embeddable":true,"href":"https:\/\/www.lavillagardendesign.com\/fr\/wp-json\/wp\/v2\/product_cat?post=55441"},{"taxonomy":"product_tag","embeddable":true,"href":"https:\/\/www.lavillagardendesign.com\/fr\/wp-json\/wp\/v2\/product_tag?post=55441"}],"curies":[{"name":"wp","href":"https:\/\/api.w.org\/{rel}","templated":true}]}}