{"id":54213,"date":"2025-05-18T20:36:48","date_gmt":"2025-05-18T19:36:48","guid":{"rendered":"https:\/\/www.lavillagardendesign.com\/product\/colima-table-composite-dexterieur\/"},"modified":"2026-02-23T11:41:21","modified_gmt":"2026-02-23T09:41:21","slug":"colima-table-composite-dexterieur","status":"publish","type":"product","link":"https:\/\/www.lavillagardendesign.com\/fr\/product\/colima-table-composite-dexterieur\/","title":{"rendered":"COLIMA &#8211; Table composite d&rsquo;ext\u00e9rieur"},"content":{"rendered":"","protected":false},"excerpt":{"rendered":"<p class=\"\" data-start=\"47\" data-end=\"172\">Si vous souhaitez cr\u00e9er une atmosph\u00e8re particuli\u00e8re dans votre espace ext\u00e9rieur, les <strong data-start=\"114\" data-end=\"151\">foyers et br\u00fbleurs NORA FLAMES<\/strong> sont un choix id\u00e9al.<\/p>\n<ul data-start=\"174\" data-end=\"624\">\n<li class=\"\" data-start=\"174\" data-end=\"291\">\n<p class=\"\" data-start=\"176\" data-end=\"291\">Les br\u00fbleurs sont en <strong data-start=\"200\" data-end=\"223\">acier inoxydable 304<\/strong> avec une finition polie de 1 mm, sp\u00e9cialement con\u00e7us pour une utilisation en ext\u00e9rieur.<\/p>\n<\/li>\n<li class=\"\" data-start=\"292\" data-end=\"356\">\n<p class=\"\" data-start=\"294\" data-end=\"356\">Comprend <strong data-start=\"303\" data-end=\"327\">la t\u00eate du br\u00fbleur et le tuyau<\/strong> pour le raccordement de la bouteille de GPL.<\/p>\n<\/li>\n<li class=\"\" data-start=\"357\" data-end=\"431\">\n<p class=\"\" data-start=\"359\" data-end=\"431\"><strong data-start=\"359\" data-end=\"384\">Allumage pi\u00e9zo manuel<\/strong>, avec syst\u00e8me d&rsquo;\u00e9tincelles et contr\u00f4le manuel de la flamme.<\/p>\n<\/li>\n<li class=\"\" data-start=\"432\" data-end=\"527\">\n<p class=\"\" data-start=\"434\" data-end=\"527\">Fonctionne au <strong data-start=\"446\" data-end=\"453\">GPL<\/strong> (peut \u00eatre converti au <strong data-start=\"475\" data-end=\"490\">gaz naturel<\/strong> \u00e0 l&rsquo;aide d&rsquo;un kit de conversion en option).<\/p>\n<\/li>\n<li class=\"\" data-start=\"528\" data-end=\"624\">\n<p class=\"\" data-start=\"530\" data-end=\"624\">Les br\u00fbleurs sont dot\u00e9s de <strong data-start=\"550\" data-end=\"579\">canaux internes crois\u00e9s<\/strong>, ce qui garantit une flamme mieux r\u00e9partie.<\/p>\n<\/li>\n<\/ul>\n<p class=\"\" data-start=\"626\" data-end=\"777\">Le <strong data-start=\"630\" data-end=\"647\">composite GRC<\/strong> utilis\u00e9 dans la table COLIMA est de haute qualit\u00e9, avec une coloration noire int\u00e9gr\u00e9e au mat\u00e9riau pour aider \u00e0 dissimuler les marques ou les \u00e9raflures dues \u00e0 l&rsquo;utilisation.<\/p>\n<p class=\"\" data-start=\"779\" data-end=\"819\">Le <strong data-start=\"783\" data-end=\"809\">tableau composite COLIMA<\/strong> comprend<\/p>\n<ul data-start=\"820\" data-end=\"862\">\n<li class=\"\" data-start=\"820\" data-end=\"839\">\n<p class=\"\" data-start=\"822\" data-end=\"839\"><strong data-start=\"822\" data-end=\"837\">Pierres de lave<\/strong><\/p>\n<\/li>\n<li class=\"\" data-start=\"840\" data-end=\"862\">\n<p class=\"\" data-start=\"842\" data-end=\"862\"><strong data-start=\"842\" data-end=\"862\">Couvercle de protection<\/strong><\/p>\n<\/li>\n<\/ul>\n<p class=\"\" data-start=\"864\" data-end=\"925\"><strong data-start=\"864\" data-end=\"877\">En option :<\/strong> Des pare-vent en verre sont disponibles pour les jours de vent.<\/p>\n","protected":false},"featured_media":54188,"comment_status":"open","ping_status":"closed","template":"","meta":[],"product_brand":[4998],"product_cat":[4774,6832],"product_tag":[],"class_list":{"0":"post-54213","1":"product","2":"type-product","3":"status-publish","4":"has-post-thumbnail","6":"product_brand-la-villa","7":"product_cat-barbecue-fr","8":"product_cat-outdoor-fr","10":"first","11":"instock","12":"taxable","13":"shipping-taxable","14":"purchasable","15":"product-type-simple"},"yoast_head":"<!-- This site is optimized with the Yoast SEO plugin v27.4 - https:\/\/yoast.com\/product\/yoast-seo-wordpress\/ -->\n<title>COLIMA - Table composite d&#039;ext\u00e9rieur - La Villa Garden&amp;Design<\/title>\n<meta name=\"robots\" content=\"index, follow, max-snippet:-1, max-image-preview:large, max-video-preview:-1\" \/>\n<link rel=\"canonical\" href=\"https:\/\/www.lavillagardendesign.com\/fr\/product\/colima-table-composite-dexterieur\/\" \/>\n<meta property=\"og:locale\" content=\"fr_FR\" \/>\n<meta property=\"og:type\" content=\"article\" \/>\n<meta property=\"og:title\" content=\"COLIMA - Table composite d&#039;ext\u00e9rieur - La Villa Garden&amp;Design\" \/>\n<meta property=\"og:description\" content=\"Si vous souhaitez cr\u00e9er une atmosph\u00e8re particuli\u00e8re dans votre espace ext\u00e9rieur, les foyers et br\u00fbleurs NORA FLAMES sont un choix id\u00e9al.   Les br\u00fbleurs sont en acier inoxydable 304 avec une finition polie de 1 mm, sp\u00e9cialement con\u00e7us pour une utilisation en ext\u00e9rieur.   Comprend la t\u00eate du br\u00fbleur et le tuyau pour le raccordement de la bouteille de GPL.   Allumage pi\u00e9zo manuel, avec syst\u00e8me d&#039;\u00e9tincelles et contr\u00f4le manuel de la flamme.   Fonctionne au GPL (peut \u00eatre converti au gaz naturel \u00e0 l&#039;aide d&#039;un kit de conversion en option).   Les br\u00fbleurs sont dot\u00e9s de canaux internes crois\u00e9s, ce qui garantit une flamme mieux r\u00e9partie.  Le composite GRC utilis\u00e9 dans la table COLIMA est de haute qualit\u00e9, avec une coloration noire int\u00e9gr\u00e9e au mat\u00e9riau pour aider \u00e0 dissimuler les marques ou les \u00e9raflures dues \u00e0 l&#039;utilisation. Le tableau composite COLIMA comprend   Pierres de lave   Couvercle de protection  En option : Des pare-vent en verre sont disponibles pour les jours de vent.\" \/>\n<meta property=\"og:url\" content=\"https:\/\/www.lavillagardendesign.com\/fr\/product\/colima-table-composite-dexterieur\/\" \/>\n<meta property=\"og:site_name\" content=\"La Villa Garden&amp;Design\" \/>\n<meta property=\"article:publisher\" content=\"https:\/\/www.facebook.com\/lavillagardendesign\/\" \/>\n<meta property=\"article:modified_time\" content=\"2026-02-23T09:41:21+00:00\" \/>\n<meta property=\"og:image\" content=\"https:\/\/www.lavillagardendesign.com\/wp-content\/uploads\/2025\/05\/1-2.jpg\" \/>\n\t<meta property=\"og:image:width\" content=\"800\" \/>\n\t<meta property=\"og:image:height\" content=\"800\" \/>\n\t<meta property=\"og:image:type\" content=\"image\/jpeg\" \/>\n<meta name=\"twitter:card\" content=\"summary_large_image\" \/>\n<script type=\"application\/ld+json\" class=\"yoast-schema-graph\">{\"@context\":\"https:\\\/\\\/schema.org\",\"@graph\":[{\"@type\":\"WebPage\",\"@id\":\"https:\\\/\\\/www.lavillagardendesign.com\\\/fr\\\/product\\\/colima-table-composite-dexterieur\\\/\",\"url\":\"https:\\\/\\\/www.lavillagardendesign.com\\\/fr\\\/product\\\/colima-table-composite-dexterieur\\\/\",\"name\":\"COLIMA - Table composite d'ext\u00e9rieur - La Villa Garden&amp;Design\",\"isPartOf\":{\"@id\":\"https:\\\/\\\/www.lavillagardendesign.com\\\/#website\"},\"primaryImageOfPage\":{\"@id\":\"https:\\\/\\\/www.lavillagardendesign.com\\\/fr\\\/product\\\/colima-table-composite-dexterieur\\\/#primaryimage\"},\"image\":{\"@id\":\"https:\\\/\\\/www.lavillagardendesign.com\\\/fr\\\/product\\\/colima-table-composite-dexterieur\\\/#primaryimage\"},\"thumbnailUrl\":\"https:\\\/\\\/www.lavillagardendesign.com\\\/wp-content\\\/uploads\\\/2025\\\/05\\\/1-2.jpg\",\"datePublished\":\"2025-05-18T19:36:48+00:00\",\"dateModified\":\"2026-02-23T09:41:21+00:00\",\"breadcrumb\":{\"@id\":\"https:\\\/\\\/www.lavillagardendesign.com\\\/fr\\\/product\\\/colima-table-composite-dexterieur\\\/#breadcrumb\"},\"inLanguage\":\"fr-FR\",\"potentialAction\":[{\"@type\":\"ReadAction\",\"target\":[\"https:\\\/\\\/www.lavillagardendesign.com\\\/fr\\\/product\\\/colima-table-composite-dexterieur\\\/\"]}]},{\"@type\":\"ImageObject\",\"inLanguage\":\"fr-FR\",\"@id\":\"https:\\\/\\\/www.lavillagardendesign.com\\\/fr\\\/product\\\/colima-table-composite-dexterieur\\\/#primaryimage\",\"url\":\"https:\\\/\\\/www.lavillagardendesign.com\\\/wp-content\\\/uploads\\\/2025\\\/05\\\/1-2.jpg\",\"contentUrl\":\"https:\\\/\\\/www.lavillagardendesign.com\\\/wp-content\\\/uploads\\\/2025\\\/05\\\/1-2.jpg\",\"width\":800,\"height\":800},{\"@type\":\"BreadcrumbList\",\"@id\":\"https:\\\/\\\/www.lavillagardendesign.com\\\/fr\\\/product\\\/colima-table-composite-dexterieur\\\/#breadcrumb\",\"itemListElement\":[{\"@type\":\"ListItem\",\"position\":1,\"name\":\"Home\",\"item\":\"https:\\\/\\\/www.lavillagardendesign.com\\\/\"},{\"@type\":\"ListItem\",\"position\":2,\"name\":\"Boutique\",\"item\":\"https:\\\/\\\/www.lavillagardendesign.com\\\/fr\\\/boutique\\\/\"},{\"@type\":\"ListItem\",\"position\":3,\"name\":\"COLIMA &#8211; Table composite d&rsquo;ext\u00e9rieur\"}]},{\"@type\":\"WebSite\",\"@id\":\"https:\\\/\\\/www.lavillagardendesign.com\\\/#website\",\"url\":\"https:\\\/\\\/www.lavillagardendesign.com\\\/\",\"name\":\"La Villa Garden&Design\",\"description\":\"\",\"publisher\":{\"@id\":\"https:\\\/\\\/www.lavillagardendesign.com\\\/#organization\"},\"potentialAction\":[{\"@type\":\"SearchAction\",\"target\":{\"@type\":\"EntryPoint\",\"urlTemplate\":\"https:\\\/\\\/www.lavillagardendesign.com\\\/?s={search_term_string}\"},\"query-input\":{\"@type\":\"PropertyValueSpecification\",\"valueRequired\":true,\"valueName\":\"search_term_string\"}}],\"inLanguage\":\"fr-FR\"},{\"@type\":\"Organization\",\"@id\":\"https:\\\/\\\/www.lavillagardendesign.com\\\/#organization\",\"name\":\"La Villa Garden&Design\",\"url\":\"https:\\\/\\\/www.lavillagardendesign.com\\\/\",\"logo\":{\"@type\":\"ImageObject\",\"inLanguage\":\"fr-FR\",\"@id\":\"https:\\\/\\\/www.lavillagardendesign.com\\\/#\\\/schema\\\/logo\\\/image\\\/\",\"url\":\"https:\\\/\\\/www.lavillagardendesign.com\\\/wp-content\\\/uploads\\\/2024\\\/04\\\/logolavilla.png\",\"contentUrl\":\"https:\\\/\\\/www.lavillagardendesign.com\\\/wp-content\\\/uploads\\\/2024\\\/04\\\/logolavilla.png\",\"width\":682,\"height\":391,\"caption\":\"La Villa Garden&Design\"},\"image\":{\"@id\":\"https:\\\/\\\/www.lavillagardendesign.com\\\/#\\\/schema\\\/logo\\\/image\\\/\"},\"sameAs\":[\"https:\\\/\\\/www.facebook.com\\\/lavillagardendesign\\\/\"]}]}<\/script>\n<!-- \/ Yoast SEO plugin. -->","yoast_head_json":{"title":"COLIMA - Table composite d'ext\u00e9rieur - La Villa Garden&amp;Design","robots":{"index":"index","follow":"follow","max-snippet":"max-snippet:-1","max-image-preview":"max-image-preview:large","max-video-preview":"max-video-preview:-1"},"canonical":"https:\/\/www.lavillagardendesign.com\/fr\/product\/colima-table-composite-dexterieur\/","og_locale":"fr_FR","og_type":"article","og_title":"COLIMA - Table composite d'ext\u00e9rieur - La Villa Garden&amp;Design","og_description":"Si vous souhaitez cr\u00e9er une atmosph\u00e8re particuli\u00e8re dans votre espace ext\u00e9rieur, les foyers et br\u00fbleurs NORA FLAMES sont un choix id\u00e9al.   Les br\u00fbleurs sont en acier inoxydable 304 avec une finition polie de 1 mm, sp\u00e9cialement con\u00e7us pour une utilisation en ext\u00e9rieur.   Comprend la t\u00eate du br\u00fbleur et le tuyau pour le raccordement de la bouteille de GPL.   Allumage pi\u00e9zo manuel, avec syst\u00e8me d'\u00e9tincelles et contr\u00f4le manuel de la flamme.   Fonctionne au GPL (peut \u00eatre converti au gaz naturel \u00e0 l'aide d'un kit de conversion en option).   Les br\u00fbleurs sont dot\u00e9s de canaux internes crois\u00e9s, ce qui garantit une flamme mieux r\u00e9partie.  Le composite GRC utilis\u00e9 dans la table COLIMA est de haute qualit\u00e9, avec une coloration noire int\u00e9gr\u00e9e au mat\u00e9riau pour aider \u00e0 dissimuler les marques ou les \u00e9raflures dues \u00e0 l'utilisation. Le tableau composite COLIMA comprend   Pierres de lave   Couvercle de protection  En option : Des pare-vent en verre sont disponibles pour les jours de vent.","og_url":"https:\/\/www.lavillagardendesign.com\/fr\/product\/colima-table-composite-dexterieur\/","og_site_name":"La Villa Garden&amp;Design","article_publisher":"https:\/\/www.facebook.com\/lavillagardendesign\/","article_modified_time":"2026-02-23T09:41:21+00:00","og_image":[{"width":800,"height":800,"url":"https:\/\/www.lavillagardendesign.com\/wp-content\/uploads\/2025\/05\/1-2.jpg","type":"image\/jpeg"}],"twitter_card":"summary_large_image","schema":{"@context":"https:\/\/schema.org","@graph":[{"@type":"WebPage","@id":"https:\/\/www.lavillagardendesign.com\/fr\/product\/colima-table-composite-dexterieur\/","url":"https:\/\/www.lavillagardendesign.com\/fr\/product\/colima-table-composite-dexterieur\/","name":"COLIMA - Table composite d'ext\u00e9rieur - La Villa Garden&amp;Design","isPartOf":{"@id":"https:\/\/www.lavillagardendesign.com\/#website"},"primaryImageOfPage":{"@id":"https:\/\/www.lavillagardendesign.com\/fr\/product\/colima-table-composite-dexterieur\/#primaryimage"},"image":{"@id":"https:\/\/www.lavillagardendesign.com\/fr\/product\/colima-table-composite-dexterieur\/#primaryimage"},"thumbnailUrl":"https:\/\/www.lavillagardendesign.com\/wp-content\/uploads\/2025\/05\/1-2.jpg","datePublished":"2025-05-18T19:36:48+00:00","dateModified":"2026-02-23T09:41:21+00:00","breadcrumb":{"@id":"https:\/\/www.lavillagardendesign.com\/fr\/product\/colima-table-composite-dexterieur\/#breadcrumb"},"inLanguage":"fr-FR","potentialAction":[{"@type":"ReadAction","target":["https:\/\/www.lavillagardendesign.com\/fr\/product\/colima-table-composite-dexterieur\/"]}]},{"@type":"ImageObject","inLanguage":"fr-FR","@id":"https:\/\/www.lavillagardendesign.com\/fr\/product\/colima-table-composite-dexterieur\/#primaryimage","url":"https:\/\/www.lavillagardendesign.com\/wp-content\/uploads\/2025\/05\/1-2.jpg","contentUrl":"https:\/\/www.lavillagardendesign.com\/wp-content\/uploads\/2025\/05\/1-2.jpg","width":800,"height":800},{"@type":"BreadcrumbList","@id":"https:\/\/www.lavillagardendesign.com\/fr\/product\/colima-table-composite-dexterieur\/#breadcrumb","itemListElement":[{"@type":"ListItem","position":1,"name":"Home","item":"https:\/\/www.lavillagardendesign.com\/"},{"@type":"ListItem","position":2,"name":"Boutique","item":"https:\/\/www.lavillagardendesign.com\/fr\/boutique\/"},{"@type":"ListItem","position":3,"name":"COLIMA &#8211; Table composite d&rsquo;ext\u00e9rieur"}]},{"@type":"WebSite","@id":"https:\/\/www.lavillagardendesign.com\/#website","url":"https:\/\/www.lavillagardendesign.com\/","name":"La Villa Garden&Design","description":"","publisher":{"@id":"https:\/\/www.lavillagardendesign.com\/#organization"},"potentialAction":[{"@type":"SearchAction","target":{"@type":"EntryPoint","urlTemplate":"https:\/\/www.lavillagardendesign.com\/?s={search_term_string}"},"query-input":{"@type":"PropertyValueSpecification","valueRequired":true,"valueName":"search_term_string"}}],"inLanguage":"fr-FR"},{"@type":"Organization","@id":"https:\/\/www.lavillagardendesign.com\/#organization","name":"La Villa Garden&Design","url":"https:\/\/www.lavillagardendesign.com\/","logo":{"@type":"ImageObject","inLanguage":"fr-FR","@id":"https:\/\/www.lavillagardendesign.com\/#\/schema\/logo\/image\/","url":"https:\/\/www.lavillagardendesign.com\/wp-content\/uploads\/2024\/04\/logolavilla.png","contentUrl":"https:\/\/www.lavillagardendesign.com\/wp-content\/uploads\/2024\/04\/logolavilla.png","width":682,"height":391,"caption":"La Villa Garden&Design"},"image":{"@id":"https:\/\/www.lavillagardendesign.com\/#\/schema\/logo\/image\/"},"sameAs":["https:\/\/www.facebook.com\/lavillagardendesign\/"]}]}},"_links":{"self":[{"href":"https:\/\/www.lavillagardendesign.com\/fr\/wp-json\/wp\/v2\/product\/54213","targetHints":{"allow":["GET"]}}],"collection":[{"href":"https:\/\/www.lavillagardendesign.com\/fr\/wp-json\/wp\/v2\/product"}],"about":[{"href":"https:\/\/www.lavillagardendesign.com\/fr\/wp-json\/wp\/v2\/types\/product"}],"replies":[{"embeddable":true,"href":"https:\/\/www.lavillagardendesign.com\/fr\/wp-json\/wp\/v2\/comments?post=54213"}],"version-history":[{"count":1,"href":"https:\/\/www.lavillagardendesign.com\/fr\/wp-json\/wp\/v2\/product\/54213\/revisions"}],"predecessor-version":[{"id":63694,"href":"https:\/\/www.lavillagardendesign.com\/fr\/wp-json\/wp\/v2\/product\/54213\/revisions\/63694"}],"wp:featuredmedia":[{"embeddable":true,"href":"https:\/\/www.lavillagardendesign.com\/fr\/wp-json\/wp\/v2\/media\/54188"}],"wp:attachment":[{"href":"https:\/\/www.lavillagardendesign.com\/fr\/wp-json\/wp\/v2\/media?parent=54213"}],"wp:term":[{"taxonomy":"product_brand","embeddable":true,"href":"https:\/\/www.lavillagardendesign.com\/fr\/wp-json\/wp\/v2\/product_brand?post=54213"},{"taxonomy":"product_cat","embeddable":true,"href":"https:\/\/www.lavillagardendesign.com\/fr\/wp-json\/wp\/v2\/product_cat?post=54213"},{"taxonomy":"product_tag","embeddable":true,"href":"https:\/\/www.lavillagardendesign.com\/fr\/wp-json\/wp\/v2\/product_tag?post=54213"}],"curies":[{"name":"wp","href":"https:\/\/api.w.org\/{rel}","templated":true}]}}