{"id":30910,"date":"2024-01-29T20:01:36","date_gmt":"2024-01-29T19:01:36","guid":{"rendered":"https:\/\/www.lavillagardendesign.com\/product\/ibiza-pack-4-tabourets-hauts\/"},"modified":"2026-03-10T03:39:32","modified_gmt":"2026-03-10T02:39:32","slug":"ibiza-pack-4-tabourets-hauts","status":"publish","type":"product","link":"https:\/\/www.lavillagardendesign.com\/fr\/product\/ibiza-pack-4-tabourets-hauts\/","title":{"rendered":"IBIZA \u2013 Tabouret d\u2019ext\u00e9rieur haut"},"content":{"rendered":"","protected":false},"excerpt":{"rendered":"<p>Le tabouret haut IBIZA, con\u00e7u par Eugeni Quitllet pour VONDOM, est fabriqu\u00e9 en polypropyl\u00e8ne inject\u00e9 renforc\u00e9 de fibre de verre, offrant robustesse et l\u00e9g\u00e8ret\u00e9. Empilable et disponible en plusieurs coloris, il est id\u00e9al pour une utilisation int\u00e9rieure et ext\u00e9rieure. Avec une hauteur d&rsquo;assise de 74,5 cm, ce tabouret allie design moderne et fonctionnalit\u00e9.  <\/p>\n","protected":false},"featured_media":50432,"comment_status":"open","ping_status":"closed","template":"","meta":[],"product_brand":[5000],"product_cat":[2929,2930,6832,4570,4575],"product_tag":[],"class_list":{"0":"post-30910","1":"product","2":"type-product","3":"status-publish","4":"has-post-thumbnail","6":"product_brand-vondom","7":"product_cat-chaises","8":"product_cat-chaises-hautes","9":"product_cat-outdoor-fr","10":"product_cat-tabourets-vondom","11":"product_cat-produits-vondom","12":"product_shipping_class-vondom-fr","14":"first","15":"instock","16":"taxable","17":"shipping-taxable","18":"purchasable","19":"product-type-variable"},"yoast_head":"<!-- This site is optimized with the Yoast SEO plugin v27.4 - https:\/\/yoast.com\/product\/yoast-seo-wordpress\/ -->\n<title>Tabouret haut IBIZA par Eugeni Quitllet \u2013 VONDOM<\/title>\n<meta name=\"description\" content=\"D\u00e9couvrez le tabouret haut IBIZA de VONDOM, con\u00e7u par Eugeni Quitllet. Fabriqu\u00e9 en polypropyl\u00e8ne inject\u00e9 avec fibre de verre, empilable et adapt\u00e9 \u00e0 une utilisation int\u00e9rieure et ext\u00e9rieure. Disponible en plusieurs coloris.\" \/>\n<meta name=\"robots\" content=\"index, follow, max-snippet:-1, max-image-preview:large, max-video-preview:-1\" \/>\n<link rel=\"canonical\" href=\"https:\/\/www.lavillagardendesign.com\/fr\/product\/ibiza-pack-4-tabourets-hauts\/\" \/>\n<meta property=\"og:locale\" content=\"fr_FR\" \/>\n<meta property=\"og:type\" content=\"article\" \/>\n<meta property=\"og:title\" content=\"Tabouret haut IBIZA par Eugeni Quitllet \u2013 VONDOM\" \/>\n<meta property=\"og:description\" content=\"D\u00e9couvrez le tabouret haut IBIZA de VONDOM, con\u00e7u par Eugeni Quitllet. Fabriqu\u00e9 en polypropyl\u00e8ne inject\u00e9 avec fibre de verre, empilable et adapt\u00e9 \u00e0 une utilisation int\u00e9rieure et ext\u00e9rieure. Disponible en plusieurs coloris.\" \/>\n<meta property=\"og:url\" content=\"https:\/\/www.lavillagardendesign.com\/fr\/product\/ibiza-pack-4-tabourets-hauts\/\" \/>\n<meta property=\"og:site_name\" content=\"La Villa Garden&amp;Design\" \/>\n<meta property=\"article:publisher\" content=\"https:\/\/www.facebook.com\/lavillagardendesign\/\" \/>\n<meta property=\"article:modified_time\" content=\"2026-03-10T02:39:32+00:00\" \/>\n<meta property=\"og:image\" content=\"https:\/\/www.lavillagardendesign.com\/wp-content\/uploads\/2024\/01\/Vondom_65050_Ibiza_Taburete_1_Ecru.jpg\" \/>\n\t<meta property=\"og:image:width\" content=\"800\" \/>\n\t<meta property=\"og:image:height\" content=\"800\" \/>\n\t<meta property=\"og:image:type\" content=\"image\/jpeg\" \/>\n<meta name=\"twitter:card\" content=\"summary_large_image\" \/>\n<script type=\"application\/ld+json\" class=\"yoast-schema-graph\">{\"@context\":\"https:\\\/\\\/schema.org\",\"@graph\":[{\"@type\":\"WebPage\",\"@id\":\"https:\\\/\\\/www.lavillagardendesign.com\\\/fr\\\/product\\\/ibiza-pack-4-tabourets-hauts\\\/\",\"url\":\"https:\\\/\\\/www.lavillagardendesign.com\\\/fr\\\/product\\\/ibiza-pack-4-tabourets-hauts\\\/\",\"name\":\"Tabouret haut IBIZA par Eugeni Quitllet \u2013 VONDOM\",\"isPartOf\":{\"@id\":\"https:\\\/\\\/www.lavillagardendesign.com\\\/#website\"},\"primaryImageOfPage\":{\"@id\":\"https:\\\/\\\/www.lavillagardendesign.com\\\/fr\\\/product\\\/ibiza-pack-4-tabourets-hauts\\\/#primaryimage\"},\"image\":{\"@id\":\"https:\\\/\\\/www.lavillagardendesign.com\\\/fr\\\/product\\\/ibiza-pack-4-tabourets-hauts\\\/#primaryimage\"},\"thumbnailUrl\":\"https:\\\/\\\/www.lavillagardendesign.com\\\/wp-content\\\/uploads\\\/2024\\\/01\\\/Vondom_65050_Ibiza_Taburete_1_Ecru.jpg\",\"datePublished\":\"2024-01-29T19:01:36+00:00\",\"dateModified\":\"2026-03-10T02:39:32+00:00\",\"description\":\"D\u00e9couvrez le tabouret haut IBIZA de VONDOM, con\u00e7u par Eugeni Quitllet. Fabriqu\u00e9 en polypropyl\u00e8ne inject\u00e9 avec fibre de verre, empilable et adapt\u00e9 \u00e0 une utilisation int\u00e9rieure et ext\u00e9rieure. Disponible en plusieurs coloris.\",\"breadcrumb\":{\"@id\":\"https:\\\/\\\/www.lavillagardendesign.com\\\/fr\\\/product\\\/ibiza-pack-4-tabourets-hauts\\\/#breadcrumb\"},\"inLanguage\":\"fr-FR\",\"potentialAction\":[{\"@type\":\"ReadAction\",\"target\":[\"https:\\\/\\\/www.lavillagardendesign.com\\\/fr\\\/product\\\/ibiza-pack-4-tabourets-hauts\\\/\"]}]},{\"@type\":\"ImageObject\",\"inLanguage\":\"fr-FR\",\"@id\":\"https:\\\/\\\/www.lavillagardendesign.com\\\/fr\\\/product\\\/ibiza-pack-4-tabourets-hauts\\\/#primaryimage\",\"url\":\"https:\\\/\\\/www.lavillagardendesign.com\\\/wp-content\\\/uploads\\\/2024\\\/01\\\/Vondom_65050_Ibiza_Taburete_1_Ecru.jpg\",\"contentUrl\":\"https:\\\/\\\/www.lavillagardendesign.com\\\/wp-content\\\/uploads\\\/2024\\\/01\\\/Vondom_65050_Ibiza_Taburete_1_Ecru.jpg\",\"width\":800,\"height\":800},{\"@type\":\"BreadcrumbList\",\"@id\":\"https:\\\/\\\/www.lavillagardendesign.com\\\/fr\\\/product\\\/ibiza-pack-4-tabourets-hauts\\\/#breadcrumb\",\"itemListElement\":[{\"@type\":\"ListItem\",\"position\":1,\"name\":\"Home\",\"item\":\"https:\\\/\\\/www.lavillagardendesign.com\\\/\"},{\"@type\":\"ListItem\",\"position\":2,\"name\":\"Boutique\",\"item\":\"https:\\\/\\\/www.lavillagardendesign.com\\\/fr\\\/boutique\\\/\"},{\"@type\":\"ListItem\",\"position\":3,\"name\":\"IBIZA \u2013 Tabouret d\u2019ext\u00e9rieur haut\"}]},{\"@type\":\"WebSite\",\"@id\":\"https:\\\/\\\/www.lavillagardendesign.com\\\/#website\",\"url\":\"https:\\\/\\\/www.lavillagardendesign.com\\\/\",\"name\":\"La Villa Garden&Design\",\"description\":\"\",\"publisher\":{\"@id\":\"https:\\\/\\\/www.lavillagardendesign.com\\\/#organization\"},\"potentialAction\":[{\"@type\":\"SearchAction\",\"target\":{\"@type\":\"EntryPoint\",\"urlTemplate\":\"https:\\\/\\\/www.lavillagardendesign.com\\\/?s={search_term_string}\"},\"query-input\":{\"@type\":\"PropertyValueSpecification\",\"valueRequired\":true,\"valueName\":\"search_term_string\"}}],\"inLanguage\":\"fr-FR\"},{\"@type\":\"Organization\",\"@id\":\"https:\\\/\\\/www.lavillagardendesign.com\\\/#organization\",\"name\":\"La Villa Garden&Design\",\"url\":\"https:\\\/\\\/www.lavillagardendesign.com\\\/\",\"logo\":{\"@type\":\"ImageObject\",\"inLanguage\":\"fr-FR\",\"@id\":\"https:\\\/\\\/www.lavillagardendesign.com\\\/#\\\/schema\\\/logo\\\/image\\\/\",\"url\":\"https:\\\/\\\/www.lavillagardendesign.com\\\/wp-content\\\/uploads\\\/2024\\\/04\\\/logolavilla.png\",\"contentUrl\":\"https:\\\/\\\/www.lavillagardendesign.com\\\/wp-content\\\/uploads\\\/2024\\\/04\\\/logolavilla.png\",\"width\":682,\"height\":391,\"caption\":\"La Villa Garden&Design\"},\"image\":{\"@id\":\"https:\\\/\\\/www.lavillagardendesign.com\\\/#\\\/schema\\\/logo\\\/image\\\/\"},\"sameAs\":[\"https:\\\/\\\/www.facebook.com\\\/lavillagardendesign\\\/\"]}]}<\/script>\n<!-- \/ Yoast SEO plugin. -->","yoast_head_json":{"title":"Tabouret haut IBIZA par Eugeni Quitllet \u2013 VONDOM","description":"D\u00e9couvrez le tabouret haut IBIZA de VONDOM, con\u00e7u par Eugeni Quitllet. Fabriqu\u00e9 en polypropyl\u00e8ne inject\u00e9 avec fibre de verre, empilable et adapt\u00e9 \u00e0 une utilisation int\u00e9rieure et ext\u00e9rieure. Disponible en plusieurs coloris.","robots":{"index":"index","follow":"follow","max-snippet":"max-snippet:-1","max-image-preview":"max-image-preview:large","max-video-preview":"max-video-preview:-1"},"canonical":"https:\/\/www.lavillagardendesign.com\/fr\/product\/ibiza-pack-4-tabourets-hauts\/","og_locale":"fr_FR","og_type":"article","og_title":"Tabouret haut IBIZA par Eugeni Quitllet \u2013 VONDOM","og_description":"D\u00e9couvrez le tabouret haut IBIZA de VONDOM, con\u00e7u par Eugeni Quitllet. Fabriqu\u00e9 en polypropyl\u00e8ne inject\u00e9 avec fibre de verre, empilable et adapt\u00e9 \u00e0 une utilisation int\u00e9rieure et ext\u00e9rieure. Disponible en plusieurs coloris.","og_url":"https:\/\/www.lavillagardendesign.com\/fr\/product\/ibiza-pack-4-tabourets-hauts\/","og_site_name":"La Villa Garden&amp;Design","article_publisher":"https:\/\/www.facebook.com\/lavillagardendesign\/","article_modified_time":"2026-03-10T02:39:32+00:00","og_image":[{"width":800,"height":800,"url":"https:\/\/www.lavillagardendesign.com\/wp-content\/uploads\/2024\/01\/Vondom_65050_Ibiza_Taburete_1_Ecru.jpg","type":"image\/jpeg"}],"twitter_card":"summary_large_image","schema":{"@context":"https:\/\/schema.org","@graph":[{"@type":"WebPage","@id":"https:\/\/www.lavillagardendesign.com\/fr\/product\/ibiza-pack-4-tabourets-hauts\/","url":"https:\/\/www.lavillagardendesign.com\/fr\/product\/ibiza-pack-4-tabourets-hauts\/","name":"Tabouret haut IBIZA par Eugeni Quitllet \u2013 VONDOM","isPartOf":{"@id":"https:\/\/www.lavillagardendesign.com\/#website"},"primaryImageOfPage":{"@id":"https:\/\/www.lavillagardendesign.com\/fr\/product\/ibiza-pack-4-tabourets-hauts\/#primaryimage"},"image":{"@id":"https:\/\/www.lavillagardendesign.com\/fr\/product\/ibiza-pack-4-tabourets-hauts\/#primaryimage"},"thumbnailUrl":"https:\/\/www.lavillagardendesign.com\/wp-content\/uploads\/2024\/01\/Vondom_65050_Ibiza_Taburete_1_Ecru.jpg","datePublished":"2024-01-29T19:01:36+00:00","dateModified":"2026-03-10T02:39:32+00:00","description":"D\u00e9couvrez le tabouret haut IBIZA de VONDOM, con\u00e7u par Eugeni Quitllet. Fabriqu\u00e9 en polypropyl\u00e8ne inject\u00e9 avec fibre de verre, empilable et adapt\u00e9 \u00e0 une utilisation int\u00e9rieure et ext\u00e9rieure. Disponible en plusieurs coloris.","breadcrumb":{"@id":"https:\/\/www.lavillagardendesign.com\/fr\/product\/ibiza-pack-4-tabourets-hauts\/#breadcrumb"},"inLanguage":"fr-FR","potentialAction":[{"@type":"ReadAction","target":["https:\/\/www.lavillagardendesign.com\/fr\/product\/ibiza-pack-4-tabourets-hauts\/"]}]},{"@type":"ImageObject","inLanguage":"fr-FR","@id":"https:\/\/www.lavillagardendesign.com\/fr\/product\/ibiza-pack-4-tabourets-hauts\/#primaryimage","url":"https:\/\/www.lavillagardendesign.com\/wp-content\/uploads\/2024\/01\/Vondom_65050_Ibiza_Taburete_1_Ecru.jpg","contentUrl":"https:\/\/www.lavillagardendesign.com\/wp-content\/uploads\/2024\/01\/Vondom_65050_Ibiza_Taburete_1_Ecru.jpg","width":800,"height":800},{"@type":"BreadcrumbList","@id":"https:\/\/www.lavillagardendesign.com\/fr\/product\/ibiza-pack-4-tabourets-hauts\/#breadcrumb","itemListElement":[{"@type":"ListItem","position":1,"name":"Home","item":"https:\/\/www.lavillagardendesign.com\/"},{"@type":"ListItem","position":2,"name":"Boutique","item":"https:\/\/www.lavillagardendesign.com\/fr\/boutique\/"},{"@type":"ListItem","position":3,"name":"IBIZA \u2013 Tabouret d\u2019ext\u00e9rieur haut"}]},{"@type":"WebSite","@id":"https:\/\/www.lavillagardendesign.com\/#website","url":"https:\/\/www.lavillagardendesign.com\/","name":"La Villa Garden&Design","description":"","publisher":{"@id":"https:\/\/www.lavillagardendesign.com\/#organization"},"potentialAction":[{"@type":"SearchAction","target":{"@type":"EntryPoint","urlTemplate":"https:\/\/www.lavillagardendesign.com\/?s={search_term_string}"},"query-input":{"@type":"PropertyValueSpecification","valueRequired":true,"valueName":"search_term_string"}}],"inLanguage":"fr-FR"},{"@type":"Organization","@id":"https:\/\/www.lavillagardendesign.com\/#organization","name":"La Villa Garden&Design","url":"https:\/\/www.lavillagardendesign.com\/","logo":{"@type":"ImageObject","inLanguage":"fr-FR","@id":"https:\/\/www.lavillagardendesign.com\/#\/schema\/logo\/image\/","url":"https:\/\/www.lavillagardendesign.com\/wp-content\/uploads\/2024\/04\/logolavilla.png","contentUrl":"https:\/\/www.lavillagardendesign.com\/wp-content\/uploads\/2024\/04\/logolavilla.png","width":682,"height":391,"caption":"La Villa Garden&Design"},"image":{"@id":"https:\/\/www.lavillagardendesign.com\/#\/schema\/logo\/image\/"},"sameAs":["https:\/\/www.facebook.com\/lavillagardendesign\/"]}]}},"_links":{"self":[{"href":"https:\/\/www.lavillagardendesign.com\/fr\/wp-json\/wp\/v2\/product\/30910","targetHints":{"allow":["GET"]}}],"collection":[{"href":"https:\/\/www.lavillagardendesign.com\/fr\/wp-json\/wp\/v2\/product"}],"about":[{"href":"https:\/\/www.lavillagardendesign.com\/fr\/wp-json\/wp\/v2\/types\/product"}],"replies":[{"embeddable":true,"href":"https:\/\/www.lavillagardendesign.com\/fr\/wp-json\/wp\/v2\/comments?post=30910"}],"version-history":[{"count":3,"href":"https:\/\/www.lavillagardendesign.com\/fr\/wp-json\/wp\/v2\/product\/30910\/revisions"}],"predecessor-version":[{"id":50507,"href":"https:\/\/www.lavillagardendesign.com\/fr\/wp-json\/wp\/v2\/product\/30910\/revisions\/50507"}],"wp:featuredmedia":[{"embeddable":true,"href":"https:\/\/www.lavillagardendesign.com\/fr\/wp-json\/wp\/v2\/media\/50432"}],"wp:attachment":[{"href":"https:\/\/www.lavillagardendesign.com\/fr\/wp-json\/wp\/v2\/media?parent=30910"}],"wp:term":[{"taxonomy":"product_brand","embeddable":true,"href":"https:\/\/www.lavillagardendesign.com\/fr\/wp-json\/wp\/v2\/product_brand?post=30910"},{"taxonomy":"product_cat","embeddable":true,"href":"https:\/\/www.lavillagardendesign.com\/fr\/wp-json\/wp\/v2\/product_cat?post=30910"},{"taxonomy":"product_tag","embeddable":true,"href":"https:\/\/www.lavillagardendesign.com\/fr\/wp-json\/wp\/v2\/product_tag?post=30910"}],"curies":[{"name":"wp","href":"https:\/\/api.w.org\/{rel}","templated":true}]}}