{"id":30890,"date":"2024-01-29T20:01:37","date_gmt":"2024-01-29T19:01:37","guid":{"rendered":"https:\/\/www.lavillagardendesign.com\/product\/ibiza-pack-4-tabourets\/"},"modified":"2026-03-10T03:39:37","modified_gmt":"2026-03-10T02:39:37","slug":"ibiza-pack-4-tabourets","status":"publish","type":"product","link":"https:\/\/www.lavillagardendesign.com\/fr\/product\/ibiza-pack-4-tabourets\/","title":{"rendered":"IBIZA \u2013 Tabouret d\u2019ext\u00e9rieur bas"},"content":{"rendered":"","protected":false},"excerpt":{"rendered":"<p>Le tabouret bas IBIZA, con\u00e7u par Eugeni Quitllet pour VONDOM, est fabriqu\u00e9 en polypropyl\u00e8ne inject\u00e9 avec fibre de verre, offrant robustesse et l\u00e9g\u00e8ret\u00e9. Empilable et disponible en plusieurs coloris, il est id\u00e9al pour une utilisation int\u00e9rieure et ext\u00e9rieure. La collection IBIZA comprend \u00e9galement un tabouret haut pour s&rsquo;adapter \u00e0 divers espaces.  <\/p>\n","protected":false},"featured_media":50411,"comment_status":"open","ping_status":"closed","template":"","meta":[],"product_brand":[5000],"product_cat":[2929,2931,4560,6832,4575],"product_tag":[],"class_list":{"0":"post-30890","1":"product","2":"type-product","3":"status-publish","4":"has-post-thumbnail","6":"product_brand-vondom","7":"product_cat-chaises","8":"product_cat-chaises-repas","9":"product_cat-chaises-vondom","10":"product_cat-outdoor-fr","11":"product_cat-produits-vondom","12":"product_shipping_class-vondom-fr","14":"first","15":"instock","16":"taxable","17":"shipping-taxable","18":"purchasable","19":"product-type-variable","20":"has-default-attributes"},"yoast_head":"<!-- This site is optimized with the Yoast SEO plugin v27.4 - https:\/\/yoast.com\/product\/yoast-seo-wordpress\/ -->\n<title>Tabouret bas IBIZA par Eugeni Quitllet \u2013 VONDOM<\/title>\n<meta name=\"description\" content=\"D\u00e9couvrez le tabouret bas IBIZA de VONDOM, con\u00e7u par Eugeni Quitllet. Fabriqu\u00e9 en polypropyl\u00e8ne inject\u00e9 avec fibre de verre, empilable et adapt\u00e9 \u00e0 une utilisation int\u00e9rieure et ext\u00e9rieure. Disponible en plusieurs coloris.\" \/>\n<meta name=\"robots\" content=\"index, follow, max-snippet:-1, max-image-preview:large, max-video-preview:-1\" \/>\n<link rel=\"canonical\" href=\"https:\/\/www.lavillagardendesign.com\/fr\/product\/ibiza-pack-4-tabourets\/\" \/>\n<meta property=\"og:locale\" content=\"fr_FR\" \/>\n<meta property=\"og:type\" content=\"article\" \/>\n<meta property=\"og:title\" content=\"Tabouret bas IBIZA par Eugeni Quitllet \u2013 VONDOM\" \/>\n<meta property=\"og:description\" content=\"D\u00e9couvrez le tabouret bas IBIZA de VONDOM, con\u00e7u par Eugeni Quitllet. Fabriqu\u00e9 en polypropyl\u00e8ne inject\u00e9 avec fibre de verre, empilable et adapt\u00e9 \u00e0 une utilisation int\u00e9rieure et ext\u00e9rieure. Disponible en plusieurs coloris.\" \/>\n<meta property=\"og:url\" content=\"https:\/\/www.lavillagardendesign.com\/fr\/product\/ibiza-pack-4-tabourets\/\" \/>\n<meta property=\"og:site_name\" content=\"La Villa Garden&amp;Design\" \/>\n<meta property=\"article:publisher\" content=\"https:\/\/www.facebook.com\/lavillagardendesign\/\" \/>\n<meta property=\"article:modified_time\" content=\"2026-03-10T02:39:37+00:00\" \/>\n<meta property=\"og:image\" content=\"https:\/\/www.lavillagardendesign.com\/wp-content\/uploads\/2024\/01\/Vondom_65051_Ibiza_Taburete_Bajo_1_Ecru.jpg\" \/>\n\t<meta property=\"og:image:width\" content=\"800\" \/>\n\t<meta property=\"og:image:height\" content=\"800\" \/>\n\t<meta property=\"og:image:type\" content=\"image\/jpeg\" \/>\n<meta name=\"twitter:card\" content=\"summary_large_image\" \/>\n<script type=\"application\/ld+json\" class=\"yoast-schema-graph\">{\"@context\":\"https:\\\/\\\/schema.org\",\"@graph\":[{\"@type\":\"WebPage\",\"@id\":\"https:\\\/\\\/www.lavillagardendesign.com\\\/fr\\\/product\\\/ibiza-pack-4-tabourets\\\/\",\"url\":\"https:\\\/\\\/www.lavillagardendesign.com\\\/fr\\\/product\\\/ibiza-pack-4-tabourets\\\/\",\"name\":\"Tabouret bas IBIZA par Eugeni Quitllet \u2013 VONDOM\",\"isPartOf\":{\"@id\":\"https:\\\/\\\/www.lavillagardendesign.com\\\/#website\"},\"primaryImageOfPage\":{\"@id\":\"https:\\\/\\\/www.lavillagardendesign.com\\\/fr\\\/product\\\/ibiza-pack-4-tabourets\\\/#primaryimage\"},\"image\":{\"@id\":\"https:\\\/\\\/www.lavillagardendesign.com\\\/fr\\\/product\\\/ibiza-pack-4-tabourets\\\/#primaryimage\"},\"thumbnailUrl\":\"https:\\\/\\\/www.lavillagardendesign.com\\\/wp-content\\\/uploads\\\/2024\\\/01\\\/Vondom_65051_Ibiza_Taburete_Bajo_1_Ecru.jpg\",\"datePublished\":\"2024-01-29T19:01:37+00:00\",\"dateModified\":\"2026-03-10T02:39:37+00:00\",\"description\":\"D\u00e9couvrez le tabouret bas IBIZA de VONDOM, con\u00e7u par Eugeni Quitllet. Fabriqu\u00e9 en polypropyl\u00e8ne inject\u00e9 avec fibre de verre, empilable et adapt\u00e9 \u00e0 une utilisation int\u00e9rieure et ext\u00e9rieure. Disponible en plusieurs coloris.\",\"breadcrumb\":{\"@id\":\"https:\\\/\\\/www.lavillagardendesign.com\\\/fr\\\/product\\\/ibiza-pack-4-tabourets\\\/#breadcrumb\"},\"inLanguage\":\"fr-FR\",\"potentialAction\":[{\"@type\":\"ReadAction\",\"target\":[\"https:\\\/\\\/www.lavillagardendesign.com\\\/fr\\\/product\\\/ibiza-pack-4-tabourets\\\/\"]}]},{\"@type\":\"ImageObject\",\"inLanguage\":\"fr-FR\",\"@id\":\"https:\\\/\\\/www.lavillagardendesign.com\\\/fr\\\/product\\\/ibiza-pack-4-tabourets\\\/#primaryimage\",\"url\":\"https:\\\/\\\/www.lavillagardendesign.com\\\/wp-content\\\/uploads\\\/2024\\\/01\\\/Vondom_65051_Ibiza_Taburete_Bajo_1_Ecru.jpg\",\"contentUrl\":\"https:\\\/\\\/www.lavillagardendesign.com\\\/wp-content\\\/uploads\\\/2024\\\/01\\\/Vondom_65051_Ibiza_Taburete_Bajo_1_Ecru.jpg\",\"width\":800,\"height\":800},{\"@type\":\"BreadcrumbList\",\"@id\":\"https:\\\/\\\/www.lavillagardendesign.com\\\/fr\\\/product\\\/ibiza-pack-4-tabourets\\\/#breadcrumb\",\"itemListElement\":[{\"@type\":\"ListItem\",\"position\":1,\"name\":\"Home\",\"item\":\"https:\\\/\\\/www.lavillagardendesign.com\\\/\"},{\"@type\":\"ListItem\",\"position\":2,\"name\":\"Boutique\",\"item\":\"https:\\\/\\\/www.lavillagardendesign.com\\\/fr\\\/boutique\\\/\"},{\"@type\":\"ListItem\",\"position\":3,\"name\":\"IBIZA \u2013 Tabouret d\u2019ext\u00e9rieur bas\"}]},{\"@type\":\"WebSite\",\"@id\":\"https:\\\/\\\/www.lavillagardendesign.com\\\/#website\",\"url\":\"https:\\\/\\\/www.lavillagardendesign.com\\\/\",\"name\":\"La Villa Garden&Design\",\"description\":\"\",\"publisher\":{\"@id\":\"https:\\\/\\\/www.lavillagardendesign.com\\\/#organization\"},\"potentialAction\":[{\"@type\":\"SearchAction\",\"target\":{\"@type\":\"EntryPoint\",\"urlTemplate\":\"https:\\\/\\\/www.lavillagardendesign.com\\\/?s={search_term_string}\"},\"query-input\":{\"@type\":\"PropertyValueSpecification\",\"valueRequired\":true,\"valueName\":\"search_term_string\"}}],\"inLanguage\":\"fr-FR\"},{\"@type\":\"Organization\",\"@id\":\"https:\\\/\\\/www.lavillagardendesign.com\\\/#organization\",\"name\":\"La Villa Garden&Design\",\"url\":\"https:\\\/\\\/www.lavillagardendesign.com\\\/\",\"logo\":{\"@type\":\"ImageObject\",\"inLanguage\":\"fr-FR\",\"@id\":\"https:\\\/\\\/www.lavillagardendesign.com\\\/#\\\/schema\\\/logo\\\/image\\\/\",\"url\":\"https:\\\/\\\/www.lavillagardendesign.com\\\/wp-content\\\/uploads\\\/2024\\\/04\\\/logolavilla.png\",\"contentUrl\":\"https:\\\/\\\/www.lavillagardendesign.com\\\/wp-content\\\/uploads\\\/2024\\\/04\\\/logolavilla.png\",\"width\":682,\"height\":391,\"caption\":\"La Villa Garden&Design\"},\"image\":{\"@id\":\"https:\\\/\\\/www.lavillagardendesign.com\\\/#\\\/schema\\\/logo\\\/image\\\/\"},\"sameAs\":[\"https:\\\/\\\/www.facebook.com\\\/lavillagardendesign\\\/\"]}]}<\/script>\n<!-- \/ Yoast SEO plugin. -->","yoast_head_json":{"title":"Tabouret bas IBIZA par Eugeni Quitllet \u2013 VONDOM","description":"D\u00e9couvrez le tabouret bas IBIZA de VONDOM, con\u00e7u par Eugeni Quitllet. Fabriqu\u00e9 en polypropyl\u00e8ne inject\u00e9 avec fibre de verre, empilable et adapt\u00e9 \u00e0 une utilisation int\u00e9rieure et ext\u00e9rieure. Disponible en plusieurs coloris.","robots":{"index":"index","follow":"follow","max-snippet":"max-snippet:-1","max-image-preview":"max-image-preview:large","max-video-preview":"max-video-preview:-1"},"canonical":"https:\/\/www.lavillagardendesign.com\/fr\/product\/ibiza-pack-4-tabourets\/","og_locale":"fr_FR","og_type":"article","og_title":"Tabouret bas IBIZA par Eugeni Quitllet \u2013 VONDOM","og_description":"D\u00e9couvrez le tabouret bas IBIZA de VONDOM, con\u00e7u par Eugeni Quitllet. Fabriqu\u00e9 en polypropyl\u00e8ne inject\u00e9 avec fibre de verre, empilable et adapt\u00e9 \u00e0 une utilisation int\u00e9rieure et ext\u00e9rieure. Disponible en plusieurs coloris.","og_url":"https:\/\/www.lavillagardendesign.com\/fr\/product\/ibiza-pack-4-tabourets\/","og_site_name":"La Villa Garden&amp;Design","article_publisher":"https:\/\/www.facebook.com\/lavillagardendesign\/","article_modified_time":"2026-03-10T02:39:37+00:00","og_image":[{"width":800,"height":800,"url":"https:\/\/www.lavillagardendesign.com\/wp-content\/uploads\/2024\/01\/Vondom_65051_Ibiza_Taburete_Bajo_1_Ecru.jpg","type":"image\/jpeg"}],"twitter_card":"summary_large_image","schema":{"@context":"https:\/\/schema.org","@graph":[{"@type":"WebPage","@id":"https:\/\/www.lavillagardendesign.com\/fr\/product\/ibiza-pack-4-tabourets\/","url":"https:\/\/www.lavillagardendesign.com\/fr\/product\/ibiza-pack-4-tabourets\/","name":"Tabouret bas IBIZA par Eugeni Quitllet \u2013 VONDOM","isPartOf":{"@id":"https:\/\/www.lavillagardendesign.com\/#website"},"primaryImageOfPage":{"@id":"https:\/\/www.lavillagardendesign.com\/fr\/product\/ibiza-pack-4-tabourets\/#primaryimage"},"image":{"@id":"https:\/\/www.lavillagardendesign.com\/fr\/product\/ibiza-pack-4-tabourets\/#primaryimage"},"thumbnailUrl":"https:\/\/www.lavillagardendesign.com\/wp-content\/uploads\/2024\/01\/Vondom_65051_Ibiza_Taburete_Bajo_1_Ecru.jpg","datePublished":"2024-01-29T19:01:37+00:00","dateModified":"2026-03-10T02:39:37+00:00","description":"D\u00e9couvrez le tabouret bas IBIZA de VONDOM, con\u00e7u par Eugeni Quitllet. Fabriqu\u00e9 en polypropyl\u00e8ne inject\u00e9 avec fibre de verre, empilable et adapt\u00e9 \u00e0 une utilisation int\u00e9rieure et ext\u00e9rieure. Disponible en plusieurs coloris.","breadcrumb":{"@id":"https:\/\/www.lavillagardendesign.com\/fr\/product\/ibiza-pack-4-tabourets\/#breadcrumb"},"inLanguage":"fr-FR","potentialAction":[{"@type":"ReadAction","target":["https:\/\/www.lavillagardendesign.com\/fr\/product\/ibiza-pack-4-tabourets\/"]}]},{"@type":"ImageObject","inLanguage":"fr-FR","@id":"https:\/\/www.lavillagardendesign.com\/fr\/product\/ibiza-pack-4-tabourets\/#primaryimage","url":"https:\/\/www.lavillagardendesign.com\/wp-content\/uploads\/2024\/01\/Vondom_65051_Ibiza_Taburete_Bajo_1_Ecru.jpg","contentUrl":"https:\/\/www.lavillagardendesign.com\/wp-content\/uploads\/2024\/01\/Vondom_65051_Ibiza_Taburete_Bajo_1_Ecru.jpg","width":800,"height":800},{"@type":"BreadcrumbList","@id":"https:\/\/www.lavillagardendesign.com\/fr\/product\/ibiza-pack-4-tabourets\/#breadcrumb","itemListElement":[{"@type":"ListItem","position":1,"name":"Home","item":"https:\/\/www.lavillagardendesign.com\/"},{"@type":"ListItem","position":2,"name":"Boutique","item":"https:\/\/www.lavillagardendesign.com\/fr\/boutique\/"},{"@type":"ListItem","position":3,"name":"IBIZA \u2013 Tabouret d\u2019ext\u00e9rieur bas"}]},{"@type":"WebSite","@id":"https:\/\/www.lavillagardendesign.com\/#website","url":"https:\/\/www.lavillagardendesign.com\/","name":"La Villa Garden&Design","description":"","publisher":{"@id":"https:\/\/www.lavillagardendesign.com\/#organization"},"potentialAction":[{"@type":"SearchAction","target":{"@type":"EntryPoint","urlTemplate":"https:\/\/www.lavillagardendesign.com\/?s={search_term_string}"},"query-input":{"@type":"PropertyValueSpecification","valueRequired":true,"valueName":"search_term_string"}}],"inLanguage":"fr-FR"},{"@type":"Organization","@id":"https:\/\/www.lavillagardendesign.com\/#organization","name":"La Villa Garden&Design","url":"https:\/\/www.lavillagardendesign.com\/","logo":{"@type":"ImageObject","inLanguage":"fr-FR","@id":"https:\/\/www.lavillagardendesign.com\/#\/schema\/logo\/image\/","url":"https:\/\/www.lavillagardendesign.com\/wp-content\/uploads\/2024\/04\/logolavilla.png","contentUrl":"https:\/\/www.lavillagardendesign.com\/wp-content\/uploads\/2024\/04\/logolavilla.png","width":682,"height":391,"caption":"La Villa Garden&Design"},"image":{"@id":"https:\/\/www.lavillagardendesign.com\/#\/schema\/logo\/image\/"},"sameAs":["https:\/\/www.facebook.com\/lavillagardendesign\/"]}]}},"_links":{"self":[{"href":"https:\/\/www.lavillagardendesign.com\/fr\/wp-json\/wp\/v2\/product\/30890","targetHints":{"allow":["GET"]}}],"collection":[{"href":"https:\/\/www.lavillagardendesign.com\/fr\/wp-json\/wp\/v2\/product"}],"about":[{"href":"https:\/\/www.lavillagardendesign.com\/fr\/wp-json\/wp\/v2\/types\/product"}],"replies":[{"embeddable":true,"href":"https:\/\/www.lavillagardendesign.com\/fr\/wp-json\/wp\/v2\/comments?post=30890"}],"version-history":[{"count":3,"href":"https:\/\/www.lavillagardendesign.com\/fr\/wp-json\/wp\/v2\/product\/30890\/revisions"}],"predecessor-version":[{"id":50505,"href":"https:\/\/www.lavillagardendesign.com\/fr\/wp-json\/wp\/v2\/product\/30890\/revisions\/50505"}],"wp:featuredmedia":[{"embeddable":true,"href":"https:\/\/www.lavillagardendesign.com\/fr\/wp-json\/wp\/v2\/media\/50411"}],"wp:attachment":[{"href":"https:\/\/www.lavillagardendesign.com\/fr\/wp-json\/wp\/v2\/media?parent=30890"}],"wp:term":[{"taxonomy":"product_brand","embeddable":true,"href":"https:\/\/www.lavillagardendesign.com\/fr\/wp-json\/wp\/v2\/product_brand?post=30890"},{"taxonomy":"product_cat","embeddable":true,"href":"https:\/\/www.lavillagardendesign.com\/fr\/wp-json\/wp\/v2\/product_cat?post=30890"},{"taxonomy":"product_tag","embeddable":true,"href":"https:\/\/www.lavillagardendesign.com\/fr\/wp-json\/wp\/v2\/product_tag?post=30890"}],"curies":[{"name":"wp","href":"https:\/\/api.w.org\/{rel}","templated":true}]}}