{"id":29101,"date":"2024-01-29T19:58:46","date_gmt":"2024-01-29T18:58:46","guid":{"rendered":"https:\/\/www.lavillagardendesign.com\/product\/ambre-pack-canape-2-places-3-places\/"},"modified":"2026-03-10T09:04:55","modified_gmt":"2026-03-10T08:04:55","slug":"ambre-pack-canape-2-places-3-places","status":"publish","type":"product","link":"https:\/\/www.lavillagardendesign.com\/fr\/product\/ambre-pack-canape-2-places-3-places\/","title":{"rendered":"AMBRE &#8211; Ensemble de canap\u00e9s 2 et 3 places en teck massif"},"content":{"rendered":"","protected":false},"excerpt":{"rendered":"<p>D\u00e9couvrez la collection AMBRE, qui comprend un canap\u00e9 2 places et un canap\u00e9 3 places en teck massif et tissu Sunbrella. La structure en teck apporte \u00e9l\u00e9gance naturelle et robustesse \u00e0 cet ensemble, tandis que le tissu Sunbrella r\u00e9sistant aux intemp\u00e9ries assure durabilit\u00e9 et facilit\u00e9 d&rsquo;entretien. Les coussins en mousse Quickdry s\u00e8chent rapidement et r\u00e9sistent \u00e0 la moisissure, assurant confort et long\u00e9vit\u00e9. Livr\u00e9s enti\u00e8rement assembl\u00e9s, ces canap\u00e9s rehaussent vos espaces ext\u00e9rieurs avec style et fonctionnalit\u00e9.   <\/p>\n","protected":false},"featured_media":49976,"comment_status":"open","ping_status":"closed","template":"","meta":[],"product_brand":[4998],"product_cat":[2937,2935,5986,6832,5658],"product_tag":[],"class_list":{"0":"post-29101","1":"product","2":"type-product","3":"status-publish","4":"has-post-thumbnail","6":"product_brand-la-villa","7":"product_cat-canapes","8":"product_cat-canapes-fauteuils","9":"product_cat-nouvelle-collection","10":"product_cat-outdoor-fr","11":"product_cat-promos-web","13":"first","14":"instock","15":"sale","16":"taxable","17":"shipping-taxable","18":"purchasable","19":"product-type-variable","20":"has-default-attributes"},"yoast_head":"<!-- This site is optimized with the Yoast SEO plugin v27.4 - https:\/\/yoast.com\/product\/yoast-seo-wordpress\/ -->\n<title>Ensemble AMBRE - Canap\u00e9 2 et 3 places en teck massif et tissu Sunbrella<\/title>\n<meta name=\"description\" content=\"Ensemble AMBRE avec canap\u00e9s 2 et 3 places en teck massif et tissu Sunbrella. R\u00e9sistant aux intemp\u00e9ries, confortable et facile d&#039;entretien. Id\u00e9al pour agr\u00e9menter vos espaces ext\u00e9rieurs.\" \/>\n<meta name=\"robots\" content=\"index, follow, max-snippet:-1, max-image-preview:large, max-video-preview:-1\" \/>\n<link rel=\"canonical\" href=\"https:\/\/www.lavillagardendesign.com\/fr\/product\/ambre-pack-canape-2-places-3-places\/\" \/>\n<meta property=\"og:locale\" content=\"fr_FR\" \/>\n<meta property=\"og:type\" content=\"article\" \/>\n<meta property=\"og:title\" content=\"Ensemble AMBRE - Canap\u00e9 2 et 3 places en teck massif et tissu Sunbrella\" \/>\n<meta property=\"og:description\" content=\"Ensemble AMBRE avec canap\u00e9s 2 et 3 places en teck massif et tissu Sunbrella. R\u00e9sistant aux intemp\u00e9ries, confortable et facile d&#039;entretien. Id\u00e9al pour agr\u00e9menter vos espaces ext\u00e9rieurs.\" \/>\n<meta property=\"og:url\" content=\"https:\/\/www.lavillagardendesign.com\/fr\/product\/ambre-pack-canape-2-places-3-places\/\" \/>\n<meta property=\"og:site_name\" content=\"La Villa Garden&amp;Design\" \/>\n<meta property=\"article:publisher\" content=\"https:\/\/www.facebook.com\/lavillagardendesign\/\" \/>\n<meta property=\"article:modified_time\" content=\"2026-03-10T08:04:55+00:00\" \/>\n<meta property=\"og:image\" content=\"https:\/\/www.lavillagardendesign.com\/wp-content\/uploads\/2024\/01\/718da075-9eba-4341-913a-acb10844498e-e1737971735946.jpg\" \/>\n\t<meta property=\"og:image:width\" content=\"843\" \/>\n\t<meta property=\"og:image:height\" content=\"869\" \/>\n\t<meta property=\"og:image:type\" content=\"image\/jpeg\" \/>\n<meta name=\"twitter:card\" content=\"summary_large_image\" \/>\n<script type=\"application\/ld+json\" class=\"yoast-schema-graph\">{\"@context\":\"https:\\\/\\\/schema.org\",\"@graph\":[{\"@type\":\"WebPage\",\"@id\":\"https:\\\/\\\/www.lavillagardendesign.com\\\/fr\\\/product\\\/ambre-pack-canape-2-places-3-places\\\/\",\"url\":\"https:\\\/\\\/www.lavillagardendesign.com\\\/fr\\\/product\\\/ambre-pack-canape-2-places-3-places\\\/\",\"name\":\"Ensemble AMBRE - Canap\u00e9 2 et 3 places en teck massif et tissu Sunbrella\",\"isPartOf\":{\"@id\":\"https:\\\/\\\/www.lavillagardendesign.com\\\/#website\"},\"primaryImageOfPage\":{\"@id\":\"https:\\\/\\\/www.lavillagardendesign.com\\\/fr\\\/product\\\/ambre-pack-canape-2-places-3-places\\\/#primaryimage\"},\"image\":{\"@id\":\"https:\\\/\\\/www.lavillagardendesign.com\\\/fr\\\/product\\\/ambre-pack-canape-2-places-3-places\\\/#primaryimage\"},\"thumbnailUrl\":\"https:\\\/\\\/www.lavillagardendesign.com\\\/wp-content\\\/uploads\\\/2024\\\/01\\\/718da075-9eba-4341-913a-acb10844498e-e1737971735946.jpg\",\"datePublished\":\"2024-01-29T18:58:46+00:00\",\"dateModified\":\"2026-03-10T08:04:55+00:00\",\"description\":\"Ensemble AMBRE avec canap\u00e9s 2 et 3 places en teck massif et tissu Sunbrella. R\u00e9sistant aux intemp\u00e9ries, confortable et facile d'entretien. Id\u00e9al pour agr\u00e9menter vos espaces ext\u00e9rieurs.\",\"breadcrumb\":{\"@id\":\"https:\\\/\\\/www.lavillagardendesign.com\\\/fr\\\/product\\\/ambre-pack-canape-2-places-3-places\\\/#breadcrumb\"},\"inLanguage\":\"fr-FR\",\"potentialAction\":[{\"@type\":\"ReadAction\",\"target\":[\"https:\\\/\\\/www.lavillagardendesign.com\\\/fr\\\/product\\\/ambre-pack-canape-2-places-3-places\\\/\"]}]},{\"@type\":\"ImageObject\",\"inLanguage\":\"fr-FR\",\"@id\":\"https:\\\/\\\/www.lavillagardendesign.com\\\/fr\\\/product\\\/ambre-pack-canape-2-places-3-places\\\/#primaryimage\",\"url\":\"https:\\\/\\\/www.lavillagardendesign.com\\\/wp-content\\\/uploads\\\/2024\\\/01\\\/718da075-9eba-4341-913a-acb10844498e-e1737971735946.jpg\",\"contentUrl\":\"https:\\\/\\\/www.lavillagardendesign.com\\\/wp-content\\\/uploads\\\/2024\\\/01\\\/718da075-9eba-4341-913a-acb10844498e-e1737971735946.jpg\",\"width\":843,\"height\":869},{\"@type\":\"BreadcrumbList\",\"@id\":\"https:\\\/\\\/www.lavillagardendesign.com\\\/fr\\\/product\\\/ambre-pack-canape-2-places-3-places\\\/#breadcrumb\",\"itemListElement\":[{\"@type\":\"ListItem\",\"position\":1,\"name\":\"Home\",\"item\":\"https:\\\/\\\/www.lavillagardendesign.com\\\/\"},{\"@type\":\"ListItem\",\"position\":2,\"name\":\"Boutique\",\"item\":\"https:\\\/\\\/www.lavillagardendesign.com\\\/fr\\\/boutique\\\/\"},{\"@type\":\"ListItem\",\"position\":3,\"name\":\"AMBRE &#8211; Ensemble de canap\u00e9s 2 et 3 places en teck massif\"}]},{\"@type\":\"WebSite\",\"@id\":\"https:\\\/\\\/www.lavillagardendesign.com\\\/#website\",\"url\":\"https:\\\/\\\/www.lavillagardendesign.com\\\/\",\"name\":\"La Villa Garden&Design\",\"description\":\"\",\"publisher\":{\"@id\":\"https:\\\/\\\/www.lavillagardendesign.com\\\/#organization\"},\"potentialAction\":[{\"@type\":\"SearchAction\",\"target\":{\"@type\":\"EntryPoint\",\"urlTemplate\":\"https:\\\/\\\/www.lavillagardendesign.com\\\/?s={search_term_string}\"},\"query-input\":{\"@type\":\"PropertyValueSpecification\",\"valueRequired\":true,\"valueName\":\"search_term_string\"}}],\"inLanguage\":\"fr-FR\"},{\"@type\":\"Organization\",\"@id\":\"https:\\\/\\\/www.lavillagardendesign.com\\\/#organization\",\"name\":\"La Villa Garden&Design\",\"url\":\"https:\\\/\\\/www.lavillagardendesign.com\\\/\",\"logo\":{\"@type\":\"ImageObject\",\"inLanguage\":\"fr-FR\",\"@id\":\"https:\\\/\\\/www.lavillagardendesign.com\\\/#\\\/schema\\\/logo\\\/image\\\/\",\"url\":\"https:\\\/\\\/www.lavillagardendesign.com\\\/wp-content\\\/uploads\\\/2024\\\/04\\\/logolavilla.png\",\"contentUrl\":\"https:\\\/\\\/www.lavillagardendesign.com\\\/wp-content\\\/uploads\\\/2024\\\/04\\\/logolavilla.png\",\"width\":682,\"height\":391,\"caption\":\"La Villa Garden&Design\"},\"image\":{\"@id\":\"https:\\\/\\\/www.lavillagardendesign.com\\\/#\\\/schema\\\/logo\\\/image\\\/\"},\"sameAs\":[\"https:\\\/\\\/www.facebook.com\\\/lavillagardendesign\\\/\"]}]}<\/script>\n<!-- \/ Yoast SEO plugin. -->","yoast_head_json":{"title":"Ensemble AMBRE - Canap\u00e9 2 et 3 places en teck massif et tissu Sunbrella","description":"Ensemble AMBRE avec canap\u00e9s 2 et 3 places en teck massif et tissu Sunbrella. R\u00e9sistant aux intemp\u00e9ries, confortable et facile d'entretien. Id\u00e9al pour agr\u00e9menter vos espaces ext\u00e9rieurs.","robots":{"index":"index","follow":"follow","max-snippet":"max-snippet:-1","max-image-preview":"max-image-preview:large","max-video-preview":"max-video-preview:-1"},"canonical":"https:\/\/www.lavillagardendesign.com\/fr\/product\/ambre-pack-canape-2-places-3-places\/","og_locale":"fr_FR","og_type":"article","og_title":"Ensemble AMBRE - Canap\u00e9 2 et 3 places en teck massif et tissu Sunbrella","og_description":"Ensemble AMBRE avec canap\u00e9s 2 et 3 places en teck massif et tissu Sunbrella. R\u00e9sistant aux intemp\u00e9ries, confortable et facile d'entretien. Id\u00e9al pour agr\u00e9menter vos espaces ext\u00e9rieurs.","og_url":"https:\/\/www.lavillagardendesign.com\/fr\/product\/ambre-pack-canape-2-places-3-places\/","og_site_name":"La Villa Garden&amp;Design","article_publisher":"https:\/\/www.facebook.com\/lavillagardendesign\/","article_modified_time":"2026-03-10T08:04:55+00:00","og_image":[{"width":843,"height":869,"url":"https:\/\/www.lavillagardendesign.com\/wp-content\/uploads\/2024\/01\/718da075-9eba-4341-913a-acb10844498e-e1737971735946.jpg","type":"image\/jpeg"}],"twitter_card":"summary_large_image","schema":{"@context":"https:\/\/schema.org","@graph":[{"@type":"WebPage","@id":"https:\/\/www.lavillagardendesign.com\/fr\/product\/ambre-pack-canape-2-places-3-places\/","url":"https:\/\/www.lavillagardendesign.com\/fr\/product\/ambre-pack-canape-2-places-3-places\/","name":"Ensemble AMBRE - Canap\u00e9 2 et 3 places en teck massif et tissu Sunbrella","isPartOf":{"@id":"https:\/\/www.lavillagardendesign.com\/#website"},"primaryImageOfPage":{"@id":"https:\/\/www.lavillagardendesign.com\/fr\/product\/ambre-pack-canape-2-places-3-places\/#primaryimage"},"image":{"@id":"https:\/\/www.lavillagardendesign.com\/fr\/product\/ambre-pack-canape-2-places-3-places\/#primaryimage"},"thumbnailUrl":"https:\/\/www.lavillagardendesign.com\/wp-content\/uploads\/2024\/01\/718da075-9eba-4341-913a-acb10844498e-e1737971735946.jpg","datePublished":"2024-01-29T18:58:46+00:00","dateModified":"2026-03-10T08:04:55+00:00","description":"Ensemble AMBRE avec canap\u00e9s 2 et 3 places en teck massif et tissu Sunbrella. R\u00e9sistant aux intemp\u00e9ries, confortable et facile d'entretien. Id\u00e9al pour agr\u00e9menter vos espaces ext\u00e9rieurs.","breadcrumb":{"@id":"https:\/\/www.lavillagardendesign.com\/fr\/product\/ambre-pack-canape-2-places-3-places\/#breadcrumb"},"inLanguage":"fr-FR","potentialAction":[{"@type":"ReadAction","target":["https:\/\/www.lavillagardendesign.com\/fr\/product\/ambre-pack-canape-2-places-3-places\/"]}]},{"@type":"ImageObject","inLanguage":"fr-FR","@id":"https:\/\/www.lavillagardendesign.com\/fr\/product\/ambre-pack-canape-2-places-3-places\/#primaryimage","url":"https:\/\/www.lavillagardendesign.com\/wp-content\/uploads\/2024\/01\/718da075-9eba-4341-913a-acb10844498e-e1737971735946.jpg","contentUrl":"https:\/\/www.lavillagardendesign.com\/wp-content\/uploads\/2024\/01\/718da075-9eba-4341-913a-acb10844498e-e1737971735946.jpg","width":843,"height":869},{"@type":"BreadcrumbList","@id":"https:\/\/www.lavillagardendesign.com\/fr\/product\/ambre-pack-canape-2-places-3-places\/#breadcrumb","itemListElement":[{"@type":"ListItem","position":1,"name":"Home","item":"https:\/\/www.lavillagardendesign.com\/"},{"@type":"ListItem","position":2,"name":"Boutique","item":"https:\/\/www.lavillagardendesign.com\/fr\/boutique\/"},{"@type":"ListItem","position":3,"name":"AMBRE &#8211; Ensemble de canap\u00e9s 2 et 3 places en teck massif"}]},{"@type":"WebSite","@id":"https:\/\/www.lavillagardendesign.com\/#website","url":"https:\/\/www.lavillagardendesign.com\/","name":"La Villa Garden&Design","description":"","publisher":{"@id":"https:\/\/www.lavillagardendesign.com\/#organization"},"potentialAction":[{"@type":"SearchAction","target":{"@type":"EntryPoint","urlTemplate":"https:\/\/www.lavillagardendesign.com\/?s={search_term_string}"},"query-input":{"@type":"PropertyValueSpecification","valueRequired":true,"valueName":"search_term_string"}}],"inLanguage":"fr-FR"},{"@type":"Organization","@id":"https:\/\/www.lavillagardendesign.com\/#organization","name":"La Villa Garden&Design","url":"https:\/\/www.lavillagardendesign.com\/","logo":{"@type":"ImageObject","inLanguage":"fr-FR","@id":"https:\/\/www.lavillagardendesign.com\/#\/schema\/logo\/image\/","url":"https:\/\/www.lavillagardendesign.com\/wp-content\/uploads\/2024\/04\/logolavilla.png","contentUrl":"https:\/\/www.lavillagardendesign.com\/wp-content\/uploads\/2024\/04\/logolavilla.png","width":682,"height":391,"caption":"La Villa Garden&Design"},"image":{"@id":"https:\/\/www.lavillagardendesign.com\/#\/schema\/logo\/image\/"},"sameAs":["https:\/\/www.facebook.com\/lavillagardendesign\/"]}]}},"_links":{"self":[{"href":"https:\/\/www.lavillagardendesign.com\/fr\/wp-json\/wp\/v2\/product\/29101","targetHints":{"allow":["GET"]}}],"collection":[{"href":"https:\/\/www.lavillagardendesign.com\/fr\/wp-json\/wp\/v2\/product"}],"about":[{"href":"https:\/\/www.lavillagardendesign.com\/fr\/wp-json\/wp\/v2\/types\/product"}],"replies":[{"embeddable":true,"href":"https:\/\/www.lavillagardendesign.com\/fr\/wp-json\/wp\/v2\/comments?post=29101"}],"version-history":[{"count":5,"href":"https:\/\/www.lavillagardendesign.com\/fr\/wp-json\/wp\/v2\/product\/29101\/revisions"}],"predecessor-version":[{"id":67293,"href":"https:\/\/www.lavillagardendesign.com\/fr\/wp-json\/wp\/v2\/product\/29101\/revisions\/67293"}],"wp:featuredmedia":[{"embeddable":true,"href":"https:\/\/www.lavillagardendesign.com\/fr\/wp-json\/wp\/v2\/media\/49976"}],"wp:attachment":[{"href":"https:\/\/www.lavillagardendesign.com\/fr\/wp-json\/wp\/v2\/media?parent=29101"}],"wp:term":[{"taxonomy":"product_brand","embeddable":true,"href":"https:\/\/www.lavillagardendesign.com\/fr\/wp-json\/wp\/v2\/product_brand?post=29101"},{"taxonomy":"product_cat","embeddable":true,"href":"https:\/\/www.lavillagardendesign.com\/fr\/wp-json\/wp\/v2\/product_cat?post=29101"},{"taxonomy":"product_tag","embeddable":true,"href":"https:\/\/www.lavillagardendesign.com\/fr\/wp-json\/wp\/v2\/product_tag?post=29101"}],"curies":[{"name":"wp","href":"https:\/\/api.w.org\/{rel}","templated":true}]}}