{"id":29098,"date":"2025-10-20T10:42:35","date_gmt":"2025-10-20T09:42:35","guid":{"rendered":"https:\/\/www.lavillagardendesign.com\/product\/ambre-table-de-salle-a-manger\/"},"modified":"2025-10-20T10:42:35","modified_gmt":"2025-10-20T08:42:35","slug":"ambre-table-de-salle-a-manger","status":"publish","type":"product","link":"https:\/\/www.lavillagardendesign.com\/fr\/product\/ambre-table-de-salle-a-manger\/","title":{"rendered":"AMBRE &#8211; Table repas en teck pour 8 \u00e0 10 personnes"},"content":{"rendered":"<p><strong>Furniture Dimensions<\/strong><br \/>\nLength: 240 cm, Width: 93 cm, Height: 76 cm<\/p>\n<p><strong>Materials<\/strong><br \/>\nSolid teak and metal Do you dream of a cozy, exotic, and pleasant dining area in your garden?<\/p>\n<p> With this magnificent \u00ab\u00a0Ambre\u00a0\u00bb dining table, your desire becomes a reality\u2026<\/p>\n<p>With its slender legs and slatted solid teak top, the Ambre outdoor table confirms its trendy and design look. Adorned with exotic wood, it gives your terrace a warm and soothing atmosphere. A clever mix of style, simplicity, and quality, your new wooden table can also be used in a conservatory, on your large balcony, or in your dining room.<br \/>\nAttached by subtle and elegant metal notches, the table&rsquo;s legs do not hinder legroom. Ideal for seating between 6 to 8 people, your furniture is lightweight and very easy to maintain. You can easily move your outdoor table near your pool or under the shade of a large tree\u2026<\/p>\n<p>Robust, chic, and durable, your garden furniture has an authentic appearance. Its delicacy only serves to further enhance its sleek and sober lines. Teak gives a radiant aspect to the furniture and inspires a sense of travel. It has natural pigmentation ranging from honey to orange. Teak wood is also rot-resistant and renowned for its weather resistance due to the oil it contains, naturally. Like all exotic woods, it can take on gray hues over time, especially if left in full sun. To protect and nourish it, we recommend applying a specific vegetable-based product.<\/p>\n<p>With white plates and linen napkins, you will bring out the brilliance of your garden table and you can enjoy time with your friends and family comfortably seated around this quality piece of furniture. For sharing a drink with friends or a Sunday lunch, this table is what you need! To meet all needs, this outdoor table is available in 3 different lengths and can be paired with other outdoor furniture from the magnificent \u00ab\u00a0Lombok\u00a0\u00bb range. When the outdoors becomes a continuation of the indoors, it&rsquo;s time to indulge and enjoy it.<\/p>\n<p><strong>Technical sheet<\/strong><br \/>\nTop and legs in solid teak<br \/>\nLower structure in metal<\/p>\n<p><strong>Top thickness<\/strong>: 7 cm<br \/>\n<strong>Width of slats (alternating)<\/strong>: 6, 4, and 2.8 cm<\/p>\n","protected":false},"excerpt":{"rendered":"<p>D\u00e9couvrez la table de salle \u00e0 manger AMBRE, une pi\u00e8ce \u00e9l\u00e9gante et intemporelle enti\u00e8rement fabriqu\u00e9e en teck massif de haute qualit\u00e9, issue de la collection Studio la Villa. Con\u00e7ue pour accueillir confortablement 8 \u00e0 10 convives, cette table est id\u00e9ale pour les repas en ext\u00e9rieur ou pour apporter une touche raffin\u00e9e et robuste \u00e0 votre espace int\u00e9rieur. La structure en teck massif est renforc\u00e9e par un cadre en aluminium, ce qui garantit une durabilit\u00e9 accrue et une stabilit\u00e9 optimale. Avec ses dimensions g\u00e9n\u00e9reuses de 240 cm de longueur, 93 cm de largeur et 76 cm de hauteur, cette table est livr\u00e9e enti\u00e8rement assembl\u00e9e, pr\u00eate \u00e0 enrichir votre espace de vie d&rsquo;une touche de chaleur naturelle et d&rsquo;\u00e9l\u00e9gance moderne.   <\/p>\n","protected":false},"featured_media":39960,"comment_status":"open","ping_status":"closed","template":"","meta":[],"product_brand":[4998],"product_cat":[5986,6832,5658,2944,2946],"product_tag":[],"class_list":{"0":"post-29098","1":"product","2":"type-product","3":"status-publish","4":"has-post-thumbnail","6":"product_brand-la-villa","7":"product_cat-nouvelle-collection","8":"product_cat-outdoor-fr","9":"product_cat-promos-web","10":"product_cat-tables-fr","11":"product_cat-tables-repas","13":"first","14":"onbackorder","15":"sale","16":"taxable","17":"shipping-taxable","18":"purchasable","19":"product-type-simple"},"yoast_head":"<!-- This site is optimized with the Yoast SEO plugin v27.4 - https:\/\/yoast.com\/product\/yoast-seo-wordpress\/ -->\n<title>AMBRE Table de salle \u00e0 manger en teck massif pour 8-10 - Studio la Villa<\/title>\n<meta name=\"description\" content=\"La table de salle \u00e0 manger AMBRE en teck massif peut accueillir 8 \u00e0 10 personnes. El\u00e9gante et durable avec une structure en aluminium, dimensions 240x93x76cm. Enti\u00e8rement assembl\u00e9e, collection Studio la Villa.\" \/>\n<meta name=\"robots\" content=\"index, follow, max-snippet:-1, max-image-preview:large, max-video-preview:-1\" \/>\n<link rel=\"canonical\" href=\"https:\/\/www.lavillagardendesign.com\/fr\/produit\/ambre-table-de-salle-a-manger\/\" \/>\n<meta property=\"og:locale\" content=\"fr_FR\" \/>\n<meta property=\"og:type\" content=\"article\" \/>\n<meta property=\"og:title\" content=\"AMBRE Table de salle \u00e0 manger en teck massif pour 8-10 - Studio la Villa\" \/>\n<meta property=\"og:description\" content=\"La table de salle \u00e0 manger AMBRE en teck massif peut accueillir 8 \u00e0 10 personnes. El\u00e9gante et durable avec une structure en aluminium, dimensions 240x93x76cm. Enti\u00e8rement assembl\u00e9e, collection Studio la Villa.\" \/>\n<meta property=\"og:url\" content=\"https:\/\/www.lavillagardendesign.com\/fr\/produit\/ambre-table-de-salle-a-manger\/\" \/>\n<meta property=\"og:site_name\" content=\"La Villa Garden&amp;Design\" \/>\n<meta property=\"article:publisher\" content=\"https:\/\/www.facebook.com\/lavillagardendesign\/\" \/>\n<meta property=\"og:image\" content=\"https:\/\/www.lavillagardendesign.com\/wp-content\/uploads\/2024\/04\/import-photos.png\" \/>\n\t<meta property=\"og:image:width\" content=\"700\" \/>\n\t<meta property=\"og:image:height\" content=\"800\" \/>\n\t<meta property=\"og:image:type\" content=\"image\/png\" \/>\n<meta name=\"twitter:card\" content=\"summary_large_image\" \/>\n<meta name=\"twitter:label1\" content=\"Dur\u00e9e de lecture estim\u00e9e\" \/>\n\t<meta name=\"twitter:data1\" content=\"2 minutes\" \/>\n<script type=\"application\/ld+json\" class=\"yoast-schema-graph\">{\"@context\":\"https:\\\/\\\/schema.org\",\"@graph\":[{\"@type\":\"WebPage\",\"@id\":\"https:\\\/\\\/www.lavillagardendesign.com\\\/fr\\\/produit\\\/ambre-table-de-salle-a-manger\\\/\",\"url\":\"https:\\\/\\\/www.lavillagardendesign.com\\\/fr\\\/produit\\\/ambre-table-de-salle-a-manger\\\/\",\"name\":\"AMBRE Table de salle \u00e0 manger en teck massif pour 8-10 - Studio la Villa\",\"isPartOf\":{\"@id\":\"https:\\\/\\\/www.lavillagardendesign.com\\\/#website\"},\"primaryImageOfPage\":{\"@id\":\"https:\\\/\\\/www.lavillagardendesign.com\\\/fr\\\/produit\\\/ambre-table-de-salle-a-manger\\\/#primaryimage\"},\"image\":{\"@id\":\"https:\\\/\\\/www.lavillagardendesign.com\\\/fr\\\/produit\\\/ambre-table-de-salle-a-manger\\\/#primaryimage\"},\"thumbnailUrl\":\"https:\\\/\\\/www.lavillagardendesign.com\\\/wp-content\\\/uploads\\\/2024\\\/04\\\/import-photos.png\",\"datePublished\":\"2025-10-20T09:42:35+00:00\",\"description\":\"La table de salle \u00e0 manger AMBRE en teck massif peut accueillir 8 \u00e0 10 personnes. El\u00e9gante et durable avec une structure en aluminium, dimensions 240x93x76cm. Enti\u00e8rement assembl\u00e9e, collection Studio la Villa.\",\"breadcrumb\":{\"@id\":\"https:\\\/\\\/www.lavillagardendesign.com\\\/fr\\\/produit\\\/ambre-table-de-salle-a-manger\\\/#breadcrumb\"},\"inLanguage\":\"fr-FR\",\"potentialAction\":[{\"@type\":\"ReadAction\",\"target\":[\"https:\\\/\\\/www.lavillagardendesign.com\\\/fr\\\/produit\\\/ambre-table-de-salle-a-manger\\\/\"]}]},{\"@type\":\"ImageObject\",\"inLanguage\":\"fr-FR\",\"@id\":\"https:\\\/\\\/www.lavillagardendesign.com\\\/fr\\\/produit\\\/ambre-table-de-salle-a-manger\\\/#primaryimage\",\"url\":\"https:\\\/\\\/www.lavillagardendesign.com\\\/wp-content\\\/uploads\\\/2024\\\/04\\\/import-photos.png\",\"contentUrl\":\"https:\\\/\\\/www.lavillagardendesign.com\\\/wp-content\\\/uploads\\\/2024\\\/04\\\/import-photos.png\",\"width\":700,\"height\":800},{\"@type\":\"BreadcrumbList\",\"@id\":\"https:\\\/\\\/www.lavillagardendesign.com\\\/fr\\\/produit\\\/ambre-table-de-salle-a-manger\\\/#breadcrumb\",\"itemListElement\":[{\"@type\":\"ListItem\",\"position\":1,\"name\":\"Home\",\"item\":\"https:\\\/\\\/www.lavillagardendesign.com\\\/\"},{\"@type\":\"ListItem\",\"position\":2,\"name\":\"Boutique\",\"item\":\"https:\\\/\\\/www.lavillagardendesign.com\\\/fr\\\/boutique\\\/\"},{\"@type\":\"ListItem\",\"position\":3,\"name\":\"AMBRE &#8211; Table repas en teck pour 8 \u00e0 10 personnes\"}]},{\"@type\":\"WebSite\",\"@id\":\"https:\\\/\\\/www.lavillagardendesign.com\\\/#website\",\"url\":\"https:\\\/\\\/www.lavillagardendesign.com\\\/\",\"name\":\"La Villa Garden&Design\",\"description\":\"\",\"publisher\":{\"@id\":\"https:\\\/\\\/www.lavillagardendesign.com\\\/#organization\"},\"potentialAction\":[{\"@type\":\"SearchAction\",\"target\":{\"@type\":\"EntryPoint\",\"urlTemplate\":\"https:\\\/\\\/www.lavillagardendesign.com\\\/?s={search_term_string}\"},\"query-input\":{\"@type\":\"PropertyValueSpecification\",\"valueRequired\":true,\"valueName\":\"search_term_string\"}}],\"inLanguage\":\"fr-FR\"},{\"@type\":\"Organization\",\"@id\":\"https:\\\/\\\/www.lavillagardendesign.com\\\/#organization\",\"name\":\"La Villa Garden&Design\",\"url\":\"https:\\\/\\\/www.lavillagardendesign.com\\\/\",\"logo\":{\"@type\":\"ImageObject\",\"inLanguage\":\"fr-FR\",\"@id\":\"https:\\\/\\\/www.lavillagardendesign.com\\\/#\\\/schema\\\/logo\\\/image\\\/\",\"url\":\"https:\\\/\\\/www.lavillagardendesign.com\\\/wp-content\\\/uploads\\\/2024\\\/04\\\/logolavilla.png\",\"contentUrl\":\"https:\\\/\\\/www.lavillagardendesign.com\\\/wp-content\\\/uploads\\\/2024\\\/04\\\/logolavilla.png\",\"width\":682,\"height\":391,\"caption\":\"La Villa Garden&Design\"},\"image\":{\"@id\":\"https:\\\/\\\/www.lavillagardendesign.com\\\/#\\\/schema\\\/logo\\\/image\\\/\"},\"sameAs\":[\"https:\\\/\\\/www.facebook.com\\\/lavillagardendesign\\\/\"]}]}<\/script>\n<!-- \/ Yoast SEO plugin. -->","yoast_head_json":{"title":"AMBRE Table de salle \u00e0 manger en teck massif pour 8-10 - Studio la Villa","description":"La table de salle \u00e0 manger AMBRE en teck massif peut accueillir 8 \u00e0 10 personnes. El\u00e9gante et durable avec une structure en aluminium, dimensions 240x93x76cm. Enti\u00e8rement assembl\u00e9e, collection Studio la Villa.","robots":{"index":"index","follow":"follow","max-snippet":"max-snippet:-1","max-image-preview":"max-image-preview:large","max-video-preview":"max-video-preview:-1"},"canonical":"https:\/\/www.lavillagardendesign.com\/fr\/produit\/ambre-table-de-salle-a-manger\/","og_locale":"fr_FR","og_type":"article","og_title":"AMBRE Table de salle \u00e0 manger en teck massif pour 8-10 - Studio la Villa","og_description":"La table de salle \u00e0 manger AMBRE en teck massif peut accueillir 8 \u00e0 10 personnes. El\u00e9gante et durable avec une structure en aluminium, dimensions 240x93x76cm. Enti\u00e8rement assembl\u00e9e, collection Studio la Villa.","og_url":"https:\/\/www.lavillagardendesign.com\/fr\/produit\/ambre-table-de-salle-a-manger\/","og_site_name":"La Villa Garden&amp;Design","article_publisher":"https:\/\/www.facebook.com\/lavillagardendesign\/","og_image":[{"width":700,"height":800,"url":"https:\/\/www.lavillagardendesign.com\/wp-content\/uploads\/2024\/04\/import-photos.png","type":"image\/png"}],"twitter_card":"summary_large_image","twitter_misc":{"Dur\u00e9e de lecture estim\u00e9e":"2 minutes"},"schema":{"@context":"https:\/\/schema.org","@graph":[{"@type":"WebPage","@id":"https:\/\/www.lavillagardendesign.com\/fr\/produit\/ambre-table-de-salle-a-manger\/","url":"https:\/\/www.lavillagardendesign.com\/fr\/produit\/ambre-table-de-salle-a-manger\/","name":"AMBRE Table de salle \u00e0 manger en teck massif pour 8-10 - Studio la Villa","isPartOf":{"@id":"https:\/\/www.lavillagardendesign.com\/#website"},"primaryImageOfPage":{"@id":"https:\/\/www.lavillagardendesign.com\/fr\/produit\/ambre-table-de-salle-a-manger\/#primaryimage"},"image":{"@id":"https:\/\/www.lavillagardendesign.com\/fr\/produit\/ambre-table-de-salle-a-manger\/#primaryimage"},"thumbnailUrl":"https:\/\/www.lavillagardendesign.com\/wp-content\/uploads\/2024\/04\/import-photos.png","datePublished":"2025-10-20T09:42:35+00:00","description":"La table de salle \u00e0 manger AMBRE en teck massif peut accueillir 8 \u00e0 10 personnes. El\u00e9gante et durable avec une structure en aluminium, dimensions 240x93x76cm. Enti\u00e8rement assembl\u00e9e, collection Studio la Villa.","breadcrumb":{"@id":"https:\/\/www.lavillagardendesign.com\/fr\/produit\/ambre-table-de-salle-a-manger\/#breadcrumb"},"inLanguage":"fr-FR","potentialAction":[{"@type":"ReadAction","target":["https:\/\/www.lavillagardendesign.com\/fr\/produit\/ambre-table-de-salle-a-manger\/"]}]},{"@type":"ImageObject","inLanguage":"fr-FR","@id":"https:\/\/www.lavillagardendesign.com\/fr\/produit\/ambre-table-de-salle-a-manger\/#primaryimage","url":"https:\/\/www.lavillagardendesign.com\/wp-content\/uploads\/2024\/04\/import-photos.png","contentUrl":"https:\/\/www.lavillagardendesign.com\/wp-content\/uploads\/2024\/04\/import-photos.png","width":700,"height":800},{"@type":"BreadcrumbList","@id":"https:\/\/www.lavillagardendesign.com\/fr\/produit\/ambre-table-de-salle-a-manger\/#breadcrumb","itemListElement":[{"@type":"ListItem","position":1,"name":"Home","item":"https:\/\/www.lavillagardendesign.com\/"},{"@type":"ListItem","position":2,"name":"Boutique","item":"https:\/\/www.lavillagardendesign.com\/fr\/boutique\/"},{"@type":"ListItem","position":3,"name":"AMBRE &#8211; Table repas en teck pour 8 \u00e0 10 personnes"}]},{"@type":"WebSite","@id":"https:\/\/www.lavillagardendesign.com\/#website","url":"https:\/\/www.lavillagardendesign.com\/","name":"La Villa Garden&Design","description":"","publisher":{"@id":"https:\/\/www.lavillagardendesign.com\/#organization"},"potentialAction":[{"@type":"SearchAction","target":{"@type":"EntryPoint","urlTemplate":"https:\/\/www.lavillagardendesign.com\/?s={search_term_string}"},"query-input":{"@type":"PropertyValueSpecification","valueRequired":true,"valueName":"search_term_string"}}],"inLanguage":"fr-FR"},{"@type":"Organization","@id":"https:\/\/www.lavillagardendesign.com\/#organization","name":"La Villa Garden&Design","url":"https:\/\/www.lavillagardendesign.com\/","logo":{"@type":"ImageObject","inLanguage":"fr-FR","@id":"https:\/\/www.lavillagardendesign.com\/#\/schema\/logo\/image\/","url":"https:\/\/www.lavillagardendesign.com\/wp-content\/uploads\/2024\/04\/logolavilla.png","contentUrl":"https:\/\/www.lavillagardendesign.com\/wp-content\/uploads\/2024\/04\/logolavilla.png","width":682,"height":391,"caption":"La Villa Garden&Design"},"image":{"@id":"https:\/\/www.lavillagardendesign.com\/#\/schema\/logo\/image\/"},"sameAs":["https:\/\/www.facebook.com\/lavillagardendesign\/"]}]}},"_links":{"self":[{"href":"https:\/\/www.lavillagardendesign.com\/fr\/wp-json\/wp\/v2\/product\/29098","targetHints":{"allow":["GET"]}}],"collection":[{"href":"https:\/\/www.lavillagardendesign.com\/fr\/wp-json\/wp\/v2\/product"}],"about":[{"href":"https:\/\/www.lavillagardendesign.com\/fr\/wp-json\/wp\/v2\/types\/product"}],"replies":[{"embeddable":true,"href":"https:\/\/www.lavillagardendesign.com\/fr\/wp-json\/wp\/v2\/comments?post=29098"}],"version-history":[{"count":10,"href":"https:\/\/www.lavillagardendesign.com\/fr\/wp-json\/wp\/v2\/product\/29098\/revisions"}],"predecessor-version":[{"id":52332,"href":"https:\/\/www.lavillagardendesign.com\/fr\/wp-json\/wp\/v2\/product\/29098\/revisions\/52332"}],"wp:featuredmedia":[{"embeddable":true,"href":"https:\/\/www.lavillagardendesign.com\/fr\/wp-json\/wp\/v2\/media\/39960"}],"wp:attachment":[{"href":"https:\/\/www.lavillagardendesign.com\/fr\/wp-json\/wp\/v2\/media?parent=29098"}],"wp:term":[{"taxonomy":"product_brand","embeddable":true,"href":"https:\/\/www.lavillagardendesign.com\/fr\/wp-json\/wp\/v2\/product_brand?post=29098"},{"taxonomy":"product_cat","embeddable":true,"href":"https:\/\/www.lavillagardendesign.com\/fr\/wp-json\/wp\/v2\/product_cat?post=29098"},{"taxonomy":"product_tag","embeddable":true,"href":"https:\/\/www.lavillagardendesign.com\/fr\/wp-json\/wp\/v2\/product_tag?post=29098"}],"curies":[{"name":"wp","href":"https:\/\/api.w.org\/{rel}","templated":true}]}}