{"id":54173,"date":"2025-05-15T10:52:01","date_gmt":"2025-05-15T08:52:01","guid":{"rendered":"https:\/\/www.lavillagardendesign.com\/barbecue\/"},"modified":"2026-01-21T21:03:49","modified_gmt":"2026-01-21T19:03:49","slug":"barbecue","status":"publish","type":"page","link":"https:\/\/www.lavillagardendesign.com\/fr\/barbecue\/","title":{"rendered":"BARBECUE"},"content":{"rendered":"\t\t<div data-elementor-type=\"wp-page\" data-elementor-id=\"54173\" class=\"elementor elementor-54173 elementor-54131\" data-elementor-post-type=\"page\">\n\t\t\t\t<div class=\"elementor-element elementor-element-1a2e48b9 wd-section-stretch e-flex e-con-boxed e-con e-parent\" data-id=\"1a2e48b9\" data-element_type=\"container\" data-e-type=\"container\" data-settings=\"{&quot;background_background&quot;:&quot;classic&quot;}\">\n\t\t\t\t\t<div class=\"e-con-inner\">\n\t\t\t\t<div class=\"elementor-element elementor-element-1f3adfd5 elementor-widget elementor-widget-heading\" data-id=\"1f3adfd5\" data-element_type=\"widget\" data-e-type=\"widget\" data-widget_type=\"heading.default\">\n\t\t\t\t<div class=\"elementor-widget-container\">\n\t\t\t\t\t<h2 class=\"elementor-heading-title elementor-size-default\">La Villa Garden&amp;Design<\/h2>\t\t\t\t<\/div>\n\t\t\t\t<\/div>\n\t\t\t\t<div class=\"elementor-element elementor-element-124639f elementor-widget elementor-widget-heading\" data-id=\"124639f\" data-element_type=\"widget\" data-e-type=\"widget\" data-widget_type=\"heading.default\">\n\t\t\t\t<div class=\"elementor-widget-container\">\n\t\t\t\t\t<h2 class=\"elementor-heading-title elementor-size-default\">Barbecue<\/h2>\t\t\t\t<\/div>\n\t\t\t\t<\/div>\n\t\t\t\t\t<\/div>\n\t\t\t\t<\/div>\n\t\t<div class=\"elementor-element elementor-element-498d0815 wd-section-stretch e-grid e-con-boxed e-con e-parent\" data-id=\"498d0815\" data-element_type=\"container\" data-e-type=\"container\">\n\t\t\t\t\t<div class=\"e-con-inner\">\n\t\t<div class=\"elementor-element elementor-element-23f7082a e-con-full e-flex e-con e-child\" data-id=\"23f7082a\" data-element_type=\"container\" data-e-type=\"container\">\n\t\t\t\t<div class=\"elementor-element elementor-element-1cf38e53 wd-width-100 elementor-widget elementor-widget-wd_title\" data-id=\"1cf38e53\" data-element_type=\"widget\" data-e-type=\"widget\" data-widget_type=\"wd_title.default\">\n\t\t\t\t<div class=\"elementor-widget-container\">\n\t\t\t\t\t\t\t<div class=\"title-wrapper wd-set-mb reset-last-child wd-title-color-default wd-title-style-bordered wd-title-size-large text-center\">\n\n\t\t\t\t\t\t\t\t\t\t\t<div class=\"title-subtitle subtitle-color-default subtitle-style-default wd-fontsize-xs\">\n\t\t\t\t\tBarbecue\t\t\t\t<\/div>\n\t\t\t\n\t\t\t<div class=\"liner-continer\">\n\t\t\t\t<h4 class=\"woodmart-title-container title wd-fontsize-xxl\">COLIMA<\/h4> \n\t\t\t\t\t\t\t<\/div>\n\n\t\t\t\t\t<\/div>\n\t\t\t\t\t\t<\/div>\n\t\t\t\t<\/div>\n\t\t\t\t<div class=\"elementor-element elementor-element-5b9345d8 elementor-widget elementor-widget-image\" data-id=\"5b9345d8\" data-element_type=\"widget\" data-e-type=\"widget\" data-widget_type=\"image.default\">\n\t\t\t\t<div class=\"elementor-widget-container\">\n\t\t\t\t\t\t\t\t\t\t\t\t\t\t\t\t<a href=\"https:\/\/www.lavillagardendesign.com\/fr\/produit\/kamado-gril-barbecue-xl-60\/\">\n\t\t\t\t\t\t\t<img loading=\"lazy\" decoding=\"async\" width=\"1280\" height=\"800\" src=\"https:\/\/www.lavillagardendesign.com\/wp-content\/uploads\/2025\/06\/2-1-1-1280x800.jpg\" class=\"attachment-large size-large wp-image-54863\" alt=\"\" srcset=\"https:\/\/www.lavillagardendesign.com\/wp-content\/uploads\/2025\/06\/2-1-1-1280x800.jpg 1280w, https:\/\/www.lavillagardendesign.com\/wp-content\/uploads\/2025\/06\/2-1-1-600x375.jpg 600w, https:\/\/www.lavillagardendesign.com\/wp-content\/uploads\/2025\/06\/2-1-1-300x188.jpg 300w, https:\/\/www.lavillagardendesign.com\/wp-content\/uploads\/2025\/06\/2-1-1-1200x750.jpg 1200w, https:\/\/www.lavillagardendesign.com\/wp-content\/uploads\/2025\/06\/2-1-1-400x250.jpg 400w, https:\/\/www.lavillagardendesign.com\/wp-content\/uploads\/2025\/06\/2-1-1-768x480.jpg 768w, https:\/\/www.lavillagardendesign.com\/wp-content\/uploads\/2025\/06\/2-1-1-1536x960.jpg 1536w, https:\/\/www.lavillagardendesign.com\/wp-content\/uploads\/2025\/06\/2-1-1.jpg 1600w\" sizes=\"auto, (max-width: 1280px) 100vw, 1280px\" \/>\t\t\t\t\t\t\t\t<\/a>\n\t\t\t\t\t\t\t\t\t\t\t\t\t\t\t<\/div>\n\t\t\t\t<\/div>\n\t\t\t\t<div class=\"elementor-element elementor-element-5470e76a elementor-widget__width-initial elementor-align-justify elementor-widget-tablet__width-initial elementor-widget elementor-widget-button\" data-id=\"5470e76a\" data-element_type=\"widget\" data-e-type=\"widget\" data-widget_type=\"button.default\">\n\t\t\t\t<div class=\"elementor-widget-container\">\n\t\t\t\t\t\t\t\t\t<div class=\"elementor-button-wrapper\">\n\t\t\t\t\t<a class=\"elementor-button elementor-button-link elementor-size-sm\" href=\"https:\/\/www.lavillagardendesign.com\/fr\/produit\/kamado-gril-barbecue-xl-60\/\">\n\t\t\t\t\t\t<span class=\"elementor-button-content-wrapper\">\n\t\t\t\t\t\t\t\t\t<span class=\"elementor-button-text\">D\u00e9couvrez le produit<\/span>\n\t\t\t\t\t<\/span>\n\t\t\t\t\t<\/a>\n\t\t\t\t<\/div>\n\t\t\t\t\t\t\t\t<\/div>\n\t\t\t\t<\/div>\n\t\t\t\t<\/div>\n\t\t<div class=\"elementor-element elementor-element-8bba85d e-con-full e-flex e-con e-child\" data-id=\"8bba85d\" data-element_type=\"container\" data-e-type=\"container\">\n\t\t\t\t<div class=\"elementor-element elementor-element-8ea3a8f wd-width-100 elementor-widget elementor-widget-wd_title\" data-id=\"8ea3a8f\" data-element_type=\"widget\" data-e-type=\"widget\" data-widget_type=\"wd_title.default\">\n\t\t\t\t<div class=\"elementor-widget-container\">\n\t\t\t\t\t\t\t<div class=\"title-wrapper wd-set-mb reset-last-child wd-title-color-default wd-title-style-bordered wd-title-size-large text-center\">\n\n\t\t\t\t\t\t\t\t\t\t\t<div class=\"title-subtitle subtitle-color-default subtitle-style-default wd-fontsize-xs\">\n\t\t\t\t\tBarbecue\t\t\t\t<\/div>\n\t\t\t\n\t\t\t<div class=\"liner-continer\">\n\t\t\t\t<h4 class=\"woodmart-title-container title wd-fontsize-xxl\">KAMADO 55<\/h4> \n\t\t\t\t\t\t\t<\/div>\n\n\t\t\t\t\t<\/div>\n\t\t\t\t\t\t<\/div>\n\t\t\t\t<\/div>\n\t\t\t\t<div class=\"elementor-element elementor-element-3a64a8b elementor-widget elementor-widget-image\" data-id=\"3a64a8b\" data-element_type=\"widget\" data-e-type=\"widget\" data-widget_type=\"image.default\">\n\t\t\t\t<div class=\"elementor-widget-container\">\n\t\t\t\t\t\t\t\t\t\t\t\t\t\t\t\t<a href=\"https:\/\/www.lavillagardendesign.com\/fr\/produit\/kamado-gril-barbecue-grand-55\/\">\n\t\t\t\t\t\t\t<img loading=\"lazy\" decoding=\"async\" width=\"1280\" height=\"800\" src=\"https:\/\/www.lavillagardendesign.com\/wp-content\/uploads\/2025\/06\/1-2-1280x800.jpg\" class=\"attachment-large size-large wp-image-54866\" alt=\"\" srcset=\"https:\/\/www.lavillagardendesign.com\/wp-content\/uploads\/2025\/06\/1-2-1280x800.jpg 1280w, https:\/\/www.lavillagardendesign.com\/wp-content\/uploads\/2025\/06\/1-2-600x375.jpg 600w, https:\/\/www.lavillagardendesign.com\/wp-content\/uploads\/2025\/06\/1-2-300x188.jpg 300w, https:\/\/www.lavillagardendesign.com\/wp-content\/uploads\/2025\/06\/1-2-1200x750.jpg 1200w, https:\/\/www.lavillagardendesign.com\/wp-content\/uploads\/2025\/06\/1-2-400x250.jpg 400w, https:\/\/www.lavillagardendesign.com\/wp-content\/uploads\/2025\/06\/1-2-768x480.jpg 768w, https:\/\/www.lavillagardendesign.com\/wp-content\/uploads\/2025\/06\/1-2-1536x960.jpg 1536w, https:\/\/www.lavillagardendesign.com\/wp-content\/uploads\/2025\/06\/1-2.jpg 1600w\" sizes=\"auto, (max-width: 1280px) 100vw, 1280px\" \/>\t\t\t\t\t\t\t\t<\/a>\n\t\t\t\t\t\t\t\t\t\t\t\t\t\t\t<\/div>\n\t\t\t\t<\/div>\n\t\t\t\t<div class=\"elementor-element elementor-element-244e5d6 elementor-widget__width-initial elementor-align-justify elementor-widget-tablet__width-initial elementor-widget elementor-widget-button\" data-id=\"244e5d6\" data-element_type=\"widget\" data-e-type=\"widget\" data-widget_type=\"button.default\">\n\t\t\t\t<div class=\"elementor-widget-container\">\n\t\t\t\t\t\t\t\t\t<div class=\"elementor-button-wrapper\">\n\t\t\t\t\t<a class=\"elementor-button elementor-button-link elementor-size-sm\" href=\"https:\/\/www.lavillagardendesign.com\/fr\/produit\/kamado-gril-barbecue-grand-55\/\">\n\t\t\t\t\t\t<span class=\"elementor-button-content-wrapper\">\n\t\t\t\t\t\t\t\t\t<span class=\"elementor-button-text\">Discover the product<\/span>\n\t\t\t\t\t<\/span>\n\t\t\t\t\t<\/a>\n\t\t\t\t<\/div>\n\t\t\t\t\t\t\t\t<\/div>\n\t\t\t\t<\/div>\n\t\t\t\t<\/div>\n\t\t<div class=\"elementor-element elementor-element-a183bd6 e-con-full e-flex e-con e-child\" data-id=\"a183bd6\" data-element_type=\"container\" data-e-type=\"container\">\n\t\t\t\t<div class=\"elementor-element elementor-element-f4a915a wd-width-100 elementor-widget elementor-widget-wd_title\" data-id=\"f4a915a\" data-element_type=\"widget\" data-e-type=\"widget\" data-widget_type=\"wd_title.default\">\n\t\t\t\t<div class=\"elementor-widget-container\">\n\t\t\t\t\t\t\t<div class=\"title-wrapper wd-set-mb reset-last-child wd-title-color-default wd-title-style-bordered wd-title-size-large text-center\">\n\n\t\t\t\t\t\t\t\t\t\t\t<div class=\"title-subtitle subtitle-color-default subtitle-style-default wd-fontsize-xs\">\n\t\t\t\t\tBarbecue\t\t\t\t<\/div>\n\t\t\t\n\t\t\t<div class=\"liner-continer\">\n\t\t\t\t<h4 class=\"woodmart-title-container title wd-fontsize-xxl\">COLIMA<\/h4> \n\t\t\t\t\t\t\t<\/div>\n\n\t\t\t\t\t<\/div>\n\t\t\t\t\t\t<\/div>\n\t\t\t\t<\/div>\n\t\t\t\t<div class=\"elementor-element elementor-element-a3ba4be elementor-widget elementor-widget-image\" data-id=\"a3ba4be\" data-element_type=\"widget\" data-e-type=\"widget\" data-widget_type=\"image.default\">\n\t\t\t\t<div class=\"elementor-widget-container\">\n\t\t\t\t\t\t\t\t\t\t\t\t\t\t\t\t<a href=\"https:\/\/www.lavillagardendesign.com\/fr\/produit\/colima-table-composite-dexterieur\/\">\n\t\t\t\t\t\t\t<img loading=\"lazy\" decoding=\"async\" width=\"1280\" height=\"800\" src=\"https:\/\/www.lavillagardendesign.com\/wp-content\/uploads\/2025\/05\/colima-1280x800.jpg\" class=\"attachment-large size-large wp-image-54215\" alt=\"\" srcset=\"https:\/\/www.lavillagardendesign.com\/wp-content\/uploads\/2025\/05\/colima-1280x800.jpg 1280w, https:\/\/www.lavillagardendesign.com\/wp-content\/uploads\/2025\/05\/colima-600x375.jpg 600w, https:\/\/www.lavillagardendesign.com\/wp-content\/uploads\/2025\/05\/colima-300x188.jpg 300w, https:\/\/www.lavillagardendesign.com\/wp-content\/uploads\/2025\/05\/colima-1200x750.jpg 1200w, https:\/\/www.lavillagardendesign.com\/wp-content\/uploads\/2025\/05\/colima-400x250.jpg 400w, https:\/\/www.lavillagardendesign.com\/wp-content\/uploads\/2025\/05\/colima-768x480.jpg 768w, https:\/\/www.lavillagardendesign.com\/wp-content\/uploads\/2025\/05\/colima-1536x960.jpg 1536w, https:\/\/www.lavillagardendesign.com\/wp-content\/uploads\/2025\/05\/colima.jpg 1600w\" sizes=\"auto, (max-width: 1280px) 100vw, 1280px\" \/>\t\t\t\t\t\t\t\t<\/a>\n\t\t\t\t\t\t\t\t\t\t\t\t\t\t\t<\/div>\n\t\t\t\t<\/div>\n\t\t\t\t<div class=\"elementor-element elementor-element-5a257bb elementor-widget__width-initial elementor-align-justify elementor-widget-tablet__width-initial elementor-widget elementor-widget-button\" data-id=\"5a257bb\" data-element_type=\"widget\" data-e-type=\"widget\" data-widget_type=\"button.default\">\n\t\t\t\t<div class=\"elementor-widget-container\">\n\t\t\t\t\t\t\t\t\t<div class=\"elementor-button-wrapper\">\n\t\t\t\t\t<a class=\"elementor-button elementor-button-link elementor-size-sm\" href=\"https:\/\/www.lavillagardendesign.com\/fr\/produit\/colima-table-composite-dexterieur\/\">\n\t\t\t\t\t\t<span class=\"elementor-button-content-wrapper\">\n\t\t\t\t\t\t\t\t\t<span class=\"elementor-button-text\">Discover the product<\/span>\n\t\t\t\t\t<\/span>\n\t\t\t\t\t<\/a>\n\t\t\t\t<\/div>\n\t\t\t\t\t\t\t\t<\/div>\n\t\t\t\t<\/div>\n\t\t\t\t<\/div>\n\t\t<div class=\"elementor-element elementor-element-f977c15 e-con-full e-flex e-con e-child\" data-id=\"f977c15\" data-element_type=\"container\" data-e-type=\"container\">\n\t\t\t\t<div class=\"elementor-element elementor-element-d154974 wd-width-100 elementor-widget elementor-widget-wd_title\" data-id=\"d154974\" data-element_type=\"widget\" data-e-type=\"widget\" data-widget_type=\"wd_title.default\">\n\t\t\t\t<div class=\"elementor-widget-container\">\n\t\t\t\t\t\t\t<div class=\"title-wrapper wd-set-mb reset-last-child wd-title-color-default wd-title-style-bordered wd-title-size-large text-center\">\n\n\t\t\t\t\t\t\t\t\t\t\t<div class=\"title-subtitle subtitle-color-default subtitle-style-default wd-fontsize-xs\">\n\t\t\t\t\tBarbecue\t\t\t\t<\/div>\n\t\t\t\n\t\t\t<div class=\"liner-continer\">\n\t\t\t\t<h4 class=\"woodmart-title-container title wd-fontsize-xxl\">ASPRO<\/h4> \n\t\t\t\t\t\t\t<\/div>\n\n\t\t\t\t\t<\/div>\n\t\t\t\t\t\t<\/div>\n\t\t\t\t<\/div>\n\t\t\t\t<div class=\"elementor-element elementor-element-81d9cc7 elementor-widget elementor-widget-image\" data-id=\"81d9cc7\" data-element_type=\"widget\" data-e-type=\"widget\" data-widget_type=\"image.default\">\n\t\t\t\t<div class=\"elementor-widget-container\">\n\t\t\t\t\t\t\t\t\t\t\t\t\t\t\t\t<a href=\"https:\/\/www.lavillagardendesign.com\/fr\/produit\/aspro-chauffage-au-gaz-pour-lexterieur\/\">\n\t\t\t\t\t\t\t<img loading=\"lazy\" decoding=\"async\" width=\"1280\" height=\"800\" src=\"https:\/\/www.lavillagardendesign.com\/wp-content\/uploads\/2025\/05\/aspro-1280x800.jpg\" class=\"attachment-large size-large wp-image-54245\" alt=\"\" srcset=\"https:\/\/www.lavillagardendesign.com\/wp-content\/uploads\/2025\/05\/aspro-1280x800.jpg 1280w, https:\/\/www.lavillagardendesign.com\/wp-content\/uploads\/2025\/05\/aspro-600x375.jpg 600w, https:\/\/www.lavillagardendesign.com\/wp-content\/uploads\/2025\/05\/aspro-300x188.jpg 300w, https:\/\/www.lavillagardendesign.com\/wp-content\/uploads\/2025\/05\/aspro-1200x750.jpg 1200w, https:\/\/www.lavillagardendesign.com\/wp-content\/uploads\/2025\/05\/aspro-400x250.jpg 400w, https:\/\/www.lavillagardendesign.com\/wp-content\/uploads\/2025\/05\/aspro-768x480.jpg 768w, https:\/\/www.lavillagardendesign.com\/wp-content\/uploads\/2025\/05\/aspro-1536x960.jpg 1536w, https:\/\/www.lavillagardendesign.com\/wp-content\/uploads\/2025\/05\/aspro.jpg 1600w\" sizes=\"auto, (max-width: 1280px) 100vw, 1280px\" \/>\t\t\t\t\t\t\t\t<\/a>\n\t\t\t\t\t\t\t\t\t\t\t\t\t\t\t<\/div>\n\t\t\t\t<\/div>\n\t\t\t\t<div class=\"elementor-element elementor-element-175a3e5 elementor-widget__width-initial elementor-align-justify elementor-widget-tablet__width-initial elementor-widget elementor-widget-button\" data-id=\"175a3e5\" data-element_type=\"widget\" data-e-type=\"widget\" data-widget_type=\"button.default\">\n\t\t\t\t<div class=\"elementor-widget-container\">\n\t\t\t\t\t\t\t\t\t<div class=\"elementor-button-wrapper\">\n\t\t\t\t\t<a class=\"elementor-button elementor-button-link elementor-size-sm\" href=\"https:\/\/www.lavillagardendesign.com\/fr\/produit\/aspro-chauffage-au-gaz-pour-lexterieur\/\">\n\t\t\t\t\t\t<span class=\"elementor-button-content-wrapper\">\n\t\t\t\t\t\t\t\t\t<span class=\"elementor-button-text\">D\u00e9couvrez le produit<\/span>\n\t\t\t\t\t<\/span>\n\t\t\t\t\t<\/a>\n\t\t\t\t<\/div>\n\t\t\t\t\t\t\t\t<\/div>\n\t\t\t\t<\/div>\n\t\t\t\t<\/div>\n\t\t<div class=\"elementor-element elementor-element-e1a7c4f e-con-full e-flex e-con e-child\" data-id=\"e1a7c4f\" data-element_type=\"container\" data-e-type=\"container\">\n\t\t\t\t<div class=\"elementor-element elementor-element-814186e wd-width-100 elementor-widget elementor-widget-wd_title\" data-id=\"814186e\" data-element_type=\"widget\" data-e-type=\"widget\" data-widget_type=\"wd_title.default\">\n\t\t\t\t<div class=\"elementor-widget-container\">\n\t\t\t\t\t\t\t<div class=\"title-wrapper wd-set-mb reset-last-child wd-title-color-default wd-title-style-bordered wd-title-size-large text-center\">\n\n\t\t\t\t\t\t\t\t\t\t\t<div class=\"title-subtitle subtitle-color-default subtitle-style-default wd-fontsize-xs\">\n\t\t\t\t\tBarbecue\t\t\t\t<\/div>\n\t\t\t\n\t\t\t<div class=\"liner-continer\">\n\t\t\t\t<h4 class=\"woodmart-title-container title wd-fontsize-xxl\">MODERN 60<\/h4> \n\t\t\t\t\t\t\t<\/div>\n\n\t\t\t\t\t<\/div>\n\t\t\t\t\t\t<\/div>\n\t\t\t\t<\/div>\n\t\t\t\t<div class=\"elementor-element elementor-element-233d7d8 elementor-widget elementor-widget-image\" data-id=\"233d7d8\" data-element_type=\"widget\" data-e-type=\"widget\" data-widget_type=\"image.default\">\n\t\t\t\t<div class=\"elementor-widget-container\">\n\t\t\t\t\t\t\t\t\t\t\t\t\t\t\t\t<a href=\"https:\/\/www.lavillagardendesign.com\/fr\/produit\/modern-60-panier-ferme\/\">\n\t\t\t\t\t\t\t<img loading=\"lazy\" decoding=\"async\" width=\"1280\" height=\"800\" src=\"https:\/\/www.lavillagardendesign.com\/wp-content\/uploads\/2025\/05\/modern60-1280x800.jpg\" class=\"attachment-large size-large wp-image-54156\" alt=\"\" srcset=\"https:\/\/www.lavillagardendesign.com\/wp-content\/uploads\/2025\/05\/modern60-1280x800.jpg 1280w, https:\/\/www.lavillagardendesign.com\/wp-content\/uploads\/2025\/05\/modern60-600x375.jpg 600w, https:\/\/www.lavillagardendesign.com\/wp-content\/uploads\/2025\/05\/modern60-300x188.jpg 300w, https:\/\/www.lavillagardendesign.com\/wp-content\/uploads\/2025\/05\/modern60-1200x750.jpg 1200w, https:\/\/www.lavillagardendesign.com\/wp-content\/uploads\/2025\/05\/modern60-400x250.jpg 400w, https:\/\/www.lavillagardendesign.com\/wp-content\/uploads\/2025\/05\/modern60-768x480.jpg 768w, https:\/\/www.lavillagardendesign.com\/wp-content\/uploads\/2025\/05\/modern60-1536x960.jpg 1536w, https:\/\/www.lavillagardendesign.com\/wp-content\/uploads\/2025\/05\/modern60.jpg 1600w\" sizes=\"auto, (max-width: 1280px) 100vw, 1280px\" \/>\t\t\t\t\t\t\t\t<\/a>\n\t\t\t\t\t\t\t\t\t\t\t\t\t\t\t<\/div>\n\t\t\t\t<\/div>\n\t\t\t\t<div class=\"elementor-element elementor-element-327aec4 elementor-widget__width-initial elementor-align-justify elementor-widget-tablet__width-initial elementor-widget elementor-widget-button\" data-id=\"327aec4\" data-element_type=\"widget\" data-e-type=\"widget\" data-widget_type=\"button.default\">\n\t\t\t\t<div class=\"elementor-widget-container\">\n\t\t\t\t\t\t\t\t\t<div class=\"elementor-button-wrapper\">\n\t\t\t\t\t<a class=\"elementor-button elementor-button-link elementor-size-sm\" href=\"https:\/\/www.lavillagardendesign.com\/fr\/produit\/modern-60-panier-ferme\/\">\n\t\t\t\t\t\t<span class=\"elementor-button-content-wrapper\">\n\t\t\t\t\t\t\t\t\t<span class=\"elementor-button-text\">D\u00e9couvrez le produit<\/span>\n\t\t\t\t\t<\/span>\n\t\t\t\t\t<\/a>\n\t\t\t\t<\/div>\n\t\t\t\t\t\t\t\t<\/div>\n\t\t\t\t<\/div>\n\t\t\t\t<\/div>\n\t\t<div class=\"elementor-element elementor-element-7c0c2b19 e-con-full e-flex e-con e-child\" data-id=\"7c0c2b19\" data-element_type=\"container\" data-e-type=\"container\">\n\t\t\t\t<div class=\"elementor-element elementor-element-78d6fa82 wd-width-100 elementor-widget elementor-widget-wd_title\" data-id=\"78d6fa82\" data-element_type=\"widget\" data-e-type=\"widget\" data-widget_type=\"wd_title.default\">\n\t\t\t\t<div class=\"elementor-widget-container\">\n\t\t\t\t\t\t\t<div class=\"title-wrapper wd-set-mb reset-last-child wd-title-color-default wd-title-style-bordered wd-title-size-large text-center\">\n\n\t\t\t\t\t\t\t\t\t\t\t<div class=\"title-subtitle subtitle-color-default subtitle-style-default wd-fontsize-xs\">\n\t\t\t\t\tBarbecue\t\t\t\t<\/div>\n\t\t\t\n\t\t\t<div class=\"liner-continer\">\n\t\t\t\t<h4 class=\"woodmart-title-container title wd-fontsize-xxl\">MODERN 60<\/h4> \n\t\t\t\t\t\t\t<\/div>\n\n\t\t\t\t\t<\/div>\n\t\t\t\t\t\t<\/div>\n\t\t\t\t<\/div>\n\t\t\t\t<div class=\"elementor-element elementor-element-604eefee elementor-widget elementor-widget-image\" data-id=\"604eefee\" data-element_type=\"widget\" data-e-type=\"widget\" data-widget_type=\"image.default\">\n\t\t\t\t<div class=\"elementor-widget-container\">\n\t\t\t\t\t\t\t\t\t\t\t\t\t\t\t\t<a href=\"https:\/\/www.lavillagardendesign.com\/fr\/produit\/modern-60-plaque-de-cuisson-a-gaz\/\">\n\t\t\t\t\t\t\t<img loading=\"lazy\" decoding=\"async\" width=\"1280\" height=\"800\" src=\"https:\/\/www.lavillagardendesign.com\/wp-content\/uploads\/2025\/05\/modern60-2-1280x800.jpg\" class=\"attachment-large size-large wp-image-54159\" alt=\"\" srcset=\"https:\/\/www.lavillagardendesign.com\/wp-content\/uploads\/2025\/05\/modern60-2-1280x800.jpg 1280w, https:\/\/www.lavillagardendesign.com\/wp-content\/uploads\/2025\/05\/modern60-2-600x375.jpg 600w, https:\/\/www.lavillagardendesign.com\/wp-content\/uploads\/2025\/05\/modern60-2-300x188.jpg 300w, https:\/\/www.lavillagardendesign.com\/wp-content\/uploads\/2025\/05\/modern60-2-1200x750.jpg 1200w, https:\/\/www.lavillagardendesign.com\/wp-content\/uploads\/2025\/05\/modern60-2-400x250.jpg 400w, https:\/\/www.lavillagardendesign.com\/wp-content\/uploads\/2025\/05\/modern60-2-768x480.jpg 768w, https:\/\/www.lavillagardendesign.com\/wp-content\/uploads\/2025\/05\/modern60-2-1536x960.jpg 1536w, https:\/\/www.lavillagardendesign.com\/wp-content\/uploads\/2025\/05\/modern60-2.jpg 1600w\" sizes=\"auto, (max-width: 1280px) 100vw, 1280px\" \/>\t\t\t\t\t\t\t\t<\/a>\n\t\t\t\t\t\t\t\t\t\t\t\t\t\t\t<\/div>\n\t\t\t\t<\/div>\n\t\t\t\t<div class=\"elementor-element elementor-element-1fe985cf elementor-widget__width-initial elementor-align-justify elementor-widget-tablet__width-initial elementor-widget elementor-widget-button\" data-id=\"1fe985cf\" data-element_type=\"widget\" data-e-type=\"widget\" data-widget_type=\"button.default\">\n\t\t\t\t<div class=\"elementor-widget-container\">\n\t\t\t\t\t\t\t\t\t<div class=\"elementor-button-wrapper\">\n\t\t\t\t\t<a class=\"elementor-button elementor-button-link elementor-size-sm\" href=\"https:\/\/www.lavillagardendesign.com\/fr\/produit\/modern-60-plaque-de-cuisson-a-gaz\/\">\n\t\t\t\t\t\t<span class=\"elementor-button-content-wrapper\">\n\t\t\t\t\t\t\t\t\t<span class=\"elementor-button-text\">D\u00e9couvrez le produit<\/span>\n\t\t\t\t\t<\/span>\n\t\t\t\t\t<\/a>\n\t\t\t\t<\/div>\n\t\t\t\t\t\t\t\t<\/div>\n\t\t\t\t<\/div>\n\t\t\t\t<\/div>\n\t\t<div class=\"elementor-element elementor-element-4a46ef99 e-con-full e-flex e-con e-child\" data-id=\"4a46ef99\" data-element_type=\"container\" data-e-type=\"container\">\n\t\t\t\t<div class=\"elementor-element elementor-element-4284cc7f wd-width-100 elementor-widget elementor-widget-wd_title\" data-id=\"4284cc7f\" data-element_type=\"widget\" data-e-type=\"widget\" data-widget_type=\"wd_title.default\">\n\t\t\t\t<div class=\"elementor-widget-container\">\n\t\t\t\t\t\t\t<div class=\"title-wrapper wd-set-mb reset-last-child wd-title-color-default wd-title-style-bordered wd-title-size-large text-center\">\n\n\t\t\t\t\t\t\t\t\t\t\t<div class=\"title-subtitle subtitle-color-default subtitle-style-default wd-fontsize-xs\">\n\t\t\t\t\tBarbecue\t\t\t\t<\/div>\n\t\t\t\n\t\t\t<div class=\"liner-continer\">\n\t\t\t\t<h4 class=\"woodmart-title-container title wd-fontsize-xxl\">BONBIZA OPEN<\/h4> \n\t\t\t\t\t\t\t<\/div>\n\n\t\t\t\t\t<\/div>\n\t\t\t\t\t\t<\/div>\n\t\t\t\t<\/div>\n\t\t\t\t<div class=\"elementor-element elementor-element-7f77809 elementor-widget elementor-widget-image\" data-id=\"7f77809\" data-element_type=\"widget\" data-e-type=\"widget\" data-widget_type=\"image.default\">\n\t\t\t\t<div class=\"elementor-widget-container\">\n\t\t\t\t\t\t\t\t\t\t\t\t\t\t\t\t<a href=\"https:\/\/www.lavillagardendesign.com\/fr\/produit\/bonbiza-open-barbecue-au-feu-de-bois\/\">\n\t\t\t\t\t\t\t<img loading=\"lazy\" decoding=\"async\" width=\"1280\" height=\"800\" src=\"https:\/\/www.lavillagardendesign.com\/wp-content\/uploads\/2025\/05\/Photo-collections-VONDOM-1280x800.jpg\" class=\"attachment-large size-large wp-image-54143\" alt=\"\" srcset=\"https:\/\/www.lavillagardendesign.com\/wp-content\/uploads\/2025\/05\/Photo-collections-VONDOM-1280x800.jpg 1280w, https:\/\/www.lavillagardendesign.com\/wp-content\/uploads\/2025\/05\/Photo-collections-VONDOM-600x375.jpg 600w, https:\/\/www.lavillagardendesign.com\/wp-content\/uploads\/2025\/05\/Photo-collections-VONDOM-300x188.jpg 300w, https:\/\/www.lavillagardendesign.com\/wp-content\/uploads\/2025\/05\/Photo-collections-VONDOM-1200x750.jpg 1200w, https:\/\/www.lavillagardendesign.com\/wp-content\/uploads\/2025\/05\/Photo-collections-VONDOM-400x250.jpg 400w, https:\/\/www.lavillagardendesign.com\/wp-content\/uploads\/2025\/05\/Photo-collections-VONDOM-768x480.jpg 768w, https:\/\/www.lavillagardendesign.com\/wp-content\/uploads\/2025\/05\/Photo-collections-VONDOM-1536x960.jpg 1536w, https:\/\/www.lavillagardendesign.com\/wp-content\/uploads\/2025\/05\/Photo-collections-VONDOM.jpg 1600w\" sizes=\"auto, (max-width: 1280px) 100vw, 1280px\" \/>\t\t\t\t\t\t\t\t<\/a>\n\t\t\t\t\t\t\t\t\t\t\t\t\t\t\t<\/div>\n\t\t\t\t<\/div>\n\t\t\t\t<div class=\"elementor-element elementor-element-b461ba5 elementor-widget__width-initial elementor-align-justify elementor-widget-tablet__width-initial elementor-widget elementor-widget-button\" data-id=\"b461ba5\" data-element_type=\"widget\" data-e-type=\"widget\" data-widget_type=\"button.default\">\n\t\t\t\t<div class=\"elementor-widget-container\">\n\t\t\t\t\t\t\t\t\t<div class=\"elementor-button-wrapper\">\n\t\t\t\t\t<a class=\"elementor-button elementor-button-link elementor-size-sm\" href=\"https:\/\/www.lavillagardendesign.com\/fr\/produit\/bonbiza-open-barbecue-au-feu-de-bois\/\">\n\t\t\t\t\t\t<span class=\"elementor-button-content-wrapper\">\n\t\t\t\t\t\t\t\t\t<span class=\"elementor-button-text\">D\u00e9couvrez le produit<\/span>\n\t\t\t\t\t<\/span>\n\t\t\t\t\t<\/a>\n\t\t\t\t<\/div>\n\t\t\t\t\t\t\t\t<\/div>\n\t\t\t\t<\/div>\n\t\t\t\t<\/div>\n\t\t<div class=\"elementor-element elementor-element-269a939d e-con-full e-flex e-con e-child\" data-id=\"269a939d\" data-element_type=\"container\" data-e-type=\"container\">\n\t\t\t\t<div class=\"elementor-element elementor-element-386fc410 wd-width-100 elementor-widget elementor-widget-wd_title\" data-id=\"386fc410\" data-element_type=\"widget\" data-e-type=\"widget\" data-widget_type=\"wd_title.default\">\n\t\t\t\t<div class=\"elementor-widget-container\">\n\t\t\t\t\t\t\t<div class=\"title-wrapper wd-set-mb reset-last-child wd-title-color-default wd-title-style-bordered wd-title-size-large text-center\">\n\n\t\t\t\t\t\t\t\t\t\t\t<div class=\"title-subtitle subtitle-color-default subtitle-style-default wd-fontsize-xs\">\n\t\t\t\t\tBarbecue\t\t\t\t<\/div>\n\t\t\t\n\t\t\t<div class=\"liner-continer\">\n\t\t\t\t<h4 class=\"woodmart-title-container title wd-fontsize-xxl\">BONFEU 80<\/h4> \n\t\t\t\t\t\t\t<\/div>\n\n\t\t\t\t\t<\/div>\n\t\t\t\t\t\t<\/div>\n\t\t\t\t<\/div>\n\t\t\t\t<div class=\"elementor-element elementor-element-13e1ca1b elementor-widget elementor-widget-image\" data-id=\"13e1ca1b\" data-element_type=\"widget\" data-e-type=\"widget\" data-widget_type=\"image.default\">\n\t\t\t\t<div class=\"elementor-widget-container\">\n\t\t\t\t\t\t\t\t\t\t\t\t\t\t\t\t<a href=\"https:\/\/www.lavillagardendesign.com\/fr\/produit\/bonfeu-80-support-de-plancha\/\">\n\t\t\t\t\t\t\t<img loading=\"lazy\" decoding=\"async\" width=\"1280\" height=\"800\" src=\"https:\/\/www.lavillagardendesign.com\/wp-content\/uploads\/2025\/05\/bonfeu-1280x800.jpg\" class=\"attachment-large size-large wp-image-54149\" alt=\"\" srcset=\"https:\/\/www.lavillagardendesign.com\/wp-content\/uploads\/2025\/05\/bonfeu-1280x800.jpg 1280w, https:\/\/www.lavillagardendesign.com\/wp-content\/uploads\/2025\/05\/bonfeu-600x375.jpg 600w, https:\/\/www.lavillagardendesign.com\/wp-content\/uploads\/2025\/05\/bonfeu-300x188.jpg 300w, https:\/\/www.lavillagardendesign.com\/wp-content\/uploads\/2025\/05\/bonfeu-1200x750.jpg 1200w, https:\/\/www.lavillagardendesign.com\/wp-content\/uploads\/2025\/05\/bonfeu-400x250.jpg 400w, https:\/\/www.lavillagardendesign.com\/wp-content\/uploads\/2025\/05\/bonfeu-768x480.jpg 768w, https:\/\/www.lavillagardendesign.com\/wp-content\/uploads\/2025\/05\/bonfeu-1536x960.jpg 1536w, https:\/\/www.lavillagardendesign.com\/wp-content\/uploads\/2025\/05\/bonfeu.jpg 1600w\" sizes=\"auto, (max-width: 1280px) 100vw, 1280px\" \/>\t\t\t\t\t\t\t\t<\/a>\n\t\t\t\t\t\t\t\t\t\t\t\t\t\t\t<\/div>\n\t\t\t\t<\/div>\n\t\t\t\t<div class=\"elementor-element elementor-element-77018f24 elementor-widget__width-initial elementor-align-justify elementor-widget-tablet__width-initial elementor-widget elementor-widget-button\" data-id=\"77018f24\" data-element_type=\"widget\" data-e-type=\"widget\" data-widget_type=\"button.default\">\n\t\t\t\t<div class=\"elementor-widget-container\">\n\t\t\t\t\t\t\t\t\t<div class=\"elementor-button-wrapper\">\n\t\t\t\t\t<a class=\"elementor-button elementor-button-link elementor-size-sm\" href=\"https:\/\/www.lavillagardendesign.com\/fr\/produit\/bonfeu-80-support-de-plancha\/\">\n\t\t\t\t\t\t<span class=\"elementor-button-content-wrapper\">\n\t\t\t\t\t\t\t\t\t<span class=\"elementor-button-text\">D\u00e9couvrez le produit<\/span>\n\t\t\t\t\t<\/span>\n\t\t\t\t\t<\/a>\n\t\t\t\t<\/div>\n\t\t\t\t\t\t\t\t<\/div>\n\t\t\t\t<\/div>\n\t\t\t\t<\/div>\n\t\t<div class=\"elementor-element elementor-element-88913f5 e-con-full e-flex e-con e-child\" data-id=\"88913f5\" data-element_type=\"container\" data-e-type=\"container\">\n\t\t\t\t<div class=\"elementor-element elementor-element-404ccf78 wd-width-100 elementor-widget elementor-widget-wd_title\" data-id=\"404ccf78\" data-element_type=\"widget\" data-e-type=\"widget\" data-widget_type=\"wd_title.default\">\n\t\t\t\t<div class=\"elementor-widget-container\">\n\t\t\t\t\t\t\t<div class=\"title-wrapper wd-set-mb reset-last-child wd-title-color-default wd-title-style-bordered wd-title-size-large text-center\">\n\n\t\t\t\t\t\t\t\t\t\t\t<div class=\"title-subtitle subtitle-color-default subtitle-style-default wd-fontsize-xs\">\n\t\t\t\t\tBarbecue\t\t\t\t<\/div>\n\t\t\t\n\t\t\t<div class=\"liner-continer\">\n\t\t\t\t<h4 class=\"woodmart-title-container title wd-fontsize-xxl\">BONPIZZA<\/h4> \n\t\t\t\t\t\t\t<\/div>\n\n\t\t\t\t\t<\/div>\n\t\t\t\t\t\t<\/div>\n\t\t\t\t<\/div>\n\t\t\t\t<div class=\"elementor-element elementor-element-6235fbcb elementor-widget elementor-widget-image\" data-id=\"6235fbcb\" data-element_type=\"widget\" data-e-type=\"widget\" data-widget_type=\"image.default\">\n\t\t\t\t<div class=\"elementor-widget-container\">\n\t\t\t\t\t\t\t\t\t\t\t\t\t\t\t\t<a href=\"https:\/\/www.lavillagardendesign.com\/fr\/produit\/bonpizza-four-pierre-a-pizza\/\">\n\t\t\t\t\t\t\t<img loading=\"lazy\" decoding=\"async\" width=\"1280\" height=\"800\" src=\"https:\/\/www.lavillagardendesign.com\/wp-content\/uploads\/2025\/05\/Photo-collections-VONDOM-1-1280x800.jpg\" class=\"attachment-large size-large wp-image-54152\" alt=\"\" srcset=\"https:\/\/www.lavillagardendesign.com\/wp-content\/uploads\/2025\/05\/Photo-collections-VONDOM-1-1280x800.jpg 1280w, https:\/\/www.lavillagardendesign.com\/wp-content\/uploads\/2025\/05\/Photo-collections-VONDOM-1-600x375.jpg 600w, https:\/\/www.lavillagardendesign.com\/wp-content\/uploads\/2025\/05\/Photo-collections-VONDOM-1-300x188.jpg 300w, https:\/\/www.lavillagardendesign.com\/wp-content\/uploads\/2025\/05\/Photo-collections-VONDOM-1-1200x750.jpg 1200w, https:\/\/www.lavillagardendesign.com\/wp-content\/uploads\/2025\/05\/Photo-collections-VONDOM-1-400x250.jpg 400w, https:\/\/www.lavillagardendesign.com\/wp-content\/uploads\/2025\/05\/Photo-collections-VONDOM-1-768x480.jpg 768w, https:\/\/www.lavillagardendesign.com\/wp-content\/uploads\/2025\/05\/Photo-collections-VONDOM-1-1536x960.jpg 1536w, https:\/\/www.lavillagardendesign.com\/wp-content\/uploads\/2025\/05\/Photo-collections-VONDOM-1.jpg 1600w\" sizes=\"auto, (max-width: 1280px) 100vw, 1280px\" \/>\t\t\t\t\t\t\t\t<\/a>\n\t\t\t\t\t\t\t\t\t\t\t\t\t\t\t<\/div>\n\t\t\t\t<\/div>\n\t\t\t\t<div class=\"elementor-element elementor-element-1acc1ce0 elementor-widget__width-initial elementor-align-justify elementor-widget-tablet__width-initial elementor-widget elementor-widget-button\" data-id=\"1acc1ce0\" data-element_type=\"widget\" data-e-type=\"widget\" data-widget_type=\"button.default\">\n\t\t\t\t<div class=\"elementor-widget-container\">\n\t\t\t\t\t\t\t\t\t<div class=\"elementor-button-wrapper\">\n\t\t\t\t\t<a class=\"elementor-button elementor-button-link elementor-size-sm\" href=\"https:\/\/www.lavillagardendesign.com\/fr\/produit\/bonpizza-four-pierre-a-pizza\/\">\n\t\t\t\t\t\t<span class=\"elementor-button-content-wrapper\">\n\t\t\t\t\t\t\t\t\t<span class=\"elementor-button-text\">D\u00e9couvrez le produit<\/span>\n\t\t\t\t\t<\/span>\n\t\t\t\t\t<\/a>\n\t\t\t\t<\/div>\n\t\t\t\t\t\t\t\t<\/div>\n\t\t\t\t<\/div>\n\t\t\t\t<\/div>\n\t\t<div class=\"elementor-element elementor-element-1a285233 e-con-full e-flex e-con e-child\" data-id=\"1a285233\" data-element_type=\"container\" data-e-type=\"container\">\n\t\t\t\t<div class=\"elementor-element elementor-element-ad0afae wd-width-100 elementor-widget elementor-widget-wd_title\" data-id=\"ad0afae\" data-element_type=\"widget\" data-e-type=\"widget\" data-widget_type=\"wd_title.default\">\n\t\t\t\t<div class=\"elementor-widget-container\">\n\t\t\t\t\t\t\t<div class=\"title-wrapper wd-set-mb reset-last-child wd-title-color-default wd-title-style-bordered wd-title-size-large text-center\">\n\n\t\t\t\t\t\t\t\t\t\t\t<div class=\"title-subtitle subtitle-color-default subtitle-style-default wd-fontsize-xs\">\n\t\t\t\t\tBarbecue\t\t\t\t<\/div>\n\t\t\t\n\t\t\t<div class=\"liner-continer\">\n\t\t\t\t<h4 class=\"woodmart-title-container title wd-fontsize-xxl\">TAHUNA 4<\/h4> \n\t\t\t\t\t\t\t<\/div>\n\n\t\t\t\t\t<\/div>\n\t\t\t\t\t\t<\/div>\n\t\t\t\t<\/div>\n\t\t\t\t<div class=\"elementor-element elementor-element-73cc7bbd elementor-widget elementor-widget-image\" data-id=\"73cc7bbd\" data-element_type=\"widget\" data-e-type=\"widget\" data-widget_type=\"image.default\">\n\t\t\t\t<div class=\"elementor-widget-container\">\n\t\t\t\t\t\t\t\t\t\t\t\t\t\t\t\t<a href=\"https:\/\/www.lavillagardendesign.com\/fr\/produit\/tahuna-4-barbecue-a-gaz-avec-chariot\/\">\n\t\t\t\t\t\t\t<img loading=\"lazy\" decoding=\"async\" width=\"1280\" height=\"800\" src=\"https:\/\/www.lavillagardendesign.com\/wp-content\/uploads\/2025\/05\/tahuna-1280x800.jpg\" class=\"attachment-large size-large wp-image-54162\" alt=\"\" srcset=\"https:\/\/www.lavillagardendesign.com\/wp-content\/uploads\/2025\/05\/tahuna-1280x800.jpg 1280w, https:\/\/www.lavillagardendesign.com\/wp-content\/uploads\/2025\/05\/tahuna-600x375.jpg 600w, https:\/\/www.lavillagardendesign.com\/wp-content\/uploads\/2025\/05\/tahuna-300x188.jpg 300w, https:\/\/www.lavillagardendesign.com\/wp-content\/uploads\/2025\/05\/tahuna-1200x750.jpg 1200w, https:\/\/www.lavillagardendesign.com\/wp-content\/uploads\/2025\/05\/tahuna-400x250.jpg 400w, https:\/\/www.lavillagardendesign.com\/wp-content\/uploads\/2025\/05\/tahuna-768x480.jpg 768w, https:\/\/www.lavillagardendesign.com\/wp-content\/uploads\/2025\/05\/tahuna-1536x960.jpg 1536w, https:\/\/www.lavillagardendesign.com\/wp-content\/uploads\/2025\/05\/tahuna.jpg 1600w\" sizes=\"auto, (max-width: 1280px) 100vw, 1280px\" \/>\t\t\t\t\t\t\t\t<\/a>\n\t\t\t\t\t\t\t\t\t\t\t\t\t\t\t<\/div>\n\t\t\t\t<\/div>\n\t\t\t\t<div class=\"elementor-element elementor-element-7057ba09 elementor-widget__width-initial elementor-align-justify elementor-widget-tablet__width-initial elementor-widget elementor-widget-button\" data-id=\"7057ba09\" data-element_type=\"widget\" data-e-type=\"widget\" data-widget_type=\"button.default\">\n\t\t\t\t<div class=\"elementor-widget-container\">\n\t\t\t\t\t\t\t\t\t<div class=\"elementor-button-wrapper\">\n\t\t\t\t\t<a class=\"elementor-button elementor-button-link elementor-size-sm\" href=\"https:\/\/www.lavillagardendesign.com\/fr\/produit\/tahuna-4-barbecue-a-gaz-avec-chariot\/\">\n\t\t\t\t\t\t<span class=\"elementor-button-content-wrapper\">\n\t\t\t\t\t\t\t\t\t<span class=\"elementor-button-text\">D\u00e9couvrez le produit<\/span>\n\t\t\t\t\t<\/span>\n\t\t\t\t\t<\/a>\n\t\t\t\t<\/div>\n\t\t\t\t\t\t\t\t<\/div>\n\t\t\t\t<\/div>\n\t\t\t\t<\/div>\n\t\t\t\t\t<\/div>\n\t\t\t\t<\/div>\n\t\t<div class=\"elementor-element elementor-element-2f134d4 wd-section-stretch e-flex e-con-boxed e-con e-parent\" data-id=\"2f134d4\" data-element_type=\"container\" data-e-type=\"container\">\n\t\t\t\t\t<div class=\"e-con-inner\">\n\t\t<div class=\"elementor-element elementor-element-3011458 e-con-full e-flex e-con e-child\" data-id=\"3011458\" data-element_type=\"container\" data-e-type=\"container\" data-settings=\"{&quot;background_background&quot;:&quot;classic&quot;}\">\n\t\t\t\t<div class=\"elementor-element elementor-element-b78edbe color-scheme-inherit text-left elementor-widget elementor-widget-text-editor\" data-id=\"b78edbe\" data-element_type=\"widget\" data-e-type=\"widget\" data-widget_type=\"text-editor.default\">\n\t\t\t\t<div class=\"elementor-widget-container\">\n\t\t\t\t\t\t\t\t\t<p><b>Gastronomie en Plein Air : L\u2019Art du \u201cShowcooking\u201d<\/b><\/p><p><b>Le C\u0153ur de vos R\u00e9unions Sociales<\/b><br \/>Dans l\u2019art de vivre m\u00e9diterran\u00e9en, la cuisine ne se cache pas ; elle se c\u00e9l\u00e8bre. Notre s\u00e9lection de barbecues et de cuisines d\u2019ext\u00e9rieur est con\u00e7ue pour faire de l\u2019h\u00f4te le protagoniste. Nous proposons des \u00e9quipements haute performance \u2014 des puissants grils \u00e0 gaz aux kamados en c\u00e9ramique au charbon \u2014 qui allient la pr\u00e9cision d\u2019une cuisine professionnelle \u00e0 une esth\u00e9tique impeccable. Ces pi\u00e8ces sont le compl\u00e9ment naturel de nos <a href=\"https:\/\/www.lavillagardendesign.com\/fr\/categorie-produit\/tables-fr\/tables-repas\/\"><b>Tables de Repas<\/b><\/a>, vous permettant de servir vos cr\u00e9ations directement du feu \u00e0 la table, cr\u00e9ant une exp\u00e9rience culinaire fluide et sophistiqu\u00e9e.<\/p><p><b>Acier Inoxydable et R\u00e9sistance Marine<\/b><br \/>La durabilit\u00e9 est non n\u00e9gociable lorsqu\u2019il s\u2019agit de feu et d\u2019ext\u00e9rieur. Nos cuisines modulables sont fabriqu\u00e9es avec des mat\u00e9riaux nobles comme l\u2019acier inoxydable de qualit\u00e9 marine (304 ou 316), r\u00e9sistants \u00e0 la corrosion m\u00eame en bord de mer sur la Costa Brava ou \u00e0 Ibiza. Pour cr\u00e9er un espace de cuisine fonctionnel 365 jours par an, nous vous recommandons d\u2019installer votre unit\u00e9 sous l\u2019une de nos\u00a0<a href=\"https:\/\/www.lavillagardendesign.com\/fr\/categorie-produit\/pergolas-fr\/\"><b>Pergolas Bioclimatiques<\/b><\/a>\u00a0et de l\u2019accompagner d\u2019un comptoir avec des\u00a0<a href=\"https:\/\/www.lavillagardendesign.com\/fr\/categorie-produit\/chaises\/chaises-hautes\/\"><b>Tabourets de Bar<\/b><\/a>, invitant vos convives \u00e0 prendre l\u2019ap\u00e9ritif pendant que vous cuisinez.<\/p>\t\t\t\t\t\t\t\t<\/div>\n\t\t\t\t<\/div>\n\t\t\t\t<\/div>\n\t\t\t\t\t<\/div>\n\t\t\t\t<\/div>\n\t\t\t\t<\/div>\n\t\t","protected":false},"excerpt":{"rendered":"<p>La Villa Garden&amp;Design Barbecue Barbecue COLIMA D\u00e9couvrez le produit Barbecue KAMADO 55 Discover the product Barbecue COLIMA Discover the product<\/p>\n","protected":false},"author":1,"featured_media":0,"parent":0,"menu_order":0,"comment_status":"closed","ping_status":"closed","template":"","meta":{"footnotes":""},"class_list":["post-54173","page","type-page","status-publish","hentry"],"yoast_head":"<!-- This site is optimized with the Yoast SEO plugin v27.4 - https:\/\/yoast.com\/product\/yoast-seo-wordpress\/ -->\n<title>BARBECUE - La Villa Garden&amp;Design<\/title>\n<meta name=\"robots\" content=\"index, follow, max-snippet:-1, max-image-preview:large, max-video-preview:-1\" \/>\n<link rel=\"canonical\" href=\"https:\/\/www.lavillagardendesign.com\/barbecue\/\" \/>\n<meta property=\"og:locale\" content=\"fr_FR\" \/>\n<meta property=\"og:type\" content=\"article\" \/>\n<meta property=\"og:title\" content=\"BARBECUE - La Villa Garden&amp;Design\" \/>\n<meta property=\"og:description\" content=\"La Villa Garden&amp;Design Barbecue Barbecue COLIMA D\u00e9couvrez le produit Barbecue KAMADO 55 Discover the product Barbecue COLIMA Discover the product\" \/>\n<meta property=\"og:url\" content=\"https:\/\/www.lavillagardendesign.com\/barbecue\/\" \/>\n<meta property=\"og:site_name\" content=\"La Villa Garden&amp;Design\" \/>\n<meta property=\"article:publisher\" content=\"https:\/\/www.facebook.com\/lavillagardendesign\/\" \/>\n<meta property=\"article:modified_time\" content=\"2026-01-21T19:03:49+00:00\" \/>\n<meta property=\"og:image\" content=\"https:\/\/www.lavillagardendesign.com\/wp-content\/uploads\/2025\/06\/2-1-1.jpg\" \/>\n\t<meta property=\"og:image:width\" content=\"1600\" \/>\n\t<meta property=\"og:image:height\" content=\"1000\" \/>\n\t<meta property=\"og:image:type\" content=\"image\/jpeg\" \/>\n<meta name=\"twitter:card\" content=\"summary_large_image\" \/>\n<meta name=\"twitter:label1\" content=\"Dur\u00e9e de lecture estim\u00e9e\" \/>\n\t<meta name=\"twitter:data1\" content=\"4 minutes\" \/>\n<script type=\"application\/ld+json\" class=\"yoast-schema-graph\">{\"@context\":\"https:\\\/\\\/schema.org\",\"@graph\":[{\"@type\":\"WebPage\",\"@id\":\"https:\\\/\\\/www.lavillagardendesign.com\\\/barbecue\\\/\",\"url\":\"https:\\\/\\\/www.lavillagardendesign.com\\\/barbecue\\\/\",\"name\":\"BARBECUE - La Villa Garden&amp;Design\",\"isPartOf\":{\"@id\":\"https:\\\/\\\/www.lavillagardendesign.com\\\/#website\"},\"primaryImageOfPage\":{\"@id\":\"https:\\\/\\\/www.lavillagardendesign.com\\\/barbecue\\\/#primaryimage\"},\"image\":{\"@id\":\"https:\\\/\\\/www.lavillagardendesign.com\\\/barbecue\\\/#primaryimage\"},\"thumbnailUrl\":\"https:\\\/\\\/www.lavillagardendesign.com\\\/wp-content\\\/uploads\\\/2025\\\/06\\\/2-1-1-1280x800.jpg\",\"datePublished\":\"2025-05-15T08:52:01+00:00\",\"dateModified\":\"2026-01-21T19:03:49+00:00\",\"breadcrumb\":{\"@id\":\"https:\\\/\\\/www.lavillagardendesign.com\\\/barbecue\\\/#breadcrumb\"},\"inLanguage\":\"fr-FR\",\"potentialAction\":[{\"@type\":\"ReadAction\",\"target\":[\"https:\\\/\\\/www.lavillagardendesign.com\\\/barbecue\\\/\"]}]},{\"@type\":\"ImageObject\",\"inLanguage\":\"fr-FR\",\"@id\":\"https:\\\/\\\/www.lavillagardendesign.com\\\/barbecue\\\/#primaryimage\",\"url\":\"https:\\\/\\\/www.lavillagardendesign.com\\\/wp-content\\\/uploads\\\/2025\\\/06\\\/2-1-1-1280x800.jpg\",\"contentUrl\":\"https:\\\/\\\/www.lavillagardendesign.com\\\/wp-content\\\/uploads\\\/2025\\\/06\\\/2-1-1-1280x800.jpg\"},{\"@type\":\"BreadcrumbList\",\"@id\":\"https:\\\/\\\/www.lavillagardendesign.com\\\/barbecue\\\/#breadcrumb\",\"itemListElement\":[{\"@type\":\"ListItem\",\"position\":1,\"name\":\"Home\",\"item\":\"https:\\\/\\\/www.lavillagardendesign.com\\\/\"},{\"@type\":\"ListItem\",\"position\":2,\"name\":\"BARBECUE\"}]},{\"@type\":\"WebSite\",\"@id\":\"https:\\\/\\\/www.lavillagardendesign.com\\\/#website\",\"url\":\"https:\\\/\\\/www.lavillagardendesign.com\\\/\",\"name\":\"La Villa Garden&Design\",\"description\":\"\",\"publisher\":{\"@id\":\"https:\\\/\\\/www.lavillagardendesign.com\\\/#organization\"},\"potentialAction\":[{\"@type\":\"SearchAction\",\"target\":{\"@type\":\"EntryPoint\",\"urlTemplate\":\"https:\\\/\\\/www.lavillagardendesign.com\\\/?s={search_term_string}\"},\"query-input\":{\"@type\":\"PropertyValueSpecification\",\"valueRequired\":true,\"valueName\":\"search_term_string\"}}],\"inLanguage\":\"fr-FR\"},{\"@type\":\"Organization\",\"@id\":\"https:\\\/\\\/www.lavillagardendesign.com\\\/#organization\",\"name\":\"La Villa Garden&Design\",\"url\":\"https:\\\/\\\/www.lavillagardendesign.com\\\/\",\"logo\":{\"@type\":\"ImageObject\",\"inLanguage\":\"fr-FR\",\"@id\":\"https:\\\/\\\/www.lavillagardendesign.com\\\/#\\\/schema\\\/logo\\\/image\\\/\",\"url\":\"https:\\\/\\\/www.lavillagardendesign.com\\\/wp-content\\\/uploads\\\/2024\\\/04\\\/logolavilla.png\",\"contentUrl\":\"https:\\\/\\\/www.lavillagardendesign.com\\\/wp-content\\\/uploads\\\/2024\\\/04\\\/logolavilla.png\",\"width\":682,\"height\":391,\"caption\":\"La Villa Garden&Design\"},\"image\":{\"@id\":\"https:\\\/\\\/www.lavillagardendesign.com\\\/#\\\/schema\\\/logo\\\/image\\\/\"},\"sameAs\":[\"https:\\\/\\\/www.facebook.com\\\/lavillagardendesign\\\/\"]}]}<\/script>\n<!-- \/ Yoast SEO plugin. -->","yoast_head_json":{"title":"BARBECUE - La Villa Garden&amp;Design","robots":{"index":"index","follow":"follow","max-snippet":"max-snippet:-1","max-image-preview":"max-image-preview:large","max-video-preview":"max-video-preview:-1"},"canonical":"https:\/\/www.lavillagardendesign.com\/barbecue\/","og_locale":"fr_FR","og_type":"article","og_title":"BARBECUE - La Villa Garden&amp;Design","og_description":"La Villa Garden&amp;Design Barbecue Barbecue COLIMA D\u00e9couvrez le produit Barbecue KAMADO 55 Discover the product Barbecue COLIMA Discover the product","og_url":"https:\/\/www.lavillagardendesign.com\/barbecue\/","og_site_name":"La Villa Garden&amp;Design","article_publisher":"https:\/\/www.facebook.com\/lavillagardendesign\/","article_modified_time":"2026-01-21T19:03:49+00:00","og_image":[{"width":1600,"height":1000,"url":"https:\/\/www.lavillagardendesign.com\/wp-content\/uploads\/2025\/06\/2-1-1.jpg","type":"image\/jpeg"}],"twitter_card":"summary_large_image","twitter_misc":{"Dur\u00e9e de lecture estim\u00e9e":"4 minutes"},"schema":{"@context":"https:\/\/schema.org","@graph":[{"@type":"WebPage","@id":"https:\/\/www.lavillagardendesign.com\/barbecue\/","url":"https:\/\/www.lavillagardendesign.com\/barbecue\/","name":"BARBECUE - La Villa Garden&amp;Design","isPartOf":{"@id":"https:\/\/www.lavillagardendesign.com\/#website"},"primaryImageOfPage":{"@id":"https:\/\/www.lavillagardendesign.com\/barbecue\/#primaryimage"},"image":{"@id":"https:\/\/www.lavillagardendesign.com\/barbecue\/#primaryimage"},"thumbnailUrl":"https:\/\/www.lavillagardendesign.com\/wp-content\/uploads\/2025\/06\/2-1-1-1280x800.jpg","datePublished":"2025-05-15T08:52:01+00:00","dateModified":"2026-01-21T19:03:49+00:00","breadcrumb":{"@id":"https:\/\/www.lavillagardendesign.com\/barbecue\/#breadcrumb"},"inLanguage":"fr-FR","potentialAction":[{"@type":"ReadAction","target":["https:\/\/www.lavillagardendesign.com\/barbecue\/"]}]},{"@type":"ImageObject","inLanguage":"fr-FR","@id":"https:\/\/www.lavillagardendesign.com\/barbecue\/#primaryimage","url":"https:\/\/www.lavillagardendesign.com\/wp-content\/uploads\/2025\/06\/2-1-1-1280x800.jpg","contentUrl":"https:\/\/www.lavillagardendesign.com\/wp-content\/uploads\/2025\/06\/2-1-1-1280x800.jpg"},{"@type":"BreadcrumbList","@id":"https:\/\/www.lavillagardendesign.com\/barbecue\/#breadcrumb","itemListElement":[{"@type":"ListItem","position":1,"name":"Home","item":"https:\/\/www.lavillagardendesign.com\/"},{"@type":"ListItem","position":2,"name":"BARBECUE"}]},{"@type":"WebSite","@id":"https:\/\/www.lavillagardendesign.com\/#website","url":"https:\/\/www.lavillagardendesign.com\/","name":"La Villa Garden&Design","description":"","publisher":{"@id":"https:\/\/www.lavillagardendesign.com\/#organization"},"potentialAction":[{"@type":"SearchAction","target":{"@type":"EntryPoint","urlTemplate":"https:\/\/www.lavillagardendesign.com\/?s={search_term_string}"},"query-input":{"@type":"PropertyValueSpecification","valueRequired":true,"valueName":"search_term_string"}}],"inLanguage":"fr-FR"},{"@type":"Organization","@id":"https:\/\/www.lavillagardendesign.com\/#organization","name":"La Villa Garden&Design","url":"https:\/\/www.lavillagardendesign.com\/","logo":{"@type":"ImageObject","inLanguage":"fr-FR","@id":"https:\/\/www.lavillagardendesign.com\/#\/schema\/logo\/image\/","url":"https:\/\/www.lavillagardendesign.com\/wp-content\/uploads\/2024\/04\/logolavilla.png","contentUrl":"https:\/\/www.lavillagardendesign.com\/wp-content\/uploads\/2024\/04\/logolavilla.png","width":682,"height":391,"caption":"La Villa Garden&Design"},"image":{"@id":"https:\/\/www.lavillagardendesign.com\/#\/schema\/logo\/image\/"},"sameAs":["https:\/\/www.facebook.com\/lavillagardendesign\/"]}]}},"_links":{"self":[{"href":"https:\/\/www.lavillagardendesign.com\/fr\/wp-json\/wp\/v2\/pages\/54173","targetHints":{"allow":["GET"]}}],"collection":[{"href":"https:\/\/www.lavillagardendesign.com\/fr\/wp-json\/wp\/v2\/pages"}],"about":[{"href":"https:\/\/www.lavillagardendesign.com\/fr\/wp-json\/wp\/v2\/types\/page"}],"author":[{"embeddable":true,"href":"https:\/\/www.lavillagardendesign.com\/fr\/wp-json\/wp\/v2\/users\/1"}],"replies":[{"embeddable":true,"href":"https:\/\/www.lavillagardendesign.com\/fr\/wp-json\/wp\/v2\/comments?post=54173"}],"version-history":[{"count":35,"href":"https:\/\/www.lavillagardendesign.com\/fr\/wp-json\/wp\/v2\/pages\/54173\/revisions"}],"predecessor-version":[{"id":60575,"href":"https:\/\/www.lavillagardendesign.com\/fr\/wp-json\/wp\/v2\/pages\/54173\/revisions\/60575"}],"wp:attachment":[{"href":"https:\/\/www.lavillagardendesign.com\/fr\/wp-json\/wp\/v2\/media?parent=54173"}],"curies":[{"name":"wp","href":"https:\/\/api.w.org\/{rel}","templated":true}]}}