{"id":45089,"date":"2024-10-03T14:35:05","date_gmt":"2024-10-03T12:35:05","guid":{"rendered":"https:\/\/www.lavillagardendesign.com\/politique-de-confidentialite-et-de-gestion-des-cookies\/"},"modified":"2025-03-02T18:51:36","modified_gmt":"2025-03-02T16:51:36","slug":"politique-de-confidentialite-et-de-gestion-des-cookies","status":"publish","type":"page","link":"https:\/\/www.lavillagardendesign.com\/fr\/politique-de-confidentialite-et-de-gestion-des-cookies\/","title":{"rendered":"Politique de Confidentialit\u00e9 et de Gestion des Cookies"},"content":{"rendered":"\t\t<div data-elementor-type=\"wp-page\" data-elementor-id=\"45089\" class=\"elementor elementor-45089 elementor-45080\" data-elementor-post-type=\"page\">\n\t\t\t\t<div class=\"elementor-element elementor-element-6f804001 e-flex e-con-boxed e-con e-parent\" data-id=\"6f804001\" data-element_type=\"container\" data-e-type=\"container\">\n\t\t\t\t\t<div class=\"e-con-inner\">\n\t\t\t\t<div class=\"elementor-element elementor-element-1e20aaad wd-width-100 elementor-widget elementor-widget-wd_title\" data-id=\"1e20aaad\" data-element_type=\"widget\" data-e-type=\"widget\" data-widget_type=\"wd_title.default\">\n\t\t\t\t<div class=\"elementor-widget-container\">\n\t\t\t\t\t\t\t<div class=\"title-wrapper wd-set-mb reset-last-child wd-title-color-default wd-title-style-simple wd-title-size-extra-large text-left\">\n\n\t\t\t\n\t\t\t<div class=\"liner-continer\">\n\t\t\t\t<h4 class=\"woodmart-title-container title wd-fontsize-xxxl\">Politique de Confidentialit\u00e9 et de Gestion des Cookies<\/h4> \n\t\t\t\t\t\t\t<\/div>\n\n\t\t\t\t\t\t\t<div class=\"title-after_title reset-last-child wd-fontsize-s\">\n\t\t\t\t\t<p><strong>1. Introduction<\/strong><\/p><p>Nous prenons tr\u00e8s au s\u00e9rieux la protection de vos donn\u00e9es personnelles. Cette politique vise \u00e0 vous informer sur la mani\u00e8re dont nous collectons, utilisons et prot\u00e9geons vos donn\u00e9es, ainsi que sur l'utilisation des cookies sur notre site web. <\/p><p><strong>2. Conformit\u00e9 avec le GDPR et les lois locales<\/strong><\/p><p>Nous nous engageons \u00e0 respecter le r\u00e8glement g\u00e9n\u00e9ral sur la protection des donn\u00e9es (RGPD) en vigueur depuis le 25 mai 2018, ainsi que les lois locales applicables :<\/p><ul><li><strong>France<\/strong>: Nous nous conformons \u00e0 la loi sur la protection des donn\u00e9es et aux recommandations de la Commission nationale de l'informatique et des libert\u00e9s (CNIL).<\/li><li><strong>Espagne<\/strong>: Nous respectons la loi organique sur la protection des donn\u00e9es personnelles et la garantie des droits num\u00e9riques (LOPDGDD) et les directives de l'Agencia Espa\u00f1ola de Protecci\u00f3n de Datos (AEPD).<\/li><li><strong>Royaume-Uni<\/strong>: Nous nous conformons \u00e0 la loi britannique sur la protection des donn\u00e9es 2018 et aux r\u00e8gles du GDPR britannique.<\/li><\/ul><p>Vous avez des droits concernant vos donn\u00e9es personnelles, y compris :<\/p><ul><li>Le droit d'acc\u00e8s : Vous pouvez demander l'acc\u00e8s aux donn\u00e9es \u00e0 caract\u00e8re personnel que nous d\u00e9tenons.<\/li><li>Le droit de rectification : Vous pouvez demander la rectification de donn\u00e9es inexactes ou incompl\u00e8tes.<\/li><li>Le droit \u00e0 l'effacement : vous pouvez demander l'effacement de vos donn\u00e9es sous certaines conditions.<\/li><li>Le droit de limiter le traitement : Vous pouvez demander \u00e0 limiter le traitement de vos donn\u00e9es.<\/li><li>Le droit \u00e0 la portabilit\u00e9 des donn\u00e9es : Vous pouvez demander \u00e0 recevoir vos donn\u00e9es dans un format structur\u00e9, couramment utilis\u00e9 et lisible par machine.<\/li><li>Le droit d'opposition : Vous pouvez vous opposer \u00e0 tout moment au traitement de vos donn\u00e9es pour des motifs l\u00e9gitimes.<\/li><\/ul><p>Pour exercer ces droits, vous pouvez nous contacter \u00e0 l'adresse suivante : <strong>contact@lavillagardendesign.com<\/strong><\/p><p><strong>3. Utilisation de cookies<\/strong><\/p><p>Notre site utilise des cookies pour am\u00e9liorer votre exp\u00e9rience utilisateur et analyser l'utilisation du site. Un cookie est un petit fichier texte stock\u00e9 sur votre appareil lorsque vous visitez notre site. Il nous permet de vous reconna\u00eetre lors de vos visites ult\u00e9rieures.  <\/p><p><strong>3.1 Types de cookies utilis\u00e9s :<\/strong><\/p><ul><li><strong>Cookies strictement n\u00e9cessaires<\/strong>: Ces cookies sont essentiels pour vous permettre de naviguer sur le site et d'utiliser ses fonctionnalit\u00e9s.<\/li><li><strong>Cookies de performance<\/strong>: Ces cookies recueillent des informations sur la mani\u00e8re dont les visiteurs utilisent notre site, comme les pages les plus visit\u00e9es.<\/li><li><strong>Cookies de fonctionnalit\u00e9<\/strong>: Ces cookies permettent au site de se souvenir des choix que vous faites (comme votre nom d'utilisateur ou votre langue) et de fournir des fonctionnalit\u00e9s am\u00e9lior\u00e9es.<\/li><li><strong>Cookies de ciblage\/publicit\u00e9<\/strong>: Ces cookies sont utilis\u00e9s pour vous fournir des publicit\u00e9s pertinentes et pour limiter le nombre de fois que vous voyez une publicit\u00e9.<\/li><\/ul><p><strong>3.2 Gestion des cookies :<\/strong><\/p><p>Lors de votre premi\u00e8re visite sur notre site, une banni\u00e8re vous informe de l'utilisation de cookies. En poursuivant votre navigation, vous acceptez l'utilisation de ces cookies. Vous pouvez modifier vos pr\u00e9f\u00e9rences en mati\u00e8re de cookies \u00e0 tout moment dans les param\u00e8tres de votre navigateur. Veuillez noter que la d\u00e9sactivation des cookies peut affecter votre exp\u00e9rience sur notre site.   <\/p><p><strong>4. Modifications de la pr\u00e9sente politique<\/strong><\/p><p>Nous nous r\u00e9servons le droit de modifier cette politique \u00e0 tout moment. Toute modification sera publi\u00e9e sur cette page avec une date de mise \u00e0 jour. Nous vous encourageons \u00e0 consulter r\u00e9guli\u00e8rement cette page pour prendre connaissance des \u00e9ventuelles modifications.  <\/p><p><strong>5. Contact<\/strong><\/p><p>Pour toute question concernant cette politique de confidentialit\u00e9 ou notre utilisation des cookies, n'h\u00e9sitez pas \u00e0 nous contacter \u00e0 l'adresse suivante : <strong>contact@lavillagardendesign.com<\/strong><\/p>\t\t\t\t<\/div>\n\t\t\t\t\t<\/div>\n\t\t\t\t\t\t<\/div>\n\t\t\t\t<\/div>\n\t\t\t\t\t<\/div>\n\t\t\t\t<\/div>\n\t\t\t\t<\/div>\n\t\t","protected":false},"excerpt":{"rendered":"<p>Politique de Confidentialit\u00e9 et de Gestion des Cookies 1. Introduction Nous prenons tr\u00e8s au s\u00e9rieux la protection de vos donn\u00e9es<\/p>\n","protected":false},"author":1,"featured_media":0,"parent":0,"menu_order":0,"comment_status":"closed","ping_status":"closed","template":"","meta":{"footnotes":""},"class_list":["post-45089","page","type-page","status-publish","hentry"],"yoast_head":"<!-- This site is optimized with the Yoast SEO plugin v27.4 - https:\/\/yoast.com\/product\/yoast-seo-wordpress\/ -->\n<title>Politique de confidentialit\u00e9 - La Villa Garden<\/title>\n<meta name=\"description\" content=\"Consultez notre politique de confidentialit\u00e9 et de gestion des cookies \u00e0 La Villa Garden.\" \/>\n<meta name=\"robots\" content=\"index, follow, max-snippet:-1, max-image-preview:large, max-video-preview:-1\" \/>\n<link rel=\"canonical\" href=\"https:\/\/www.lavillagardendesign.com\/fr\/politique-de-confidentialite-et-de-gestion-des-cookies\/\" \/>\n<meta property=\"og:locale\" content=\"fr_FR\" \/>\n<meta property=\"og:type\" content=\"article\" \/>\n<meta property=\"og:title\" content=\"Politique de confidentialit\u00e9 - La Villa Garden\" \/>\n<meta property=\"og:description\" content=\"Consultez notre politique de confidentialit\u00e9 et de gestion des cookies \u00e0 La Villa Garden.\" \/>\n<meta property=\"og:url\" content=\"https:\/\/www.lavillagardendesign.com\/fr\/politique-de-confidentialite-et-de-gestion-des-cookies\/\" \/>\n<meta property=\"og:site_name\" content=\"La Villa Garden&amp;Design\" \/>\n<meta property=\"article:publisher\" content=\"https:\/\/www.facebook.com\/lavillagardendesign\/\" \/>\n<meta property=\"article:modified_time\" content=\"2025-03-02T16:51:36+00:00\" \/>\n<meta name=\"twitter:card\" content=\"summary_large_image\" \/>\n<meta name=\"twitter:label1\" content=\"Dur\u00e9e de lecture estim\u00e9e\" \/>\n\t<meta name=\"twitter:data1\" content=\"3 minutes\" \/>\n<script type=\"application\/ld+json\" class=\"yoast-schema-graph\">{\"@context\":\"https:\\\/\\\/schema.org\",\"@graph\":[{\"@type\":\"WebPage\",\"@id\":\"https:\\\/\\\/www.lavillagardendesign.com\\\/fr\\\/politique-de-confidentialite-et-de-gestion-des-cookies\\\/\",\"url\":\"https:\\\/\\\/www.lavillagardendesign.com\\\/fr\\\/politique-de-confidentialite-et-de-gestion-des-cookies\\\/\",\"name\":\"Politique de confidentialit\u00e9 - La Villa Garden\",\"isPartOf\":{\"@id\":\"https:\\\/\\\/www.lavillagardendesign.com\\\/#website\"},\"datePublished\":\"2024-10-03T12:35:05+00:00\",\"dateModified\":\"2025-03-02T16:51:36+00:00\",\"description\":\"Consultez notre politique de confidentialit\u00e9 et de gestion des cookies \u00e0 La Villa Garden.\",\"breadcrumb\":{\"@id\":\"https:\\\/\\\/www.lavillagardendesign.com\\\/fr\\\/politique-de-confidentialite-et-de-gestion-des-cookies\\\/#breadcrumb\"},\"inLanguage\":\"fr-FR\",\"potentialAction\":[{\"@type\":\"ReadAction\",\"target\":[\"https:\\\/\\\/www.lavillagardendesign.com\\\/fr\\\/politique-de-confidentialite-et-de-gestion-des-cookies\\\/\"]}]},{\"@type\":\"BreadcrumbList\",\"@id\":\"https:\\\/\\\/www.lavillagardendesign.com\\\/fr\\\/politique-de-confidentialite-et-de-gestion-des-cookies\\\/#breadcrumb\",\"itemListElement\":[{\"@type\":\"ListItem\",\"position\":1,\"name\":\"Home\",\"item\":\"https:\\\/\\\/www.lavillagardendesign.com\\\/\"},{\"@type\":\"ListItem\",\"position\":2,\"name\":\"Politique de Confidentialit\u00e9 et de Gestion des Cookies\"}]},{\"@type\":\"WebSite\",\"@id\":\"https:\\\/\\\/www.lavillagardendesign.com\\\/#website\",\"url\":\"https:\\\/\\\/www.lavillagardendesign.com\\\/\",\"name\":\"La Villa Garden&Design\",\"description\":\"\",\"publisher\":{\"@id\":\"https:\\\/\\\/www.lavillagardendesign.com\\\/#organization\"},\"potentialAction\":[{\"@type\":\"SearchAction\",\"target\":{\"@type\":\"EntryPoint\",\"urlTemplate\":\"https:\\\/\\\/www.lavillagardendesign.com\\\/?s={search_term_string}\"},\"query-input\":{\"@type\":\"PropertyValueSpecification\",\"valueRequired\":true,\"valueName\":\"search_term_string\"}}],\"inLanguage\":\"fr-FR\"},{\"@type\":\"Organization\",\"@id\":\"https:\\\/\\\/www.lavillagardendesign.com\\\/#organization\",\"name\":\"La Villa Garden&Design\",\"url\":\"https:\\\/\\\/www.lavillagardendesign.com\\\/\",\"logo\":{\"@type\":\"ImageObject\",\"inLanguage\":\"fr-FR\",\"@id\":\"https:\\\/\\\/www.lavillagardendesign.com\\\/#\\\/schema\\\/logo\\\/image\\\/\",\"url\":\"https:\\\/\\\/www.lavillagardendesign.com\\\/wp-content\\\/uploads\\\/2024\\\/04\\\/logolavilla.png\",\"contentUrl\":\"https:\\\/\\\/www.lavillagardendesign.com\\\/wp-content\\\/uploads\\\/2024\\\/04\\\/logolavilla.png\",\"width\":682,\"height\":391,\"caption\":\"La Villa Garden&Design\"},\"image\":{\"@id\":\"https:\\\/\\\/www.lavillagardendesign.com\\\/#\\\/schema\\\/logo\\\/image\\\/\"},\"sameAs\":[\"https:\\\/\\\/www.facebook.com\\\/lavillagardendesign\\\/\"]}]}<\/script>\n<!-- \/ Yoast SEO plugin. -->","yoast_head_json":{"title":"Politique de confidentialit\u00e9 - La Villa Garden","description":"Consultez notre politique de confidentialit\u00e9 et de gestion des cookies \u00e0 La Villa Garden.","robots":{"index":"index","follow":"follow","max-snippet":"max-snippet:-1","max-image-preview":"max-image-preview:large","max-video-preview":"max-video-preview:-1"},"canonical":"https:\/\/www.lavillagardendesign.com\/fr\/politique-de-confidentialite-et-de-gestion-des-cookies\/","og_locale":"fr_FR","og_type":"article","og_title":"Politique de confidentialit\u00e9 - La Villa Garden","og_description":"Consultez notre politique de confidentialit\u00e9 et de gestion des cookies \u00e0 La Villa Garden.","og_url":"https:\/\/www.lavillagardendesign.com\/fr\/politique-de-confidentialite-et-de-gestion-des-cookies\/","og_site_name":"La Villa Garden&amp;Design","article_publisher":"https:\/\/www.facebook.com\/lavillagardendesign\/","article_modified_time":"2025-03-02T16:51:36+00:00","twitter_card":"summary_large_image","twitter_misc":{"Dur\u00e9e de lecture estim\u00e9e":"3 minutes"},"schema":{"@context":"https:\/\/schema.org","@graph":[{"@type":"WebPage","@id":"https:\/\/www.lavillagardendesign.com\/fr\/politique-de-confidentialite-et-de-gestion-des-cookies\/","url":"https:\/\/www.lavillagardendesign.com\/fr\/politique-de-confidentialite-et-de-gestion-des-cookies\/","name":"Politique de confidentialit\u00e9 - La Villa Garden","isPartOf":{"@id":"https:\/\/www.lavillagardendesign.com\/#website"},"datePublished":"2024-10-03T12:35:05+00:00","dateModified":"2025-03-02T16:51:36+00:00","description":"Consultez notre politique de confidentialit\u00e9 et de gestion des cookies \u00e0 La Villa Garden.","breadcrumb":{"@id":"https:\/\/www.lavillagardendesign.com\/fr\/politique-de-confidentialite-et-de-gestion-des-cookies\/#breadcrumb"},"inLanguage":"fr-FR","potentialAction":[{"@type":"ReadAction","target":["https:\/\/www.lavillagardendesign.com\/fr\/politique-de-confidentialite-et-de-gestion-des-cookies\/"]}]},{"@type":"BreadcrumbList","@id":"https:\/\/www.lavillagardendesign.com\/fr\/politique-de-confidentialite-et-de-gestion-des-cookies\/#breadcrumb","itemListElement":[{"@type":"ListItem","position":1,"name":"Home","item":"https:\/\/www.lavillagardendesign.com\/"},{"@type":"ListItem","position":2,"name":"Politique de Confidentialit\u00e9 et de Gestion des Cookies"}]},{"@type":"WebSite","@id":"https:\/\/www.lavillagardendesign.com\/#website","url":"https:\/\/www.lavillagardendesign.com\/","name":"La Villa Garden&Design","description":"","publisher":{"@id":"https:\/\/www.lavillagardendesign.com\/#organization"},"potentialAction":[{"@type":"SearchAction","target":{"@type":"EntryPoint","urlTemplate":"https:\/\/www.lavillagardendesign.com\/?s={search_term_string}"},"query-input":{"@type":"PropertyValueSpecification","valueRequired":true,"valueName":"search_term_string"}}],"inLanguage":"fr-FR"},{"@type":"Organization","@id":"https:\/\/www.lavillagardendesign.com\/#organization","name":"La Villa Garden&Design","url":"https:\/\/www.lavillagardendesign.com\/","logo":{"@type":"ImageObject","inLanguage":"fr-FR","@id":"https:\/\/www.lavillagardendesign.com\/#\/schema\/logo\/image\/","url":"https:\/\/www.lavillagardendesign.com\/wp-content\/uploads\/2024\/04\/logolavilla.png","contentUrl":"https:\/\/www.lavillagardendesign.com\/wp-content\/uploads\/2024\/04\/logolavilla.png","width":682,"height":391,"caption":"La Villa Garden&Design"},"image":{"@id":"https:\/\/www.lavillagardendesign.com\/#\/schema\/logo\/image\/"},"sameAs":["https:\/\/www.facebook.com\/lavillagardendesign\/"]}]}},"_links":{"self":[{"href":"https:\/\/www.lavillagardendesign.com\/fr\/wp-json\/wp\/v2\/pages\/45089","targetHints":{"allow":["GET"]}}],"collection":[{"href":"https:\/\/www.lavillagardendesign.com\/fr\/wp-json\/wp\/v2\/pages"}],"about":[{"href":"https:\/\/www.lavillagardendesign.com\/fr\/wp-json\/wp\/v2\/types\/page"}],"author":[{"embeddable":true,"href":"https:\/\/www.lavillagardendesign.com\/fr\/wp-json\/wp\/v2\/users\/1"}],"replies":[{"embeddable":true,"href":"https:\/\/www.lavillagardendesign.com\/fr\/wp-json\/wp\/v2\/comments?post=45089"}],"version-history":[{"count":9,"href":"https:\/\/www.lavillagardendesign.com\/fr\/wp-json\/wp\/v2\/pages\/45089\/revisions"}],"predecessor-version":[{"id":51168,"href":"https:\/\/www.lavillagardendesign.com\/fr\/wp-json\/wp\/v2\/pages\/45089\/revisions\/51168"}],"wp:attachment":[{"href":"https:\/\/www.lavillagardendesign.com\/fr\/wp-json\/wp\/v2\/media?parent=45089"}],"curies":[{"name":"wp","href":"https:\/\/api.w.org\/{rel}","templated":true}]}}