{"id":40183,"date":"2024-01-29T19:59:24","date_gmt":"2024-01-29T18:59:24","guid":{"rendered":"https:\/\/www.lavillagardendesign.com\/product\/neverland-sofa-3-plazas-aluminio-agora\/"},"modified":"2026-03-10T03:45:28","modified_gmt":"2026-03-10T02:45:28","slug":"neverland-sofa-3-plazas-aluminio-agora","status":"publish","type":"product","link":"https:\/\/www.lavillagardendesign.com\/es\/producto\/neverland-sofa-3-plazas-aluminio-agora\/","title":{"rendered":"NEVERLAND &#8211; Sof\u00e1 de exterior de 3 plazas en aluminio blanco y tela Agora"},"content":{"rendered":"","protected":false},"excerpt":{"rendered":"<p>El sof\u00e1 Neverland de 3 plazas es el ep\u00edtome del lujo mediterr\u00e1neo. Su estructura de aluminio blanco puro proporciona una base arquitect\u00f3nica luminosa, sobre la que t\u00fa decides el car\u00e1cter de tu terraza. Elige la tapicer\u00eda Agora Caqui para un contraste c\u00e1lido y elegante que conecte con la naturaleza, u opta por Agora \u00c1rtico, un sutil tono gris hielo que ofrece un aspecto minimalista y ultrafresco \u00abtono sobre tono\u00bb. En ambos casos, el tejido t\u00e9cnico Agora asegura una resistencia superior a la intemperie, repele las manchas y tiene una garant\u00eda de durabilidad del color de 5 a\u00f1os.   <\/p>\n","protected":false},"featured_media":47886,"comment_status":"open","ping_status":"closed","template":"","meta":[],"product_brand":[5001],"product_cat":[6833,5659,3113,3111],"product_tag":[],"class_list":{"0":"post-40183","1":"product","2":"type-product","3":"status-publish","4":"has-post-thumbnail","6":"product_brand-la-villa-garden","7":"product_cat-outdoor-es","8":"product_cat-promociones-web","9":"product_cat-sofas-es","10":"product_cat-sofas-y-butacas","12":"first","13":"instock","14":"sale","15":"taxable","16":"shipping-taxable","17":"purchasable","18":"product-type-simple"},"yoast_head":"<!-- This site is optimized with the Yoast SEO plugin v27.4 - https:\/\/yoast.com\/product\/yoast-seo-wordpress\/ -->\n<title>NEVERLAND Sof\u00e1 de Lujo Aluminio Blanco Tela Agora | La Villa<\/title>\n<meta name=\"description\" content=\"Sof\u00e1 de lujo Neverland. Estructura blanca y cojines premium Agora. Elige el color: Caqui (c\u00e1lido) o \u00c1rtico (gris hielo). Confort y durabilidad total.\" \/>\n<meta name=\"robots\" content=\"index, follow, max-snippet:-1, max-image-preview:large, max-video-preview:-1\" \/>\n<link rel=\"canonical\" href=\"https:\/\/www.lavillagardendesign.com\/es\/producto\/neverland-sofa-3-plazas-aluminio-agora\/\" \/>\n<meta property=\"og:locale\" content=\"es_ES\" \/>\n<meta property=\"og:type\" content=\"article\" \/>\n<meta property=\"og:title\" content=\"NEVERLAND Sof\u00e1 de Lujo Aluminio Blanco Tela Agora | La Villa\" \/>\n<meta property=\"og:description\" content=\"Sof\u00e1 de lujo Neverland. Estructura blanca y cojines premium Agora. Elige el color: Caqui (c\u00e1lido) o \u00c1rtico (gris hielo). Confort y durabilidad total.\" \/>\n<meta property=\"og:url\" content=\"https:\/\/www.lavillagardendesign.com\/es\/producto\/neverland-sofa-3-plazas-aluminio-agora\/\" \/>\n<meta property=\"og:site_name\" content=\"La Villa Garden&amp;Design\" \/>\n<meta property=\"article:publisher\" content=\"https:\/\/www.facebook.com\/lavillagardendesign\/\" \/>\n<meta property=\"article:modified_time\" content=\"2026-03-10T02:45:28+00:00\" \/>\n<meta property=\"og:image\" content=\"https:\/\/www.lavillagardendesign.com\/wp-content\/uploads\/2024\/01\/NEVERLAND-02-scaled.jpg\" \/>\n\t<meta property=\"og:image:width\" content=\"1920\" \/>\n\t<meta property=\"og:image:height\" content=\"1280\" \/>\n\t<meta property=\"og:image:type\" content=\"image\/jpeg\" \/>\n<meta name=\"twitter:card\" content=\"summary_large_image\" \/>\n<script type=\"application\/ld+json\" class=\"yoast-schema-graph\">{\"@context\":\"https:\\\/\\\/schema.org\",\"@graph\":[{\"@type\":\"WebPage\",\"@id\":\"https:\\\/\\\/www.lavillagardendesign.com\\\/es\\\/producto\\\/neverland-sofa-3-plazas-aluminio-agora\\\/\",\"url\":\"https:\\\/\\\/www.lavillagardendesign.com\\\/es\\\/producto\\\/neverland-sofa-3-plazas-aluminio-agora\\\/\",\"name\":\"NEVERLAND Sof\u00e1 de Lujo Aluminio Blanco Tela Agora | La Villa\",\"isPartOf\":{\"@id\":\"https:\\\/\\\/www.lavillagardendesign.com\\\/#website\"},\"primaryImageOfPage\":{\"@id\":\"https:\\\/\\\/www.lavillagardendesign.com\\\/es\\\/producto\\\/neverland-sofa-3-plazas-aluminio-agora\\\/#primaryimage\"},\"image\":{\"@id\":\"https:\\\/\\\/www.lavillagardendesign.com\\\/es\\\/producto\\\/neverland-sofa-3-plazas-aluminio-agora\\\/#primaryimage\"},\"thumbnailUrl\":\"https:\\\/\\\/www.lavillagardendesign.com\\\/wp-content\\\/uploads\\\/2024\\\/01\\\/NEVERLAND-02-scaled.jpg\",\"datePublished\":\"2024-01-29T18:59:24+00:00\",\"dateModified\":\"2026-03-10T02:45:28+00:00\",\"description\":\"Sof\u00e1 de lujo Neverland. Estructura blanca y cojines premium Agora. Elige el color: Caqui (c\u00e1lido) o \u00c1rtico (gris hielo). Confort y durabilidad total.\",\"breadcrumb\":{\"@id\":\"https:\\\/\\\/www.lavillagardendesign.com\\\/es\\\/producto\\\/neverland-sofa-3-plazas-aluminio-agora\\\/#breadcrumb\"},\"inLanguage\":\"es\",\"potentialAction\":[{\"@type\":\"ReadAction\",\"target\":[\"https:\\\/\\\/www.lavillagardendesign.com\\\/es\\\/producto\\\/neverland-sofa-3-plazas-aluminio-agora\\\/\"]}]},{\"@type\":\"ImageObject\",\"inLanguage\":\"es\",\"@id\":\"https:\\\/\\\/www.lavillagardendesign.com\\\/es\\\/producto\\\/neverland-sofa-3-plazas-aluminio-agora\\\/#primaryimage\",\"url\":\"https:\\\/\\\/www.lavillagardendesign.com\\\/wp-content\\\/uploads\\\/2024\\\/01\\\/NEVERLAND-02-scaled.jpg\",\"contentUrl\":\"https:\\\/\\\/www.lavillagardendesign.com\\\/wp-content\\\/uploads\\\/2024\\\/01\\\/NEVERLAND-02-scaled.jpg\",\"width\":1920,\"height\":1280},{\"@type\":\"BreadcrumbList\",\"@id\":\"https:\\\/\\\/www.lavillagardendesign.com\\\/es\\\/producto\\\/neverland-sofa-3-plazas-aluminio-agora\\\/#breadcrumb\",\"itemListElement\":[{\"@type\":\"ListItem\",\"position\":1,\"name\":\"Home\",\"item\":\"https:\\\/\\\/www.lavillagardendesign.com\\\/\"},{\"@type\":\"ListItem\",\"position\":2,\"name\":\"Tienda\",\"item\":\"https:\\\/\\\/www.lavillagardendesign.com\\\/es\\\/tienda\\\/\"},{\"@type\":\"ListItem\",\"position\":3,\"name\":\"NEVERLAND &#8211; Sof\u00e1 de exterior de 3 plazas en aluminio blanco y tela Agora\"}]},{\"@type\":\"WebSite\",\"@id\":\"https:\\\/\\\/www.lavillagardendesign.com\\\/#website\",\"url\":\"https:\\\/\\\/www.lavillagardendesign.com\\\/\",\"name\":\"La Villa Garden&Design\",\"description\":\"\",\"publisher\":{\"@id\":\"https:\\\/\\\/www.lavillagardendesign.com\\\/#organization\"},\"potentialAction\":[{\"@type\":\"SearchAction\",\"target\":{\"@type\":\"EntryPoint\",\"urlTemplate\":\"https:\\\/\\\/www.lavillagardendesign.com\\\/?s={search_term_string}\"},\"query-input\":{\"@type\":\"PropertyValueSpecification\",\"valueRequired\":true,\"valueName\":\"search_term_string\"}}],\"inLanguage\":\"es\"},{\"@type\":\"Organization\",\"@id\":\"https:\\\/\\\/www.lavillagardendesign.com\\\/#organization\",\"name\":\"La Villa Garden&Design\",\"url\":\"https:\\\/\\\/www.lavillagardendesign.com\\\/\",\"logo\":{\"@type\":\"ImageObject\",\"inLanguage\":\"es\",\"@id\":\"https:\\\/\\\/www.lavillagardendesign.com\\\/#\\\/schema\\\/logo\\\/image\\\/\",\"url\":\"https:\\\/\\\/www.lavillagardendesign.com\\\/wp-content\\\/uploads\\\/2024\\\/04\\\/logolavilla.png\",\"contentUrl\":\"https:\\\/\\\/www.lavillagardendesign.com\\\/wp-content\\\/uploads\\\/2024\\\/04\\\/logolavilla.png\",\"width\":682,\"height\":391,\"caption\":\"La Villa Garden&Design\"},\"image\":{\"@id\":\"https:\\\/\\\/www.lavillagardendesign.com\\\/#\\\/schema\\\/logo\\\/image\\\/\"},\"sameAs\":[\"https:\\\/\\\/www.facebook.com\\\/lavillagardendesign\\\/\"]}]}<\/script>\n<!-- \/ Yoast SEO plugin. -->","yoast_head_json":{"title":"NEVERLAND Sof\u00e1 de Lujo Aluminio Blanco Tela Agora | La Villa","description":"Sof\u00e1 de lujo Neverland. Estructura blanca y cojines premium Agora. Elige el color: Caqui (c\u00e1lido) o \u00c1rtico (gris hielo). Confort y durabilidad total.","robots":{"index":"index","follow":"follow","max-snippet":"max-snippet:-1","max-image-preview":"max-image-preview:large","max-video-preview":"max-video-preview:-1"},"canonical":"https:\/\/www.lavillagardendesign.com\/es\/producto\/neverland-sofa-3-plazas-aluminio-agora\/","og_locale":"es_ES","og_type":"article","og_title":"NEVERLAND Sof\u00e1 de Lujo Aluminio Blanco Tela Agora | La Villa","og_description":"Sof\u00e1 de lujo Neverland. Estructura blanca y cojines premium Agora. Elige el color: Caqui (c\u00e1lido) o \u00c1rtico (gris hielo). Confort y durabilidad total.","og_url":"https:\/\/www.lavillagardendesign.com\/es\/producto\/neverland-sofa-3-plazas-aluminio-agora\/","og_site_name":"La Villa Garden&amp;Design","article_publisher":"https:\/\/www.facebook.com\/lavillagardendesign\/","article_modified_time":"2026-03-10T02:45:28+00:00","og_image":[{"width":1920,"height":1280,"url":"https:\/\/www.lavillagardendesign.com\/wp-content\/uploads\/2024\/01\/NEVERLAND-02-scaled.jpg","type":"image\/jpeg"}],"twitter_card":"summary_large_image","schema":{"@context":"https:\/\/schema.org","@graph":[{"@type":"WebPage","@id":"https:\/\/www.lavillagardendesign.com\/es\/producto\/neverland-sofa-3-plazas-aluminio-agora\/","url":"https:\/\/www.lavillagardendesign.com\/es\/producto\/neverland-sofa-3-plazas-aluminio-agora\/","name":"NEVERLAND Sof\u00e1 de Lujo Aluminio Blanco Tela Agora | La Villa","isPartOf":{"@id":"https:\/\/www.lavillagardendesign.com\/#website"},"primaryImageOfPage":{"@id":"https:\/\/www.lavillagardendesign.com\/es\/producto\/neverland-sofa-3-plazas-aluminio-agora\/#primaryimage"},"image":{"@id":"https:\/\/www.lavillagardendesign.com\/es\/producto\/neverland-sofa-3-plazas-aluminio-agora\/#primaryimage"},"thumbnailUrl":"https:\/\/www.lavillagardendesign.com\/wp-content\/uploads\/2024\/01\/NEVERLAND-02-scaled.jpg","datePublished":"2024-01-29T18:59:24+00:00","dateModified":"2026-03-10T02:45:28+00:00","description":"Sof\u00e1 de lujo Neverland. Estructura blanca y cojines premium Agora. Elige el color: Caqui (c\u00e1lido) o \u00c1rtico (gris hielo). Confort y durabilidad total.","breadcrumb":{"@id":"https:\/\/www.lavillagardendesign.com\/es\/producto\/neverland-sofa-3-plazas-aluminio-agora\/#breadcrumb"},"inLanguage":"es","potentialAction":[{"@type":"ReadAction","target":["https:\/\/www.lavillagardendesign.com\/es\/producto\/neverland-sofa-3-plazas-aluminio-agora\/"]}]},{"@type":"ImageObject","inLanguage":"es","@id":"https:\/\/www.lavillagardendesign.com\/es\/producto\/neverland-sofa-3-plazas-aluminio-agora\/#primaryimage","url":"https:\/\/www.lavillagardendesign.com\/wp-content\/uploads\/2024\/01\/NEVERLAND-02-scaled.jpg","contentUrl":"https:\/\/www.lavillagardendesign.com\/wp-content\/uploads\/2024\/01\/NEVERLAND-02-scaled.jpg","width":1920,"height":1280},{"@type":"BreadcrumbList","@id":"https:\/\/www.lavillagardendesign.com\/es\/producto\/neverland-sofa-3-plazas-aluminio-agora\/#breadcrumb","itemListElement":[{"@type":"ListItem","position":1,"name":"Home","item":"https:\/\/www.lavillagardendesign.com\/"},{"@type":"ListItem","position":2,"name":"Tienda","item":"https:\/\/www.lavillagardendesign.com\/es\/tienda\/"},{"@type":"ListItem","position":3,"name":"NEVERLAND &#8211; Sof\u00e1 de exterior de 3 plazas en aluminio blanco y tela Agora"}]},{"@type":"WebSite","@id":"https:\/\/www.lavillagardendesign.com\/#website","url":"https:\/\/www.lavillagardendesign.com\/","name":"La Villa Garden&Design","description":"","publisher":{"@id":"https:\/\/www.lavillagardendesign.com\/#organization"},"potentialAction":[{"@type":"SearchAction","target":{"@type":"EntryPoint","urlTemplate":"https:\/\/www.lavillagardendesign.com\/?s={search_term_string}"},"query-input":{"@type":"PropertyValueSpecification","valueRequired":true,"valueName":"search_term_string"}}],"inLanguage":"es"},{"@type":"Organization","@id":"https:\/\/www.lavillagardendesign.com\/#organization","name":"La Villa Garden&Design","url":"https:\/\/www.lavillagardendesign.com\/","logo":{"@type":"ImageObject","inLanguage":"es","@id":"https:\/\/www.lavillagardendesign.com\/#\/schema\/logo\/image\/","url":"https:\/\/www.lavillagardendesign.com\/wp-content\/uploads\/2024\/04\/logolavilla.png","contentUrl":"https:\/\/www.lavillagardendesign.com\/wp-content\/uploads\/2024\/04\/logolavilla.png","width":682,"height":391,"caption":"La Villa Garden&Design"},"image":{"@id":"https:\/\/www.lavillagardendesign.com\/#\/schema\/logo\/image\/"},"sameAs":["https:\/\/www.facebook.com\/lavillagardendesign\/"]}]}},"_links":{"self":[{"href":"https:\/\/www.lavillagardendesign.com\/es\/wp-json\/wp\/v2\/product\/40183","targetHints":{"allow":["GET"]}}],"collection":[{"href":"https:\/\/www.lavillagardendesign.com\/es\/wp-json\/wp\/v2\/product"}],"about":[{"href":"https:\/\/www.lavillagardendesign.com\/es\/wp-json\/wp\/v2\/types\/product"}],"replies":[{"embeddable":true,"href":"https:\/\/www.lavillagardendesign.com\/es\/wp-json\/wp\/v2\/comments?post=40183"}],"version-history":[{"count":2,"href":"https:\/\/www.lavillagardendesign.com\/es\/wp-json\/wp\/v2\/product\/40183\/revisions"}],"predecessor-version":[{"id":67276,"href":"https:\/\/www.lavillagardendesign.com\/es\/wp-json\/wp\/v2\/product\/40183\/revisions\/67276"}],"wp:featuredmedia":[{"embeddable":true,"href":"https:\/\/www.lavillagardendesign.com\/es\/wp-json\/wp\/v2\/media\/47886"}],"wp:attachment":[{"href":"https:\/\/www.lavillagardendesign.com\/es\/wp-json\/wp\/v2\/media?parent=40183"}],"wp:term":[{"taxonomy":"product_brand","embeddable":true,"href":"https:\/\/www.lavillagardendesign.com\/es\/wp-json\/wp\/v2\/product_brand?post=40183"},{"taxonomy":"product_cat","embeddable":true,"href":"https:\/\/www.lavillagardendesign.com\/es\/wp-json\/wp\/v2\/product_cat?post=40183"},{"taxonomy":"product_tag","embeddable":true,"href":"https:\/\/www.lavillagardendesign.com\/es\/wp-json\/wp\/v2\/product_tag?post=40183"}],"curies":[{"name":"wp","href":"https:\/\/api.w.org\/{rel}","templated":true}]}}