{"id":54175,"date":"2025-05-15T10:52:01","date_gmt":"2025-05-15T08:52:01","guid":{"rendered":"https:\/\/www.lavillagardendesign.com\/barbacoa\/"},"modified":"2026-01-21T21:05:13","modified_gmt":"2026-01-21T19:05:13","slug":"barbacoa","status":"publish","type":"page","link":"https:\/\/www.lavillagardendesign.com\/es\/barbacoa\/","title":{"rendered":"BARBACOA"},"content":{"rendered":"\t\t<div data-elementor-type=\"wp-page\" data-elementor-id=\"54175\" class=\"elementor elementor-54175 elementor-54131\" data-elementor-post-type=\"page\">\n\t\t\t\t<div class=\"elementor-element elementor-element-1a2e48b9 wd-section-stretch e-flex e-con-boxed e-con e-parent\" data-id=\"1a2e48b9\" data-element_type=\"container\" data-e-type=\"container\" data-settings=\"{&quot;background_background&quot;:&quot;classic&quot;}\">\n\t\t\t\t\t<div class=\"e-con-inner\">\n\t\t\t\t<div class=\"elementor-element elementor-element-1f3adfd5 elementor-widget elementor-widget-heading\" data-id=\"1f3adfd5\" data-element_type=\"widget\" data-e-type=\"widget\" data-widget_type=\"heading.default\">\n\t\t\t\t<div class=\"elementor-widget-container\">\n\t\t\t\t\t<h2 class=\"elementor-heading-title elementor-size-default\">La Villa Garden&amp;Design<\/h2>\t\t\t\t<\/div>\n\t\t\t\t<\/div>\n\t\t\t\t<div class=\"elementor-element elementor-element-124639f elementor-widget elementor-widget-heading\" data-id=\"124639f\" data-element_type=\"widget\" data-e-type=\"widget\" data-widget_type=\"heading.default\">\n\t\t\t\t<div class=\"elementor-widget-container\">\n\t\t\t\t\t<h2 class=\"elementor-heading-title elementor-size-default\">Barbacoa<\/h2>\t\t\t\t<\/div>\n\t\t\t\t<\/div>\n\t\t\t\t\t<\/div>\n\t\t\t\t<\/div>\n\t\t<div class=\"elementor-element elementor-element-498d0815 wd-section-stretch e-grid e-con-boxed e-con e-parent\" data-id=\"498d0815\" data-element_type=\"container\" data-e-type=\"container\">\n\t\t\t\t\t<div class=\"e-con-inner\">\n\t\t<div class=\"elementor-element elementor-element-23f7082a e-con-full e-flex e-con e-child\" data-id=\"23f7082a\" data-element_type=\"container\" data-e-type=\"container\">\n\t\t\t\t<div class=\"elementor-element elementor-element-1cf38e53 wd-width-100 elementor-widget elementor-widget-wd_title\" data-id=\"1cf38e53\" data-element_type=\"widget\" data-e-type=\"widget\" data-widget_type=\"wd_title.default\">\n\t\t\t\t<div class=\"elementor-widget-container\">\n\t\t\t\t\t\t\t<div class=\"title-wrapper wd-set-mb reset-last-child wd-title-color-default wd-title-style-bordered wd-title-size-large text-center\">\n\n\t\t\t\t\t\t\t\t\t\t\t<div class=\"title-subtitle subtitle-color-default subtitle-style-default wd-fontsize-xs\">\n\t\t\t\t\tBarbacoa\t\t\t\t<\/div>\n\t\t\t\n\t\t\t<div class=\"liner-continer\">\n\t\t\t\t<h4 class=\"woodmart-title-container title wd-fontsize-xxl\">COLIMA<\/h4> \n\t\t\t\t\t\t\t<\/div>\n\n\t\t\t\t\t<\/div>\n\t\t\t\t\t\t<\/div>\n\t\t\t\t<\/div>\n\t\t\t\t<div class=\"elementor-element elementor-element-5b9345d8 elementor-widget elementor-widget-image\" data-id=\"5b9345d8\" data-element_type=\"widget\" data-e-type=\"widget\" data-widget_type=\"image.default\">\n\t\t\t\t<div class=\"elementor-widget-container\">\n\t\t\t\t\t\t\t\t\t\t\t\t\t\t\t\t<a href=\"https:\/\/www.lavillagardendesign.com\/es\/producto\/kamado-parrilla-barbacoa-xl-60\/\">\n\t\t\t\t\t\t\t<img loading=\"lazy\" decoding=\"async\" width=\"1280\" height=\"800\" src=\"https:\/\/www.lavillagardendesign.com\/wp-content\/uploads\/2025\/06\/2-1-1-1280x800.jpg\" class=\"attachment-large size-large wp-image-54864\" alt=\"\" srcset=\"https:\/\/www.lavillagardendesign.com\/wp-content\/uploads\/2025\/06\/2-1-1-1280x800.jpg 1280w, https:\/\/www.lavillagardendesign.com\/wp-content\/uploads\/2025\/06\/2-1-1-600x375.jpg 600w, https:\/\/www.lavillagardendesign.com\/wp-content\/uploads\/2025\/06\/2-1-1-300x188.jpg 300w, https:\/\/www.lavillagardendesign.com\/wp-content\/uploads\/2025\/06\/2-1-1-1200x750.jpg 1200w, https:\/\/www.lavillagardendesign.com\/wp-content\/uploads\/2025\/06\/2-1-1-400x250.jpg 400w, https:\/\/www.lavillagardendesign.com\/wp-content\/uploads\/2025\/06\/2-1-1-768x480.jpg 768w, https:\/\/www.lavillagardendesign.com\/wp-content\/uploads\/2025\/06\/2-1-1-1536x960.jpg 1536w, https:\/\/www.lavillagardendesign.com\/wp-content\/uploads\/2025\/06\/2-1-1.jpg 1600w\" sizes=\"auto, (max-width: 1280px) 100vw, 1280px\" \/>\t\t\t\t\t\t\t\t<\/a>\n\t\t\t\t\t\t\t\t\t\t\t\t\t\t\t<\/div>\n\t\t\t\t<\/div>\n\t\t\t\t<div class=\"elementor-element elementor-element-5470e76a elementor-widget__width-initial elementor-align-justify elementor-widget-tablet__width-initial elementor-widget elementor-widget-button\" data-id=\"5470e76a\" data-element_type=\"widget\" data-e-type=\"widget\" data-widget_type=\"button.default\">\n\t\t\t\t<div class=\"elementor-widget-container\">\n\t\t\t\t\t\t\t\t\t<div class=\"elementor-button-wrapper\">\n\t\t\t\t\t<a class=\"elementor-button elementor-button-link elementor-size-sm\" href=\"https:\/\/www.lavillagardendesign.com\/es\/producto\/kamado-parrilla-barbacoa-xl-60\/\">\n\t\t\t\t\t\t<span class=\"elementor-button-content-wrapper\">\n\t\t\t\t\t\t\t\t\t<span class=\"elementor-button-text\">Descubre el producto<\/span>\n\t\t\t\t\t<\/span>\n\t\t\t\t\t<\/a>\n\t\t\t\t<\/div>\n\t\t\t\t\t\t\t\t<\/div>\n\t\t\t\t<\/div>\n\t\t\t\t<\/div>\n\t\t<div class=\"elementor-element elementor-element-8bba85d e-con-full e-flex e-con e-child\" data-id=\"8bba85d\" data-element_type=\"container\" data-e-type=\"container\">\n\t\t\t\t<div class=\"elementor-element elementor-element-8ea3a8f wd-width-100 elementor-widget elementor-widget-wd_title\" data-id=\"8ea3a8f\" data-element_type=\"widget\" data-e-type=\"widget\" data-widget_type=\"wd_title.default\">\n\t\t\t\t<div class=\"elementor-widget-container\">\n\t\t\t\t\t\t\t<div class=\"title-wrapper wd-set-mb reset-last-child wd-title-color-default wd-title-style-bordered wd-title-size-large text-center\">\n\n\t\t\t\t\t\t\t\t\t\t\t<div class=\"title-subtitle subtitle-color-default subtitle-style-default wd-fontsize-xs\">\n\t\t\t\t\tBarbecue\t\t\t\t<\/div>\n\t\t\t\n\t\t\t<div class=\"liner-continer\">\n\t\t\t\t<h4 class=\"woodmart-title-container title wd-fontsize-xxl\">KAMADO 55<\/h4> \n\t\t\t\t\t\t\t<\/div>\n\n\t\t\t\t\t<\/div>\n\t\t\t\t\t\t<\/div>\n\t\t\t\t<\/div>\n\t\t\t\t<div class=\"elementor-element elementor-element-3a64a8b elementor-widget elementor-widget-image\" data-id=\"3a64a8b\" data-element_type=\"widget\" data-e-type=\"widget\" data-widget_type=\"image.default\">\n\t\t\t\t<div class=\"elementor-widget-container\">\n\t\t\t\t\t\t\t\t\t\t\t\t\t\t\t\t<a href=\"https:\/\/www.lavillagardendesign.com\/es\/producto\/kamado-parrilla-barbacoa-grande-55\/\">\n\t\t\t\t\t\t\t<img loading=\"lazy\" decoding=\"async\" width=\"1280\" height=\"800\" src=\"https:\/\/www.lavillagardendesign.com\/wp-content\/uploads\/2025\/06\/1-2-1280x800.jpg\" class=\"attachment-large size-large wp-image-54867\" alt=\"\" srcset=\"https:\/\/www.lavillagardendesign.com\/wp-content\/uploads\/2025\/06\/1-2-1280x800.jpg 1280w, https:\/\/www.lavillagardendesign.com\/wp-content\/uploads\/2025\/06\/1-2-600x375.jpg 600w, https:\/\/www.lavillagardendesign.com\/wp-content\/uploads\/2025\/06\/1-2-300x188.jpg 300w, https:\/\/www.lavillagardendesign.com\/wp-content\/uploads\/2025\/06\/1-2-1200x750.jpg 1200w, https:\/\/www.lavillagardendesign.com\/wp-content\/uploads\/2025\/06\/1-2-400x250.jpg 400w, https:\/\/www.lavillagardendesign.com\/wp-content\/uploads\/2025\/06\/1-2-768x480.jpg 768w, https:\/\/www.lavillagardendesign.com\/wp-content\/uploads\/2025\/06\/1-2-1536x960.jpg 1536w, https:\/\/www.lavillagardendesign.com\/wp-content\/uploads\/2025\/06\/1-2.jpg 1600w\" sizes=\"auto, (max-width: 1280px) 100vw, 1280px\" \/>\t\t\t\t\t\t\t\t<\/a>\n\t\t\t\t\t\t\t\t\t\t\t\t\t\t\t<\/div>\n\t\t\t\t<\/div>\n\t\t\t\t<div class=\"elementor-element elementor-element-244e5d6 elementor-widget__width-initial elementor-align-justify elementor-widget-tablet__width-initial elementor-widget elementor-widget-button\" data-id=\"244e5d6\" data-element_type=\"widget\" data-e-type=\"widget\" data-widget_type=\"button.default\">\n\t\t\t\t<div class=\"elementor-widget-container\">\n\t\t\t\t\t\t\t\t\t<div class=\"elementor-button-wrapper\">\n\t\t\t\t\t<a class=\"elementor-button elementor-button-link elementor-size-sm\" href=\"https:\/\/www.lavillagardendesign.com\/es\/producto\/kamado-parrilla-barbacoa-grande-55\/\">\n\t\t\t\t\t\t<span class=\"elementor-button-content-wrapper\">\n\t\t\t\t\t\t\t\t\t<span class=\"elementor-button-text\">Discover the product<\/span>\n\t\t\t\t\t<\/span>\n\t\t\t\t\t<\/a>\n\t\t\t\t<\/div>\n\t\t\t\t\t\t\t\t<\/div>\n\t\t\t\t<\/div>\n\t\t\t\t<\/div>\n\t\t<div class=\"elementor-element elementor-element-a183bd6 e-con-full e-flex e-con e-child\" data-id=\"a183bd6\" data-element_type=\"container\" data-e-type=\"container\">\n\t\t\t\t<div class=\"elementor-element elementor-element-f4a915a wd-width-100 elementor-widget elementor-widget-wd_title\" data-id=\"f4a915a\" data-element_type=\"widget\" data-e-type=\"widget\" data-widget_type=\"wd_title.default\">\n\t\t\t\t<div class=\"elementor-widget-container\">\n\t\t\t\t\t\t\t<div class=\"title-wrapper wd-set-mb reset-last-child wd-title-color-default wd-title-style-bordered wd-title-size-large text-center\">\n\n\t\t\t\t\t\t\t\t\t\t\t<div class=\"title-subtitle subtitle-color-default subtitle-style-default wd-fontsize-xs\">\n\t\t\t\t\tBarbecue\t\t\t\t<\/div>\n\t\t\t\n\t\t\t<div class=\"liner-continer\">\n\t\t\t\t<h4 class=\"woodmart-title-container title wd-fontsize-xxl\">COLIMA<\/h4> \n\t\t\t\t\t\t\t<\/div>\n\n\t\t\t\t\t<\/div>\n\t\t\t\t\t\t<\/div>\n\t\t\t\t<\/div>\n\t\t\t\t<div class=\"elementor-element elementor-element-a3ba4be elementor-widget elementor-widget-image\" data-id=\"a3ba4be\" data-element_type=\"widget\" data-e-type=\"widget\" data-widget_type=\"image.default\">\n\t\t\t\t<div class=\"elementor-widget-container\">\n\t\t\t\t\t\t\t\t\t\t\t\t\t\t\t\t<a href=\"https:\/\/www.lavillagardendesign.com\/es\/producto\/colima-mesa-de-exterior-de-composite\/\">\n\t\t\t\t\t\t\t<img loading=\"lazy\" decoding=\"async\" width=\"1280\" height=\"800\" src=\"https:\/\/www.lavillagardendesign.com\/wp-content\/uploads\/2025\/05\/colima-1280x800.jpg\" class=\"attachment-large size-large wp-image-54216\" alt=\"\" srcset=\"https:\/\/www.lavillagardendesign.com\/wp-content\/uploads\/2025\/05\/colima-1280x800.jpg 1280w, https:\/\/www.lavillagardendesign.com\/wp-content\/uploads\/2025\/05\/colima-600x375.jpg 600w, https:\/\/www.lavillagardendesign.com\/wp-content\/uploads\/2025\/05\/colima-300x188.jpg 300w, https:\/\/www.lavillagardendesign.com\/wp-content\/uploads\/2025\/05\/colima-1200x750.jpg 1200w, https:\/\/www.lavillagardendesign.com\/wp-content\/uploads\/2025\/05\/colima-400x250.jpg 400w, https:\/\/www.lavillagardendesign.com\/wp-content\/uploads\/2025\/05\/colima-768x480.jpg 768w, https:\/\/www.lavillagardendesign.com\/wp-content\/uploads\/2025\/05\/colima-1536x960.jpg 1536w, https:\/\/www.lavillagardendesign.com\/wp-content\/uploads\/2025\/05\/colima.jpg 1600w\" sizes=\"auto, (max-width: 1280px) 100vw, 1280px\" \/>\t\t\t\t\t\t\t\t<\/a>\n\t\t\t\t\t\t\t\t\t\t\t\t\t\t\t<\/div>\n\t\t\t\t<\/div>\n\t\t\t\t<div class=\"elementor-element elementor-element-5a257bb elementor-widget__width-initial elementor-align-justify elementor-widget-tablet__width-initial elementor-widget elementor-widget-button\" data-id=\"5a257bb\" data-element_type=\"widget\" data-e-type=\"widget\" data-widget_type=\"button.default\">\n\t\t\t\t<div class=\"elementor-widget-container\">\n\t\t\t\t\t\t\t\t\t<div class=\"elementor-button-wrapper\">\n\t\t\t\t\t<a class=\"elementor-button elementor-button-link elementor-size-sm\" href=\"https:\/\/www.lavillagardendesign.com\/es\/producto\/colima-mesa-de-exterior-de-composite\/\">\n\t\t\t\t\t\t<span class=\"elementor-button-content-wrapper\">\n\t\t\t\t\t\t\t\t\t<span class=\"elementor-button-text\">Discover the product<\/span>\n\t\t\t\t\t<\/span>\n\t\t\t\t\t<\/a>\n\t\t\t\t<\/div>\n\t\t\t\t\t\t\t\t<\/div>\n\t\t\t\t<\/div>\n\t\t\t\t<\/div>\n\t\t<div class=\"elementor-element elementor-element-f977c15 e-con-full e-flex e-con e-child\" data-id=\"f977c15\" data-element_type=\"container\" data-e-type=\"container\">\n\t\t\t\t<div class=\"elementor-element elementor-element-d154974 wd-width-100 elementor-widget elementor-widget-wd_title\" data-id=\"d154974\" data-element_type=\"widget\" data-e-type=\"widget\" data-widget_type=\"wd_title.default\">\n\t\t\t\t<div class=\"elementor-widget-container\">\n\t\t\t\t\t\t\t<div class=\"title-wrapper wd-set-mb reset-last-child wd-title-color-default wd-title-style-bordered wd-title-size-large text-center\">\n\n\t\t\t\t\t\t\t\t\t\t\t<div class=\"title-subtitle subtitle-color-default subtitle-style-default wd-fontsize-xs\">\n\t\t\t\t\tBarbacoa\t\t\t\t<\/div>\n\t\t\t\n\t\t\t<div class=\"liner-continer\">\n\t\t\t\t<h4 class=\"woodmart-title-container title wd-fontsize-xxl\">ASPRO<\/h4> \n\t\t\t\t\t\t\t<\/div>\n\n\t\t\t\t\t<\/div>\n\t\t\t\t\t\t<\/div>\n\t\t\t\t<\/div>\n\t\t\t\t<div class=\"elementor-element elementor-element-81d9cc7 elementor-widget elementor-widget-image\" data-id=\"81d9cc7\" data-element_type=\"widget\" data-e-type=\"widget\" data-widget_type=\"image.default\">\n\t\t\t\t<div class=\"elementor-widget-container\">\n\t\t\t\t\t\t\t\t\t\t\t\t\t\t\t\t<a href=\"https:\/\/www.lavillagardendesign.com\/es\/producto\/aspro-calefactor-de-gas-para-exteriores\/\">\n\t\t\t\t\t\t\t<img loading=\"lazy\" decoding=\"async\" width=\"1280\" height=\"800\" src=\"https:\/\/www.lavillagardendesign.com\/wp-content\/uploads\/2025\/05\/aspro-1280x800.jpg\" class=\"attachment-large size-large wp-image-54246\" alt=\"\" srcset=\"https:\/\/www.lavillagardendesign.com\/wp-content\/uploads\/2025\/05\/aspro-1280x800.jpg 1280w, https:\/\/www.lavillagardendesign.com\/wp-content\/uploads\/2025\/05\/aspro-600x375.jpg 600w, https:\/\/www.lavillagardendesign.com\/wp-content\/uploads\/2025\/05\/aspro-300x188.jpg 300w, https:\/\/www.lavillagardendesign.com\/wp-content\/uploads\/2025\/05\/aspro-1200x750.jpg 1200w, https:\/\/www.lavillagardendesign.com\/wp-content\/uploads\/2025\/05\/aspro-400x250.jpg 400w, https:\/\/www.lavillagardendesign.com\/wp-content\/uploads\/2025\/05\/aspro-768x480.jpg 768w, https:\/\/www.lavillagardendesign.com\/wp-content\/uploads\/2025\/05\/aspro-1536x960.jpg 1536w, https:\/\/www.lavillagardendesign.com\/wp-content\/uploads\/2025\/05\/aspro.jpg 1600w\" sizes=\"auto, (max-width: 1280px) 100vw, 1280px\" \/>\t\t\t\t\t\t\t\t<\/a>\n\t\t\t\t\t\t\t\t\t\t\t\t\t\t\t<\/div>\n\t\t\t\t<\/div>\n\t\t\t\t<div class=\"elementor-element elementor-element-175a3e5 elementor-widget__width-initial elementor-align-justify elementor-widget-tablet__width-initial elementor-widget elementor-widget-button\" data-id=\"175a3e5\" data-element_type=\"widget\" data-e-type=\"widget\" data-widget_type=\"button.default\">\n\t\t\t\t<div class=\"elementor-widget-container\">\n\t\t\t\t\t\t\t\t\t<div class=\"elementor-button-wrapper\">\n\t\t\t\t\t<a class=\"elementor-button elementor-button-link elementor-size-sm\" href=\"https:\/\/www.lavillagardendesign.com\/es\/producto\/aspro-calefactor-de-gas-para-exteriores\/\">\n\t\t\t\t\t\t<span class=\"elementor-button-content-wrapper\">\n\t\t\t\t\t\t\t\t\t<span class=\"elementor-button-text\">Descubre el producto<\/span>\n\t\t\t\t\t<\/span>\n\t\t\t\t\t<\/a>\n\t\t\t\t<\/div>\n\t\t\t\t\t\t\t\t<\/div>\n\t\t\t\t<\/div>\n\t\t\t\t<\/div>\n\t\t<div class=\"elementor-element elementor-element-e1a7c4f e-con-full e-flex e-con e-child\" data-id=\"e1a7c4f\" data-element_type=\"container\" data-e-type=\"container\">\n\t\t\t\t<div class=\"elementor-element elementor-element-814186e wd-width-100 elementor-widget elementor-widget-wd_title\" data-id=\"814186e\" data-element_type=\"widget\" data-e-type=\"widget\" data-widget_type=\"wd_title.default\">\n\t\t\t\t<div class=\"elementor-widget-container\">\n\t\t\t\t\t\t\t<div class=\"title-wrapper wd-set-mb reset-last-child wd-title-color-default wd-title-style-bordered wd-title-size-large text-center\">\n\n\t\t\t\t\t\t\t\t\t\t\t<div class=\"title-subtitle subtitle-color-default subtitle-style-default wd-fontsize-xs\">\n\t\t\t\t\tBarbacoa\t\t\t\t<\/div>\n\t\t\t\n\t\t\t<div class=\"liner-continer\">\n\t\t\t\t<h4 class=\"woodmart-title-container title wd-fontsize-xxl\">MODERN 60<\/h4> \n\t\t\t\t\t\t\t<\/div>\n\n\t\t\t\t\t<\/div>\n\t\t\t\t\t\t<\/div>\n\t\t\t\t<\/div>\n\t\t\t\t<div class=\"elementor-element elementor-element-233d7d8 elementor-widget elementor-widget-image\" data-id=\"233d7d8\" data-element_type=\"widget\" data-e-type=\"widget\" data-widget_type=\"image.default\">\n\t\t\t\t<div class=\"elementor-widget-container\">\n\t\t\t\t\t\t\t\t\t\t\t\t\t\t\t\t<a href=\"https:\/\/www.lavillagardendesign.com\/es\/producto\/modern-60-carro-cerrado\/\">\n\t\t\t\t\t\t\t<img loading=\"lazy\" decoding=\"async\" width=\"1280\" height=\"800\" src=\"https:\/\/www.lavillagardendesign.com\/wp-content\/uploads\/2025\/05\/modern60-1280x800.jpg\" class=\"attachment-large size-large wp-image-54157\" alt=\"\" srcset=\"https:\/\/www.lavillagardendesign.com\/wp-content\/uploads\/2025\/05\/modern60-1280x800.jpg 1280w, https:\/\/www.lavillagardendesign.com\/wp-content\/uploads\/2025\/05\/modern60-600x375.jpg 600w, https:\/\/www.lavillagardendesign.com\/wp-content\/uploads\/2025\/05\/modern60-300x188.jpg 300w, https:\/\/www.lavillagardendesign.com\/wp-content\/uploads\/2025\/05\/modern60-1200x750.jpg 1200w, https:\/\/www.lavillagardendesign.com\/wp-content\/uploads\/2025\/05\/modern60-400x250.jpg 400w, https:\/\/www.lavillagardendesign.com\/wp-content\/uploads\/2025\/05\/modern60-768x480.jpg 768w, https:\/\/www.lavillagardendesign.com\/wp-content\/uploads\/2025\/05\/modern60-1536x960.jpg 1536w, https:\/\/www.lavillagardendesign.com\/wp-content\/uploads\/2025\/05\/modern60.jpg 1600w\" sizes=\"auto, (max-width: 1280px) 100vw, 1280px\" \/>\t\t\t\t\t\t\t\t<\/a>\n\t\t\t\t\t\t\t\t\t\t\t\t\t\t\t<\/div>\n\t\t\t\t<\/div>\n\t\t\t\t<div class=\"elementor-element elementor-element-327aec4 elementor-widget__width-initial elementor-align-justify elementor-widget-tablet__width-initial elementor-widget elementor-widget-button\" data-id=\"327aec4\" data-element_type=\"widget\" data-e-type=\"widget\" data-widget_type=\"button.default\">\n\t\t\t\t<div class=\"elementor-widget-container\">\n\t\t\t\t\t\t\t\t\t<div class=\"elementor-button-wrapper\">\n\t\t\t\t\t<a class=\"elementor-button elementor-button-link elementor-size-sm\" href=\"https:\/\/www.lavillagardendesign.com\/es\/producto\/modern-60-carro-cerrado\/\">\n\t\t\t\t\t\t<span class=\"elementor-button-content-wrapper\">\n\t\t\t\t\t\t\t\t\t<span class=\"elementor-button-text\">Descubre el producto<\/span>\n\t\t\t\t\t<\/span>\n\t\t\t\t\t<\/a>\n\t\t\t\t<\/div>\n\t\t\t\t\t\t\t\t<\/div>\n\t\t\t\t<\/div>\n\t\t\t\t<\/div>\n\t\t<div class=\"elementor-element elementor-element-7c0c2b19 e-con-full e-flex e-con e-child\" data-id=\"7c0c2b19\" data-element_type=\"container\" data-e-type=\"container\">\n\t\t\t\t<div class=\"elementor-element elementor-element-78d6fa82 wd-width-100 elementor-widget elementor-widget-wd_title\" data-id=\"78d6fa82\" data-element_type=\"widget\" data-e-type=\"widget\" data-widget_type=\"wd_title.default\">\n\t\t\t\t<div class=\"elementor-widget-container\">\n\t\t\t\t\t\t\t<div class=\"title-wrapper wd-set-mb reset-last-child wd-title-color-default wd-title-style-bordered wd-title-size-large text-center\">\n\n\t\t\t\t\t\t\t\t\t\t\t<div class=\"title-subtitle subtitle-color-default subtitle-style-default wd-fontsize-xs\">\n\t\t\t\t\tBarbacoa\t\t\t\t<\/div>\n\t\t\t\n\t\t\t<div class=\"liner-continer\">\n\t\t\t\t<h4 class=\"woodmart-title-container title wd-fontsize-xxl\">MODERN 60<\/h4> \n\t\t\t\t\t\t\t<\/div>\n\n\t\t\t\t\t<\/div>\n\t\t\t\t\t\t<\/div>\n\t\t\t\t<\/div>\n\t\t\t\t<div class=\"elementor-element elementor-element-604eefee elementor-widget elementor-widget-image\" data-id=\"604eefee\" data-element_type=\"widget\" data-e-type=\"widget\" data-widget_type=\"image.default\">\n\t\t\t\t<div class=\"elementor-widget-container\">\n\t\t\t\t\t\t\t\t\t\t\t\t\t\t\t\t<a href=\"https:\/\/www.lavillagardendesign.com\/es\/producto\/modern-60-plancha-de-asar-a-gas\/\">\n\t\t\t\t\t\t\t<img loading=\"lazy\" decoding=\"async\" width=\"1280\" height=\"800\" src=\"https:\/\/www.lavillagardendesign.com\/wp-content\/uploads\/2025\/05\/modern60-2-1280x800.jpg\" class=\"attachment-large size-large wp-image-54160\" alt=\"\" srcset=\"https:\/\/www.lavillagardendesign.com\/wp-content\/uploads\/2025\/05\/modern60-2-1280x800.jpg 1280w, https:\/\/www.lavillagardendesign.com\/wp-content\/uploads\/2025\/05\/modern60-2-600x375.jpg 600w, https:\/\/www.lavillagardendesign.com\/wp-content\/uploads\/2025\/05\/modern60-2-300x188.jpg 300w, https:\/\/www.lavillagardendesign.com\/wp-content\/uploads\/2025\/05\/modern60-2-1200x750.jpg 1200w, https:\/\/www.lavillagardendesign.com\/wp-content\/uploads\/2025\/05\/modern60-2-400x250.jpg 400w, https:\/\/www.lavillagardendesign.com\/wp-content\/uploads\/2025\/05\/modern60-2-768x480.jpg 768w, https:\/\/www.lavillagardendesign.com\/wp-content\/uploads\/2025\/05\/modern60-2-1536x960.jpg 1536w, https:\/\/www.lavillagardendesign.com\/wp-content\/uploads\/2025\/05\/modern60-2.jpg 1600w\" sizes=\"auto, (max-width: 1280px) 100vw, 1280px\" \/>\t\t\t\t\t\t\t\t<\/a>\n\t\t\t\t\t\t\t\t\t\t\t\t\t\t\t<\/div>\n\t\t\t\t<\/div>\n\t\t\t\t<div class=\"elementor-element elementor-element-1fe985cf elementor-widget__width-initial elementor-align-justify elementor-widget-tablet__width-initial elementor-widget elementor-widget-button\" data-id=\"1fe985cf\" data-element_type=\"widget\" data-e-type=\"widget\" data-widget_type=\"button.default\">\n\t\t\t\t<div class=\"elementor-widget-container\">\n\t\t\t\t\t\t\t\t\t<div class=\"elementor-button-wrapper\">\n\t\t\t\t\t<a class=\"elementor-button elementor-button-link elementor-size-sm\" href=\"https:\/\/www.lavillagardendesign.com\/es\/producto\/modern-60-plancha-de-asar-a-gas\/\">\n\t\t\t\t\t\t<span class=\"elementor-button-content-wrapper\">\n\t\t\t\t\t\t\t\t\t<span class=\"elementor-button-text\">Descubre el producto<\/span>\n\t\t\t\t\t<\/span>\n\t\t\t\t\t<\/a>\n\t\t\t\t<\/div>\n\t\t\t\t\t\t\t\t<\/div>\n\t\t\t\t<\/div>\n\t\t\t\t<\/div>\n\t\t<div class=\"elementor-element elementor-element-4a46ef99 e-con-full e-flex e-con e-child\" data-id=\"4a46ef99\" data-element_type=\"container\" data-e-type=\"container\">\n\t\t\t\t<div class=\"elementor-element elementor-element-4284cc7f wd-width-100 elementor-widget elementor-widget-wd_title\" data-id=\"4284cc7f\" data-element_type=\"widget\" data-e-type=\"widget\" data-widget_type=\"wd_title.default\">\n\t\t\t\t<div class=\"elementor-widget-container\">\n\t\t\t\t\t\t\t<div class=\"title-wrapper wd-set-mb reset-last-child wd-title-color-default wd-title-style-bordered wd-title-size-large text-center\">\n\n\t\t\t\t\t\t\t\t\t\t\t<div class=\"title-subtitle subtitle-color-default subtitle-style-default wd-fontsize-xs\">\n\t\t\t\t\tBarbacoa\t\t\t\t<\/div>\n\t\t\t\n\t\t\t<div class=\"liner-continer\">\n\t\t\t\t<h4 class=\"woodmart-title-container title wd-fontsize-xxl\">BONBIZA ABIERTA<\/h4> \n\t\t\t\t\t\t\t<\/div>\n\n\t\t\t\t\t<\/div>\n\t\t\t\t\t\t<\/div>\n\t\t\t\t<\/div>\n\t\t\t\t<div class=\"elementor-element elementor-element-7f77809 elementor-widget elementor-widget-image\" data-id=\"7f77809\" data-element_type=\"widget\" data-e-type=\"widget\" data-widget_type=\"image.default\">\n\t\t\t\t<div class=\"elementor-widget-container\">\n\t\t\t\t\t\t\t\t\t\t\t\t\t\t\t\t<a href=\"https:\/\/www.lavillagardendesign.com\/es\/producto\/bonbiza-open-barbacoa-de-lena\/\">\n\t\t\t\t\t\t\t<img loading=\"lazy\" decoding=\"async\" width=\"1280\" height=\"800\" src=\"https:\/\/www.lavillagardendesign.com\/wp-content\/uploads\/2025\/05\/Photo-collections-VONDOM-1280x800.jpg\" class=\"attachment-large size-large wp-image-54144\" alt=\"\" srcset=\"https:\/\/www.lavillagardendesign.com\/wp-content\/uploads\/2025\/05\/Photo-collections-VONDOM-1280x800.jpg 1280w, https:\/\/www.lavillagardendesign.com\/wp-content\/uploads\/2025\/05\/Photo-collections-VONDOM-600x375.jpg 600w, https:\/\/www.lavillagardendesign.com\/wp-content\/uploads\/2025\/05\/Photo-collections-VONDOM-300x188.jpg 300w, https:\/\/www.lavillagardendesign.com\/wp-content\/uploads\/2025\/05\/Photo-collections-VONDOM-1200x750.jpg 1200w, https:\/\/www.lavillagardendesign.com\/wp-content\/uploads\/2025\/05\/Photo-collections-VONDOM-400x250.jpg 400w, https:\/\/www.lavillagardendesign.com\/wp-content\/uploads\/2025\/05\/Photo-collections-VONDOM-768x480.jpg 768w, https:\/\/www.lavillagardendesign.com\/wp-content\/uploads\/2025\/05\/Photo-collections-VONDOM-1536x960.jpg 1536w, https:\/\/www.lavillagardendesign.com\/wp-content\/uploads\/2025\/05\/Photo-collections-VONDOM.jpg 1600w\" sizes=\"auto, (max-width: 1280px) 100vw, 1280px\" \/>\t\t\t\t\t\t\t\t<\/a>\n\t\t\t\t\t\t\t\t\t\t\t\t\t\t\t<\/div>\n\t\t\t\t<\/div>\n\t\t\t\t<div class=\"elementor-element elementor-element-b461ba5 elementor-widget__width-initial elementor-align-justify elementor-widget-tablet__width-initial elementor-widget elementor-widget-button\" data-id=\"b461ba5\" data-element_type=\"widget\" data-e-type=\"widget\" data-widget_type=\"button.default\">\n\t\t\t\t<div class=\"elementor-widget-container\">\n\t\t\t\t\t\t\t\t\t<div class=\"elementor-button-wrapper\">\n\t\t\t\t\t<a class=\"elementor-button elementor-button-link elementor-size-sm\" href=\"https:\/\/www.lavillagardendesign.com\/es\/producto\/bonbiza-open-barbacoa-de-lena\/\">\n\t\t\t\t\t\t<span class=\"elementor-button-content-wrapper\">\n\t\t\t\t\t\t\t\t\t<span class=\"elementor-button-text\">Descubre el producto<\/span>\n\t\t\t\t\t<\/span>\n\t\t\t\t\t<\/a>\n\t\t\t\t<\/div>\n\t\t\t\t\t\t\t\t<\/div>\n\t\t\t\t<\/div>\n\t\t\t\t<\/div>\n\t\t<div class=\"elementor-element elementor-element-269a939d e-con-full e-flex e-con e-child\" data-id=\"269a939d\" data-element_type=\"container\" data-e-type=\"container\">\n\t\t\t\t<div class=\"elementor-element elementor-element-386fc410 wd-width-100 elementor-widget elementor-widget-wd_title\" data-id=\"386fc410\" data-element_type=\"widget\" data-e-type=\"widget\" data-widget_type=\"wd_title.default\">\n\t\t\t\t<div class=\"elementor-widget-container\">\n\t\t\t\t\t\t\t<div class=\"title-wrapper wd-set-mb reset-last-child wd-title-color-default wd-title-style-bordered wd-title-size-large text-center\">\n\n\t\t\t\t\t\t\t\t\t\t\t<div class=\"title-subtitle subtitle-color-default subtitle-style-default wd-fontsize-xs\">\n\t\t\t\t\tBarbacoa\t\t\t\t<\/div>\n\t\t\t\n\t\t\t<div class=\"liner-continer\">\n\t\t\t\t<h4 class=\"woodmart-title-container title wd-fontsize-xxl\">BONFEU 80<\/h4> \n\t\t\t\t\t\t\t<\/div>\n\n\t\t\t\t\t<\/div>\n\t\t\t\t\t\t<\/div>\n\t\t\t\t<\/div>\n\t\t\t\t<div class=\"elementor-element elementor-element-13e1ca1b elementor-widget elementor-widget-image\" data-id=\"13e1ca1b\" data-element_type=\"widget\" data-e-type=\"widget\" data-widget_type=\"image.default\">\n\t\t\t\t<div class=\"elementor-widget-container\">\n\t\t\t\t\t\t\t\t\t\t\t\t\t\t\t\t<a href=\"https:\/\/www.lavillagardendesign.com\/es\/producto\/bonfeu-80-soporte-para-plancha\/\">\n\t\t\t\t\t\t\t<img loading=\"lazy\" decoding=\"async\" width=\"1280\" height=\"800\" src=\"https:\/\/www.lavillagardendesign.com\/wp-content\/uploads\/2025\/05\/bonfeu-1280x800.jpg\" class=\"attachment-large size-large wp-image-54150\" alt=\"\" srcset=\"https:\/\/www.lavillagardendesign.com\/wp-content\/uploads\/2025\/05\/bonfeu-1280x800.jpg 1280w, https:\/\/www.lavillagardendesign.com\/wp-content\/uploads\/2025\/05\/bonfeu-600x375.jpg 600w, https:\/\/www.lavillagardendesign.com\/wp-content\/uploads\/2025\/05\/bonfeu-300x188.jpg 300w, https:\/\/www.lavillagardendesign.com\/wp-content\/uploads\/2025\/05\/bonfeu-1200x750.jpg 1200w, https:\/\/www.lavillagardendesign.com\/wp-content\/uploads\/2025\/05\/bonfeu-400x250.jpg 400w, https:\/\/www.lavillagardendesign.com\/wp-content\/uploads\/2025\/05\/bonfeu-768x480.jpg 768w, https:\/\/www.lavillagardendesign.com\/wp-content\/uploads\/2025\/05\/bonfeu-1536x960.jpg 1536w, https:\/\/www.lavillagardendesign.com\/wp-content\/uploads\/2025\/05\/bonfeu.jpg 1600w\" sizes=\"auto, (max-width: 1280px) 100vw, 1280px\" \/>\t\t\t\t\t\t\t\t<\/a>\n\t\t\t\t\t\t\t\t\t\t\t\t\t\t\t<\/div>\n\t\t\t\t<\/div>\n\t\t\t\t<div class=\"elementor-element elementor-element-77018f24 elementor-widget__width-initial elementor-align-justify elementor-widget-tablet__width-initial elementor-widget elementor-widget-button\" data-id=\"77018f24\" data-element_type=\"widget\" data-e-type=\"widget\" data-widget_type=\"button.default\">\n\t\t\t\t<div class=\"elementor-widget-container\">\n\t\t\t\t\t\t\t\t\t<div class=\"elementor-button-wrapper\">\n\t\t\t\t\t<a class=\"elementor-button elementor-button-link elementor-size-sm\" href=\"https:\/\/www.lavillagardendesign.com\/es\/producto\/bonfeu-80-soporte-para-plancha\/\">\n\t\t\t\t\t\t<span class=\"elementor-button-content-wrapper\">\n\t\t\t\t\t\t\t\t\t<span class=\"elementor-button-text\">Descubre el producto<\/span>\n\t\t\t\t\t<\/span>\n\t\t\t\t\t<\/a>\n\t\t\t\t<\/div>\n\t\t\t\t\t\t\t\t<\/div>\n\t\t\t\t<\/div>\n\t\t\t\t<\/div>\n\t\t<div class=\"elementor-element elementor-element-88913f5 e-con-full e-flex e-con e-child\" data-id=\"88913f5\" data-element_type=\"container\" data-e-type=\"container\">\n\t\t\t\t<div class=\"elementor-element elementor-element-404ccf78 wd-width-100 elementor-widget elementor-widget-wd_title\" data-id=\"404ccf78\" data-element_type=\"widget\" data-e-type=\"widget\" data-widget_type=\"wd_title.default\">\n\t\t\t\t<div class=\"elementor-widget-container\">\n\t\t\t\t\t\t\t<div class=\"title-wrapper wd-set-mb reset-last-child wd-title-color-default wd-title-style-bordered wd-title-size-large text-center\">\n\n\t\t\t\t\t\t\t\t\t\t\t<div class=\"title-subtitle subtitle-color-default subtitle-style-default wd-fontsize-xs\">\n\t\t\t\t\tBarbacoa\t\t\t\t<\/div>\n\t\t\t\n\t\t\t<div class=\"liner-continer\">\n\t\t\t\t<h4 class=\"woodmart-title-container title wd-fontsize-xxl\">BONPIZZA<\/h4> \n\t\t\t\t\t\t\t<\/div>\n\n\t\t\t\t\t<\/div>\n\t\t\t\t\t\t<\/div>\n\t\t\t\t<\/div>\n\t\t\t\t<div class=\"elementor-element elementor-element-6235fbcb elementor-widget elementor-widget-image\" data-id=\"6235fbcb\" data-element_type=\"widget\" data-e-type=\"widget\" data-widget_type=\"image.default\">\n\t\t\t\t<div class=\"elementor-widget-container\">\n\t\t\t\t\t\t\t\t\t\t\t\t\t\t\t\t<a href=\"https:\/\/www.lavillagardendesign.com\/es\/producto\/bonpizza-horno-piedra-para-pizza\/\">\n\t\t\t\t\t\t\t<img loading=\"lazy\" decoding=\"async\" width=\"1280\" height=\"800\" src=\"https:\/\/www.lavillagardendesign.com\/wp-content\/uploads\/2025\/05\/Photo-collections-VONDOM-1-1280x800.jpg\" class=\"attachment-large size-large wp-image-54153\" alt=\"\" srcset=\"https:\/\/www.lavillagardendesign.com\/wp-content\/uploads\/2025\/05\/Photo-collections-VONDOM-1-1280x800.jpg 1280w, https:\/\/www.lavillagardendesign.com\/wp-content\/uploads\/2025\/05\/Photo-collections-VONDOM-1-600x375.jpg 600w, https:\/\/www.lavillagardendesign.com\/wp-content\/uploads\/2025\/05\/Photo-collections-VONDOM-1-300x188.jpg 300w, https:\/\/www.lavillagardendesign.com\/wp-content\/uploads\/2025\/05\/Photo-collections-VONDOM-1-1200x750.jpg 1200w, https:\/\/www.lavillagardendesign.com\/wp-content\/uploads\/2025\/05\/Photo-collections-VONDOM-1-400x250.jpg 400w, https:\/\/www.lavillagardendesign.com\/wp-content\/uploads\/2025\/05\/Photo-collections-VONDOM-1-768x480.jpg 768w, https:\/\/www.lavillagardendesign.com\/wp-content\/uploads\/2025\/05\/Photo-collections-VONDOM-1-1536x960.jpg 1536w, https:\/\/www.lavillagardendesign.com\/wp-content\/uploads\/2025\/05\/Photo-collections-VONDOM-1.jpg 1600w\" sizes=\"auto, (max-width: 1280px) 100vw, 1280px\" \/>\t\t\t\t\t\t\t\t<\/a>\n\t\t\t\t\t\t\t\t\t\t\t\t\t\t\t<\/div>\n\t\t\t\t<\/div>\n\t\t\t\t<div class=\"elementor-element elementor-element-1acc1ce0 elementor-widget__width-initial elementor-align-justify elementor-widget-tablet__width-initial elementor-widget elementor-widget-button\" data-id=\"1acc1ce0\" data-element_type=\"widget\" data-e-type=\"widget\" data-widget_type=\"button.default\">\n\t\t\t\t<div class=\"elementor-widget-container\">\n\t\t\t\t\t\t\t\t\t<div class=\"elementor-button-wrapper\">\n\t\t\t\t\t<a class=\"elementor-button elementor-button-link elementor-size-sm\" href=\"https:\/\/www.lavillagardendesign.com\/es\/producto\/bonpizza-horno-piedra-para-pizza\/\">\n\t\t\t\t\t\t<span class=\"elementor-button-content-wrapper\">\n\t\t\t\t\t\t\t\t\t<span class=\"elementor-button-text\">Descubre el producto<\/span>\n\t\t\t\t\t<\/span>\n\t\t\t\t\t<\/a>\n\t\t\t\t<\/div>\n\t\t\t\t\t\t\t\t<\/div>\n\t\t\t\t<\/div>\n\t\t\t\t<\/div>\n\t\t<div class=\"elementor-element elementor-element-1a285233 e-con-full e-flex e-con e-child\" data-id=\"1a285233\" data-element_type=\"container\" data-e-type=\"container\">\n\t\t\t\t<div class=\"elementor-element elementor-element-ad0afae wd-width-100 elementor-widget elementor-widget-wd_title\" data-id=\"ad0afae\" data-element_type=\"widget\" data-e-type=\"widget\" data-widget_type=\"wd_title.default\">\n\t\t\t\t<div class=\"elementor-widget-container\">\n\t\t\t\t\t\t\t<div class=\"title-wrapper wd-set-mb reset-last-child wd-title-color-default wd-title-style-bordered wd-title-size-large text-center\">\n\n\t\t\t\t\t\t\t\t\t\t\t<div class=\"title-subtitle subtitle-color-default subtitle-style-default wd-fontsize-xs\">\n\t\t\t\t\tBarbacoa\t\t\t\t<\/div>\n\t\t\t\n\t\t\t<div class=\"liner-continer\">\n\t\t\t\t<h4 class=\"woodmart-title-container title wd-fontsize-xxl\">TAHUNA 4<\/h4> \n\t\t\t\t\t\t\t<\/div>\n\n\t\t\t\t\t<\/div>\n\t\t\t\t\t\t<\/div>\n\t\t\t\t<\/div>\n\t\t\t\t<div class=\"elementor-element elementor-element-73cc7bbd elementor-widget elementor-widget-image\" data-id=\"73cc7bbd\" data-element_type=\"widget\" data-e-type=\"widget\" data-widget_type=\"image.default\">\n\t\t\t\t<div class=\"elementor-widget-container\">\n\t\t\t\t\t\t\t\t\t\t\t\t\t\t\t\t<a href=\"https:\/\/www.lavillagardendesign.com\/es\/producto\/tahuna-4-barbacoa-de-gas-con-carro\/\">\n\t\t\t\t\t\t\t<img loading=\"lazy\" decoding=\"async\" width=\"1280\" height=\"800\" src=\"https:\/\/www.lavillagardendesign.com\/wp-content\/uploads\/2025\/05\/tahuna-1280x800.jpg\" class=\"attachment-large size-large wp-image-54163\" alt=\"\" srcset=\"https:\/\/www.lavillagardendesign.com\/wp-content\/uploads\/2025\/05\/tahuna-1280x800.jpg 1280w, https:\/\/www.lavillagardendesign.com\/wp-content\/uploads\/2025\/05\/tahuna-600x375.jpg 600w, https:\/\/www.lavillagardendesign.com\/wp-content\/uploads\/2025\/05\/tahuna-300x188.jpg 300w, https:\/\/www.lavillagardendesign.com\/wp-content\/uploads\/2025\/05\/tahuna-1200x750.jpg 1200w, https:\/\/www.lavillagardendesign.com\/wp-content\/uploads\/2025\/05\/tahuna-400x250.jpg 400w, https:\/\/www.lavillagardendesign.com\/wp-content\/uploads\/2025\/05\/tahuna-768x480.jpg 768w, https:\/\/www.lavillagardendesign.com\/wp-content\/uploads\/2025\/05\/tahuna-1536x960.jpg 1536w, https:\/\/www.lavillagardendesign.com\/wp-content\/uploads\/2025\/05\/tahuna.jpg 1600w\" sizes=\"auto, (max-width: 1280px) 100vw, 1280px\" \/>\t\t\t\t\t\t\t\t<\/a>\n\t\t\t\t\t\t\t\t\t\t\t\t\t\t\t<\/div>\n\t\t\t\t<\/div>\n\t\t\t\t<div class=\"elementor-element elementor-element-7057ba09 elementor-widget__width-initial elementor-align-justify elementor-widget-tablet__width-initial elementor-widget elementor-widget-button\" data-id=\"7057ba09\" data-element_type=\"widget\" data-e-type=\"widget\" data-widget_type=\"button.default\">\n\t\t\t\t<div class=\"elementor-widget-container\">\n\t\t\t\t\t\t\t\t\t<div class=\"elementor-button-wrapper\">\n\t\t\t\t\t<a class=\"elementor-button elementor-button-link elementor-size-sm\" href=\"https:\/\/www.lavillagardendesign.com\/es\/producto\/tahuna-4-barbacoa-de-gas-con-carro\/\">\n\t\t\t\t\t\t<span class=\"elementor-button-content-wrapper\">\n\t\t\t\t\t\t\t\t\t<span class=\"elementor-button-text\">Descubre el producto<\/span>\n\t\t\t\t\t<\/span>\n\t\t\t\t\t<\/a>\n\t\t\t\t<\/div>\n\t\t\t\t\t\t\t\t<\/div>\n\t\t\t\t<\/div>\n\t\t\t\t<\/div>\n\t\t\t\t\t<\/div>\n\t\t\t\t<\/div>\n\t\t<div class=\"elementor-element elementor-element-24744cb wd-section-stretch e-flex e-con-boxed e-con e-parent\" data-id=\"24744cb\" data-element_type=\"container\" data-e-type=\"container\">\n\t\t\t\t\t<div class=\"e-con-inner\">\n\t\t<div class=\"elementor-element elementor-element-3978799 e-con-full e-flex e-con e-child\" data-id=\"3978799\" data-element_type=\"container\" data-e-type=\"container\" data-settings=\"{&quot;background_background&quot;:&quot;classic&quot;}\">\n\t\t\t\t<div class=\"elementor-element elementor-element-3a53176 color-scheme-inherit text-left elementor-widget elementor-widget-text-editor\" data-id=\"3a53176\" data-element_type=\"widget\" data-e-type=\"widget\" data-widget_type=\"text-editor.default\">\n\t\t\t\t<div class=\"elementor-widget-container\">\n\t\t\t\t\t\t\t\t\t<p><b>Gastronom\u00eda al Aire Libre: El Arte del \u201cShowcooking\u201d<\/b><\/p><p><b>El Coraz\u00f3n de sus Reuniones Sociales<\/b><br \/>En el estilo de vida mediterr\u00e1neo, la cocina no se esconde; se celebra. Nuestra selecci\u00f3n de barbacoas y cocinas de exterior est\u00e1 dise\u00f1ada para convertir al anfitri\u00f3n en el protagonista. Ofrecemos equipos de alto rendimiento \u2014desde potentes parrillas de gas hasta kamados cer\u00e1micos de carb\u00f3n\u2014 que combinan la precisi\u00f3n de una cocina profesional con una est\u00e9tica impecable. Estas piezas son el complemento natural para nuestras\u00a0<a href=\"https:\/\/www.lavillagardendesign.com\/es\/categoria-producto\/mesas\/mesas-de-comedor\/\"><b>Mesas de Comedor<\/b><\/a>, permiti\u00e9ndole servir sus creaciones directamente del fuego a la mesa, creando una experiencia culinaria fluida y sofisticada.<\/p><p><b>Acero Inoxidable y Resistencia Marina<\/b><br \/>La durabilidad es innegociable cuando se trata de fuego y exterior.\u00a0Nuestras cocinas modulares est\u00e1n fabricadas con materiales nobles como el acero inoxidable de grado marino (304 o 316), resistentes a la corrosi\u00f3n incluso en primera l\u00ednea de mar en la Costa Brava o Ibiza. Para crear un espacio de cocina funcional los 365 d\u00edas del a\u00f1o, le recomendamos instalar su unidad bajo una de nuestras\u00a0<a href=\"https:\/\/www.lavillagardendesign.com\/es\/categoria-producto\/pergolas-es\/\"><b>P\u00e9rgolas Bioclim\u00e1ticas <\/b><\/a>y acompa\u00f1arla de una barra con\u00a0<a href=\"https:\/\/www.lavillagardendesign.com\/es\/categoria-producto\/sillas\/taburetes\/\"><b>Taburetes de Bar<\/b><\/a>, invitando a sus hu\u00e9spedes a disfrutar de un aperitivo mientras usted cocina.<\/p>\t\t\t\t\t\t\t\t<\/div>\n\t\t\t\t<\/div>\n\t\t\t\t<\/div>\n\t\t\t\t\t<\/div>\n\t\t\t\t<\/div>\n\t\t\t\t<\/div>\n\t\t","protected":false},"excerpt":{"rendered":"<p>La Villa Garden&amp;Design Barbacoa Barbacoa COLIMA Descubre el producto Barbecue KAMADO 55 Discover the product Barbecue COLIMA Discover the product<\/p>\n","protected":false},"author":1,"featured_media":0,"parent":0,"menu_order":0,"comment_status":"closed","ping_status":"closed","template":"","meta":{"footnotes":""},"class_list":["post-54175","page","type-page","status-publish","hentry"],"yoast_head":"<!-- This site is optimized with the Yoast SEO plugin v27.4 - https:\/\/yoast.com\/product\/yoast-seo-wordpress\/ -->\n<title>BARBACOA - La Villa Garden&amp;Design<\/title>\n<meta name=\"robots\" content=\"index, follow, max-snippet:-1, max-image-preview:large, max-video-preview:-1\" \/>\n<link rel=\"canonical\" href=\"https:\/\/www.lavillagardendesign.com\/barbecue\/\" \/>\n<meta property=\"og:locale\" content=\"es_ES\" \/>\n<meta property=\"og:type\" content=\"article\" \/>\n<meta property=\"og:title\" content=\"BARBACOA - La Villa Garden&amp;Design\" \/>\n<meta property=\"og:description\" content=\"La Villa Garden&amp;Design Barbacoa Barbacoa COLIMA Descubre el producto Barbecue KAMADO 55 Discover the product Barbecue COLIMA Discover the product\" \/>\n<meta property=\"og:url\" content=\"https:\/\/www.lavillagardendesign.com\/barbecue\/\" \/>\n<meta property=\"og:site_name\" content=\"La Villa Garden&amp;Design\" \/>\n<meta property=\"article:publisher\" content=\"https:\/\/www.facebook.com\/lavillagardendesign\/\" \/>\n<meta property=\"article:modified_time\" content=\"2026-01-21T19:05:13+00:00\" \/>\n<meta property=\"og:image\" content=\"https:\/\/www.lavillagardendesign.com\/wp-content\/uploads\/2025\/06\/2-1-1.jpg\" \/>\n\t<meta property=\"og:image:width\" content=\"1600\" \/>\n\t<meta property=\"og:image:height\" content=\"1000\" \/>\n\t<meta property=\"og:image:type\" content=\"image\/jpeg\" \/>\n<meta name=\"twitter:card\" content=\"summary_large_image\" \/>\n<meta name=\"twitter:label1\" content=\"Tiempo de lectura\" \/>\n\t<meta name=\"twitter:data1\" content=\"4 minutos\" \/>\n<script type=\"application\/ld+json\" class=\"yoast-schema-graph\">{\"@context\":\"https:\\\/\\\/schema.org\",\"@graph\":[{\"@type\":\"WebPage\",\"@id\":\"https:\\\/\\\/www.lavillagardendesign.com\\\/barbecue\\\/\",\"url\":\"https:\\\/\\\/www.lavillagardendesign.com\\\/barbecue\\\/\",\"name\":\"BARBACOA - La Villa Garden&amp;Design\",\"isPartOf\":{\"@id\":\"https:\\\/\\\/www.lavillagardendesign.com\\\/#website\"},\"primaryImageOfPage\":{\"@id\":\"https:\\\/\\\/www.lavillagardendesign.com\\\/barbecue\\\/#primaryimage\"},\"image\":{\"@id\":\"https:\\\/\\\/www.lavillagardendesign.com\\\/barbecue\\\/#primaryimage\"},\"thumbnailUrl\":\"https:\\\/\\\/www.lavillagardendesign.com\\\/wp-content\\\/uploads\\\/2025\\\/06\\\/2-1-1-1280x800.jpg\",\"datePublished\":\"2025-05-15T08:52:01+00:00\",\"dateModified\":\"2026-01-21T19:05:13+00:00\",\"breadcrumb\":{\"@id\":\"https:\\\/\\\/www.lavillagardendesign.com\\\/barbecue\\\/#breadcrumb\"},\"inLanguage\":\"es\",\"potentialAction\":[{\"@type\":\"ReadAction\",\"target\":[\"https:\\\/\\\/www.lavillagardendesign.com\\\/barbecue\\\/\"]}]},{\"@type\":\"ImageObject\",\"inLanguage\":\"es\",\"@id\":\"https:\\\/\\\/www.lavillagardendesign.com\\\/barbecue\\\/#primaryimage\",\"url\":\"https:\\\/\\\/www.lavillagardendesign.com\\\/wp-content\\\/uploads\\\/2025\\\/06\\\/2-1-1-1280x800.jpg\",\"contentUrl\":\"https:\\\/\\\/www.lavillagardendesign.com\\\/wp-content\\\/uploads\\\/2025\\\/06\\\/2-1-1-1280x800.jpg\"},{\"@type\":\"BreadcrumbList\",\"@id\":\"https:\\\/\\\/www.lavillagardendesign.com\\\/barbecue\\\/#breadcrumb\",\"itemListElement\":[{\"@type\":\"ListItem\",\"position\":1,\"name\":\"Home\",\"item\":\"https:\\\/\\\/www.lavillagardendesign.com\\\/\"},{\"@type\":\"ListItem\",\"position\":2,\"name\":\"BARBACOA\"}]},{\"@type\":\"WebSite\",\"@id\":\"https:\\\/\\\/www.lavillagardendesign.com\\\/#website\",\"url\":\"https:\\\/\\\/www.lavillagardendesign.com\\\/\",\"name\":\"La Villa Garden&Design\",\"description\":\"\",\"publisher\":{\"@id\":\"https:\\\/\\\/www.lavillagardendesign.com\\\/#organization\"},\"potentialAction\":[{\"@type\":\"SearchAction\",\"target\":{\"@type\":\"EntryPoint\",\"urlTemplate\":\"https:\\\/\\\/www.lavillagardendesign.com\\\/?s={search_term_string}\"},\"query-input\":{\"@type\":\"PropertyValueSpecification\",\"valueRequired\":true,\"valueName\":\"search_term_string\"}}],\"inLanguage\":\"es\"},{\"@type\":\"Organization\",\"@id\":\"https:\\\/\\\/www.lavillagardendesign.com\\\/#organization\",\"name\":\"La Villa Garden&Design\",\"url\":\"https:\\\/\\\/www.lavillagardendesign.com\\\/\",\"logo\":{\"@type\":\"ImageObject\",\"inLanguage\":\"es\",\"@id\":\"https:\\\/\\\/www.lavillagardendesign.com\\\/#\\\/schema\\\/logo\\\/image\\\/\",\"url\":\"https:\\\/\\\/www.lavillagardendesign.com\\\/wp-content\\\/uploads\\\/2024\\\/04\\\/logolavilla.png\",\"contentUrl\":\"https:\\\/\\\/www.lavillagardendesign.com\\\/wp-content\\\/uploads\\\/2024\\\/04\\\/logolavilla.png\",\"width\":682,\"height\":391,\"caption\":\"La Villa Garden&Design\"},\"image\":{\"@id\":\"https:\\\/\\\/www.lavillagardendesign.com\\\/#\\\/schema\\\/logo\\\/image\\\/\"},\"sameAs\":[\"https:\\\/\\\/www.facebook.com\\\/lavillagardendesign\\\/\"]}]}<\/script>\n<!-- \/ Yoast SEO plugin. -->","yoast_head_json":{"title":"BARBACOA - La Villa Garden&amp;Design","robots":{"index":"index","follow":"follow","max-snippet":"max-snippet:-1","max-image-preview":"max-image-preview:large","max-video-preview":"max-video-preview:-1"},"canonical":"https:\/\/www.lavillagardendesign.com\/barbecue\/","og_locale":"es_ES","og_type":"article","og_title":"BARBACOA - La Villa Garden&amp;Design","og_description":"La Villa Garden&amp;Design Barbacoa Barbacoa COLIMA Descubre el producto Barbecue KAMADO 55 Discover the product Barbecue COLIMA Discover the product","og_url":"https:\/\/www.lavillagardendesign.com\/barbecue\/","og_site_name":"La Villa Garden&amp;Design","article_publisher":"https:\/\/www.facebook.com\/lavillagardendesign\/","article_modified_time":"2026-01-21T19:05:13+00:00","og_image":[{"width":1600,"height":1000,"url":"https:\/\/www.lavillagardendesign.com\/wp-content\/uploads\/2025\/06\/2-1-1.jpg","type":"image\/jpeg"}],"twitter_card":"summary_large_image","twitter_misc":{"Tiempo de lectura":"4 minutos"},"schema":{"@context":"https:\/\/schema.org","@graph":[{"@type":"WebPage","@id":"https:\/\/www.lavillagardendesign.com\/barbecue\/","url":"https:\/\/www.lavillagardendesign.com\/barbecue\/","name":"BARBACOA - La Villa Garden&amp;Design","isPartOf":{"@id":"https:\/\/www.lavillagardendesign.com\/#website"},"primaryImageOfPage":{"@id":"https:\/\/www.lavillagardendesign.com\/barbecue\/#primaryimage"},"image":{"@id":"https:\/\/www.lavillagardendesign.com\/barbecue\/#primaryimage"},"thumbnailUrl":"https:\/\/www.lavillagardendesign.com\/wp-content\/uploads\/2025\/06\/2-1-1-1280x800.jpg","datePublished":"2025-05-15T08:52:01+00:00","dateModified":"2026-01-21T19:05:13+00:00","breadcrumb":{"@id":"https:\/\/www.lavillagardendesign.com\/barbecue\/#breadcrumb"},"inLanguage":"es","potentialAction":[{"@type":"ReadAction","target":["https:\/\/www.lavillagardendesign.com\/barbecue\/"]}]},{"@type":"ImageObject","inLanguage":"es","@id":"https:\/\/www.lavillagardendesign.com\/barbecue\/#primaryimage","url":"https:\/\/www.lavillagardendesign.com\/wp-content\/uploads\/2025\/06\/2-1-1-1280x800.jpg","contentUrl":"https:\/\/www.lavillagardendesign.com\/wp-content\/uploads\/2025\/06\/2-1-1-1280x800.jpg"},{"@type":"BreadcrumbList","@id":"https:\/\/www.lavillagardendesign.com\/barbecue\/#breadcrumb","itemListElement":[{"@type":"ListItem","position":1,"name":"Home","item":"https:\/\/www.lavillagardendesign.com\/"},{"@type":"ListItem","position":2,"name":"BARBACOA"}]},{"@type":"WebSite","@id":"https:\/\/www.lavillagardendesign.com\/#website","url":"https:\/\/www.lavillagardendesign.com\/","name":"La Villa Garden&Design","description":"","publisher":{"@id":"https:\/\/www.lavillagardendesign.com\/#organization"},"potentialAction":[{"@type":"SearchAction","target":{"@type":"EntryPoint","urlTemplate":"https:\/\/www.lavillagardendesign.com\/?s={search_term_string}"},"query-input":{"@type":"PropertyValueSpecification","valueRequired":true,"valueName":"search_term_string"}}],"inLanguage":"es"},{"@type":"Organization","@id":"https:\/\/www.lavillagardendesign.com\/#organization","name":"La Villa Garden&Design","url":"https:\/\/www.lavillagardendesign.com\/","logo":{"@type":"ImageObject","inLanguage":"es","@id":"https:\/\/www.lavillagardendesign.com\/#\/schema\/logo\/image\/","url":"https:\/\/www.lavillagardendesign.com\/wp-content\/uploads\/2024\/04\/logolavilla.png","contentUrl":"https:\/\/www.lavillagardendesign.com\/wp-content\/uploads\/2024\/04\/logolavilla.png","width":682,"height":391,"caption":"La Villa Garden&Design"},"image":{"@id":"https:\/\/www.lavillagardendesign.com\/#\/schema\/logo\/image\/"},"sameAs":["https:\/\/www.facebook.com\/lavillagardendesign\/"]}]}},"_links":{"self":[{"href":"https:\/\/www.lavillagardendesign.com\/es\/wp-json\/wp\/v2\/pages\/54175","targetHints":{"allow":["GET"]}}],"collection":[{"href":"https:\/\/www.lavillagardendesign.com\/es\/wp-json\/wp\/v2\/pages"}],"about":[{"href":"https:\/\/www.lavillagardendesign.com\/es\/wp-json\/wp\/v2\/types\/page"}],"author":[{"embeddable":true,"href":"https:\/\/www.lavillagardendesign.com\/es\/wp-json\/wp\/v2\/users\/1"}],"replies":[{"embeddable":true,"href":"https:\/\/www.lavillagardendesign.com\/es\/wp-json\/wp\/v2\/comments?post=54175"}],"version-history":[{"count":34,"href":"https:\/\/www.lavillagardendesign.com\/es\/wp-json\/wp\/v2\/pages\/54175\/revisions"}],"predecessor-version":[{"id":60578,"href":"https:\/\/www.lavillagardendesign.com\/es\/wp-json\/wp\/v2\/pages\/54175\/revisions\/60578"}],"wp:attachment":[{"href":"https:\/\/www.lavillagardendesign.com\/es\/wp-json\/wp\/v2\/media?parent=54175"}],"curies":[{"name":"wp","href":"https:\/\/api.w.org\/{rel}","templated":true}]}}