{"id":29645,"date":"2023-04-20T11:41:51","date_gmt":"2023-04-20T10:41:51","guid":{"rendered":"https:\/\/www.lavillagardendesign.com\/home-furniture2\/"},"modified":"2026-04-23T07:24:13","modified_gmt":"2026-04-23T06:24:13","slug":"inicio","status":"publish","type":"page","link":"https:\/\/www.lavillagardendesign.com\/es\/","title":{"rendered":"Inicio"},"content":{"rendered":"\t\t<div data-elementor-type=\"wp-page\" data-elementor-id=\"29645\" class=\"elementor elementor-29645 elementor-15\" data-elementor-post-type=\"page\">\n\t\t\t\t<div class=\"elementor-element elementor-element-774ea47 e-con-full wd-section-stretch elementor-hidden-tablet elementor-hidden-mobile e-flex e-con e-parent\" data-id=\"774ea47\" data-element_type=\"container\" data-e-type=\"container\" data-settings=\"{&quot;background_background&quot;:&quot;classic&quot;}\">\n\t\t\t\t<div class=\"elementor-element elementor-element-ccac025 elementor-widget__width-inherit elementor-widget elementor-widget-image\" data-id=\"ccac025\" data-element_type=\"widget\" data-e-type=\"widget\" data-widget_type=\"image.default\">\n\t\t\t\t<div class=\"elementor-widget-container\">\n\t\t\t\t\t\t\t\t\t\t\t\t\t\t\t\t<a href=\"https:\/\/inscription.lavillagardendesign.com\/\">\n\t\t\t\t\t\t\t<img loading=\"lazy\" decoding=\"async\" width=\"1920\" height=\"781\" src=\"https:\/\/www.lavillagardendesign.com\/wp-content\/uploads\/2026\/04\/1-de-mayo-4.png\" class=\"attachment-full size-full wp-image-70801\" alt=\"\" srcset=\"https:\/\/www.lavillagardendesign.com\/wp-content\/uploads\/2026\/04\/1-de-mayo-4.png 1920w, https:\/\/www.lavillagardendesign.com\/wp-content\/uploads\/2026\/04\/1-de-mayo-4-400x163.png 400w, https:\/\/www.lavillagardendesign.com\/wp-content\/uploads\/2026\/04\/1-de-mayo-4-1300x529.png 1300w, https:\/\/www.lavillagardendesign.com\/wp-content\/uploads\/2026\/04\/1-de-mayo-4-768x312.png 768w, https:\/\/www.lavillagardendesign.com\/wp-content\/uploads\/2026\/04\/1-de-mayo-4-1536x625.png 1536w, https:\/\/www.lavillagardendesign.com\/wp-content\/uploads\/2026\/04\/1-de-mayo-4-1200x488.png 1200w, https:\/\/www.lavillagardendesign.com\/wp-content\/uploads\/2026\/04\/1-de-mayo-4-600x244.png 600w, https:\/\/www.lavillagardendesign.com\/wp-content\/uploads\/2026\/04\/1-de-mayo-4-300x122.png 300w\" sizes=\"auto, (max-width: 1920px) 100vw, 1920px\" \/>\t\t\t\t\t\t\t\t<\/a>\n\t\t\t\t\t\t\t\t\t\t\t\t\t\t\t<\/div>\n\t\t\t\t<\/div>\n\t\t\t\t<\/div>\n\t\t<div class=\"elementor-element elementor-element-72d9d78 e-con-full wd-section-stretch elementor-hidden-desktop e-flex e-con e-parent\" data-id=\"72d9d78\" data-element_type=\"container\" data-e-type=\"container\" data-settings=\"{&quot;background_background&quot;:&quot;classic&quot;}\">\n\t\t\t\t<div class=\"elementor-element elementor-element-5566f48 elementor-widget__width-inherit elementor-widget elementor-widget-image\" data-id=\"5566f48\" data-element_type=\"widget\" data-e-type=\"widget\" data-widget_type=\"image.default\">\n\t\t\t\t<div class=\"elementor-widget-container\">\n\t\t\t\t\t\t\t\t\t\t\t\t\t\t\t\t<a href=\"https:\/\/inscription.lavillagardendesign.com\/\">\n\t\t\t\t\t\t\t<img loading=\"lazy\" decoding=\"async\" width=\"1080\" height=\"1920\" src=\"https:\/\/www.lavillagardendesign.com\/wp-content\/uploads\/2026\/04\/3-23.png\" class=\"attachment-full size-full wp-image-70798\" alt=\"\" srcset=\"https:\/\/www.lavillagardendesign.com\/wp-content\/uploads\/2026\/04\/3-23.png 1080w, https:\/\/www.lavillagardendesign.com\/wp-content\/uploads\/2026\/04\/3-23-169x300.png 169w, https:\/\/www.lavillagardendesign.com\/wp-content\/uploads\/2026\/04\/3-23-450x800.png 450w, https:\/\/www.lavillagardendesign.com\/wp-content\/uploads\/2026\/04\/3-23-768x1365.png 768w, https:\/\/www.lavillagardendesign.com\/wp-content\/uploads\/2026\/04\/3-23-864x1536.png 864w, https:\/\/www.lavillagardendesign.com\/wp-content\/uploads\/2026\/04\/3-23-600x1067.png 600w, https:\/\/www.lavillagardendesign.com\/wp-content\/uploads\/2026\/04\/3-23-300x533.png 300w\" sizes=\"auto, (max-width: 1080px) 100vw, 1080px\" \/>\t\t\t\t\t\t\t\t<\/a>\n\t\t\t\t\t\t\t\t\t\t\t\t\t\t\t<\/div>\n\t\t\t\t<\/div>\n\t\t\t\t<\/div>\n\t\t<div class=\"elementor-element elementor-element-b6d05b3 e-con-full wd-section-stretch-content elementor-hidden-desktop elementor-hidden-tablet elementor-hidden-mobile e-flex e-con e-parent\" data-id=\"b6d05b3\" data-element_type=\"container\" data-e-type=\"container\">\n\t\t\t\t<div class=\"elementor-element elementor-element-6a34880 elementor-arrows-position-inside elementor-widget elementor-widget-n-carousel\" data-id=\"6a34880\" data-element_type=\"widget\" data-e-type=\"widget\" data-settings=\"{&quot;carousel_items&quot;:[{&quot;slide_title&quot;:&quot;Slide #4&quot;,&quot;_id&quot;:&quot;2d86c48&quot;}],&quot;slides_to_show&quot;:&quot;1&quot;,&quot;slides_to_show_tablet&quot;:&quot;1&quot;,&quot;slides_to_scroll&quot;:&quot;3&quot;,&quot;slides_to_scroll_tablet&quot;:&quot;3&quot;,&quot;slides_to_show_mobile&quot;:&quot;1&quot;,&quot;autoplay&quot;:&quot;yes&quot;,&quot;autoplay_speed&quot;:5000,&quot;pause_on_hover&quot;:&quot;yes&quot;,&quot;pause_on_interaction&quot;:&quot;yes&quot;,&quot;infinite&quot;:&quot;yes&quot;,&quot;speed&quot;:500,&quot;offset_sides&quot;:&quot;none&quot;,&quot;arrows&quot;:&quot;yes&quot;,&quot;image_spacing_custom&quot;:{&quot;unit&quot;:&quot;px&quot;,&quot;size&quot;:10,&quot;sizes&quot;:[]},&quot;image_spacing_custom_tablet&quot;:{&quot;unit&quot;:&quot;px&quot;,&quot;size&quot;:&quot;&quot;,&quot;sizes&quot;:[]},&quot;image_spacing_custom_mobile&quot;:{&quot;unit&quot;:&quot;px&quot;,&quot;size&quot;:&quot;&quot;,&quot;sizes&quot;:[]}}\" data-widget_type=\"nested-carousel.default\">\n\t\t\t\t<div class=\"elementor-widget-container\">\n\t\t\t\t\t\t\t<div class=\"e-n-carousel swiper\" role=\"region\" aria-roledescription=\"carousel\" aria-label=\"Carousel\" dir=\"ltr\">\n\t\t\t<div class=\"swiper-wrapper\" aria-live=\"off\">\n\t\t\t\t\t\t\t\t\t\t<div class=\"swiper-slide\" data-slide=\"1\" role=\"group\" aria-roledescription=\"slide\" aria-label=\"1 of 1\">\n\t\t\t\t\t\t\t<div class=\"elementor-element elementor-element-5355265 e-con-full e-flex e-con e-child\" data-id=\"5355265\" data-element_type=\"container\" data-e-type=\"container\" data-settings=\"{&quot;background_background&quot;:&quot;classic&quot;}\">\n\t\t<div class=\"elementor-element elementor-element-3ebdab4 e-con-full e-flex elementor-invisible e-con e-child\" data-id=\"3ebdab4\" data-element_type=\"container\" data-e-type=\"container\" data-settings=\"{&quot;background_background&quot;:&quot;classic&quot;,&quot;animation&quot;:&quot;fadeInDown&quot;}\">\n\t\t\t\t<div class=\"elementor-element elementor-element-462f2e3 elementor-widget elementor-widget-heading\" data-id=\"462f2e3\" data-element_type=\"widget\" data-e-type=\"widget\" data-widget_type=\"heading.default\">\n\t\t\t\t<div class=\"elementor-widget-container\">\n\t\t\t\t\t<h2 class=\"elementor-heading-title elementor-size-default\">NUEVA colecci\u00f3n 2026<\/h2>\t\t\t\t<\/div>\n\t\t\t\t<\/div>\n\t\t\t\t<div class=\"elementor-element elementor-element-5621c6f elementor-widget elementor-widget-button\" data-id=\"5621c6f\" data-element_type=\"widget\" data-e-type=\"widget\" data-widget_type=\"button.default\">\n\t\t\t\t<div class=\"elementor-widget-container\">\n\t\t\t\t\t\t\t\t\t<div class=\"elementor-button-wrapper\">\n\t\t\t\t\t<a class=\"elementor-button elementor-button-link elementor-size-sm\" href=\"https:\/\/www.lavillagardendesign.com\/es\/categoria-producto\/nuevas-colecciones\/\">\n\t\t\t\t\t\t<span class=\"elementor-button-content-wrapper\">\n\t\t\t\t\t\t<span class=\"elementor-button-icon\">\n\t\t\t\t<svg aria-hidden=\"true\" class=\"e-font-icon-svg e-fas-long-arrow-alt-right\" viewBox=\"0 0 448 512\" xmlns=\"http:\/\/www.w3.org\/2000\/svg\"><path d=\"M313.941 216H12c-6.627 0-12 5.373-12 12v56c0 6.627 5.373 12 12 12h301.941v46.059c0 21.382 25.851 32.09 40.971 16.971l86.059-86.059c9.373-9.373 9.373-24.569 0-33.941l-86.059-86.059c-15.119-15.119-40.971-4.411-40.971 16.971V216z\"><\/path><\/svg>\t\t\t<\/span>\n\t\t\t\t\t\t\t\t\t<span class=\"elementor-button-text\">Descubrir<\/span>\n\t\t\t\t\t<\/span>\n\t\t\t\t\t<\/a>\n\t\t\t\t<\/div>\n\t\t\t\t\t\t\t\t<\/div>\n\t\t\t\t<\/div>\n\t\t\t\t<\/div>\n\t\t\t\t<\/div>\n\t\t\t\t\t\t\t\t<\/div>\n\t\t\t\t\t\t\t\t<\/div>\n\t\t<\/div>\n\t\t\t\t\t\t<\/div>\n\t\t\t\t<\/div>\n\t\t\t\t<\/div>\n\t\t<div class=\"elementor-element elementor-element-9e21448 wd-section-stretch elementor-hidden-mobile e-flex e-con-boxed e-con e-parent\" data-id=\"9e21448\" data-element_type=\"container\" data-e-type=\"container\" data-settings=\"{&quot;background_background&quot;:&quot;classic&quot;}\">\n\t\t\t\t\t<div class=\"e-con-inner\">\n\t\t<div class=\"elementor-element elementor-element-235d116 e-con-full e-flex e-con e-child\" data-id=\"235d116\" data-element_type=\"container\" data-e-type=\"container\">\n\t\t\t\t<div class=\"elementor-element elementor-element-3e72d03 elementor-hidden-desktop elementor-hidden-tablet elementor-hidden-mobile wd-width-100 elementor-widget elementor-widget-wd_title\" data-id=\"3e72d03\" data-element_type=\"widget\" data-e-type=\"widget\" data-widget_type=\"wd_title.default\">\n\t\t\t\t<div class=\"elementor-widget-container\">\n\t\t\t\t\t\t\t<div class=\"title-wrapper wd-set-mb reset-last-child wd-title-color-default wd-title-style-default wd-title-size-large text-left\">\n\n\t\t\t\n\t\t\t<div class=\"liner-continer\">\n\t\t\t\t<h4 class=\"woodmart-title-container title wd-fontsize-xxl\">Our Categories<\/h4> \n\t\t\t\t\t\t\t<\/div>\n\n\t\t\t\t\t\t\t<div class=\"title-after_title reset-last-child wd-fontsize-s\">\n\t\t\t\t\t<p>Browse our store through our categories<\/p>\t\t\t\t<\/div>\n\t\t\t\t\t<\/div>\n\t\t\t\t\t\t<\/div>\n\t\t\t\t<\/div>\n\t\t\t\t<div class=\"elementor-element elementor-element-87a388f wd-width-100 wd-nav-accordion-mb-on elementor-widget elementor-widget-wd_product_categories\" data-id=\"87a388f\" data-element_type=\"widget\" data-e-type=\"widget\" data-widget_type=\"wd_product_categories.default\">\n\t\t\t\t<div class=\"elementor-widget-container\">\n\t\t\t\t\t\t\t\t\t\t\t\t\t\t\n\t\t\t\t<div class=\"wd-cats-element\">\n\t\t\t\t\t<div class=\"wd-grid-g wd-cats products columns-9 elements-grid\" style=\"--wd-col-lg:9;--wd-col-md:4;--wd-col-sm:2;--wd-gap-lg:20px;--wd-gap-sm:10px;\">\n\t\t\t\t\t\t\t\t\t\t\t\t\t\n<div class=\"wd-col category-grid-item wd-cat cat-design-center wd-with-subcat product-category product first\" data-loop=\"1\">\n\t\n\t<div class=\"wd-cat-inner wrapp-category\">\n\t\t<div class=\"wd-cat-thumb category-image-wrapp\">\n\t\t\t<a class=\"wd-cat-image category-image\" href=\"https:\/\/www.lavillagardendesign.com\/es\/categoria-producto\/outdoor-es\/mesas\/\" aria-label=\"Mesas\">\n\t\t\t\t\n\t\t\t\t<img loading=\"lazy\" decoding=\"async\" width=\"299\" height=\"300\" src=\"https:\/\/www.lavillagardendesign.com\/wp-content\/uploads\/2024\/01\/3-1-299x300.png\" class=\"attachment-medium size-medium\" alt=\"\" srcset=\"https:\/\/www.lavillagardendesign.com\/wp-content\/uploads\/2024\/01\/3-1-299x300.png 299w, https:\/\/www.lavillagardendesign.com\/wp-content\/uploads\/2024\/01\/3-1-300x301.png 300w, https:\/\/www.lavillagardendesign.com\/wp-content\/uploads\/2024\/01\/3-1-150x150.png 150w, https:\/\/www.lavillagardendesign.com\/wp-content\/uploads\/2024\/01\/3-1.png 495w\" sizes=\"auto, (max-width: 299px) 100vw, 299px\" \/>\t\t\t<\/a>\n\t\t<\/div>\n\t\t<div class=\"wd-cat-content hover-mask\">\n\t\t\t<h3 class=\"wd-entities-title\">\n\t\t\t\tMesas\t\t\t<\/h3>\n\n\t\t\t\t\t\t\t<div class=\"wd-cat-count more-products\">\n\t\t\t\t\t<a href=\"https:\/\/www.lavillagardendesign.com\/es\/categoria-producto\/outdoor-es\/mesas\/\">\n\t\t\t\t\t133 products\t\t\t\t\t<\/a>\n\t\t\t\t<\/div>\n\t\t\t\n\t\t\t\t\t<\/div>\n\n\t\t\t\t<a class=\"wd-fill category-link\" href=\"https:\/\/www.lavillagardendesign.com\/es\/categoria-producto\/outdoor-es\/mesas\/\" aria-label=\"Product category mesas\"><\/a>\n\t\t\t<\/div>\n\n\t<\/div>\n\t\t\t\t\t\t\t\t\t\t\t\t\t\n<div class=\"wd-col category-grid-item wd-cat cat-design-center wd-with-subcat product-category product\" data-loop=\"2\">\n\t\n\t<div class=\"wd-cat-inner wrapp-category\">\n\t\t<div class=\"wd-cat-thumb category-image-wrapp\">\n\t\t\t<a class=\"wd-cat-image category-image\" href=\"https:\/\/www.lavillagardendesign.com\/es\/categoria-producto\/outdoor-es\/mesas\/mesas-altas-bars\/\" aria-label=\"Mesas altas &amp; Bars\">\n\t\t\t\t\n\t\t\t\t<img loading=\"lazy\" decoding=\"async\" width=\"299\" height=\"300\" src=\"https:\/\/www.lavillagardendesign.com\/wp-content\/uploads\/2024\/02\/categories-site-299x300.png\" class=\"attachment-medium size-medium\" alt=\"\" srcset=\"https:\/\/www.lavillagardendesign.com\/wp-content\/uploads\/2024\/02\/categories-site-299x300.png 299w, https:\/\/www.lavillagardendesign.com\/wp-content\/uploads\/2024\/02\/categories-site-300x301.png 300w, https:\/\/www.lavillagardendesign.com\/wp-content\/uploads\/2024\/02\/categories-site-150x150.png 150w, https:\/\/www.lavillagardendesign.com\/wp-content\/uploads\/2024\/02\/categories-site.png 495w\" sizes=\"auto, (max-width: 299px) 100vw, 299px\" \/>\t\t\t<\/a>\n\t\t<\/div>\n\t\t<div class=\"wd-cat-content hover-mask\">\n\t\t\t<h3 class=\"wd-entities-title\">\n\t\t\t\tMesas altas &amp; Bars\t\t\t<\/h3>\n\n\t\t\t\t\t\t\t<div class=\"wd-cat-count more-products\">\n\t\t\t\t\t<a href=\"https:\/\/www.lavillagardendesign.com\/es\/categoria-producto\/outdoor-es\/mesas\/mesas-altas-bars\/\">\n\t\t\t\t\t21 products\t\t\t\t\t<\/a>\n\t\t\t\t<\/div>\n\t\t\t\n\t\t\t\t\t<\/div>\n\n\t\t\t\t<a class=\"wd-fill category-link\" href=\"https:\/\/www.lavillagardendesign.com\/es\/categoria-producto\/outdoor-es\/mesas\/mesas-altas-bars\/\" aria-label=\"Product category mesas-altas-bars\"><\/a>\n\t\t\t<\/div>\n\n\t<\/div>\n\t\t\t\t\t\t\t\t\t\t\t\t\t\n<div class=\"wd-col category-grid-item wd-cat cat-design-center wd-with-subcat product-category product\" data-loop=\"3\">\n\t\n\t<div class=\"wd-cat-inner wrapp-category\">\n\t\t<div class=\"wd-cat-thumb category-image-wrapp\">\n\t\t\t<a class=\"wd-cat-image category-image\" href=\"https:\/\/www.lavillagardendesign.com\/es\/categoria-producto\/outdoor-es\/sillas\/\" aria-label=\"Sillas\">\n\t\t\t\t\n\t\t\t\t<img loading=\"lazy\" decoding=\"async\" width=\"299\" height=\"300\" src=\"https:\/\/www.lavillagardendesign.com\/wp-content\/uploads\/2024\/01\/1-1-299x300.png\" class=\"attachment-medium size-medium\" alt=\"\" srcset=\"https:\/\/www.lavillagardendesign.com\/wp-content\/uploads\/2024\/01\/1-1-299x300.png 299w, https:\/\/www.lavillagardendesign.com\/wp-content\/uploads\/2024\/01\/1-1-300x301.png 300w, https:\/\/www.lavillagardendesign.com\/wp-content\/uploads\/2024\/01\/1-1-150x150.png 150w, https:\/\/www.lavillagardendesign.com\/wp-content\/uploads\/2024\/01\/1-1.png 495w\" sizes=\"auto, (max-width: 299px) 100vw, 299px\" \/>\t\t\t<\/a>\n\t\t<\/div>\n\t\t<div class=\"wd-cat-content hover-mask\">\n\t\t\t<h3 class=\"wd-entities-title\">\n\t\t\t\tSillas\t\t\t<\/h3>\n\n\t\t\t\t\t\t\t<div class=\"wd-cat-count more-products\">\n\t\t\t\t\t<a href=\"https:\/\/www.lavillagardendesign.com\/es\/categoria-producto\/outdoor-es\/sillas\/\">\n\t\t\t\t\t85 products\t\t\t\t\t<\/a>\n\t\t\t\t<\/div>\n\t\t\t\n\t\t\t\t\t<\/div>\n\n\t\t\t\t<a class=\"wd-fill category-link\" href=\"https:\/\/www.lavillagardendesign.com\/es\/categoria-producto\/outdoor-es\/sillas\/\" aria-label=\"Product category sillas\"><\/a>\n\t\t\t<\/div>\n\n\t<\/div>\n\t\t\t\t\t\t\t\t\t\t\t\t\t\n<div class=\"wd-col category-grid-item wd-cat cat-design-center wd-with-subcat product-category product last\" data-loop=\"4\">\n\t\n\t<div class=\"wd-cat-inner wrapp-category\">\n\t\t<div class=\"wd-cat-thumb category-image-wrapp\">\n\t\t\t<a class=\"wd-cat-image category-image\" href=\"https:\/\/www.lavillagardendesign.com\/es\/categoria-producto\/outdoor-es\/sofas-y-butacas\/\" aria-label=\"Sof\u00e1s y Butacas\">\n\t\t\t\t\n\t\t\t\t<img loading=\"lazy\" decoding=\"async\" width=\"299\" height=\"300\" src=\"https:\/\/www.lavillagardendesign.com\/wp-content\/uploads\/2024\/01\/2-1-299x300.png\" class=\"attachment-medium size-medium\" alt=\"\" srcset=\"https:\/\/www.lavillagardendesign.com\/wp-content\/uploads\/2024\/01\/2-1-299x300.png 299w, https:\/\/www.lavillagardendesign.com\/wp-content\/uploads\/2024\/01\/2-1-300x301.png 300w, https:\/\/www.lavillagardendesign.com\/wp-content\/uploads\/2024\/01\/2-1-150x150.png 150w, https:\/\/www.lavillagardendesign.com\/wp-content\/uploads\/2024\/01\/2-1.png 495w\" sizes=\"auto, (max-width: 299px) 100vw, 299px\" \/>\t\t\t<\/a>\n\t\t<\/div>\n\t\t<div class=\"wd-cat-content hover-mask\">\n\t\t\t<h3 class=\"wd-entities-title\">\n\t\t\t\tSof\u00e1s y Butacas\t\t\t<\/h3>\n\n\t\t\t\t\t\t\t<div class=\"wd-cat-count more-products\">\n\t\t\t\t\t<a href=\"https:\/\/www.lavillagardendesign.com\/es\/categoria-producto\/outdoor-es\/sofas-y-butacas\/\">\n\t\t\t\t\t115 products\t\t\t\t\t<\/a>\n\t\t\t\t<\/div>\n\t\t\t\n\t\t\t\t\t<\/div>\n\n\t\t\t\t<a class=\"wd-fill category-link\" href=\"https:\/\/www.lavillagardendesign.com\/es\/categoria-producto\/outdoor-es\/sofas-y-butacas\/\" aria-label=\"Product category sofas-y-butacas\"><\/a>\n\t\t\t<\/div>\n\n\t<\/div>\n\t\t\t\t\t\t\t\t\t\t\t\t\t\n<div class=\"wd-col category-grid-item wd-cat cat-design-center wd-with-subcat product-category product first\" data-loop=\"5\">\n\t\n\t<div class=\"wd-cat-inner wrapp-category\">\n\t\t<div class=\"wd-cat-thumb category-image-wrapp\">\n\t\t\t<a class=\"wd-cat-image category-image\" href=\"https:\/\/www.lavillagardendesign.com\/es\/categoria-producto\/outdoor-es\/tumbonas-camas\/\" aria-label=\"Tumbonas &amp; Camas\">\n\t\t\t\t\n\t\t\t\t<img loading=\"lazy\" decoding=\"async\" width=\"299\" height=\"300\" src=\"https:\/\/www.lavillagardendesign.com\/wp-content\/uploads\/2024\/01\/4-1-299x300.png\" class=\"attachment-medium size-medium\" alt=\"\" srcset=\"https:\/\/www.lavillagardendesign.com\/wp-content\/uploads\/2024\/01\/4-1-299x300.png 299w, https:\/\/www.lavillagardendesign.com\/wp-content\/uploads\/2024\/01\/4-1-300x301.png 300w, https:\/\/www.lavillagardendesign.com\/wp-content\/uploads\/2024\/01\/4-1-150x150.png 150w, https:\/\/www.lavillagardendesign.com\/wp-content\/uploads\/2024\/01\/4-1.png 495w\" sizes=\"auto, (max-width: 299px) 100vw, 299px\" \/>\t\t\t<\/a>\n\t\t<\/div>\n\t\t<div class=\"wd-cat-content hover-mask\">\n\t\t\t<h3 class=\"wd-entities-title\">\n\t\t\t\tTumbonas &amp; Camas\t\t\t<\/h3>\n\n\t\t\t\t\t\t\t<div class=\"wd-cat-count more-products\">\n\t\t\t\t\t<a href=\"https:\/\/www.lavillagardendesign.com\/es\/categoria-producto\/outdoor-es\/tumbonas-camas\/\">\n\t\t\t\t\t52 products\t\t\t\t\t<\/a>\n\t\t\t\t<\/div>\n\t\t\t\n\t\t\t\t\t<\/div>\n\n\t\t\t\t<a class=\"wd-fill category-link\" href=\"https:\/\/www.lavillagardendesign.com\/es\/categoria-producto\/outdoor-es\/tumbonas-camas\/\" aria-label=\"Product category tumbonas-camas\"><\/a>\n\t\t\t<\/div>\n\n\t<\/div>\n\t\t\t\t\t\t\t\t\t\t\t\t\t\n<div class=\"wd-col category-grid-item wd-cat cat-design-center wd-with-subcat product-category product\" data-loop=\"6\">\n\t\n\t<div class=\"wd-cat-inner wrapp-category\">\n\t\t<div class=\"wd-cat-thumb category-image-wrapp\">\n\t\t\t<a class=\"wd-cat-image category-image\" href=\"https:\/\/www.lavillagardendesign.com\/es\/categoria-producto\/outdoor-es\/iluminacion\/\" aria-label=\"Iluminacion\">\n\t\t\t\t\n\t\t\t\t<img loading=\"lazy\" decoding=\"async\" width=\"299\" height=\"300\" src=\"https:\/\/www.lavillagardendesign.com\/wp-content\/uploads\/2024\/01\/categories-site3-299x300.png\" class=\"attachment-medium size-medium\" alt=\"\" srcset=\"https:\/\/www.lavillagardendesign.com\/wp-content\/uploads\/2024\/01\/categories-site3-299x300.png 299w, https:\/\/www.lavillagardendesign.com\/wp-content\/uploads\/2024\/01\/categories-site3-300x301.png 300w, https:\/\/www.lavillagardendesign.com\/wp-content\/uploads\/2024\/01\/categories-site3-150x150.png 150w, https:\/\/www.lavillagardendesign.com\/wp-content\/uploads\/2024\/01\/categories-site3.png 495w\" sizes=\"auto, (max-width: 299px) 100vw, 299px\" \/>\t\t\t<\/a>\n\t\t<\/div>\n\t\t<div class=\"wd-cat-content hover-mask\">\n\t\t\t<h3 class=\"wd-entities-title\">\n\t\t\t\tIluminacion\t\t\t<\/h3>\n\n\t\t\t\t\t\t\t<div class=\"wd-cat-count more-products\">\n\t\t\t\t\t<a href=\"https:\/\/www.lavillagardendesign.com\/es\/categoria-producto\/outdoor-es\/iluminacion\/\">\n\t\t\t\t\t17 products\t\t\t\t\t<\/a>\n\t\t\t\t<\/div>\n\t\t\t\n\t\t\t\t\t<\/div>\n\n\t\t\t\t<a class=\"wd-fill category-link\" href=\"https:\/\/www.lavillagardendesign.com\/es\/categoria-producto\/outdoor-es\/iluminacion\/\" aria-label=\"Product category iluminacion\"><\/a>\n\t\t\t<\/div>\n\n\t<\/div>\n\t\t\t\t\t\t\t\t\t\t\t\t\t\n<div class=\"wd-col category-grid-item wd-cat cat-design-center wd-with-subcat product-category product\" data-loop=\"7\">\n\t\n\t<div class=\"wd-cat-inner wrapp-category\">\n\t\t<div class=\"wd-cat-thumb category-image-wrapp\">\n\t\t\t<a class=\"wd-cat-image category-image\" href=\"https:\/\/www.lavillagardendesign.com\/es\/categoria-producto\/outdoor-es\/sombrillas\/\" aria-label=\"Sombrillas\">\n\t\t\t\t\n\t\t\t\t<img loading=\"lazy\" decoding=\"async\" width=\"299\" height=\"300\" src=\"https:\/\/www.lavillagardendesign.com\/wp-content\/uploads\/2024\/01\/Design-sans-titre-299x300.png\" class=\"attachment-medium size-medium\" alt=\"\" srcset=\"https:\/\/www.lavillagardendesign.com\/wp-content\/uploads\/2024\/01\/Design-sans-titre-299x300.png 299w, https:\/\/www.lavillagardendesign.com\/wp-content\/uploads\/2024\/01\/Design-sans-titre-300x301.png 300w, https:\/\/www.lavillagardendesign.com\/wp-content\/uploads\/2024\/01\/Design-sans-titre-150x150.png 150w, https:\/\/www.lavillagardendesign.com\/wp-content\/uploads\/2024\/01\/Design-sans-titre.png 495w\" sizes=\"auto, (max-width: 299px) 100vw, 299px\" \/>\t\t\t<\/a>\n\t\t<\/div>\n\t\t<div class=\"wd-cat-content hover-mask\">\n\t\t\t<h3 class=\"wd-entities-title\">\n\t\t\t\tSombrillas\t\t\t<\/h3>\n\n\t\t\t\t\t\t\t<div class=\"wd-cat-count more-products\">\n\t\t\t\t\t<a href=\"https:\/\/www.lavillagardendesign.com\/es\/categoria-producto\/outdoor-es\/sombrillas\/\">\n\t\t\t\t\t19 products\t\t\t\t\t<\/a>\n\t\t\t\t<\/div>\n\t\t\t\n\t\t\t\t\t<\/div>\n\n\t\t\t\t<a class=\"wd-fill category-link\" href=\"https:\/\/www.lavillagardendesign.com\/es\/categoria-producto\/outdoor-es\/sombrillas\/\" aria-label=\"Product category sombrillas\"><\/a>\n\t\t\t<\/div>\n\n\t<\/div>\n\t\t\t\t\t\t\t\t\t\t\t\t\t\n<div class=\"wd-col category-grid-item wd-cat cat-design-center wd-with-subcat product-category product last\" data-loop=\"8\">\n\t\n\t<div class=\"wd-cat-inner wrapp-category\">\n\t\t<div class=\"wd-cat-thumb category-image-wrapp\">\n\t\t\t<a class=\"wd-cat-image category-image\" href=\"https:\/\/www.lavillagardendesign.com\/es\/categoria-producto\/outdoor-es\/accesorios\/\" aria-label=\"Accesorios\">\n\t\t\t\t\n\t\t\t\t<img loading=\"lazy\" decoding=\"async\" width=\"299\" height=\"300\" src=\"https:\/\/www.lavillagardendesign.com\/wp-content\/uploads\/2024\/01\/categories-site-299x300.png\" class=\"attachment-medium size-medium\" alt=\"\" srcset=\"https:\/\/www.lavillagardendesign.com\/wp-content\/uploads\/2024\/01\/categories-site-299x300.png 299w, https:\/\/www.lavillagardendesign.com\/wp-content\/uploads\/2024\/01\/categories-site-300x301.png 300w, https:\/\/www.lavillagardendesign.com\/wp-content\/uploads\/2024\/01\/categories-site-150x150.png 150w, https:\/\/www.lavillagardendesign.com\/wp-content\/uploads\/2024\/01\/categories-site.png 495w\" sizes=\"auto, (max-width: 299px) 100vw, 299px\" \/>\t\t\t<\/a>\n\t\t<\/div>\n\t\t<div class=\"wd-cat-content hover-mask\">\n\t\t\t<h3 class=\"wd-entities-title\">\n\t\t\t\tAccesorios\t\t\t<\/h3>\n\n\t\t\t\t\t\t\t<div class=\"wd-cat-count more-products\">\n\t\t\t\t\t<a href=\"https:\/\/www.lavillagardendesign.com\/es\/categoria-producto\/outdoor-es\/accesorios\/\">\n\t\t\t\t\t63 products\t\t\t\t\t<\/a>\n\t\t\t\t<\/div>\n\t\t\t\n\t\t\t\t\t<\/div>\n\n\t\t\t\t<a class=\"wd-fill category-link\" href=\"https:\/\/www.lavillagardendesign.com\/es\/categoria-producto\/outdoor-es\/accesorios\/\" aria-label=\"Product category accesorios\"><\/a>\n\t\t\t<\/div>\n\n\t<\/div>\n\t\t\t\t\t\t\t\t\t\t\t\t\t\n<div class=\"wd-col category-grid-item wd-cat cat-design-center wd-with-subcat product-category product first\" data-loop=\"9\">\n\t\n\t<div class=\"wd-cat-inner wrapp-category\">\n\t\t<div class=\"wd-cat-thumb category-image-wrapp\">\n\t\t\t<a class=\"wd-cat-image category-image\" href=\"https:\/\/www.lavillagardendesign.com\/es\/categoria-producto\/outdoor-es\/jacuzzi-es\/\" aria-label=\"Jacuzzi\">\n\t\t\t\t\n\t\t\t\t<img loading=\"lazy\" decoding=\"async\" width=\"400\" height=\"250\" src=\"https:\/\/www.lavillagardendesign.com\/wp-content\/uploads\/2025\/05\/VIRTUS-1-400x250.jpg\" class=\"attachment-medium size-medium\" alt=\"\" srcset=\"https:\/\/www.lavillagardendesign.com\/wp-content\/uploads\/2025\/05\/VIRTUS-1-400x250.jpg 400w, https:\/\/www.lavillagardendesign.com\/wp-content\/uploads\/2025\/05\/VIRTUS-1-1280x800.jpg 1280w, https:\/\/www.lavillagardendesign.com\/wp-content\/uploads\/2025\/05\/VIRTUS-1-768x480.jpg 768w, https:\/\/www.lavillagardendesign.com\/wp-content\/uploads\/2025\/05\/VIRTUS-1-1536x960.jpg 1536w, https:\/\/www.lavillagardendesign.com\/wp-content\/uploads\/2025\/05\/VIRTUS-1-1200x750.jpg 1200w\" sizes=\"auto, (max-width: 400px) 100vw, 400px\" \/>\t\t\t<\/a>\n\t\t<\/div>\n\t\t<div class=\"wd-cat-content hover-mask\">\n\t\t\t<h3 class=\"wd-entities-title\">\n\t\t\t\tJacuzzi\t\t\t<\/h3>\n\n\t\t\t\t\t\t\t<div class=\"wd-cat-count more-products\">\n\t\t\t\t\t<a href=\"https:\/\/www.lavillagardendesign.com\/es\/categoria-producto\/outdoor-es\/jacuzzi-es\/\">\n\t\t\t\t\t8 products\t\t\t\t\t<\/a>\n\t\t\t\t<\/div>\n\t\t\t\n\t\t\t\t\t<\/div>\n\n\t\t\t\t<a class=\"wd-fill category-link\" href=\"https:\/\/www.lavillagardendesign.com\/es\/categoria-producto\/outdoor-es\/jacuzzi-es\/\" aria-label=\"Product category jacuzzi-es\"><\/a>\n\t\t\t<\/div>\n\n\t<\/div>\n\t\t\t\t\t\t\t\t\t\t\t<\/div>\n\t\t\t\t<\/div>\n\t\t\t\t\t\t\t\t\t\t\t<\/div>\n\t\t\t\t<\/div>\n\t\t\t\t<\/div>\n\t\t\t\t\t<\/div>\n\t\t\t\t<\/div>\n\t\t<div class=\"elementor-element elementor-element-5919646 wd-section-stretch e-flex e-con-boxed elementor-invisible e-con e-parent\" data-id=\"5919646\" data-element_type=\"container\" data-e-type=\"container\" data-settings=\"{&quot;animation&quot;:&quot;fadeIn&quot;,&quot;background_background&quot;:&quot;classic&quot;}\">\n\t\t\t\t\t<div class=\"e-con-inner\">\n\t\t\t\t<div class=\"elementor-element elementor-element-b899385 elementor-widget__width-initial elementor-widget-tablet__width-initial elementor-widget elementor-widget-heading\" data-id=\"b899385\" data-element_type=\"widget\" data-e-type=\"widget\" data-widget_type=\"heading.default\">\n\t\t\t\t<div class=\"elementor-widget-container\">\n\t\t\t\t\t<h2 class=\"elementor-heading-title elementor-size-default\">Descuento Aniversario<\/h2>\t\t\t\t<\/div>\n\t\t\t\t<\/div>\n\t\t\t\t<div class=\"elementor-element elementor-element-68a0cc1 elementor-widget elementor-widget-wd_products_tabs\" data-id=\"68a0cc1\" data-element_type=\"widget\" data-e-type=\"widget\" data-widget_type=\"wd_products_tabs.default\">\n\t\t\t\t<div class=\"elementor-widget-container\">\n\t\t\t\t\t\t\t<div class=\"wd-tabs wd-products-tabs tabs-design-alt\">\n\t\t\t<div class=\"wd-tabs-header\">\n\t\t\t\t\n\t\t\t\t\n\t\t\t\t<div class=\"wd-nav-wrapper wd-nav-tabs-wrapper tabs-navigation-wrapper wd-mb-action-swipe\">\n\n\t\t\t\t\t<ul class=\"wd-nav wd-nav-tabs products-tabs-title wd-style-default wd-icon-pos-left\">\n\t\t\t\t\t\t\t\t\t\t\t\t\t\n\t\t\t\t\t\t\t<li data-atts=\"{&quot;layout&quot;:&quot;carousel&quot;,&quot;pagination&quot;:null,&quot;pagination_arrows_position&quot;:null,&quot;items_per_page&quot;:30,&quot;spacing&quot;:&quot;20&quot;,&quot;spacing_tablet&quot;:&quot;20&quot;,&quot;spacing_mobile&quot;:&quot;10&quot;,&quot;list_spacing&quot;:null,&quot;list_spacing_tablet&quot;:false,&quot;list_spacing_mobile&quot;:false,&quot;columns&quot;:null,&quot;products_masonry&quot;:null,&quot;products_different_sizes&quot;:null,&quot;product_quantity&quot;:&quot;&quot;,&quot;product_hover&quot;:&quot;inherit&quot;,&quot;sale_countdown&quot;:&quot;0&quot;,&quot;stretch_product_tablet&quot;:0,&quot;stretch_product_mobile&quot;:0,&quot;stock_progress_bar&quot;:&quot;0&quot;,&quot;highlighted_products&quot;:0,&quot;products_divider&quot;:null,&quot;products_bordered_grid&quot;:&quot;0&quot;,&quot;products_bordered_grid_style&quot;:null,&quot;products_with_background&quot;:&quot;1&quot;,&quot;products_shadow&quot;:&quot;0&quot;,&quot;products_color_scheme&quot;:&quot;default&quot;,&quot;img_size&quot;:&quot;custom&quot;,&quot;elementor&quot;:true,&quot;img_size_custom&quot;:{&quot;width&quot;:&quot;350&quot;,&quot;height&quot;:&quot;400&quot;},&quot;sync_parent_id&quot;:null,&quot;columns_tablet&quot;:{&quot;unit&quot;:&quot;px&quot;,&quot;size&quot;:2,&quot;sizes&quot;:[]},&quot;slides_per_view&quot;:{&quot;unit&quot;:&quot;px&quot;,&quot;size&quot;:5,&quot;sizes&quot;:[]},&quot;wrap&quot;:&quot;&quot;,&quot;autoplay&quot;:&quot;&quot;,&quot;speed&quot;:null,&quot;hide_pagination_control&quot;:&quot;&quot;,&quot;slides_per_view_mobile&quot;:{&quot;unit&quot;:&quot;px&quot;,&quot;size&quot;:1,&quot;sizes&quot;:[]},&quot;scroll_per_page&quot;:&quot;&quot;,&quot;slides_per_view_tablet&quot;:{&quot;unit&quot;:&quot;px&quot;,&quot;size&quot;:2,&quot;sizes&quot;:[]},&quot;columns_mobile&quot;:{&quot;unit&quot;:&quot;px&quot;,&quot;size&quot;:1,&quot;sizes&quot;:[]},&quot;center_mode&quot;:&quot;no&quot;,&quot;autoheight&quot;:&quot;no&quot;,&quot;scroll_carousel_init&quot;:&quot;no&quot;,&quot;disable_overflow_carousel&quot;:&quot;no&quot;,&quot;hide_prev_next_buttons&quot;:&quot;no&quot;,&quot;carousel_arrows_position&quot;:null,&quot;dynamic_pagination_control&quot;:&quot;no&quot;,&quot;hide_scrollbar&quot;:&quot;yes&quot;,&quot;carousel_sync&quot;:&quot;&quot;,&quot;sync_child_id&quot;:null,&quot;product_custom_hover&quot;:null,&quot;stretch_product&quot;:null,&quot;grid_gallery&quot;:&quot;&quot;,&quot;grid_gallery_control&quot;:null,&quot;grid_gallery_enable_arrows&quot;:null,&quot;lazy_loading&quot;:&quot;no&quot;,&quot;include&quot;:[&quot;25972&quot;,&quot;26246&quot;,&quot;26112&quot;,&quot;43138&quot;,&quot;43120&quot;,&quot;26267&quot;,&quot;26268&quot;,&quot;26133&quot;],&quot;hide_out_of_stock&quot;:&quot;&quot;,&quot;exclude&quot;:null,&quot;taxonomies&quot;:null,&quot;order&quot;:null,&quot;post_type&quot;:&quot;ids&quot;,&quot;ajax_recently_viewed&quot;:null,&quot;orderby&quot;:&quot;&quot;,&quot;offset&quot;:null,&quot;query_type&quot;:&quot;OR&quot;,&quot;meta_key&quot;:null}\" class=\" wd-active\">\n\t\t\t\t\t\t\t\t<a href=\"#\" class=\"wd-nav-link\">\n\t\t\t\t\t\t\t\t\t\n\t\t\t\t\t\t\t\t\t<span class=\"tab-label nav-link-text\">\n\t\t\t\t\t\t\t\t\t\t\t\t\t\t\t\t\t\t\t<\/span>\n\t\t\t\t\t\t\t\t<\/a>\n\t\t\t\t\t\t\t<\/li>\n\t\t\t\t\t\t\t\t\t\t\t<\/ul>\n\t\t\t\t<\/div>\n\t\t\t<\/div>\n\n\t\t\t\t\t\t\t\t\t\t\t\t<div class=\"wd-tabs-content-wrapper\">\n\t\t\t\t\t<div class=\"wd-sticky-loader\"><span class=\"wd-loader\"><\/span><\/div>\n\t\t\t\t\n\t\t\t\t\t\n\t\t\t<div id=\"carousel-295\" class=\"wd-carousel-container  wd-tab-content wd-active wd-in wd-products-element wd-products products wd-loop-builder-off wd-stretch-cont-lg wd-stretch-cont-md wd-stretch-cont-sm wd-products-with-bg\">\n\t\t\t\t\n\t\t\t\t\t\t\t\n\t\t\t\t<div class=\"wd-carousel-inner\">\n\t\t\t\t\t<div class=\" wd-carousel wd-grid\" style=\"--wd-col-lg:5;--wd-col-md:2;--wd-col-sm:1;--wd-gap-lg:20px;--wd-gap-sm:10px;\">\n\t\t\t\t\t\t<div class=\"wd-carousel-wrap\">\n\t\t\t\t\t\t\t\t\t<div class=\"wd-carousel-item\">\n\t\t\t\t\t\t\t\t\t\t\t<div class=\"wd-product wd-hover-buttons-on-hover product-grid-item product type-product post-43122 status-publish instock product_cat-outdoor-es product_cat-promociones-web product_cat-sofas-es product_cat-sofas-y-butacas has-post-thumbnail sale taxable shipping-taxable purchasable product-type-variable has-default-attributes\" data-loop=\"1\" data-id=\"43122\">\n\t\n<div class=\"wd-product-wrapper product-wrapper\">\n\t<div class=\"wd-product-thumb product-element-top wd-quick-shop\">\n\t\t<a href=\"https:\/\/www.lavillagardendesign.com\/es\/producto\/gipsy-taburete-de-exterior-copy\/\" class=\"wd-product-img-link product-image-link\" tabindex=\"-1\" aria-label=\"GYPSY \u2013 Sof\u00e1 2 plazas en aluminio y cuerda\">\n\t\t\t\t\t\t<div class=\"product-labels labels-rounded-sm\">\n\t\t\t\t<span class=\"onsale product-label wd-shape-round-sm\">-15%<\/span>\t\t\t<\/div>\n\t\t\t<img loading=\"lazy\" decoding=\"async\" width=\"350\" height=\"400\" src=\"https:\/\/www.lavillagardendesign.com\/wp-content\/uploads\/2024\/06\/Captura-de-pantalla-2026-02-18-a-las-13.28.32-350x400.jpg\" class=\"attachment-350x400 size-350x400\" alt=\"\" \/>\t\t<\/a>\n\n\t\t\t\t\t<div class=\"wd-product-img-hover hover-img\">\n\t\t\t\t<img loading=\"lazy\" decoding=\"async\" width=\"350\" height=\"400\" src=\"https:\/\/www.lavillagardendesign.com\/wp-content\/uploads\/2024\/06\/Captura-de-pantalla-2026-02-18-a-las-13.28.01-350x400.jpg\" class=\"attachment-350x400 size-350x400\" alt=\"\" \/>\t\t\t<\/div>\n\t\t\t\n\t\t<div class=\"wd-buttons wd-pos-r-t\">\n\t\t\t\t\t<\/div>\n\t<\/div>\n\n\t<div class=\"product-element-bottom\">\n\n\t\t<div class=\"wd-product-header\">\n\t\t\t<h3 class=\"wd-entities-title\"><a href=\"https:\/\/www.lavillagardendesign.com\/es\/producto\/gipsy-taburete-de-exterior-copy\/\">GYPSY \u2013 Sof\u00e1 2 plazas en aluminio y cuerda<\/a><\/h3>\n\t\t\t\t\t\t\t\t\t\t\t\t<div class=\"wd-star-rating\">\n\t\t\n\t\t\t\t<div class=\"star-rating wd-style-simple\" role=\"img\" aria-label=\"Valorado con 4.67 de 5\">\n\t\t\t\t\t<div>\n\t\t\t4.7\t\t<\/div>\n\t\t\t\t<\/div>\n\n\t\t\t\t<a href=\"https:\/\/www.lavillagardendesign.com\/es\/producto\/gipsy-taburete-de-exterior-copy\/#reviews\" class=\"woocommerce-review-link\" rel=\"nofollow\">\n\t\t\t(0)\n\t\t<\/a>\n\t\t\n\t\t\t\t\t<\/div>\n\t\t\t\t\t\t\t\t\t<\/div>\n\n\t\t\n\t\t\n\t\t<div class=\"wrap-price\">\n\t\t\t\n\t<span class=\"price\"><del aria-hidden=\"true\"><span class=\"woocommerce-Price-amount amount\"><bdi>1.893&nbsp;<span class=\"woocommerce-Price-currencySymbol\">&euro;<\/span><\/bdi><\/span><\/del> <span class=\"screen-reader-text\">El precio original era: 1.893&nbsp;&euro;.<\/span><ins aria-hidden=\"true\"><span class=\"woocommerce-Price-amount amount\"><bdi>1.609&nbsp;<span class=\"woocommerce-Price-currencySymbol\">&euro;<\/span><\/bdi><\/span><\/ins><span class=\"screen-reader-text\">El precio actual es: 1.609&nbsp;&euro;.<\/span> <small class=\"woocommerce-price-suffix\">con IVA<\/small><\/span>\n\n\t\t\t\t\t<\/div>\n\n\t\t\n\t\t\n\t\t\n\t\t\n\t\t<div class=\"wd-product-footer\">\n\t\t\t<div class=\"wd-add-btn wd-add-btn-replace\">\n\t\t\t\t<a href=\"https:\/\/www.lavillagardendesign.com\/es\/producto\/gipsy-taburete-de-exterior-copy\/\" aria-describedby=\"woocommerce_loop_add_to_cart_link_describedby_43122\" data-quantity=\"1\" class=\"button product_type_variable add_to_cart_button add-to-cart-loop\" data-product_id=\"43122\" data-product_sku=\"\" aria-label=\"Elige las opciones para &ldquo;GYPSY \u2013 Sof\u00e1 2 plazas en aluminio y cuerda&rdquo;\" rel=\"nofollow\"><span class=\"wd-action-icon\"><span class=\"wd-check-icon\"><\/span><\/span><span class=\"wd-action-text\">Seleccionar opciones<\/span><\/a>\t<span id=\"woocommerce_loop_add_to_cart_link_describedby_43122\" class=\"screen-reader-text\">\n\t\tEste producto tiene m\u00faltiples variantes. Las opciones se pueden elegir en la p\u00e1gina de producto\t<\/span>\n\t\t\t<\/div>\n\n\t\t\t\t\t\t<div class=\"wd-action-buttons\">\n\t\t\t\t\t\t\t\t\t\t<div class=\"wd-quick-view-btn wd-quick-view-icon wd-action-btn wd-style-icon wd-tooltip\">\n\t\t\t<a\n\t\t\t\thref=\"https:\/\/www.lavillagardendesign.com\/es\/producto\/gipsy-taburete-de-exterior-copy\/\"\n\t\t\t\tclass=\"open-quick-view\"\n\t\t\t\trel=\"nofollow\"\n\t\t\t\tdata-id=\"43122\"\n\t\t\t\t>\n\t\t\t\t\t<span class=\"wd-action-icon\"><\/span>\n\t\t\t\t\t<span class=\"wd-action-text\">\n\t\t\t\t\t\tQuick view\t\t\t\t\t<\/span>\n\t\t\t<\/a>\n\t\t<\/div>\n\t\t\t\t\t<\/div>\n\t\t\t\t\t<\/div>\n\t<\/div>\n<\/div>\n<\/div>\n\t\t\t\t\t<\/div>\n\t\t\t\t<div class=\"wd-carousel-item\">\n\t\t\t\t\t\t\t\t\t\t\t<div class=\"wd-product wd-hover-buttons-on-hover product-grid-item product type-product post-43144 status-publish instock product_cat-outdoor-es product_cat-promociones-web product_cat-sofas-es product_cat-sofas-y-butacas has-post-thumbnail sale taxable shipping-taxable purchasable product-type-variable has-default-attributes\" data-loop=\"2\" data-id=\"43144\">\n\t\n<div class=\"wd-product-wrapper product-wrapper\">\n\t<div class=\"wd-product-thumb product-element-top wd-quick-shop\">\n\t\t<a href=\"https:\/\/www.lavillagardendesign.com\/es\/producto\/gipsy-taburete-de-exterior-copy-copy\/\" class=\"wd-product-img-link product-image-link\" tabindex=\"-1\" aria-label=\"GYPSY \u2013 Sof\u00e1 3 plazas en aluminio y cuerda\">\n\t\t\t\t\t\t<div class=\"product-labels labels-rounded-sm\">\n\t\t\t\t<span class=\"onsale product-label wd-shape-round-sm\">-15%<\/span>\t\t\t<\/div>\n\t\t\t<img loading=\"lazy\" decoding=\"async\" width=\"350\" height=\"400\" src=\"https:\/\/www.lavillagardendesign.com\/wp-content\/uploads\/2024\/06\/Captura-de-pantalla-2026-02-18-a-las-13.28.22-1-350x400.jpg\" class=\"attachment-350x400 size-350x400\" alt=\"\" \/>\t\t<\/a>\n\n\t\t\t\t\t<div class=\"wd-product-img-hover hover-img\">\n\t\t\t\t<img loading=\"lazy\" decoding=\"async\" width=\"350\" height=\"400\" src=\"https:\/\/www.lavillagardendesign.com\/wp-content\/uploads\/2024\/06\/Captura-de-pantalla-2026-02-18-a-las-14.34.51-350x400.jpg\" class=\"attachment-350x400 size-350x400\" alt=\"\" \/>\t\t\t<\/div>\n\t\t\t\n\t\t<div class=\"wd-buttons wd-pos-r-t\">\n\t\t\t\t\t<\/div>\n\t<\/div>\n\n\t<div class=\"product-element-bottom\">\n\n\t\t<div class=\"wd-product-header\">\n\t\t\t<h3 class=\"wd-entities-title\"><a href=\"https:\/\/www.lavillagardendesign.com\/es\/producto\/gipsy-taburete-de-exterior-copy-copy\/\">GYPSY \u2013 Sof\u00e1 3 plazas en aluminio y cuerda<\/a><\/h3>\n\t\t\t\t\t\t\t\t\t\t\t\t<div class=\"wd-star-rating\">\n\t\t\n\t\t\t\t<div class=\"star-rating wd-style-simple\" role=\"img\" aria-label=\"Valorado con 5.00 de 5\">\n\t\t\t\t\t<div>\n\t\t\t5.0\t\t<\/div>\n\t\t\t\t<\/div>\n\n\t\t\t\t<a href=\"https:\/\/www.lavillagardendesign.com\/es\/producto\/gipsy-taburete-de-exterior-copy-copy\/#reviews\" class=\"woocommerce-review-link\" rel=\"nofollow\">\n\t\t\t(0)\n\t\t<\/a>\n\t\t\n\t\t\t\t\t<\/div>\n\t\t\t\t\t\t\t\t\t<\/div>\n\n\t\t\n\t\t\n\t\t<div class=\"wrap-price\">\n\t\t\t\n\t<span class=\"price\"><del aria-hidden=\"true\"><span class=\"woocommerce-Price-amount amount\"><bdi>2.141&nbsp;<span class=\"woocommerce-Price-currencySymbol\">&euro;<\/span><\/bdi><\/span><\/del> <span class=\"screen-reader-text\">El precio original era: 2.141&nbsp;&euro;.<\/span><ins aria-hidden=\"true\"><span class=\"woocommerce-Price-amount amount\"><bdi>1.819&nbsp;<span class=\"woocommerce-Price-currencySymbol\">&euro;<\/span><\/bdi><\/span><\/ins><span class=\"screen-reader-text\">El precio actual es: 1.819&nbsp;&euro;.<\/span> <small class=\"woocommerce-price-suffix\">con IVA<\/small><\/span>\n\n\t\t\t\t\t<\/div>\n\n\t\t\n\t\t\n\t\t\n\t\t\n\t\t<div class=\"wd-product-footer\">\n\t\t\t<div class=\"wd-add-btn wd-add-btn-replace\">\n\t\t\t\t<a href=\"https:\/\/www.lavillagardendesign.com\/es\/producto\/gipsy-taburete-de-exterior-copy-copy\/\" aria-describedby=\"woocommerce_loop_add_to_cart_link_describedby_43144\" data-quantity=\"1\" class=\"button product_type_variable add_to_cart_button add-to-cart-loop\" data-product_id=\"43144\" data-product_sku=\"\" aria-label=\"Elige las opciones para &ldquo;GYPSY \u2013 Sof\u00e1 3 plazas en aluminio y cuerda&rdquo;\" rel=\"nofollow\"><span class=\"wd-action-icon\"><span class=\"wd-check-icon\"><\/span><\/span><span class=\"wd-action-text\">Seleccionar opciones<\/span><\/a>\t<span id=\"woocommerce_loop_add_to_cart_link_describedby_43144\" class=\"screen-reader-text\">\n\t\tEste producto tiene m\u00faltiples variantes. Las opciones se pueden elegir en la p\u00e1gina de producto\t<\/span>\n\t\t\t<\/div>\n\n\t\t\t\t\t\t<div class=\"wd-action-buttons\">\n\t\t\t\t\t\t\t\t\t\t<div class=\"wd-quick-view-btn wd-quick-view-icon wd-action-btn wd-style-icon wd-tooltip\">\n\t\t\t<a\n\t\t\t\thref=\"https:\/\/www.lavillagardendesign.com\/es\/producto\/gipsy-taburete-de-exterior-copy-copy\/\"\n\t\t\t\tclass=\"open-quick-view\"\n\t\t\t\trel=\"nofollow\"\n\t\t\t\tdata-id=\"43144\"\n\t\t\t\t>\n\t\t\t\t\t<span class=\"wd-action-icon\"><\/span>\n\t\t\t\t\t<span class=\"wd-action-text\">\n\t\t\t\t\t\tQuick view\t\t\t\t\t<\/span>\n\t\t\t<\/a>\n\t\t<\/div>\n\t\t\t\t\t<\/div>\n\t\t\t\t\t<\/div>\n\t<\/div>\n<\/div>\n<\/div>\n\t\t\t\t\t<\/div>\n\t\t\t\t<div class=\"wd-carousel-item\">\n\t\t\t\t\t\t\t\t\t\t\t<div class=\"wd-product wd-hover-buttons-on-hover product-grid-item product type-product post-30209 status-publish last instock product_cat-nuevas-colecciones product_cat-outdoor-es product_cat-promociones-web product_cat-sofas-es product_cat-sofas-y-butacas has-post-thumbnail sale taxable shipping-taxable purchasable product-type-variable has-default-attributes\" data-loop=\"3\" data-id=\"30209\">\n\t\n<div class=\"wd-product-wrapper product-wrapper\">\n\t<div class=\"wd-product-thumb product-element-top wd-quick-shop\">\n\t\t<a href=\"https:\/\/www.lavillagardendesign.com\/es\/producto\/ambre-pack-sofa-2-plazas-3-plazas\/\" class=\"wd-product-img-link product-image-link\" tabindex=\"-1\" aria-label=\"AMBRE &#8211; Conjunto de sof\u00e1s de 2 y 3 plazas en teca maciza\">\n\t\t\t\t\t\t<div class=\"product-labels labels-rounded-sm\">\n\t\t\t\t<span class=\"onsale product-label wd-shape-round-sm\">-15%<\/span>\t\t\t<\/div>\n\t\t\t<img loading=\"lazy\" decoding=\"async\" width=\"350\" height=\"400\" src=\"https:\/\/www.lavillagardendesign.com\/wp-content\/uploads\/2024\/01\/718da075-9eba-4341-913a-acb10844498e-e1737971735946-350x400.jpg\" class=\"attachment-350x400 size-350x400\" alt=\"\" \/>\t\t<\/a>\n\n\t\t\t\t\t<div class=\"wd-product-img-hover hover-img\">\n\t\t\t\t<img loading=\"lazy\" decoding=\"async\" width=\"350\" height=\"400\" src=\"https:\/\/www.lavillagardendesign.com\/wp-content\/uploads\/2024\/01\/Design-sans-titre-4-350x400.jpg\" class=\"attachment-350x400 size-350x400\" alt=\"\" \/>\t\t\t<\/div>\n\t\t\t\n\t\t<div class=\"wd-buttons wd-pos-r-t\">\n\t\t\t\t\t<\/div>\n\t<\/div>\n\n\t<div class=\"product-element-bottom\">\n\n\t\t<div class=\"wd-product-header\">\n\t\t\t<h3 class=\"wd-entities-title\"><a href=\"https:\/\/www.lavillagardendesign.com\/es\/producto\/ambre-pack-sofa-2-plazas-3-plazas\/\">AMBRE &#8211; Conjunto de sof\u00e1s de 2 y 3 plazas en teca maciza<\/a><\/h3>\n\t\t\t\t\t\t\t\t\t\t\t\t<div class=\"wd-star-rating\">\n\t\t\n\t\t\t\t<div class=\"star-rating wd-style-simple\" role=\"img\" aria-label=\"Valorado con 4.50 de 5\">\n\t\t\t\t\t<div>\n\t\t\t4.5\t\t<\/div>\n\t\t\t\t<\/div>\n\n\t\t\t\t<a href=\"https:\/\/www.lavillagardendesign.com\/es\/producto\/ambre-pack-sofa-2-plazas-3-plazas\/#reviews\" class=\"woocommerce-review-link\" rel=\"nofollow\">\n\t\t\t(0)\n\t\t<\/a>\n\t\t\n\t\t\t\t\t<\/div>\n\t\t\t\t\t\t\t\t\t<\/div>\n\n\t\t\n\t\t\n\t\t<div class=\"wrap-price\">\n\t\t\t\n\t<span class=\"price\"><del aria-hidden=\"true\"><span class=\"woocommerce-Price-amount amount\"><bdi>7.008&nbsp;<span class=\"woocommerce-Price-currencySymbol\">&euro;<\/span><\/bdi><\/span><\/del> <span class=\"screen-reader-text\">El precio original era: 7.008&nbsp;&euro;.<\/span><ins aria-hidden=\"true\"><span class=\"woocommerce-Price-amount amount\"><bdi>5.957&nbsp;<span class=\"woocommerce-Price-currencySymbol\">&euro;<\/span><\/bdi><\/span><\/ins><span class=\"screen-reader-text\">El precio actual es: 5.957&nbsp;&euro;.<\/span> <small class=\"woocommerce-price-suffix\">con IVA<\/small><\/span>\n\n\t\t\t\t\t<\/div>\n\n\t\t\n\t\t\n\t\t\n\t\t\n\t\t<div class=\"wd-product-footer\">\n\t\t\t<div class=\"wd-add-btn wd-add-btn-replace\">\n\t\t\t\t<a href=\"https:\/\/www.lavillagardendesign.com\/es\/producto\/ambre-pack-sofa-2-plazas-3-plazas\/\" aria-describedby=\"woocommerce_loop_add_to_cart_link_describedby_30209\" data-quantity=\"1\" class=\"button product_type_variable add_to_cart_button add-to-cart-loop\" data-product_id=\"30209\" data-product_sku=\"PRAMPACK\" aria-label=\"Elige las opciones para &ldquo;AMBRE - Conjunto de sof\u00e1s de 2 y 3 plazas en teca maciza&rdquo;\" rel=\"nofollow\"><span class=\"wd-action-icon\"><span class=\"wd-check-icon\"><\/span><\/span><span class=\"wd-action-text\">Seleccionar opciones<\/span><\/a>\t<span id=\"woocommerce_loop_add_to_cart_link_describedby_30209\" class=\"screen-reader-text\">\n\t\tEste producto tiene m\u00faltiples variantes. Las opciones se pueden elegir en la p\u00e1gina de producto\t<\/span>\n\t\t\t<\/div>\n\n\t\t\t\t\t\t<div class=\"wd-action-buttons\">\n\t\t\t\t\t\t\t\t\t\t<div class=\"wd-quick-view-btn wd-quick-view-icon wd-action-btn wd-style-icon wd-tooltip\">\n\t\t\t<a\n\t\t\t\thref=\"https:\/\/www.lavillagardendesign.com\/es\/producto\/ambre-pack-sofa-2-plazas-3-plazas\/\"\n\t\t\t\tclass=\"open-quick-view\"\n\t\t\t\trel=\"nofollow\"\n\t\t\t\tdata-id=\"30209\"\n\t\t\t\t>\n\t\t\t\t\t<span class=\"wd-action-icon\"><\/span>\n\t\t\t\t\t<span class=\"wd-action-text\">\n\t\t\t\t\t\tQuick view\t\t\t\t\t<\/span>\n\t\t\t<\/a>\n\t\t<\/div>\n\t\t\t\t\t<\/div>\n\t\t\t\t\t<\/div>\n\t<\/div>\n<\/div>\n<\/div>\n\t\t\t\t\t<\/div>\n\t\t\t\t<div class=\"wd-carousel-item\">\n\t\t\t\t\t\t\t\t\t\t\t<div class=\"wd-product wd-hover-buttons-on-hover product-grid-item product type-product post-42379 status-publish first instock product_cat-nuevas-colecciones product_cat-outdoor-es product_cat-promociones-web product_cat-sofas-es product_cat-sofas-y-butacas has-post-thumbnail sale taxable shipping-taxable purchasable product-type-variable has-default-attributes\" data-loop=\"4\" data-id=\"42379\">\n\t\n<div class=\"wd-product-wrapper product-wrapper\">\n\t<div class=\"wd-product-thumb product-element-top wd-quick-shop\">\n\t\t<a href=\"https:\/\/www.lavillagardendesign.com\/es\/producto\/corail-pack-2-butacas-1-sofa-3-plazas\/\" class=\"wd-product-img-link product-image-link\" tabindex=\"-1\" aria-label=\"CORAIL &#8211; Conjunto de sal\u00f3n de 3 piezas (Sof\u00e1 + 2 Sillones)\">\n\t\t\t\t\t\t<div class=\"product-labels labels-rounded-sm\">\n\t\t\t\t<span class=\"onsale product-label wd-shape-round-sm\">-15%<\/span>\t\t\t<\/div>\n\t\t\t<img loading=\"lazy\" decoding=\"async\" width=\"350\" height=\"400\" src=\"https:\/\/www.lavillagardendesign.com\/wp-content\/uploads\/2024\/01\/Captura-de-pantalla-2026-02-18-a-las-13.16.16-350x400.jpg\" class=\"attachment-350x400 size-350x400\" alt=\"\" \/>\t\t<\/a>\n\n\t\t\t\t\t<div class=\"wd-product-img-hover hover-img\">\n\t\t\t\t<img loading=\"lazy\" decoding=\"async\" width=\"350\" height=\"400\" src=\"https:\/\/www.lavillagardendesign.com\/wp-content\/uploads\/2024\/01\/Captura-de-pantalla-2026-02-18-a-las-13.11.21-350x400.jpg\" class=\"attachment-350x400 size-350x400\" alt=\"\" \/>\t\t\t<\/div>\n\t\t\t\n\t\t<div class=\"wd-buttons wd-pos-r-t\">\n\t\t\t\t\t<\/div>\n\t<\/div>\n\n\t<div class=\"product-element-bottom\">\n\n\t\t<div class=\"wd-product-header\">\n\t\t\t<h3 class=\"wd-entities-title\"><a href=\"https:\/\/www.lavillagardendesign.com\/es\/producto\/corail-pack-2-butacas-1-sofa-3-plazas\/\">CORAIL &#8211; Conjunto de sal\u00f3n de 3 piezas (Sof\u00e1 + 2 Sillones)<\/a><\/h3>\n\t\t\t\t\t\t\t\t\t\t\t\t<div class=\"wd-star-rating\">\n\t\t\n\t\t\t\t<div class=\"star-rating wd-style-simple\" role=\"img\" aria-label=\"Valorado con 5.00 de 5\">\n\t\t\t\t\t<div>\n\t\t\t5.0\t\t<\/div>\n\t\t\t\t<\/div>\n\n\t\t\t\t<a href=\"https:\/\/www.lavillagardendesign.com\/es\/producto\/corail-pack-2-butacas-1-sofa-3-plazas\/#reviews\" class=\"woocommerce-review-link\" rel=\"nofollow\">\n\t\t\t(1)\n\t\t<\/a>\n\t\t\n\t\t\t\t\t<\/div>\n\t\t\t\t\t\t\t\t\t<\/div>\n\n\t\t\n\t\t\n\t\t<div class=\"wrap-price\">\n\t\t\t\n\t<span class=\"price\"><del aria-hidden=\"true\"><span class=\"woocommerce-Price-amount amount\"><bdi>2.620&nbsp;<span class=\"woocommerce-Price-currencySymbol\">&euro;<\/span><\/bdi><\/span><\/del> <span class=\"screen-reader-text\">El precio original era: 2.620&nbsp;&euro;.<\/span><ins aria-hidden=\"true\"><span class=\"woocommerce-Price-amount amount\"><bdi>2.227&nbsp;<span class=\"woocommerce-Price-currencySymbol\">&euro;<\/span><\/bdi><\/span><\/ins><span class=\"screen-reader-text\">El precio actual es: 2.227&nbsp;&euro;.<\/span> <small class=\"woocommerce-price-suffix\">con IVA<\/small><\/span>\n\n\t\t\t\t\t<\/div>\n\n\t\t\n\t\t\n\t\t\n\t\t\n\t\t<div class=\"wd-product-footer\">\n\t\t\t<div class=\"wd-add-btn wd-add-btn-replace\">\n\t\t\t\t<a href=\"https:\/\/www.lavillagardendesign.com\/es\/producto\/corail-pack-2-butacas-1-sofa-3-plazas\/\" aria-describedby=\"woocommerce_loop_add_to_cart_link_describedby_42379\" data-quantity=\"1\" class=\"button product_type_variable add_to_cart_button add-to-cart-loop\" data-product_id=\"42379\" data-product_sku=\"PRCOPACK\" aria-label=\"Elige las opciones para &ldquo;CORAIL - Conjunto de sal\u00f3n de 3 piezas (Sof\u00e1 + 2 Sillones)&rdquo;\" rel=\"nofollow\"><span class=\"wd-action-icon\"><span class=\"wd-check-icon\"><\/span><\/span><span class=\"wd-action-text\">Seleccionar opciones<\/span><\/a>\t<span id=\"woocommerce_loop_add_to_cart_link_describedby_42379\" class=\"screen-reader-text\">\n\t\tEste producto tiene m\u00faltiples variantes. Las opciones se pueden elegir en la p\u00e1gina de producto\t<\/span>\n\t\t\t<\/div>\n\n\t\t\t\t\t\t<div class=\"wd-action-buttons\">\n\t\t\t\t\t\t\t\t\t\t<div class=\"wd-quick-view-btn wd-quick-view-icon wd-action-btn wd-style-icon wd-tooltip\">\n\t\t\t<a\n\t\t\t\thref=\"https:\/\/www.lavillagardendesign.com\/es\/producto\/corail-pack-2-butacas-1-sofa-3-plazas\/\"\n\t\t\t\tclass=\"open-quick-view\"\n\t\t\t\trel=\"nofollow\"\n\t\t\t\tdata-id=\"42379\"\n\t\t\t\t>\n\t\t\t\t\t<span class=\"wd-action-icon\"><\/span>\n\t\t\t\t\t<span class=\"wd-action-text\">\n\t\t\t\t\t\tQuick view\t\t\t\t\t<\/span>\n\t\t\t<\/a>\n\t\t<\/div>\n\t\t\t\t\t<\/div>\n\t\t\t\t\t<\/div>\n\t<\/div>\n<\/div>\n<\/div>\n\t\t\t\t\t<\/div>\n\t\t\t\t<div class=\"wd-carousel-item\">\n\t\t\t\t\t\t\t\t\t\t\t<div class=\"wd-product wd-hover-buttons-on-hover product-grid-item product type-product post-30425 status-publish instock product_cat-nuevas-colecciones product_cat-outdoor-es product_cat-promociones-web product_cat-sofas-es product_cat-sofas-y-butacas has-post-thumbnail sale taxable shipping-taxable purchasable product-type-simple\" data-loop=\"5\" data-id=\"30425\">\n\t\n<div class=\"wd-product-wrapper product-wrapper\">\n\t<div class=\"wd-product-thumb product-element-top wd-quick-shop\">\n\t\t<a href=\"https:\/\/www.lavillagardendesign.com\/es\/producto\/onyx-pack-sofa-2-plazas-3-plazas\/\" class=\"wd-product-img-link product-image-link\" tabindex=\"-1\" aria-label=\"ONYX PACK &#8211; Juego de Tumbona Modular de 3 Piezas (Tumbona Profunda)\">\n\t\t\t\t\t\t<div class=\"product-labels labels-rounded-sm\">\n\t\t\t\t<span class=\"onsale product-label wd-shape-round-sm\">-15%<\/span>\t\t\t<\/div>\n\t\t\t<img loading=\"lazy\" decoding=\"async\" width=\"350\" height=\"400\" src=\"https:\/\/www.lavillagardendesign.com\/wp-content\/uploads\/2024\/01\/onyx-350x400.jpg\" class=\"attachment-350x400 size-350x400\" alt=\"\" \/>\t\t<\/a>\n\n\t\t\t\t\t<div class=\"wd-product-img-hover hover-img\">\n\t\t\t\t<img loading=\"lazy\" decoding=\"async\" width=\"350\" height=\"400\" src=\"https:\/\/www.lavillagardendesign.com\/wp-content\/uploads\/2024\/01\/onyx-1-350x400.jpg\" class=\"attachment-350x400 size-350x400\" alt=\"\" \/>\t\t\t<\/div>\n\t\t\t\n\t\t<div class=\"wd-buttons wd-pos-r-t\">\n\t\t\t\t\t<\/div>\n\t<\/div>\n\n\t<div class=\"product-element-bottom\">\n\n\t\t<div class=\"wd-product-header\">\n\t\t\t<h3 class=\"wd-entities-title\"><a href=\"https:\/\/www.lavillagardendesign.com\/es\/producto\/onyx-pack-sofa-2-plazas-3-plazas\/\">ONYX PACK &#8211; Juego de Tumbona Modular de 3 Piezas (Tumbona Profunda)<\/a><\/h3>\n\t\t\t\t\t\t\t\t\t\t\t\t<div class=\"wd-star-rating\">\n\t\t\n\t\t\t\t<div class=\"star-rating wd-style-simple\" role=\"img\" aria-label=\"Valorado con 5.00 de 5\">\n\t\t\t\t\t<div>\n\t\t\t5.0\t\t<\/div>\n\t\t\t\t<\/div>\n\n\t\t\t\t<a href=\"https:\/\/www.lavillagardendesign.com\/es\/producto\/onyx-pack-sofa-2-plazas-3-plazas\/#reviews\" class=\"woocommerce-review-link\" rel=\"nofollow\">\n\t\t\t(0)\n\t\t<\/a>\n\t\t\n\t\t\t\t\t<\/div>\n\t\t\t\t\t\t\t\t\t<\/div>\n\n\t\t\n\t\t\n\t\t<div class=\"wrap-price\">\n\t\t\t\n\t<span class=\"price\"><del aria-hidden=\"true\"><span class=\"woocommerce-Price-amount amount\"><bdi>5.182&nbsp;<span class=\"woocommerce-Price-currencySymbol\">&euro;<\/span><\/bdi><\/span><\/del> <span class=\"screen-reader-text\">El precio original era: 5.182&nbsp;&euro;.<\/span><ins aria-hidden=\"true\"><span class=\"woocommerce-Price-amount amount\"><bdi>4.405&nbsp;<span class=\"woocommerce-Price-currencySymbol\">&euro;<\/span><\/bdi><\/span><\/ins><span class=\"screen-reader-text\">El precio actual es: 4.405&nbsp;&euro;.<\/span> <small class=\"woocommerce-price-suffix\">con IVA<\/small><\/span>\n\n\t\t\t\t\t<\/div>\n\n\t\t\n\t\t\n\t\t\n\t\t\n\t\t<div class=\"wd-product-footer\">\n\t\t\t<div class=\"wd-add-btn wd-add-btn-replace\">\n\t\t\t\t<a href=\"\/es\/wp-json\/wp\/v2\/pages\/29645?add-to-cart=30425\" aria-describedby=\"woocommerce_loop_add_to_cart_link_describedby_30425\" data-quantity=\"1\" class=\"button product_type_simple add_to_cart_button ajax_add_to_cart add-to-cart-loop\" data-product_id=\"30425\" data-product_sku=\"PRONPACK\" aria-label=\"A\u00f1adir al carrito: \u201cONYX PACK - Juego de Tumbona Modular de 3 Piezas (Tumbona Profunda)\u201d\" rel=\"nofollow\" data-success_message=\"\u00abONYX PACK - Juego de Tumbona Modular de 3 Piezas (Tumbona Profunda)\u00bb se ha a\u00f1adido a tu carrito\" role=\"button\"><span class=\"wd-action-icon\"><span class=\"wd-check-icon\"><\/span><\/span><span class=\"wd-action-text\">A\u00f1adir al carrito<\/span><\/a>\t<span id=\"woocommerce_loop_add_to_cart_link_describedby_30425\" class=\"screen-reader-text\">\n\t\t\t<\/span>\n\t\t\t<\/div>\n\n\t\t\t\t\t\t<div class=\"wd-action-buttons\">\n\t\t\t\t\t\t\t\t\t\t<div class=\"wd-quick-view-btn wd-quick-view-icon wd-action-btn wd-style-icon wd-tooltip\">\n\t\t\t<a\n\t\t\t\thref=\"https:\/\/www.lavillagardendesign.com\/es\/producto\/onyx-pack-sofa-2-plazas-3-plazas\/\"\n\t\t\t\tclass=\"open-quick-view\"\n\t\t\t\trel=\"nofollow\"\n\t\t\t\tdata-id=\"30425\"\n\t\t\t\t>\n\t\t\t\t\t<span class=\"wd-action-icon\"><\/span>\n\t\t\t\t\t<span class=\"wd-action-text\">\n\t\t\t\t\t\tQuick view\t\t\t\t\t<\/span>\n\t\t\t<\/a>\n\t\t<\/div>\n\t\t\t\t\t<\/div>\n\t\t\t\t\t<\/div>\n\t<\/div>\n<\/div>\n<\/div>\n\t\t\t\t\t<\/div>\n\t\t\t\t<div class=\"wd-carousel-item\">\n\t\t\t\t\t\t\t\t\t\t\t<div class=\"wd-product wd-hover-buttons-on-hover product-grid-item product type-product post-38619 status-publish onbackorder product_cat-outdoor-es product_cat-promociones-web product_cat-sofas-es product_cat-sofas-y-butacas has-post-thumbnail sale taxable shipping-taxable purchasable product-type-simple\" data-loop=\"6\" data-id=\"38619\">\n\t\n<div class=\"wd-product-wrapper product-wrapper\">\n\t<div class=\"wd-product-thumb product-element-top wd-quick-shop\">\n\t\t<a href=\"https:\/\/www.lavillagardendesign.com\/es\/producto\/opale-cojunto-sofa-2-plazas-3-plazas-aluminio-con-cojin-sunbrella\/\" class=\"wd-product-img-link product-image-link\" tabindex=\"-1\" aria-label=\"OPALE &#8211; Cojunto sofa 2 plazas + 3 plazas aluminio con cojin Sunbrella\">\n\t\t\t\t\t\t<div class=\"product-labels labels-rounded-sm\">\n\t\t\t\t<span class=\"onsale product-label wd-shape-round-sm\">-15%<\/span>\t\t\t<\/div>\n\t\t\t<img loading=\"lazy\" decoding=\"async\" width=\"350\" height=\"400\" src=\"https:\/\/www.lavillagardendesign.com\/wp-content\/uploads\/2024\/01\/4-137-3-350x400.jpg\" class=\"attachment-350x400 size-350x400\" alt=\"\" \/>\t\t<\/a>\n\n\t\t\t\t\t<div class=\"wd-product-img-hover hover-img\">\n\t\t\t\t<img loading=\"lazy\" decoding=\"async\" width=\"350\" height=\"400\" src=\"https:\/\/www.lavillagardendesign.com\/wp-content\/uploads\/2024\/01\/5-91-3-350x400.jpg\" class=\"attachment-350x400 size-350x400\" alt=\"\" \/>\t\t\t<\/div>\n\t\t\t\n\t\t<div class=\"wd-buttons wd-pos-r-t\">\n\t\t\t\t\t<\/div>\n\t<\/div>\n\n\t<div class=\"product-element-bottom\">\n\n\t\t<div class=\"wd-product-header\">\n\t\t\t<h3 class=\"wd-entities-title\"><a href=\"https:\/\/www.lavillagardendesign.com\/es\/producto\/opale-cojunto-sofa-2-plazas-3-plazas-aluminio-con-cojin-sunbrella\/\">OPALE &#8211; Cojunto sofa 2 plazas + 3 plazas aluminio con cojin Sunbrella<\/a><\/h3>\n\t\t\t\t\t<\/div>\n\n\t\t\n\t\t\n\t\t<div class=\"wrap-price\">\n\t\t\t\n\t<span class=\"price\"><del aria-hidden=\"true\"><span class=\"woocommerce-Price-amount amount\"><bdi>5.025&nbsp;<span class=\"woocommerce-Price-currencySymbol\">&euro;<\/span><\/bdi><\/span><\/del> <span class=\"screen-reader-text\">El precio original era: 5.025&nbsp;&euro;.<\/span><ins aria-hidden=\"true\"><span class=\"woocommerce-Price-amount amount\"><bdi>4.271&nbsp;<span class=\"woocommerce-Price-currencySymbol\">&euro;<\/span><\/bdi><\/span><\/ins><span class=\"screen-reader-text\">El precio actual es: 4.271&nbsp;&euro;.<\/span> <small class=\"woocommerce-price-suffix\">con IVA<\/small><\/span>\n\n\t\t\t\t\t<\/div>\n\n\t\t\n\t\t\n\t\t\n\t\t\n\t\t<div class=\"wd-product-footer\">\n\t\t\t<div class=\"wd-add-btn wd-add-btn-replace\">\n\t\t\t\t<a href=\"\/es\/wp-json\/wp\/v2\/pages\/29645?add-to-cart=38619\" aria-describedby=\"woocommerce_loop_add_to_cart_link_describedby_38619\" data-quantity=\"1\" class=\"button product_type_simple add_to_cart_button ajax_add_to_cart add-to-cart-loop\" data-product_id=\"38619\" data-product_sku=\"PROPPACK\" aria-label=\"A\u00f1adir al carrito: \u201cOPALE - Cojunto sofa 2 plazas + 3 plazas aluminio con cojin Sunbrella\u201d\" rel=\"nofollow\" data-success_message=\"\u00abOPALE - Cojunto sofa 2 plazas + 3 plazas aluminio con cojin Sunbrella\u00bb se ha a\u00f1adido a tu carrito\" role=\"button\"><span class=\"wd-action-icon\"><span class=\"wd-check-icon\"><\/span><\/span><span class=\"wd-action-text\">A\u00f1adir al carrito<\/span><\/a>\t<span id=\"woocommerce_loop_add_to_cart_link_describedby_38619\" class=\"screen-reader-text\">\n\t\t\t<\/span>\n\t\t\t<\/div>\n\n\t\t\t\t\t\t<div class=\"wd-action-buttons\">\n\t\t\t\t\t\t\t\t\t\t<div class=\"wd-quick-view-btn wd-quick-view-icon wd-action-btn wd-style-icon wd-tooltip\">\n\t\t\t<a\n\t\t\t\thref=\"https:\/\/www.lavillagardendesign.com\/es\/producto\/opale-cojunto-sofa-2-plazas-3-plazas-aluminio-con-cojin-sunbrella\/\"\n\t\t\t\tclass=\"open-quick-view\"\n\t\t\t\trel=\"nofollow\"\n\t\t\t\tdata-id=\"38619\"\n\t\t\t\t>\n\t\t\t\t\t<span class=\"wd-action-icon\"><\/span>\n\t\t\t\t\t<span class=\"wd-action-text\">\n\t\t\t\t\t\tQuick view\t\t\t\t\t<\/span>\n\t\t\t<\/a>\n\t\t<\/div>\n\t\t\t\t\t<\/div>\n\t\t\t\t\t<\/div>\n\t<\/div>\n<\/div>\n<\/div>\n\t\t\t\t\t<\/div>\n\t\t\t\t\t\t\t\t<\/div>\n\t\t\t\t\t<\/div>\n\n\t\t\t\t\t\t\t<div class=\"wd-nav-arrows wd-pos-sep wd-hover-1 wd-icon-1\">\n\t\t\t<div class=\"wd-btn-arrow wd-prev wd-disabled\">\n\t\t\t\t<div class=\"wd-arrow-inner\"><\/div>\n\t\t\t<\/div>\n\t\t\t<div class=\"wd-btn-arrow wd-next\">\n\t\t\t\t<div class=\"wd-arrow-inner\"><\/div>\n\t\t\t<\/div>\n\t\t<\/div>\n\t\t\t\t\t\t<\/div>\n\n\t\t\t\t\t\t\t\t\t<div class=\"wd-nav-pagin-wrap text-center wd-style-shape wd-hide-md-sm wd-hide-sm\">\n\t\t\t<ul class=\"wd-nav-pagin\"><\/ul>\n\t\t<\/div>\n\t\t\t\t\t\t\t\t\t<\/div>\n\t\t\t\t\t\t\n\t\t\t\t\t<\/div>\n\t\t\t\t\t\t\t\t\t<\/div>\n\t\t\t\t\t\t<\/div>\n\t\t\t\t<\/div>\n\t\t\t\t\t<\/div>\n\t\t\t\t<\/div>\n\t\t<div class=\"elementor-element elementor-element-3ed1819d wd-section-stretch e-flex e-con-boxed elementor-invisible e-con e-parent\" data-id=\"3ed1819d\" data-element_type=\"container\" data-e-type=\"container\" data-settings=\"{&quot;animation&quot;:&quot;fadeIn&quot;,&quot;background_background&quot;:&quot;classic&quot;}\">\n\t\t\t\t\t<div class=\"e-con-inner\">\n\t\t\t\t<div class=\"elementor-element elementor-element-a72aedd elementor-widget__width-initial elementor-widget-tablet__width-initial elementor-widget elementor-widget-heading\" data-id=\"a72aedd\" data-element_type=\"widget\" data-e-type=\"widget\" data-widget_type=\"heading.default\">\n\t\t\t\t<div class=\"elementor-widget-container\">\n\t\t\t\t\t<h2 class=\"elementor-heading-title elementor-size-default\">Colecci\u00f3n 2026<\/h2>\t\t\t\t<\/div>\n\t\t\t\t<\/div>\n\t\t\t\t<div class=\"elementor-element elementor-element-e68e4e1 elementor-widget elementor-widget-wd_products_tabs\" data-id=\"e68e4e1\" data-element_type=\"widget\" data-e-type=\"widget\" data-widget_type=\"wd_products_tabs.default\">\n\t\t\t\t<div class=\"elementor-widget-container\">\n\t\t\t\t\t\t\t<div class=\"wd-tabs wd-products-tabs tabs-design-alt\">\n\t\t\t<div class=\"wd-tabs-header\">\n\t\t\t\t\n\t\t\t\t\n\t\t\t\t<div class=\"wd-nav-wrapper wd-nav-tabs-wrapper tabs-navigation-wrapper wd-mb-action-swipe\">\n\n\t\t\t\t\t<ul class=\"wd-nav wd-nav-tabs products-tabs-title wd-style-default wd-icon-pos-left\">\n\t\t\t\t\t\t\t\t\t\t\t\t\t\n\t\t\t\t\t\t\t<li data-atts=\"{&quot;layout&quot;:&quot;carousel&quot;,&quot;pagination&quot;:null,&quot;pagination_arrows_position&quot;:null,&quot;items_per_page&quot;:30,&quot;spacing&quot;:&quot;20&quot;,&quot;spacing_tablet&quot;:&quot;20&quot;,&quot;spacing_mobile&quot;:&quot;10&quot;,&quot;list_spacing&quot;:null,&quot;list_spacing_tablet&quot;:false,&quot;list_spacing_mobile&quot;:false,&quot;columns&quot;:null,&quot;products_masonry&quot;:null,&quot;products_different_sizes&quot;:null,&quot;product_quantity&quot;:&quot;&quot;,&quot;product_hover&quot;:&quot;inherit&quot;,&quot;sale_countdown&quot;:&quot;0&quot;,&quot;stretch_product_tablet&quot;:0,&quot;stretch_product_mobile&quot;:0,&quot;stock_progress_bar&quot;:&quot;0&quot;,&quot;highlighted_products&quot;:0,&quot;products_divider&quot;:null,&quot;products_bordered_grid&quot;:&quot;0&quot;,&quot;products_bordered_grid_style&quot;:null,&quot;products_with_background&quot;:&quot;1&quot;,&quot;products_shadow&quot;:&quot;0&quot;,&quot;products_color_scheme&quot;:&quot;default&quot;,&quot;img_size&quot;:&quot;custom&quot;,&quot;elementor&quot;:true,&quot;img_size_custom&quot;:{&quot;width&quot;:&quot;350&quot;,&quot;height&quot;:&quot;400&quot;},&quot;sync_parent_id&quot;:null,&quot;columns_tablet&quot;:{&quot;unit&quot;:&quot;px&quot;,&quot;size&quot;:2,&quot;sizes&quot;:[]},&quot;slides_per_view&quot;:{&quot;unit&quot;:&quot;px&quot;,&quot;size&quot;:5,&quot;sizes&quot;:[]},&quot;wrap&quot;:&quot;&quot;,&quot;autoplay&quot;:&quot;&quot;,&quot;speed&quot;:null,&quot;hide_pagination_control&quot;:&quot;&quot;,&quot;slides_per_view_mobile&quot;:{&quot;unit&quot;:&quot;px&quot;,&quot;size&quot;:1,&quot;sizes&quot;:[]},&quot;scroll_per_page&quot;:&quot;&quot;,&quot;slides_per_view_tablet&quot;:{&quot;unit&quot;:&quot;px&quot;,&quot;size&quot;:2,&quot;sizes&quot;:[]},&quot;columns_mobile&quot;:{&quot;unit&quot;:&quot;px&quot;,&quot;size&quot;:1,&quot;sizes&quot;:[]},&quot;center_mode&quot;:&quot;no&quot;,&quot;autoheight&quot;:&quot;no&quot;,&quot;scroll_carousel_init&quot;:&quot;no&quot;,&quot;disable_overflow_carousel&quot;:&quot;no&quot;,&quot;hide_prev_next_buttons&quot;:&quot;no&quot;,&quot;carousel_arrows_position&quot;:null,&quot;dynamic_pagination_control&quot;:&quot;no&quot;,&quot;hide_scrollbar&quot;:&quot;yes&quot;,&quot;carousel_sync&quot;:&quot;&quot;,&quot;sync_child_id&quot;:null,&quot;product_custom_hover&quot;:null,&quot;stretch_product&quot;:null,&quot;grid_gallery&quot;:&quot;&quot;,&quot;grid_gallery_control&quot;:null,&quot;grid_gallery_enable_arrows&quot;:null,&quot;lazy_loading&quot;:&quot;no&quot;,&quot;include&quot;:[&quot;61791&quot;,&quot;60758&quot;,&quot;60734&quot;,&quot;60672&quot;,&quot;60665&quot;,&quot;25972&quot;,&quot;25982&quot;,&quot;26105&quot;],&quot;hide_out_of_stock&quot;:&quot;&quot;,&quot;exclude&quot;:null,&quot;taxonomies&quot;:null,&quot;order&quot;:null,&quot;post_type&quot;:&quot;ids&quot;,&quot;ajax_recently_viewed&quot;:null,&quot;orderby&quot;:&quot;&quot;,&quot;offset&quot;:null,&quot;query_type&quot;:&quot;OR&quot;,&quot;meta_key&quot;:null}\" class=\" wd-active\">\n\t\t\t\t\t\t\t\t<a href=\"#\" class=\"wd-nav-link\">\n\t\t\t\t\t\t\t\t\t\n\t\t\t\t\t\t\t\t\t<span class=\"tab-label nav-link-text\">\n\t\t\t\t\t\t\t\t\t\t\t\t\t\t\t\t\t\t\t<\/span>\n\t\t\t\t\t\t\t\t<\/a>\n\t\t\t\t\t\t\t<\/li>\n\t\t\t\t\t\t\t\t\t\t\t<\/ul>\n\t\t\t\t<\/div>\n\t\t\t<\/div>\n\n\t\t\t\t\t\t\t\t\t\t\t\t<div class=\"wd-tabs-content-wrapper\">\n\t\t\t\t\t<div class=\"wd-sticky-loader\"><span class=\"wd-loader\"><\/span><\/div>\n\t\t\t\t\n\t\t\t\t\t\n\t\t\t<div id=\"carousel-901\" class=\"wd-carousel-container  wd-tab-content wd-active wd-in wd-products-element wd-products products wd-loop-builder-off wd-stretch-cont-lg wd-stretch-cont-md wd-stretch-cont-sm wd-products-with-bg\">\n\t\t\t\t\n\t\t\t\t\t\t\t\n\t\t\t\t<div class=\"wd-carousel-inner\">\n\t\t\t\t\t<div class=\" wd-carousel wd-grid\" style=\"--wd-col-lg:5;--wd-col-md:2;--wd-col-sm:1;--wd-gap-lg:20px;--wd-gap-sm:10px;\">\n\t\t\t\t\t\t<div class=\"wd-carousel-wrap\">\n\t\t\t\t\t\t\t\t\t<div class=\"wd-carousel-item\">\n\t\t\t\t\t\t\t\t\t\t\t<div class=\"wd-product wd-hover-buttons-on-hover product-grid-item product type-product post-60701 status-publish instock product_cat-nuevas-colecciones product_cat-outdoor-es product_cat-tumbonas product_cat-tumbonas-camas product_tag-idol has-post-thumbnail taxable shipping-taxable purchasable product-type-variable\" data-loop=\"1\" data-id=\"60701\">\n\t\n<div class=\"wd-product-wrapper product-wrapper\">\n\t<div class=\"wd-product-thumb product-element-top wd-quick-shop\">\n\t\t<a href=\"https:\/\/www.lavillagardendesign.com\/es\/producto\/idol-mesa-de-bar\/\" class=\"wd-product-img-link product-image-link\" tabindex=\"-1\" aria-label=\"IDOL &#8211; Mesa de bar\">\n\t\t\t<img loading=\"lazy\" decoding=\"async\" width=\"350\" height=\"400\" src=\"https:\/\/www.lavillagardendesign.com\/wp-content\/uploads\/2026\/01\/2-1-1-350x400.jpg\" class=\"attachment-350x400 size-350x400\" alt=\"\" \/>\t\t<\/a>\n\n\t\t\t\t\t<div class=\"wd-product-img-hover hover-img\">\n\t\t\t\t<img loading=\"lazy\" decoding=\"async\" width=\"350\" height=\"400\" src=\"https:\/\/www.lavillagardendesign.com\/wp-content\/uploads\/2026\/01\/1-3-350x400.jpg\" class=\"attachment-350x400 size-350x400\" alt=\"\" \/>\t\t\t<\/div>\n\t\t\t\n\t\t<div class=\"wd-buttons wd-pos-r-t\">\n\t\t\t\t\t<\/div>\n\t<\/div>\n\n\t<div class=\"product-element-bottom\">\n\n\t\t<div class=\"wd-product-header\">\n\t\t\t<h3 class=\"wd-entities-title\"><a href=\"https:\/\/www.lavillagardendesign.com\/es\/producto\/idol-mesa-de-bar\/\">IDOL &#8211; Mesa de bar<\/a><\/h3>\n\t\t\t\t\t<\/div>\n\n\t\t\n\t\t\n\t\t<div class=\"wrap-price\">\n\t\t\t\n\t<span class=\"price\"><span class=\"woocommerce-Price-amount amount\"><bdi>1.645&nbsp;<span class=\"woocommerce-Price-currencySymbol\">&euro;<\/span><\/bdi><\/span> <small class=\"woocommerce-price-suffix\">con IVA<\/small><\/span>\n\n\t\t\t\t\t<\/div>\n\n\t\t\n\t\t\n\t\t\n\t\t\n\t\t<div class=\"wd-product-footer\">\n\t\t\t<div class=\"wd-add-btn wd-add-btn-replace\">\n\t\t\t\t<a href=\"https:\/\/www.lavillagardendesign.com\/es\/producto\/idol-mesa-de-bar\/\" aria-describedby=\"woocommerce_loop_add_to_cart_link_describedby_60701\" data-quantity=\"1\" class=\"button product_type_variable add_to_cart_button add-to-cart-loop\" data-product_id=\"60701\" data-product_sku=\"\" aria-label=\"Elige las opciones para &ldquo;IDOL - Mesa de bar&rdquo;\" rel=\"nofollow\"><span class=\"wd-action-icon\"><span class=\"wd-check-icon\"><\/span><\/span><span class=\"wd-action-text\">Seleccionar opciones<\/span><\/a>\t<span id=\"woocommerce_loop_add_to_cart_link_describedby_60701\" class=\"screen-reader-text\">\n\t\tEste producto tiene m\u00faltiples variantes. Las opciones se pueden elegir en la p\u00e1gina de producto\t<\/span>\n\t\t\t<\/div>\n\n\t\t\t\t\t\t<div class=\"wd-action-buttons\">\n\t\t\t\t\t\t\t\t\t\t<div class=\"wd-quick-view-btn wd-quick-view-icon wd-action-btn wd-style-icon wd-tooltip\">\n\t\t\t<a\n\t\t\t\thref=\"https:\/\/www.lavillagardendesign.com\/es\/producto\/idol-mesa-de-bar\/\"\n\t\t\t\tclass=\"open-quick-view\"\n\t\t\t\trel=\"nofollow\"\n\t\t\t\tdata-id=\"60701\"\n\t\t\t\t>\n\t\t\t\t\t<span class=\"wd-action-icon\"><\/span>\n\t\t\t\t\t<span class=\"wd-action-text\">\n\t\t\t\t\t\tQuick view\t\t\t\t\t<\/span>\n\t\t\t<\/a>\n\t\t<\/div>\n\t\t\t\t\t<\/div>\n\t\t\t\t\t<\/div>\n\t<\/div>\n<\/div>\n<\/div>\n\t\t\t\t\t<\/div>\n\t\t\t\t<div class=\"wd-carousel-item\">\n\t\t\t\t\t\t\t\t\t\t\t<div class=\"wd-product wd-hover-buttons-on-hover product-grid-item product type-product post-60697 status-publish instock product_cat-nuevas-colecciones product_cat-outdoor-es product_cat-tumbonas product_cat-tumbonas-camas product_tag-idol has-post-thumbnail taxable shipping-taxable purchasable product-type-simple\" data-loop=\"2\" data-id=\"60697\">\n\t\n<div class=\"wd-product-wrapper product-wrapper\">\n\t<div class=\"wd-product-thumb product-element-top wd-quick-shop\">\n\t\t<a href=\"https:\/\/www.lavillagardendesign.com\/es\/producto\/idol-tumbona-de-teca\/\" class=\"wd-product-img-link product-image-link\" tabindex=\"-1\" aria-label=\"IDOL &#8211; Tumbona de teca\">\n\t\t\t<img loading=\"lazy\" decoding=\"async\" width=\"350\" height=\"400\" src=\"https:\/\/www.lavillagardendesign.com\/wp-content\/uploads\/2026\/01\/Design-sans-titre2-350x400.jpg\" class=\"attachment-350x400 size-350x400\" alt=\"\" \/>\t\t<\/a>\n\n\t\t\n\t\t<div class=\"wd-buttons wd-pos-r-t\">\n\t\t\t\t\t<\/div>\n\t<\/div>\n\n\t<div class=\"product-element-bottom\">\n\n\t\t<div class=\"wd-product-header\">\n\t\t\t<h3 class=\"wd-entities-title\"><a href=\"https:\/\/www.lavillagardendesign.com\/es\/producto\/idol-tumbona-de-teca\/\">IDOL &#8211; Tumbona de teca<\/a><\/h3>\n\t\t\t\t\t<\/div>\n\n\t\t\n\t\t\n\t\t<div class=\"wrap-price\">\n\t\t\t\n\t<span class=\"price\"><span class=\"woocommerce-Price-amount amount\"><bdi>1.645&nbsp;<span class=\"woocommerce-Price-currencySymbol\">&euro;<\/span><\/bdi><\/span> <small class=\"woocommerce-price-suffix\">con IVA<\/small><\/span>\n\n\t\t\t\t\t<\/div>\n\n\t\t\n\t\t\n\t\t\n\t\t\n\t\t<div class=\"wd-product-footer\">\n\t\t\t<div class=\"wd-add-btn wd-add-btn-replace\">\n\t\t\t\t<a href=\"\/es\/wp-json\/wp\/v2\/pages\/29645?add-to-cart=60697\" aria-describedby=\"woocommerce_loop_add_to_cart_link_describedby_60697\" data-quantity=\"1\" class=\"button product_type_simple add_to_cart_button ajax_add_to_cart add-to-cart-loop\" data-product_id=\"60697\" data-product_sku=\"\" aria-label=\"A\u00f1adir al carrito: \u201cIDOL - Tumbona de teca\u201d\" rel=\"nofollow\" data-success_message=\"\u00abIDOL - Tumbona de teca\u00bb se ha a\u00f1adido a tu carrito\" role=\"button\"><span class=\"wd-action-icon\"><span class=\"wd-check-icon\"><\/span><\/span><span class=\"wd-action-text\">A\u00f1adir al carrito<\/span><\/a>\t<span id=\"woocommerce_loop_add_to_cart_link_describedby_60697\" class=\"screen-reader-text\">\n\t\t\t<\/span>\n\t\t\t<\/div>\n\n\t\t\t\t\t\t<div class=\"wd-action-buttons\">\n\t\t\t\t\t\t\t\t\t\t<div class=\"wd-quick-view-btn wd-quick-view-icon wd-action-btn wd-style-icon wd-tooltip\">\n\t\t\t<a\n\t\t\t\thref=\"https:\/\/www.lavillagardendesign.com\/es\/producto\/idol-tumbona-de-teca\/\"\n\t\t\t\tclass=\"open-quick-view\"\n\t\t\t\trel=\"nofollow\"\n\t\t\t\tdata-id=\"60697\"\n\t\t\t\t>\n\t\t\t\t\t<span class=\"wd-action-icon\"><\/span>\n\t\t\t\t\t<span class=\"wd-action-text\">\n\t\t\t\t\t\tQuick view\t\t\t\t\t<\/span>\n\t\t\t<\/a>\n\t\t<\/div>\n\t\t\t\t\t<\/div>\n\t\t\t\t\t<\/div>\n\t<\/div>\n<\/div>\n<\/div>\n\t\t\t\t\t<\/div>\n\t\t\t\t<div class=\"wd-carousel-item\">\n\t\t\t\t\t\t\t\t\t\t\t<div class=\"wd-product wd-hover-buttons-on-hover product-grid-item product type-product post-60805 status-publish last instock product_cat-nuevas-colecciones product_cat-outdoor-es product_cat-sofas-es product_cat-sofas-y-butacas product_tag-idol has-post-thumbnail taxable shipping-taxable purchasable product-type-simple\" data-loop=\"3\" data-id=\"60805\">\n\t\n<div class=\"wd-product-wrapper product-wrapper\">\n\t<div class=\"wd-product-thumb product-element-top wd-quick-shop\">\n\t\t<a href=\"https:\/\/www.lavillagardendesign.com\/es\/producto\/idole-reposapies-otomano\/\" class=\"wd-product-img-link product-image-link\" tabindex=\"-1\" aria-label=\"IDOLE &#8211; Reposapi\u00e9s Otomano\">\n\t\t\t<img loading=\"lazy\" decoding=\"async\" width=\"350\" height=\"400\" src=\"https:\/\/www.lavillagardendesign.com\/wp-content\/uploads\/2026\/01\/1-4-350x400.jpg\" class=\"attachment-350x400 size-350x400\" alt=\"\" \/>\t\t<\/a>\n\n\t\t\t\t\t<div class=\"wd-product-img-hover hover-img\">\n\t\t\t\t<img loading=\"lazy\" decoding=\"async\" width=\"350\" height=\"400\" src=\"https:\/\/www.lavillagardendesign.com\/wp-content\/uploads\/2026\/01\/2-3-350x400.png\" class=\"attachment-350x400 size-350x400\" alt=\"\" \/>\t\t\t<\/div>\n\t\t\t\n\t\t<div class=\"wd-buttons wd-pos-r-t\">\n\t\t\t\t\t<\/div>\n\t<\/div>\n\n\t<div class=\"product-element-bottom\">\n\n\t\t<div class=\"wd-product-header\">\n\t\t\t<h3 class=\"wd-entities-title\"><a href=\"https:\/\/www.lavillagardendesign.com\/es\/producto\/idole-reposapies-otomano\/\">IDOLE &#8211; Reposapi\u00e9s Otomano<\/a><\/h3>\n\t\t\t\t\t<\/div>\n\n\t\t\n\t\t\n\t\t<div class=\"wrap-price\">\n\t\t\t\n\t<span class=\"price\"><span class=\"woocommerce-Price-amount amount\"><bdi>1.066&nbsp;<span class=\"woocommerce-Price-currencySymbol\">&euro;<\/span><\/bdi><\/span> <small class=\"woocommerce-price-suffix\">con IVA<\/small><\/span>\n\n\t\t\t\t\t<\/div>\n\n\t\t\n\t\t\n\t\t\n\t\t\n\t\t<div class=\"wd-product-footer\">\n\t\t\t<div class=\"wd-add-btn wd-add-btn-replace\">\n\t\t\t\t<a href=\"\/es\/wp-json\/wp\/v2\/pages\/29645?add-to-cart=60805\" aria-describedby=\"woocommerce_loop_add_to_cart_link_describedby_60805\" data-quantity=\"1\" class=\"button product_type_simple add_to_cart_button ajax_add_to_cart add-to-cart-loop\" data-product_id=\"60805\" data-product_sku=\"\" aria-label=\"A\u00f1adir al carrito: \u201cIDOLE - Reposapi\u00e9s Otomano\u201d\" rel=\"nofollow\" data-success_message=\"\u00abIDOLE - Reposapi\u00e9s Otomano\u00bb se ha a\u00f1adido a tu carrito\" role=\"button\"><span class=\"wd-action-icon\"><span class=\"wd-check-icon\"><\/span><\/span><span class=\"wd-action-text\">A\u00f1adir al carrito<\/span><\/a>\t<span id=\"woocommerce_loop_add_to_cart_link_describedby_60805\" class=\"screen-reader-text\">\n\t\t\t<\/span>\n\t\t\t<\/div>\n\n\t\t\t\t\t\t<div class=\"wd-action-buttons\">\n\t\t\t\t\t\t\t\t\t\t<div class=\"wd-quick-view-btn wd-quick-view-icon wd-action-btn wd-style-icon wd-tooltip\">\n\t\t\t<a\n\t\t\t\thref=\"https:\/\/www.lavillagardendesign.com\/es\/producto\/idole-reposapies-otomano\/\"\n\t\t\t\tclass=\"open-quick-view\"\n\t\t\t\trel=\"nofollow\"\n\t\t\t\tdata-id=\"60805\"\n\t\t\t\t>\n\t\t\t\t\t<span class=\"wd-action-icon\"><\/span>\n\t\t\t\t\t<span class=\"wd-action-text\">\n\t\t\t\t\t\tQuick view\t\t\t\t\t<\/span>\n\t\t\t<\/a>\n\t\t<\/div>\n\t\t\t\t\t<\/div>\n\t\t\t\t\t<\/div>\n\t<\/div>\n<\/div>\n<\/div>\n\t\t\t\t\t<\/div>\n\t\t\t\t<div class=\"wd-carousel-item\">\n\t\t\t\t\t\t\t\t\t\t\t<div class=\"wd-product wd-hover-buttons-on-hover product-grid-item product type-product post-60811 status-publish first instock product_cat-mesas product_cat-mesas-de-comedor product_cat-nuevas-colecciones product_cat-outdoor-es product_tag-idol has-post-thumbnail taxable shipping-taxable purchasable product-type-simple\" data-loop=\"4\" data-id=\"60811\">\n\t\n<div class=\"wd-product-wrapper product-wrapper\">\n\t<div class=\"wd-product-thumb product-element-top wd-quick-shop\">\n\t\t<a href=\"https:\/\/www.lavillagardendesign.com\/es\/producto\/idole-mesa-de-comedor-rectangular\/\" class=\"wd-product-img-link product-image-link\" tabindex=\"-1\" aria-label=\"IDOLE &#8211; Mesa de comedor rectangular\">\n\t\t\t<img loading=\"lazy\" decoding=\"async\" width=\"350\" height=\"400\" src=\"https:\/\/www.lavillagardendesign.com\/wp-content\/uploads\/2026\/01\/Captura-de-pantalla-2026-01-03-a-las-13.18.18-350x400.jpg\" class=\"attachment-350x400 size-350x400\" alt=\"\" \/>\t\t<\/a>\n\n\t\t\t\t\t<div class=\"wd-product-img-hover hover-img\">\n\t\t\t\t<img loading=\"lazy\" decoding=\"async\" width=\"350\" height=\"400\" src=\"https:\/\/www.lavillagardendesign.com\/wp-content\/uploads\/2026\/01\/Captura-de-pantalla-2026-01-03-a-las-13.17.54-350x400.jpg\" class=\"attachment-350x400 size-350x400\" alt=\"\" \/>\t\t\t<\/div>\n\t\t\t\n\t\t<div class=\"wd-buttons wd-pos-r-t\">\n\t\t\t\t\t<\/div>\n\t<\/div>\n\n\t<div class=\"product-element-bottom\">\n\n\t\t<div class=\"wd-product-header\">\n\t\t\t<h3 class=\"wd-entities-title\"><a href=\"https:\/\/www.lavillagardendesign.com\/es\/producto\/idole-mesa-de-comedor-rectangular\/\">IDOLE &#8211; Mesa de comedor rectangular<\/a><\/h3>\n\t\t\t\t\t<\/div>\n\n\t\t\n\t\t\n\t\t<div class=\"wrap-price\">\n\t\t\t\n\t<span class=\"price\"><span class=\"woocommerce-Price-amount amount\"><bdi>2.471&nbsp;<span class=\"woocommerce-Price-currencySymbol\">&euro;<\/span><\/bdi><\/span> <small class=\"woocommerce-price-suffix\">con IVA<\/small><\/span>\n\n\t\t\t\t\t<\/div>\n\n\t\t\n\t\t\n\t\t\n\t\t\n\t\t<div class=\"wd-product-footer\">\n\t\t\t<div class=\"wd-add-btn wd-add-btn-replace\">\n\t\t\t\t<a href=\"\/es\/wp-json\/wp\/v2\/pages\/29645?add-to-cart=60811\" aria-describedby=\"woocommerce_loop_add_to_cart_link_describedby_60811\" data-quantity=\"1\" class=\"button product_type_simple add_to_cart_button ajax_add_to_cart add-to-cart-loop\" data-product_id=\"60811\" data-product_sku=\"\" aria-label=\"A\u00f1adir al carrito: \u201cIDOLE - Mesa de comedor rectangular\u201d\" rel=\"nofollow\" data-success_message=\"\u00abIDOLE - Mesa de comedor rectangular\u00bb se ha a\u00f1adido a tu carrito\" role=\"button\"><span class=\"wd-action-icon\"><span class=\"wd-check-icon\"><\/span><\/span><span class=\"wd-action-text\">A\u00f1adir al carrito<\/span><\/a>\t<span id=\"woocommerce_loop_add_to_cart_link_describedby_60811\" class=\"screen-reader-text\">\n\t\t\t<\/span>\n\t\t\t<\/div>\n\n\t\t\t\t\t\t<div class=\"wd-action-buttons\">\n\t\t\t\t\t\t\t\t\t\t<div class=\"wd-quick-view-btn wd-quick-view-icon wd-action-btn wd-style-icon wd-tooltip\">\n\t\t\t<a\n\t\t\t\thref=\"https:\/\/www.lavillagardendesign.com\/es\/producto\/idole-mesa-de-comedor-rectangular\/\"\n\t\t\t\tclass=\"open-quick-view\"\n\t\t\t\trel=\"nofollow\"\n\t\t\t\tdata-id=\"60811\"\n\t\t\t\t>\n\t\t\t\t\t<span class=\"wd-action-icon\"><\/span>\n\t\t\t\t\t<span class=\"wd-action-text\">\n\t\t\t\t\t\tQuick view\t\t\t\t\t<\/span>\n\t\t\t<\/a>\n\t\t<\/div>\n\t\t\t\t\t<\/div>\n\t\t\t\t\t<\/div>\n\t<\/div>\n<\/div>\n<\/div>\n\t\t\t\t\t<\/div>\n\t\t\t\t<div class=\"wd-carousel-item\">\n\t\t\t\t\t\t\t\t\t\t\t<div class=\"wd-product wd-hover-buttons-on-hover product-grid-item product type-product post-61870 status-publish instock product_cat-accesorios product_cat-nuevas-colecciones product_cat-outdoor-es product_cat-separador product_tag-intimissi has-post-thumbnail taxable shipping-taxable purchasable product-type-variable\" data-loop=\"5\" data-id=\"61870\">\n\t\n<div class=\"wd-product-wrapper product-wrapper\">\n\t<div class=\"wd-product-thumb product-element-top wd-quick-shop\">\n\t\t<a href=\"https:\/\/www.lavillagardendesign.com\/es\/producto\/intimissi-biombo-separador-bajo-cuerda-180x120\/\" class=\"wd-product-img-link product-image-link\" tabindex=\"-1\" aria-label=\"INTIMISSI &#8211; Biombo Separador Bajo Cuerda 180&#215;120\">\n\t\t\t<img loading=\"lazy\" decoding=\"async\" width=\"350\" height=\"400\" src=\"https:\/\/www.lavillagardendesign.com\/wp-content\/uploads\/2026\/02\/1-1-3-350x400.jpg\" class=\"attachment-350x400 size-350x400\" alt=\"\" \/>\t\t<\/a>\n\n\t\t\t\t\t<div class=\"wd-product-img-hover hover-img\">\n\t\t\t\t<img loading=\"lazy\" decoding=\"async\" width=\"350\" height=\"400\" src=\"https:\/\/www.lavillagardendesign.com\/wp-content\/uploads\/2026\/02\/2-1-3-350x400.jpg\" class=\"attachment-350x400 size-350x400\" alt=\"\" \/>\t\t\t<\/div>\n\t\t\t\n\t\t<div class=\"wd-buttons wd-pos-r-t\">\n\t\t\t\t\t<\/div>\n\t<\/div>\n\n\t<div class=\"product-element-bottom\">\n\n\t\t<div class=\"wd-product-header\">\n\t\t\t<h3 class=\"wd-entities-title\"><a href=\"https:\/\/www.lavillagardendesign.com\/es\/producto\/intimissi-biombo-separador-bajo-cuerda-180x120\/\">INTIMISSI &#8211; Biombo Separador Bajo Cuerda 180&#215;120<\/a><\/h3>\n\t\t\t\t\t<\/div>\n\n\t\t\n\t\t\n\t\t<div class=\"wrap-price\">\n\t\t\t\n\t<span class=\"price\"><span class=\"woocommerce-Price-amount amount\"><bdi>818&nbsp;<span class=\"woocommerce-Price-currencySymbol\">&euro;<\/span><\/bdi><\/span> <small class=\"woocommerce-price-suffix\">con IVA<\/small><\/span>\n\n\t\t\t\t\t<\/div>\n\n\t\t\n\t\t\n\t\t\n\t\t\n\t\t<div class=\"wd-product-footer\">\n\t\t\t<div class=\"wd-add-btn wd-add-btn-replace\">\n\t\t\t\t<a href=\"https:\/\/www.lavillagardendesign.com\/es\/producto\/intimissi-biombo-separador-bajo-cuerda-180x120\/\" aria-describedby=\"woocommerce_loop_add_to_cart_link_describedby_61870\" data-quantity=\"1\" class=\"button product_type_variable add_to_cart_button add-to-cart-loop\" data-product_id=\"61870\" data-product_sku=\"\" aria-label=\"Elige las opciones para &ldquo;INTIMISSI - Biombo Separador Bajo Cuerda 180x120&rdquo;\" rel=\"nofollow\"><span class=\"wd-action-icon\"><span class=\"wd-check-icon\"><\/span><\/span><span class=\"wd-action-text\">Seleccionar opciones<\/span><\/a>\t<span id=\"woocommerce_loop_add_to_cart_link_describedby_61870\" class=\"screen-reader-text\">\n\t\tEste producto tiene m\u00faltiples variantes. Las opciones se pueden elegir en la p\u00e1gina de producto\t<\/span>\n\t\t\t<\/div>\n\n\t\t\t\t\t\t<div class=\"wd-action-buttons\">\n\t\t\t\t\t\t\t\t\t\t<div class=\"wd-quick-view-btn wd-quick-view-icon wd-action-btn wd-style-icon wd-tooltip\">\n\t\t\t<a\n\t\t\t\thref=\"https:\/\/www.lavillagardendesign.com\/es\/producto\/intimissi-biombo-separador-bajo-cuerda-180x120\/\"\n\t\t\t\tclass=\"open-quick-view\"\n\t\t\t\trel=\"nofollow\"\n\t\t\t\tdata-id=\"61870\"\n\t\t\t\t>\n\t\t\t\t\t<span class=\"wd-action-icon\"><\/span>\n\t\t\t\t\t<span class=\"wd-action-text\">\n\t\t\t\t\t\tQuick view\t\t\t\t\t<\/span>\n\t\t\t<\/a>\n\t\t<\/div>\n\t\t\t\t\t<\/div>\n\t\t\t\t\t<\/div>\n\t<\/div>\n<\/div>\n<\/div>\n\t\t\t\t\t<\/div>\n\t\t\t\t<div class=\"wd-carousel-item\">\n\t\t\t\t\t\t\t\t\t\t\t<div class=\"wd-product wd-hover-buttons-on-hover product-grid-item product type-product post-42371 status-publish instock product_cat-nuevas-colecciones product_cat-outdoor-es product_cat-tumbonas product_cat-tumbonas-camas has-post-thumbnail taxable shipping-taxable purchasable product-type-variable\" data-loop=\"6\" data-id=\"42371\">\n\t\n<div class=\"wd-product-wrapper product-wrapper\">\n\t<div class=\"wd-product-thumb product-element-top wd-quick-shop\">\n\t\t<a href=\"https:\/\/www.lavillagardendesign.com\/es\/producto\/corail-tumbona-de-aluminio-con-tejido-sunbrella\/\" class=\"wd-product-img-link product-image-link\" tabindex=\"-1\" aria-label=\"CORAIL &#8211; Tumbona de aluminio con tejido Sunbrella\">\n\t\t\t<img loading=\"lazy\" decoding=\"async\" width=\"350\" height=\"400\" src=\"https:\/\/www.lavillagardendesign.com\/wp-content\/uploads\/2024\/01\/1-180-2-350x400.jpg\" class=\"attachment-350x400 size-350x400\" alt=\"\" \/>\t\t<\/a>\n\n\t\t\t\t\t<div class=\"wd-product-img-hover hover-img\">\n\t\t\t\t<img loading=\"lazy\" decoding=\"async\" width=\"350\" height=\"400\" src=\"https:\/\/www.lavillagardendesign.com\/wp-content\/uploads\/2024\/01\/3-158-3-350x400.jpg\" class=\"attachment-350x400 size-350x400\" alt=\"\" \/>\t\t\t<\/div>\n\t\t\t\n\t\t<div class=\"wd-buttons wd-pos-r-t\">\n\t\t\t\t\t<\/div>\n\t<\/div>\n\n\t<div class=\"product-element-bottom\">\n\n\t\t<div class=\"wd-product-header\">\n\t\t\t<h3 class=\"wd-entities-title\"><a href=\"https:\/\/www.lavillagardendesign.com\/es\/producto\/corail-tumbona-de-aluminio-con-tejido-sunbrella\/\">CORAIL &#8211; Tumbona de aluminio con tejido Sunbrella<\/a><\/h3>\n\t\t\t\t\t\t\t\t\t\t\t\t<div class=\"wd-star-rating\">\n\t\t\n\t\t\t\t<div class=\"star-rating wd-style-simple\" role=\"img\" aria-label=\"Valorado con 5.00 de 5\">\n\t\t\t\t\t<div>\n\t\t\t5.0\t\t<\/div>\n\t\t\t\t<\/div>\n\n\t\t\t\t<a href=\"https:\/\/www.lavillagardendesign.com\/es\/producto\/corail-tumbona-de-aluminio-con-tejido-sunbrella\/#reviews\" class=\"woocommerce-review-link\" rel=\"nofollow\">\n\t\t\t(2)\n\t\t<\/a>\n\t\t\n\t\t\t\t\t<\/div>\n\t\t\t\t\t\t\t\t\t<\/div>\n\n\t\t\n\t\t\n\t\t<div class=\"wrap-price\">\n\t\t\t\n\t<span class=\"price\"><span class=\"woocommerce-Price-amount amount\"><bdi>1.397&nbsp;<span class=\"woocommerce-Price-currencySymbol\">&euro;<\/span><\/bdi><\/span> <small class=\"woocommerce-price-suffix\">con IVA<\/small><\/span>\n\n\t\t\t\t\t<\/div>\n\n\t\t\n\t\t\n\t\t\n\t\t\n\t\t<div class=\"wd-product-footer\">\n\t\t\t<div class=\"wd-add-btn wd-add-btn-replace\">\n\t\t\t\t<a href=\"https:\/\/www.lavillagardendesign.com\/es\/producto\/corail-tumbona-de-aluminio-con-tejido-sunbrella\/\" aria-describedby=\"woocommerce_loop_add_to_cart_link_describedby_42371\" data-quantity=\"1\" class=\"button product_type_variable add_to_cart_button add-to-cart-loop\" data-product_id=\"42371\" data-product_sku=\"PRCOTUM1CL13\" aria-label=\"Elige las opciones para &ldquo;CORAIL - Tumbona de aluminio con tejido Sunbrella&rdquo;\" rel=\"nofollow\"><span class=\"wd-action-icon\"><span class=\"wd-check-icon\"><\/span><\/span><span class=\"wd-action-text\">Seleccionar opciones<\/span><\/a>\t<span id=\"woocommerce_loop_add_to_cart_link_describedby_42371\" class=\"screen-reader-text\">\n\t\tEste producto tiene m\u00faltiples variantes. Las opciones se pueden elegir en la p\u00e1gina de producto\t<\/span>\n\t\t\t<\/div>\n\n\t\t\t\t\t\t<div class=\"wd-action-buttons\">\n\t\t\t\t\t\t\t\t\t\t<div class=\"wd-quick-view-btn wd-quick-view-icon wd-action-btn wd-style-icon wd-tooltip\">\n\t\t\t<a\n\t\t\t\thref=\"https:\/\/www.lavillagardendesign.com\/es\/producto\/corail-tumbona-de-aluminio-con-tejido-sunbrella\/\"\n\t\t\t\tclass=\"open-quick-view\"\n\t\t\t\trel=\"nofollow\"\n\t\t\t\tdata-id=\"42371\"\n\t\t\t\t>\n\t\t\t\t\t<span class=\"wd-action-icon\"><\/span>\n\t\t\t\t\t<span class=\"wd-action-text\">\n\t\t\t\t\t\tQuick view\t\t\t\t\t<\/span>\n\t\t\t<\/a>\n\t\t<\/div>\n\t\t\t\t\t<\/div>\n\t\t\t\t\t<\/div>\n\t<\/div>\n<\/div>\n<\/div>\n\t\t\t\t\t<\/div>\n\t\t\t\t<div class=\"wd-carousel-item\">\n\t\t\t\t\t\t\t\t\t\t\t<div class=\"wd-product wd-hover-buttons-on-hover product-grid-item product type-product post-42379 status-publish last instock product_cat-nuevas-colecciones product_cat-outdoor-es product_cat-promociones-web product_cat-sofas-es product_cat-sofas-y-butacas has-post-thumbnail sale taxable shipping-taxable purchasable product-type-variable has-default-attributes\" data-loop=\"7\" data-id=\"42379\">\n\t\n<div class=\"wd-product-wrapper product-wrapper\">\n\t<div class=\"wd-product-thumb product-element-top wd-quick-shop\">\n\t\t<a href=\"https:\/\/www.lavillagardendesign.com\/es\/producto\/corail-pack-2-butacas-1-sofa-3-plazas\/\" class=\"wd-product-img-link product-image-link\" tabindex=\"-1\" aria-label=\"CORAIL &#8211; Conjunto de sal\u00f3n de 3 piezas (Sof\u00e1 + 2 Sillones)\">\n\t\t\t\t\t\t<div class=\"product-labels labels-rounded-sm\">\n\t\t\t\t<span class=\"onsale product-label wd-shape-round-sm\">-15%<\/span>\t\t\t<\/div>\n\t\t\t<img loading=\"lazy\" decoding=\"async\" width=\"350\" height=\"400\" src=\"https:\/\/www.lavillagardendesign.com\/wp-content\/uploads\/2024\/01\/Captura-de-pantalla-2026-02-18-a-las-13.16.16-350x400.jpg\" class=\"attachment-350x400 size-350x400\" alt=\"\" \/>\t\t<\/a>\n\n\t\t\t\t\t<div class=\"wd-product-img-hover hover-img\">\n\t\t\t\t<img loading=\"lazy\" decoding=\"async\" width=\"350\" height=\"400\" src=\"https:\/\/www.lavillagardendesign.com\/wp-content\/uploads\/2024\/01\/Captura-de-pantalla-2026-02-18-a-las-13.11.21-350x400.jpg\" class=\"attachment-350x400 size-350x400\" alt=\"\" \/>\t\t\t<\/div>\n\t\t\t\n\t\t<div class=\"wd-buttons wd-pos-r-t\">\n\t\t\t\t\t<\/div>\n\t<\/div>\n\n\t<div class=\"product-element-bottom\">\n\n\t\t<div class=\"wd-product-header\">\n\t\t\t<h3 class=\"wd-entities-title\"><a href=\"https:\/\/www.lavillagardendesign.com\/es\/producto\/corail-pack-2-butacas-1-sofa-3-plazas\/\">CORAIL &#8211; Conjunto de sal\u00f3n de 3 piezas (Sof\u00e1 + 2 Sillones)<\/a><\/h3>\n\t\t\t\t\t\t\t\t\t\t\t\t<div class=\"wd-star-rating\">\n\t\t\n\t\t\t\t<div class=\"star-rating wd-style-simple\" role=\"img\" aria-label=\"Valorado con 5.00 de 5\">\n\t\t\t\t\t<div>\n\t\t\t5.0\t\t<\/div>\n\t\t\t\t<\/div>\n\n\t\t\t\t<a href=\"https:\/\/www.lavillagardendesign.com\/es\/producto\/corail-pack-2-butacas-1-sofa-3-plazas\/#reviews\" class=\"woocommerce-review-link\" rel=\"nofollow\">\n\t\t\t(1)\n\t\t<\/a>\n\t\t\n\t\t\t\t\t<\/div>\n\t\t\t\t\t\t\t\t\t<\/div>\n\n\t\t\n\t\t\n\t\t<div class=\"wrap-price\">\n\t\t\t\n\t<span class=\"price\"><del aria-hidden=\"true\"><span class=\"woocommerce-Price-amount amount\"><bdi>2.620&nbsp;<span class=\"woocommerce-Price-currencySymbol\">&euro;<\/span><\/bdi><\/span><\/del> <span class=\"screen-reader-text\">El precio original era: 2.620&nbsp;&euro;.<\/span><ins aria-hidden=\"true\"><span class=\"woocommerce-Price-amount amount\"><bdi>2.227&nbsp;<span class=\"woocommerce-Price-currencySymbol\">&euro;<\/span><\/bdi><\/span><\/ins><span class=\"screen-reader-text\">El precio actual es: 2.227&nbsp;&euro;.<\/span> <small class=\"woocommerce-price-suffix\">con IVA<\/small><\/span>\n\n\t\t\t\t\t<\/div>\n\n\t\t\n\t\t\n\t\t\n\t\t\n\t\t<div class=\"wd-product-footer\">\n\t\t\t<div class=\"wd-add-btn wd-add-btn-replace\">\n\t\t\t\t<a href=\"https:\/\/www.lavillagardendesign.com\/es\/producto\/corail-pack-2-butacas-1-sofa-3-plazas\/\" aria-describedby=\"woocommerce_loop_add_to_cart_link_describedby_42379\" data-quantity=\"1\" class=\"button product_type_variable add_to_cart_button add-to-cart-loop\" data-product_id=\"42379\" data-product_sku=\"PRCOPACK\" aria-label=\"Elige las opciones para &ldquo;CORAIL - Conjunto de sal\u00f3n de 3 piezas (Sof\u00e1 + 2 Sillones)&rdquo;\" rel=\"nofollow\"><span class=\"wd-action-icon\"><span class=\"wd-check-icon\"><\/span><\/span><span class=\"wd-action-text\">Seleccionar opciones<\/span><\/a>\t<span id=\"woocommerce_loop_add_to_cart_link_describedby_42379\" class=\"screen-reader-text\">\n\t\tEste producto tiene m\u00faltiples variantes. Las opciones se pueden elegir en la p\u00e1gina de producto\t<\/span>\n\t\t\t<\/div>\n\n\t\t\t\t\t\t<div class=\"wd-action-buttons\">\n\t\t\t\t\t\t\t\t\t\t<div class=\"wd-quick-view-btn wd-quick-view-icon wd-action-btn wd-style-icon wd-tooltip\">\n\t\t\t<a\n\t\t\t\thref=\"https:\/\/www.lavillagardendesign.com\/es\/producto\/corail-pack-2-butacas-1-sofa-3-plazas\/\"\n\t\t\t\tclass=\"open-quick-view\"\n\t\t\t\trel=\"nofollow\"\n\t\t\t\tdata-id=\"42379\"\n\t\t\t\t>\n\t\t\t\t\t<span class=\"wd-action-icon\"><\/span>\n\t\t\t\t\t<span class=\"wd-action-text\">\n\t\t\t\t\t\tQuick view\t\t\t\t\t<\/span>\n\t\t\t<\/a>\n\t\t<\/div>\n\t\t\t\t\t<\/div>\n\t\t\t\t\t<\/div>\n\t<\/div>\n<\/div>\n<\/div>\n\t\t\t\t\t<\/div>\n\t\t\t\t<div class=\"wd-carousel-item\">\n\t\t\t\t\t\t\t\t\t\t\t<div class=\"wd-product wd-hover-buttons-on-hover product-grid-item product type-product post-30431 status-publish first onbackorder product_cat-nuevas-colecciones product_cat-outdoor-es product_cat-tumbonas product_cat-tumbonas-camas has-post-thumbnail taxable shipping-taxable purchasable product-type-simple\" data-loop=\"8\" data-id=\"30431\">\n\t\n<div class=\"wd-product-wrapper product-wrapper\">\n\t<div class=\"wd-product-thumb product-element-top wd-quick-shop\">\n\t\t<a href=\"https:\/\/www.lavillagardendesign.com\/es\/producto\/onyx-tumbona-zafiro-y-turquesa\/\" class=\"wd-product-img-link product-image-link\" tabindex=\"-1\" aria-label=\"ONYX &#8211; Tumbona\">\n\t\t\t<img loading=\"lazy\" decoding=\"async\" width=\"350\" height=\"400\" src=\"https:\/\/www.lavillagardendesign.com\/wp-content\/uploads\/2024\/01\/Design-sans-titre1-1-350x400.png\" class=\"attachment-350x400 size-350x400\" alt=\"\" \/>\t\t<\/a>\n\n\t\t\t\t\t<div class=\"wd-product-img-hover hover-img\">\n\t\t\t\t<img loading=\"lazy\" decoding=\"async\" width=\"350\" height=\"400\" src=\"https:\/\/www.lavillagardendesign.com\/wp-content\/uploads\/2024\/01\/5-13-350x400.png\" class=\"attachment-350x400 size-350x400\" alt=\"\" \/>\t\t\t<\/div>\n\t\t\t\n\t\t<div class=\"wd-buttons wd-pos-r-t\">\n\t\t\t\t\t<\/div>\n\t<\/div>\n\n\t<div class=\"product-element-bottom\">\n\n\t\t<div class=\"wd-product-header\">\n\t\t\t<h3 class=\"wd-entities-title\"><a href=\"https:\/\/www.lavillagardendesign.com\/es\/producto\/onyx-tumbona-zafiro-y-turquesa\/\">ONYX &#8211; Tumbona<\/a><\/h3>\n\t\t\t\t\t\t\t\t\t\t\t\t<div class=\"wd-star-rating\">\n\t\t\n\t\t\t\t<div class=\"star-rating wd-style-simple\" role=\"img\" aria-label=\"Valorado con 5.00 de 5\">\n\t\t\t\t\t<div>\n\t\t\t5.0\t\t<\/div>\n\t\t\t\t<\/div>\n\n\t\t\t\t<a href=\"https:\/\/www.lavillagardendesign.com\/es\/producto\/onyx-tumbona-zafiro-y-turquesa\/#reviews\" class=\"woocommerce-review-link\" rel=\"nofollow\">\n\t\t\t(0)\n\t\t<\/a>\n\t\t\n\t\t\t\t\t<\/div>\n\t\t\t\t\t\t\t\t\t<\/div>\n\n\t\t\n\t\t\n\t\t<div class=\"wrap-price\">\n\t\t\t\n\t<span class=\"price\"><span class=\"woocommerce-Price-amount amount\"><bdi>1.645&nbsp;<span class=\"woocommerce-Price-currencySymbol\">&euro;<\/span><\/bdi><\/span> <small class=\"woocommerce-price-suffix\">con IVA<\/small><\/span>\n\n\t\t\t\t\t<\/div>\n\n\t\t\n\t\t\n\t\t\n\t\t\n\t\t<div class=\"wd-product-footer\">\n\t\t\t<div class=\"wd-add-btn wd-add-btn-replace\">\n\t\t\t\t<a href=\"\/es\/wp-json\/wp\/v2\/pages\/29645?add-to-cart=30431\" aria-describedby=\"woocommerce_loop_add_to_cart_link_describedby_30431\" data-quantity=\"1\" class=\"button product_type_simple add_to_cart_button ajax_add_to_cart add-to-cart-loop\" data-product_id=\"30431\" data-product_sku=\"PRONTUMTJO13502501\" aria-label=\"A\u00f1adir al carrito: \u201cONYX - Tumbona\u201d\" rel=\"nofollow\" data-success_message=\"\u00abONYX - Tumbona\u00bb se ha a\u00f1adido a tu carrito\" role=\"button\"><span class=\"wd-action-icon\"><span class=\"wd-check-icon\"><\/span><\/span><span class=\"wd-action-text\">A\u00f1adir al carrito<\/span><\/a>\t<span id=\"woocommerce_loop_add_to_cart_link_describedby_30431\" class=\"screen-reader-text\">\n\t\t\t<\/span>\n\t\t\t<\/div>\n\n\t\t\t\t\t\t<div class=\"wd-action-buttons\">\n\t\t\t\t\t\t\t\t\t\t<div class=\"wd-quick-view-btn wd-quick-view-icon wd-action-btn wd-style-icon wd-tooltip\">\n\t\t\t<a\n\t\t\t\thref=\"https:\/\/www.lavillagardendesign.com\/es\/producto\/onyx-tumbona-zafiro-y-turquesa\/\"\n\t\t\t\tclass=\"open-quick-view\"\n\t\t\t\trel=\"nofollow\"\n\t\t\t\tdata-id=\"30431\"\n\t\t\t\t>\n\t\t\t\t\t<span class=\"wd-action-icon\"><\/span>\n\t\t\t\t\t<span class=\"wd-action-text\">\n\t\t\t\t\t\tQuick view\t\t\t\t\t<\/span>\n\t\t\t<\/a>\n\t\t<\/div>\n\t\t\t\t\t<\/div>\n\t\t\t\t\t<\/div>\n\t<\/div>\n<\/div>\n<\/div>\n\t\t\t\t\t<\/div>\n\t\t\t\t\t\t\t\t<\/div>\n\t\t\t\t\t<\/div>\n\n\t\t\t\t\t\t\t<div class=\"wd-nav-arrows wd-pos-sep wd-hover-1 wd-icon-1\">\n\t\t\t<div class=\"wd-btn-arrow wd-prev wd-disabled\">\n\t\t\t\t<div class=\"wd-arrow-inner\"><\/div>\n\t\t\t<\/div>\n\t\t\t<div class=\"wd-btn-arrow wd-next\">\n\t\t\t\t<div class=\"wd-arrow-inner\"><\/div>\n\t\t\t<\/div>\n\t\t<\/div>\n\t\t\t\t\t\t<\/div>\n\n\t\t\t\t\t\t\t\t\t<div class=\"wd-nav-pagin-wrap text-center wd-style-shape wd-hide-md-sm wd-hide-sm\">\n\t\t\t<ul class=\"wd-nav-pagin\"><\/ul>\n\t\t<\/div>\n\t\t\t\t\t\t\t\t\t<\/div>\n\t\t\t\t\t\t\n\t\t\t\t\t<\/div>\n\t\t\t\t\t\t\t\t\t<\/div>\n\t\t\t\t\t\t<\/div>\n\t\t\t\t<\/div>\n\t\t\t\t\t<\/div>\n\t\t\t\t<\/div>\n\t\t<div class=\"elementor-element elementor-element-447a4f9 wd-section-stretch e-flex e-con-boxed elementor-invisible e-con e-parent\" data-id=\"447a4f9\" data-element_type=\"container\" data-e-type=\"container\" data-settings=\"{&quot;animation&quot;:&quot;fadeIn&quot;,&quot;background_background&quot;:&quot;classic&quot;}\">\n\t\t\t\t\t<div class=\"e-con-inner\">\n\t\t\t\t<div class=\"elementor-element elementor-element-7768a4a wd-width-100 elementor-widget elementor-widget-wd_title\" data-id=\"7768a4a\" data-element_type=\"widget\" data-e-type=\"widget\" data-widget_type=\"wd_title.default\">\n\t\t\t\t<div class=\"elementor-widget-container\">\n\t\t\t\t\t\t\t<div class=\"title-wrapper wd-set-mb reset-last-child wd-title-color-default wd-title-style-default wd-title-size-large text-left\">\n\n\t\t\t\n\t\t\t<div class=\"liner-continer\">\n\t\t\t\t<h4 class=\"woodmart-title-container title wd-fontsize-xxl\">Nuestras Colecciones<\/h4> \n\t\t\t\t\t\t\t<\/div>\n\n\t\t\t\t\t<\/div>\n\t\t\t\t\t\t<\/div>\n\t\t\t\t<\/div>\n\t\t<div class=\"elementor-element elementor-element-ee6ac3b e-grid e-con-boxed e-con e-child\" data-id=\"ee6ac3b\" data-element_type=\"container\" data-e-type=\"container\">\n\t\t\t\t\t<div class=\"e-con-inner\">\n\t\t\t\t<div class=\"elementor-element elementor-element-d6fc809 elementor-position-top elementor-widget elementor-widget-image-box\" data-id=\"d6fc809\" data-element_type=\"widget\" data-e-type=\"widget\" data-widget_type=\"image-box.default\">\n\t\t\t\t<div class=\"elementor-widget-container\">\n\t\t\t\t\t<div class=\"elementor-image-box-wrapper\"><figure class=\"elementor-image-box-img\"><a href=\"https:\/\/www.lavillagardendesign.com\/es\/?s=idol&#038;post_type=product\" tabindex=\"-1\"><img loading=\"lazy\" decoding=\"async\" width=\"900\" height=\"1100\" src=\"https:\/\/www.lavillagardendesign.com\/wp-content\/uploads\/2026\/02\/Section-collections1.jpg\" class=\"attachment-full size-full wp-image-61984\" alt=\"\" srcset=\"https:\/\/www.lavillagardendesign.com\/wp-content\/uploads\/2026\/02\/Section-collections1.jpg 900w, https:\/\/www.lavillagardendesign.com\/wp-content\/uploads\/2026\/02\/Section-collections1-600x733.jpg 600w, https:\/\/www.lavillagardendesign.com\/wp-content\/uploads\/2026\/02\/Section-collections1-300x367.jpg 300w, https:\/\/www.lavillagardendesign.com\/wp-content\/uploads\/2026\/02\/Section-collections1-245x300.jpg 245w, https:\/\/www.lavillagardendesign.com\/wp-content\/uploads\/2026\/02\/Section-collections1-655x800.jpg 655w, https:\/\/www.lavillagardendesign.com\/wp-content\/uploads\/2026\/02\/Section-collections1-768x939.jpg 768w\" sizes=\"auto, (max-width: 900px) 100vw, 900px\" \/><\/a><\/figure><div class=\"elementor-image-box-content\"><h3 class=\"elementor-image-box-title\"><a href=\"https:\/\/www.lavillagardendesign.com\/es\/?s=idol&#038;post_type=product\">IDOLE<\/a><\/h3><\/div><\/div>\t\t\t\t<\/div>\n\t\t\t\t<\/div>\n\t\t\t\t<div class=\"elementor-element elementor-element-feb7438 elementor-position-top elementor-widget elementor-widget-image-box\" data-id=\"feb7438\" data-element_type=\"widget\" data-e-type=\"widget\" data-widget_type=\"image-box.default\">\n\t\t\t\t<div class=\"elementor-widget-container\">\n\t\t\t\t\t<div class=\"elementor-image-box-wrapper\"><figure class=\"elementor-image-box-img\"><a href=\"https:\/\/www.lavillagardendesign.com\/?s=perle&#038;post_type=product\" tabindex=\"-1\"><img loading=\"lazy\" decoding=\"async\" width=\"900\" height=\"1100\" src=\"https:\/\/www.lavillagardendesign.com\/wp-content\/uploads\/2025\/12\/4-1-1.jpg\" class=\"attachment-full size-full wp-image-59242\" alt=\"\" srcset=\"https:\/\/www.lavillagardendesign.com\/wp-content\/uploads\/2025\/12\/4-1-1.jpg 900w, https:\/\/www.lavillagardendesign.com\/wp-content\/uploads\/2025\/12\/4-1-1-600x733.jpg 600w, https:\/\/www.lavillagardendesign.com\/wp-content\/uploads\/2025\/12\/4-1-1-300x367.jpg 300w, https:\/\/www.lavillagardendesign.com\/wp-content\/uploads\/2025\/12\/4-1-1-245x300.jpg 245w, https:\/\/www.lavillagardendesign.com\/wp-content\/uploads\/2025\/12\/4-1-1-655x800.jpg 655w, https:\/\/www.lavillagardendesign.com\/wp-content\/uploads\/2025\/12\/4-1-1-768x939.jpg 768w\" sizes=\"auto, (max-width: 900px) 100vw, 900px\" \/><\/a><\/figure><div class=\"elementor-image-box-content\"><h3 class=\"elementor-image-box-title\"><a href=\"https:\/\/www.lavillagardendesign.com\/?s=perle&#038;post_type=product\">PERLE<\/a><\/h3><\/div><\/div>\t\t\t\t<\/div>\n\t\t\t\t<\/div>\n\t\t\t\t<div class=\"elementor-element elementor-element-5a3a0ae elementor-position-top elementor-widget elementor-widget-image-box\" data-id=\"5a3a0ae\" data-element_type=\"widget\" data-e-type=\"widget\" data-widget_type=\"image-box.default\">\n\t\t\t\t<div class=\"elementor-widget-container\">\n\t\t\t\t\t<div class=\"elementor-image-box-wrapper\"><figure class=\"elementor-image-box-img\"><a href=\"https:\/\/www.lavillagardendesign.com\/?s=onyx&#038;post_type=product\" tabindex=\"-1\"><img loading=\"lazy\" decoding=\"async\" width=\"900\" height=\"1100\" src=\"https:\/\/www.lavillagardendesign.com\/wp-content\/uploads\/2025\/12\/3-1-1.jpg\" class=\"attachment-full size-full wp-image-59245\" alt=\"\" srcset=\"https:\/\/www.lavillagardendesign.com\/wp-content\/uploads\/2025\/12\/3-1-1.jpg 900w, https:\/\/www.lavillagardendesign.com\/wp-content\/uploads\/2025\/12\/3-1-1-600x733.jpg 600w, https:\/\/www.lavillagardendesign.com\/wp-content\/uploads\/2025\/12\/3-1-1-300x367.jpg 300w, https:\/\/www.lavillagardendesign.com\/wp-content\/uploads\/2025\/12\/3-1-1-245x300.jpg 245w, https:\/\/www.lavillagardendesign.com\/wp-content\/uploads\/2025\/12\/3-1-1-655x800.jpg 655w, https:\/\/www.lavillagardendesign.com\/wp-content\/uploads\/2025\/12\/3-1-1-768x939.jpg 768w\" sizes=\"auto, (max-width: 900px) 100vw, 900px\" \/><\/a><\/figure><div class=\"elementor-image-box-content\"><h3 class=\"elementor-image-box-title\"><a href=\"https:\/\/www.lavillagardendesign.com\/?s=onyx&#038;post_type=product\">ONYX<\/a><\/h3><\/div><\/div>\t\t\t\t<\/div>\n\t\t\t\t<\/div>\n\t\t\t\t<div class=\"elementor-element elementor-element-1fa3557 elementor-position-top elementor-widget elementor-widget-image-box\" data-id=\"1fa3557\" data-element_type=\"widget\" data-e-type=\"widget\" data-widget_type=\"image-box.default\">\n\t\t\t\t<div class=\"elementor-widget-container\">\n\t\t\t\t\t<div class=\"elementor-image-box-wrapper\"><figure class=\"elementor-image-box-img\"><a href=\"https:\/\/www.lavillagardendesign.com\/?s=ambre&#038;post_type=product\" tabindex=\"-1\"><img loading=\"lazy\" decoding=\"async\" width=\"900\" height=\"1100\" src=\"https:\/\/www.lavillagardendesign.com\/wp-content\/uploads\/2025\/12\/2-1-1.jpg\" class=\"attachment-full size-full wp-image-59248\" alt=\"\" srcset=\"https:\/\/www.lavillagardendesign.com\/wp-content\/uploads\/2025\/12\/2-1-1.jpg 900w, https:\/\/www.lavillagardendesign.com\/wp-content\/uploads\/2025\/12\/2-1-1-600x733.jpg 600w, https:\/\/www.lavillagardendesign.com\/wp-content\/uploads\/2025\/12\/2-1-1-300x367.jpg 300w, https:\/\/www.lavillagardendesign.com\/wp-content\/uploads\/2025\/12\/2-1-1-245x300.jpg 245w, https:\/\/www.lavillagardendesign.com\/wp-content\/uploads\/2025\/12\/2-1-1-655x800.jpg 655w, https:\/\/www.lavillagardendesign.com\/wp-content\/uploads\/2025\/12\/2-1-1-768x939.jpg 768w\" sizes=\"auto, (max-width: 900px) 100vw, 900px\" \/><\/a><\/figure><div class=\"elementor-image-box-content\"><h3 class=\"elementor-image-box-title\"><a href=\"https:\/\/www.lavillagardendesign.com\/?s=ambre&#038;post_type=product\">AMBRE<\/a><\/h3><\/div><\/div>\t\t\t\t<\/div>\n\t\t\t\t<\/div>\n\t\t\t\t\t<\/div>\n\t\t\t\t<\/div>\n\t\t\t\t\t<\/div>\n\t\t\t\t<\/div>\n\t\t<div class=\"elementor-element elementor-element-8c85ee2 wd-section-stretch e-flex e-con-boxed elementor-invisible e-con e-parent\" data-id=\"8c85ee2\" data-element_type=\"container\" data-e-type=\"container\" data-settings=\"{&quot;animation&quot;:&quot;fadeIn&quot;,&quot;background_background&quot;:&quot;classic&quot;}\">\n\t\t\t\t\t<div class=\"e-con-inner\">\n\t\t\t\t<div class=\"elementor-element elementor-element-8c05cf8 elementor-widget__width-initial elementor-widget-tablet__width-initial elementor-widget elementor-widget-heading\" data-id=\"8c05cf8\" data-element_type=\"widget\" data-e-type=\"widget\" data-widget_type=\"heading.default\">\n\t\t\t\t<div class=\"elementor-widget-container\">\n\t\t\t\t\t<h2 class=\"elementor-heading-title elementor-size-default\">Promoci\u00f3n web<\/h2>\t\t\t\t<\/div>\n\t\t\t\t<\/div>\n\t\t\t\t<div class=\"elementor-element elementor-element-b68e3d8 elementor-widget elementor-widget-wd_products_tabs\" data-id=\"b68e3d8\" data-element_type=\"widget\" data-e-type=\"widget\" data-widget_type=\"wd_products_tabs.default\">\n\t\t\t\t<div class=\"elementor-widget-container\">\n\t\t\t\t\t\t\t<div class=\"wd-tabs wd-products-tabs tabs-design-alt\">\n\t\t\t<div class=\"wd-tabs-header\">\n\t\t\t\t\n\t\t\t\t\n\t\t\t\t<div class=\"wd-nav-wrapper wd-nav-tabs-wrapper tabs-navigation-wrapper wd-mb-action-swipe\">\n\n\t\t\t\t\t<ul class=\"wd-nav wd-nav-tabs products-tabs-title wd-style-default wd-icon-pos-left\">\n\t\t\t\t\t\t\t\t\t\t\t\t\t\n\t\t\t\t\t\t\t<li data-atts=\"{&quot;layout&quot;:&quot;carousel&quot;,&quot;pagination&quot;:null,&quot;pagination_arrows_position&quot;:null,&quot;items_per_page&quot;:30,&quot;spacing&quot;:&quot;20&quot;,&quot;spacing_tablet&quot;:&quot;20&quot;,&quot;spacing_mobile&quot;:&quot;10&quot;,&quot;list_spacing&quot;:null,&quot;list_spacing_tablet&quot;:false,&quot;list_spacing_mobile&quot;:false,&quot;columns&quot;:null,&quot;products_masonry&quot;:null,&quot;products_different_sizes&quot;:null,&quot;product_quantity&quot;:&quot;&quot;,&quot;product_hover&quot;:&quot;inherit&quot;,&quot;sale_countdown&quot;:&quot;0&quot;,&quot;stretch_product_tablet&quot;:0,&quot;stretch_product_mobile&quot;:0,&quot;stock_progress_bar&quot;:&quot;0&quot;,&quot;highlighted_products&quot;:0,&quot;products_divider&quot;:null,&quot;products_bordered_grid&quot;:&quot;0&quot;,&quot;products_bordered_grid_style&quot;:null,&quot;products_with_background&quot;:&quot;1&quot;,&quot;products_shadow&quot;:&quot;0&quot;,&quot;products_color_scheme&quot;:&quot;default&quot;,&quot;img_size&quot;:&quot;custom&quot;,&quot;elementor&quot;:true,&quot;img_size_custom&quot;:{&quot;width&quot;:&quot;350&quot;,&quot;height&quot;:&quot;400&quot;},&quot;sync_parent_id&quot;:null,&quot;columns_tablet&quot;:{&quot;unit&quot;:&quot;px&quot;,&quot;size&quot;:2,&quot;sizes&quot;:[]},&quot;slides_per_view&quot;:{&quot;unit&quot;:&quot;px&quot;,&quot;size&quot;:5,&quot;sizes&quot;:[]},&quot;wrap&quot;:&quot;&quot;,&quot;autoplay&quot;:&quot;&quot;,&quot;speed&quot;:null,&quot;hide_pagination_control&quot;:&quot;&quot;,&quot;slides_per_view_mobile&quot;:{&quot;unit&quot;:&quot;px&quot;,&quot;size&quot;:1,&quot;sizes&quot;:[]},&quot;scroll_per_page&quot;:&quot;&quot;,&quot;slides_per_view_tablet&quot;:{&quot;unit&quot;:&quot;px&quot;,&quot;size&quot;:2,&quot;sizes&quot;:[]},&quot;columns_mobile&quot;:{&quot;unit&quot;:&quot;px&quot;,&quot;size&quot;:1,&quot;sizes&quot;:[]},&quot;center_mode&quot;:&quot;no&quot;,&quot;autoheight&quot;:&quot;no&quot;,&quot;scroll_carousel_init&quot;:&quot;no&quot;,&quot;disable_overflow_carousel&quot;:&quot;no&quot;,&quot;hide_prev_next_buttons&quot;:&quot;no&quot;,&quot;carousel_arrows_position&quot;:null,&quot;dynamic_pagination_control&quot;:&quot;no&quot;,&quot;hide_scrollbar&quot;:&quot;yes&quot;,&quot;carousel_sync&quot;:&quot;&quot;,&quot;sync_child_id&quot;:null,&quot;product_custom_hover&quot;:null,&quot;stretch_product&quot;:null,&quot;grid_gallery&quot;:&quot;&quot;,&quot;grid_gallery_control&quot;:null,&quot;grid_gallery_enable_arrows&quot;:null,&quot;lazy_loading&quot;:&quot;no&quot;,&quot;include&quot;:[&quot;61203&quot;,&quot;61121&quot;,&quot;60962&quot;,&quot;60960&quot;,&quot;60889&quot;,&quot;60928&quot;,&quot;67961&quot;,&quot;60846&quot;,&quot;60866&quot;],&quot;hide_out_of_stock&quot;:&quot;&quot;,&quot;exclude&quot;:null,&quot;taxonomies&quot;:null,&quot;order&quot;:null,&quot;post_type&quot;:&quot;ids&quot;,&quot;ajax_recently_viewed&quot;:null,&quot;orderby&quot;:&quot;&quot;,&quot;offset&quot;:null,&quot;query_type&quot;:&quot;OR&quot;,&quot;meta_key&quot;:null}\" class=\" wd-active\">\n\t\t\t\t\t\t\t\t<a href=\"#\" class=\"wd-nav-link\">\n\t\t\t\t\t\t\t\t\t\n\t\t\t\t\t\t\t\t\t<span class=\"tab-label nav-link-text\">\n\t\t\t\t\t\t\t\t\t\t\t\t\t\t\t\t\t\t\t<\/span>\n\t\t\t\t\t\t\t\t<\/a>\n\t\t\t\t\t\t\t<\/li>\n\t\t\t\t\t\t\t\t\t\t\t<\/ul>\n\t\t\t\t<\/div>\n\t\t\t<\/div>\n\n\t\t\t\t\t\t\t\t\t\t\t\t<div class=\"wd-tabs-content-wrapper\">\n\t\t\t\t\t<div class=\"wd-sticky-loader\"><span class=\"wd-loader\"><\/span><\/div>\n\t\t\t\t\n\t\t\t\t\t\n\t\t\t<div id=\"carousel-518\" class=\"wd-carousel-container  wd-tab-content wd-active wd-in wd-products-element wd-products products wd-loop-builder-off wd-stretch-cont-lg wd-stretch-cont-md wd-stretch-cont-sm wd-products-with-bg\">\n\t\t\t\t\n\t\t\t\t\t\t\t\n\t\t\t\t<div class=\"wd-carousel-inner\">\n\t\t\t\t\t<div class=\" wd-carousel wd-grid\" style=\"--wd-col-lg:5;--wd-col-md:2;--wd-col-sm:1;--wd-gap-lg:20px;--wd-gap-sm:10px;\">\n\t\t\t\t\t\t<div class=\"wd-carousel-wrap\">\n\t\t\t\t\t\t\t\t\t<div class=\"wd-carousel-item\">\n\t\t\t\t\t\t\t\t\t\t\t<div class=\"wd-product wd-hover-buttons-on-hover product-grid-item product type-product post-61230 status-publish instock product_cat-butacas product_cat-outdoor-es product_cat-packs-sofas product_cat-promociones-web product_cat-sofas-es product_cat-sofas-y-butacas has-post-thumbnail sale taxable shipping-taxable purchasable product-type-simple\" data-loop=\"1\" data-id=\"61230\">\n\t\n<div class=\"wd-product-wrapper product-wrapper\">\n\t<div class=\"wd-product-thumb product-element-top wd-quick-shop\">\n\t\t<a href=\"https:\/\/www.lavillagardendesign.com\/es\/producto\/coleccion-amalfi-tumbona-de-4-plazas-de-madera-de-acacia-fsc-efecto-teca\/\" class=\"wd-product-img-link product-image-link\" tabindex=\"-1\" aria-label=\"COLECCI\u00d3N AMALFI &#8211; Tumbona de 4 plazas de madera de acacia FSC (efecto teca)\">\n\t\t\t\t\t\t<div class=\"product-labels labels-rounded-sm\">\n\t\t\t\t<span class=\"onsale product-label wd-shape-round-sm\">-25%<\/span>\t\t\t<\/div>\n\t\t\t<img loading=\"lazy\" decoding=\"async\" width=\"350\" height=\"400\" src=\"https:\/\/www.lavillagardendesign.com\/wp-content\/uploads\/2026\/01\/Design-sans-titre-5-350x400.png\" class=\"attachment-350x400 size-350x400\" alt=\"\" \/>\t\t<\/a>\n\n\t\t\t\t\t<div class=\"wd-product-img-hover hover-img\">\n\t\t\t\t<img loading=\"lazy\" decoding=\"async\" width=\"350\" height=\"400\" src=\"https:\/\/www.lavillagardendesign.com\/wp-content\/uploads\/2026\/01\/Captura-de-pantalla-2025-12-22-a-las-13.09.41-350x400.jpg\" class=\"attachment-350x400 size-350x400\" alt=\"\" \/>\t\t\t<\/div>\n\t\t\t\n\t\t<div class=\"wd-buttons wd-pos-r-t\">\n\t\t\t\t\t<\/div>\n\t<\/div>\n\n\t<div class=\"product-element-bottom\">\n\n\t\t<div class=\"wd-product-header\">\n\t\t\t<h3 class=\"wd-entities-title\"><a href=\"https:\/\/www.lavillagardendesign.com\/es\/producto\/coleccion-amalfi-tumbona-de-4-plazas-de-madera-de-acacia-fsc-efecto-teca\/\">COLECCI\u00d3N AMALFI &#8211; Tumbona de 4 plazas de madera de acacia FSC (efecto teca)<\/a><\/h3>\n\t\t\t\t\t<\/div>\n\n\t\t\n\t\t\n\t\t<div class=\"wrap-price\">\n\t\t\t\n\t<span class=\"price\"><del aria-hidden=\"true\"><span class=\"woocommerce-Price-amount amount\"><bdi>3.298&nbsp;<span class=\"woocommerce-Price-currencySymbol\">&euro;<\/span><\/bdi><\/span><\/del> <span class=\"screen-reader-text\">El precio original era: 3.298&nbsp;&euro;.<\/span><ins aria-hidden=\"true\"><span class=\"woocommerce-Price-amount amount\"><bdi>2.471&nbsp;<span class=\"woocommerce-Price-currencySymbol\">&euro;<\/span><\/bdi><\/span><\/ins><span class=\"screen-reader-text\">El precio actual es: 2.471&nbsp;&euro;.<\/span> <small class=\"woocommerce-price-suffix\">con IVA<\/small><\/span>\n\n\t\t\t\t\t<\/div>\n\n\t\t\n\t\t\n\t\t\n\t\t\n\t\t<div class=\"wd-product-footer\">\n\t\t\t<div class=\"wd-add-btn wd-add-btn-replace\">\n\t\t\t\t<a href=\"\/es\/wp-json\/wp\/v2\/pages\/29645?add-to-cart=61230\" aria-describedby=\"woocommerce_loop_add_to_cart_link_describedby_61230\" data-quantity=\"1\" class=\"button product_type_simple add_to_cart_button ajax_add_to_cart add-to-cart-loop\" data-product_id=\"61230\" data-product_sku=\"\" aria-label=\"A\u00f1adir al carrito: \u201cCOLECCI\u00d3N AMALFI - Tumbona de 4 plazas de madera de acacia FSC (efecto teca)\u201d\" rel=\"nofollow\" data-success_message=\"\u00abCOLECCI\u00d3N AMALFI - Tumbona de 4 plazas de madera de acacia FSC (efecto teca)\u00bb se ha a\u00f1adido a tu carrito\" role=\"button\"><span class=\"wd-action-icon\"><span class=\"wd-check-icon\"><\/span><\/span><span class=\"wd-action-text\">A\u00f1adir al carrito<\/span><\/a>\t<span id=\"woocommerce_loop_add_to_cart_link_describedby_61230\" class=\"screen-reader-text\">\n\t\t\t<\/span>\n\t\t\t<\/div>\n\n\t\t\t\t\t\t<div class=\"wd-action-buttons\">\n\t\t\t\t\t\t\t\t\t\t<div class=\"wd-quick-view-btn wd-quick-view-icon wd-action-btn wd-style-icon wd-tooltip\">\n\t\t\t<a\n\t\t\t\thref=\"https:\/\/www.lavillagardendesign.com\/es\/producto\/coleccion-amalfi-tumbona-de-4-plazas-de-madera-de-acacia-fsc-efecto-teca\/\"\n\t\t\t\tclass=\"open-quick-view\"\n\t\t\t\trel=\"nofollow\"\n\t\t\t\tdata-id=\"61230\"\n\t\t\t\t>\n\t\t\t\t\t<span class=\"wd-action-icon\"><\/span>\n\t\t\t\t\t<span class=\"wd-action-text\">\n\t\t\t\t\t\tQuick view\t\t\t\t\t<\/span>\n\t\t\t<\/a>\n\t\t<\/div>\n\t\t\t\t\t<\/div>\n\t\t\t\t\t<\/div>\n\t<\/div>\n<\/div>\n<\/div>\n\t\t\t\t\t<\/div>\n\t\t\t\t<div class=\"wd-carousel-item\">\n\t\t\t\t\t\t\t\t\t\t\t<div class=\"wd-product wd-hover-buttons-on-hover product-grid-item product type-product post-61164 status-publish instock product_cat-butacas product_cat-outdoor-es product_cat-packs-sofas product_cat-promociones-web product_cat-sofas-es product_cat-sofas-y-butacas has-post-thumbnail sale taxable shipping-taxable purchasable product-type-simple\" data-loop=\"2\" data-id=\"61164\">\n\t\n<div class=\"wd-product-wrapper product-wrapper\">\n\t<div class=\"wd-product-thumb product-element-top wd-quick-shop\">\n\t\t<a href=\"https:\/\/www.lavillagardendesign.com\/es\/producto\/coleccion-cuba-juego-de-salon-de-4-piezas\/\" class=\"wd-product-img-link product-image-link\" tabindex=\"-1\" aria-label=\"COLECCI\u00d3N CUBA &#8211; Juego de sal\u00f3n de 4 piezas\">\n\t\t\t\t\t\t<div class=\"product-labels labels-rounded-sm\">\n\t\t\t\t<span class=\"onsale product-label wd-shape-round-sm\">-23%<\/span>\t\t\t<\/div>\n\t\t\t<img loading=\"lazy\" decoding=\"async\" width=\"350\" height=\"400\" src=\"https:\/\/www.lavillagardendesign.com\/wp-content\/uploads\/2026\/01\/Design-sans-titre-5-350x400.jpg\" class=\"attachment-350x400 size-350x400\" alt=\"\" \/>\t\t<\/a>\n\n\t\t\t\t\t<div class=\"wd-product-img-hover hover-img\">\n\t\t\t\t<img loading=\"lazy\" decoding=\"async\" width=\"350\" height=\"400\" src=\"https:\/\/www.lavillagardendesign.com\/wp-content\/uploads\/2026\/01\/Captura-de-pantalla-2025-12-23-a-las-11.39.21-350x400.jpg\" class=\"attachment-350x400 size-350x400\" alt=\"\" \/>\t\t\t<\/div>\n\t\t\t\n\t\t<div class=\"wd-buttons wd-pos-r-t\">\n\t\t\t\t\t<\/div>\n\t<\/div>\n\n\t<div class=\"product-element-bottom\">\n\n\t\t<div class=\"wd-product-header\">\n\t\t\t<h3 class=\"wd-entities-title\"><a href=\"https:\/\/www.lavillagardendesign.com\/es\/producto\/coleccion-cuba-juego-de-salon-de-4-piezas\/\">COLECCI\u00d3N CUBA &#8211; Juego de sal\u00f3n de 4 piezas<\/a><\/h3>\n\t\t\t\t\t<\/div>\n\n\t\t\n\t\t\n\t\t<div class=\"wrap-price\">\n\t\t\t\n\t<span class=\"price\"><del aria-hidden=\"true\"><span class=\"woocommerce-Price-amount amount\"><bdi>2.141&nbsp;<span class=\"woocommerce-Price-currencySymbol\">&euro;<\/span><\/bdi><\/span><\/del> <span class=\"screen-reader-text\">El precio original era: 2.141&nbsp;&euro;.<\/span><ins aria-hidden=\"true\"><span class=\"woocommerce-Price-amount amount\"><bdi>1.645&nbsp;<span class=\"woocommerce-Price-currencySymbol\">&euro;<\/span><\/bdi><\/span><\/ins><span class=\"screen-reader-text\">El precio actual es: 1.645&nbsp;&euro;.<\/span> <small class=\"woocommerce-price-suffix\">con IVA<\/small><\/span>\n\n\t\t\t\t\t<\/div>\n\n\t\t\n\t\t\n\t\t\n\t\t\n\t\t<div class=\"wd-product-footer\">\n\t\t\t<div class=\"wd-add-btn wd-add-btn-replace\">\n\t\t\t\t<a href=\"\/es\/wp-json\/wp\/v2\/pages\/29645?add-to-cart=61164\" aria-describedby=\"woocommerce_loop_add_to_cart_link_describedby_61164\" data-quantity=\"1\" class=\"button product_type_simple add_to_cart_button ajax_add_to_cart add-to-cart-loop\" data-product_id=\"61164\" data-product_sku=\"\" aria-label=\"A\u00f1adir al carrito: \u201cCOLECCI\u00d3N CUBA - Juego de sal\u00f3n de 4 piezas\u201d\" rel=\"nofollow\" data-success_message=\"\u00abCOLECCI\u00d3N CUBA - Juego de sal\u00f3n de 4 piezas\u00bb se ha a\u00f1adido a tu carrito\" role=\"button\"><span class=\"wd-action-icon\"><span class=\"wd-check-icon\"><\/span><\/span><span class=\"wd-action-text\">A\u00f1adir al carrito<\/span><\/a>\t<span id=\"woocommerce_loop_add_to_cart_link_describedby_61164\" class=\"screen-reader-text\">\n\t\t\t<\/span>\n\t\t\t<\/div>\n\n\t\t\t\t\t\t<div class=\"wd-action-buttons\">\n\t\t\t\t\t\t\t\t\t\t<div class=\"wd-quick-view-btn wd-quick-view-icon wd-action-btn wd-style-icon wd-tooltip\">\n\t\t\t<a\n\t\t\t\thref=\"https:\/\/www.lavillagardendesign.com\/es\/producto\/coleccion-cuba-juego-de-salon-de-4-piezas\/\"\n\t\t\t\tclass=\"open-quick-view\"\n\t\t\t\trel=\"nofollow\"\n\t\t\t\tdata-id=\"61164\"\n\t\t\t\t>\n\t\t\t\t\t<span class=\"wd-action-icon\"><\/span>\n\t\t\t\t\t<span class=\"wd-action-text\">\n\t\t\t\t\t\tQuick view\t\t\t\t\t<\/span>\n\t\t\t<\/a>\n\t\t<\/div>\n\t\t\t\t\t<\/div>\n\t\t\t\t\t<\/div>\n\t<\/div>\n<\/div>\n<\/div>\n\t\t\t\t\t<\/div>\n\t\t\t\t<div class=\"wd-carousel-item\">\n\t\t\t\t\t\t\t\t\t\t\t<div class=\"wd-product wd-hover-buttons-on-hover product-grid-item product type-product post-67981 status-publish last instock product_cat-outdoor-es product_cat-sofas-es product_cat-sofas-y-butacas has-post-thumbnail sale taxable shipping-taxable purchasable product-type-simple\" data-loop=\"3\" data-id=\"67981\">\n\t\n<div class=\"wd-product-wrapper product-wrapper\">\n\t<div class=\"wd-product-thumb product-element-top wd-quick-shop\">\n\t\t<a href=\"https:\/\/www.lavillagardendesign.com\/es\/producto\/cuba-sofa-de-exterior-de-5-plazas-y-mesa-baja\/\" class=\"wd-product-img-link product-image-link\" tabindex=\"-1\" aria-label=\"CUBA &#8211; Sof\u00e1 de exterior de 5 plazas y mesa baja\">\n\t\t\t\t\t\t<div class=\"product-labels labels-rounded-sm\">\n\t\t\t\t<span class=\"onsale product-label wd-shape-round-sm\">-17%<\/span>\t\t\t<\/div>\n\t\t\t<img loading=\"lazy\" decoding=\"async\" width=\"350\" height=\"400\" src=\"https:\/\/www.lavillagardendesign.com\/wp-content\/uploads\/2026\/03\/4-55-350x400.png\" class=\"attachment-350x400 size-350x400\" alt=\"\" \/>\t\t<\/a>\n\n\t\t\t\t\t<div class=\"wd-product-img-hover hover-img\">\n\t\t\t\t<img loading=\"lazy\" decoding=\"async\" width=\"350\" height=\"400\" src=\"https:\/\/www.lavillagardendesign.com\/wp-content\/uploads\/2026\/03\/3-59-350x400.png\" class=\"attachment-350x400 size-350x400\" alt=\"\" \/>\t\t\t<\/div>\n\t\t\t\n\t\t<div class=\"wd-buttons wd-pos-r-t\">\n\t\t\t\t\t<\/div>\n\t<\/div>\n\n\t<div class=\"product-element-bottom\">\n\n\t\t<div class=\"wd-product-header\">\n\t\t\t<h3 class=\"wd-entities-title\"><a href=\"https:\/\/www.lavillagardendesign.com\/es\/producto\/cuba-sofa-de-exterior-de-5-plazas-y-mesa-baja\/\">CUBA &#8211; Sof\u00e1 de exterior de 5 plazas y mesa baja<\/a><\/h3>\n\t\t\t\t\t<\/div>\n\n\t\t\n\t\t\n\t\t<div class=\"wrap-price\">\n\t\t\t\n\t<span class=\"price\"><del aria-hidden=\"true\"><span class=\"woocommerce-Price-amount amount\"><bdi>2.967&nbsp;<span class=\"woocommerce-Price-currencySymbol\">&euro;<\/span><\/bdi><\/span><\/del> <span class=\"screen-reader-text\">El precio original era: 2.967&nbsp;&euro;.<\/span><ins aria-hidden=\"true\"><span class=\"woocommerce-Price-amount amount\"><bdi>2.471&nbsp;<span class=\"woocommerce-Price-currencySymbol\">&euro;<\/span><\/bdi><\/span><\/ins><span class=\"screen-reader-text\">El precio actual es: 2.471&nbsp;&euro;.<\/span> <small class=\"woocommerce-price-suffix\">con IVA<\/small><\/span>\n\n\t\t\t\t\t<\/div>\n\n\t\t\n\t\t\n\t\t\n\t\t\n\t\t<div class=\"wd-product-footer\">\n\t\t\t<div class=\"wd-add-btn wd-add-btn-replace\">\n\t\t\t\t<a href=\"\/es\/wp-json\/wp\/v2\/pages\/29645?add-to-cart=67981\" aria-describedby=\"woocommerce_loop_add_to_cart_link_describedby_67981\" data-quantity=\"1\" class=\"button product_type_simple add_to_cart_button ajax_add_to_cart add-to-cart-loop\" data-product_id=\"67981\" data-product_sku=\"\" aria-label=\"A\u00f1adir al carrito: \u201cCUBA - Sof\u00e1 de exterior de 5 plazas y mesa baja\u201d\" rel=\"nofollow\" data-success_message=\"\u00abCUBA - Sof\u00e1 de exterior de 5 plazas y mesa baja\u00bb se ha a\u00f1adido a tu carrito\" role=\"button\"><span class=\"wd-action-icon\"><span class=\"wd-check-icon\"><\/span><\/span><span class=\"wd-action-text\">A\u00f1adir al carrito<\/span><\/a>\t<span id=\"woocommerce_loop_add_to_cart_link_describedby_67981\" class=\"screen-reader-text\">\n\t\t\t<\/span>\n\t\t\t<\/div>\n\n\t\t\t\t\t\t<div class=\"wd-action-buttons\">\n\t\t\t\t\t\t\t\t\t\t<div class=\"wd-quick-view-btn wd-quick-view-icon wd-action-btn wd-style-icon wd-tooltip\">\n\t\t\t<a\n\t\t\t\thref=\"https:\/\/www.lavillagardendesign.com\/es\/producto\/cuba-sofa-de-exterior-de-5-plazas-y-mesa-baja\/\"\n\t\t\t\tclass=\"open-quick-view\"\n\t\t\t\trel=\"nofollow\"\n\t\t\t\tdata-id=\"67981\"\n\t\t\t\t>\n\t\t\t\t\t<span class=\"wd-action-icon\"><\/span>\n\t\t\t\t\t<span class=\"wd-action-text\">\n\t\t\t\t\t\tQuick view\t\t\t\t\t<\/span>\n\t\t\t<\/a>\n\t\t<\/div>\n\t\t\t\t\t<\/div>\n\t\t\t\t\t<\/div>\n\t<\/div>\n<\/div>\n<\/div>\n\t\t\t\t\t<\/div>\n\t\t\t\t<div class=\"wd-carousel-item\">\n\t\t\t\t\t\t\t\t\t\t\t<div class=\"wd-product wd-hover-buttons-on-hover product-grid-item product type-product post-61013 status-publish first instock product_cat-butacas product_cat-outdoor-es product_cat-packs-sofas product_cat-promociones-web product_cat-sofas-es product_cat-sofas-y-butacas has-post-thumbnail sale taxable shipping-taxable purchasable product-type-simple\" data-loop=\"4\" data-id=\"61013\">\n\t\n<div class=\"wd-product-wrapper product-wrapper\">\n\t<div class=\"wd-product-thumb product-element-top wd-quick-shop\">\n\t\t<a href=\"https:\/\/www.lavillagardendesign.com\/es\/producto\/itali-collection-juego-de-salon-de-5-piezas-milan\/\" class=\"wd-product-img-link product-image-link\" tabindex=\"-1\" aria-label=\"ITALI COLLECTION &#8211; Juego de sal\u00f3n de 5 piezas MILAN\">\n\t\t\t\t\t\t<div class=\"product-labels labels-rounded-sm\">\n\t\t\t\t<span class=\"onsale product-label wd-shape-round-sm\">-22%<\/span>\t\t\t<\/div>\n\t\t\t<img loading=\"lazy\" decoding=\"async\" width=\"350\" height=\"400\" src=\"https:\/\/www.lavillagardendesign.com\/wp-content\/uploads\/2026\/01\/Design-sans-titre-2-350x400.png\" class=\"attachment-350x400 size-350x400\" alt=\"\" \/>\t\t<\/a>\n\n\t\t\t\t\t<div class=\"wd-product-img-hover hover-img\">\n\t\t\t\t<img loading=\"lazy\" decoding=\"async\" width=\"350\" height=\"400\" src=\"https:\/\/www.lavillagardendesign.com\/wp-content\/uploads\/2026\/01\/Captura-de-pantalla-2026-01-28-a-las-18.27.24-350x400.jpg\" class=\"attachment-350x400 size-350x400\" alt=\"\" \/>\t\t\t<\/div>\n\t\t\t\n\t\t<div class=\"wd-buttons wd-pos-r-t\">\n\t\t\t\t\t<\/div>\n\t<\/div>\n\n\t<div class=\"product-element-bottom\">\n\n\t\t<div class=\"wd-product-header\">\n\t\t\t<h3 class=\"wd-entities-title\"><a href=\"https:\/\/www.lavillagardendesign.com\/es\/producto\/itali-collection-juego-de-salon-de-5-piezas-milan\/\">ITALI COLLECTION &#8211; Juego de sal\u00f3n de 5 piezas MILAN<\/a><\/h3>\n\t\t\t\t\t<\/div>\n\n\t\t\n\t\t\n\t\t<div class=\"wrap-price\">\n\t\t\t\n\t<span class=\"price\"><del aria-hidden=\"true\"><span class=\"woocommerce-Price-amount amount\"><bdi>3.793&nbsp;<span class=\"woocommerce-Price-currencySymbol\">&euro;<\/span><\/bdi><\/span><\/del> <span class=\"screen-reader-text\">El precio original era: 3.793&nbsp;&euro;.<\/span><ins aria-hidden=\"true\"><span class=\"woocommerce-Price-amount amount\"><bdi>2.967&nbsp;<span class=\"woocommerce-Price-currencySymbol\">&euro;<\/span><\/bdi><\/span><\/ins><span class=\"screen-reader-text\">El precio actual es: 2.967&nbsp;&euro;.<\/span> <small class=\"woocommerce-price-suffix\">con IVA<\/small><\/span>\n\n\t\t\t\t\t<\/div>\n\n\t\t\n\t\t\n\t\t\n\t\t\n\t\t<div class=\"wd-product-footer\">\n\t\t\t<div class=\"wd-add-btn wd-add-btn-replace\">\n\t\t\t\t<a href=\"\/es\/wp-json\/wp\/v2\/pages\/29645?add-to-cart=61013\" aria-describedby=\"woocommerce_loop_add_to_cart_link_describedby_61013\" data-quantity=\"1\" class=\"button product_type_simple add_to_cart_button ajax_add_to_cart add-to-cart-loop\" data-product_id=\"61013\" data-product_sku=\"\" aria-label=\"A\u00f1adir al carrito: \u201cITALI COLLECTION - Juego de sal\u00f3n de 5 piezas MILAN\u201d\" rel=\"nofollow\" data-success_message=\"\u00abITALI COLLECTION - Juego de sal\u00f3n de 5 piezas MILAN\u00bb se ha a\u00f1adido a tu carrito\" role=\"button\"><span class=\"wd-action-icon\"><span class=\"wd-check-icon\"><\/span><\/span><span class=\"wd-action-text\">A\u00f1adir al carrito<\/span><\/a>\t<span id=\"woocommerce_loop_add_to_cart_link_describedby_61013\" class=\"screen-reader-text\">\n\t\t\t<\/span>\n\t\t\t<\/div>\n\n\t\t\t\t\t\t<div class=\"wd-action-buttons\">\n\t\t\t\t\t\t\t\t\t\t<div class=\"wd-quick-view-btn wd-quick-view-icon wd-action-btn wd-style-icon wd-tooltip\">\n\t\t\t<a\n\t\t\t\thref=\"https:\/\/www.lavillagardendesign.com\/es\/producto\/itali-collection-juego-de-salon-de-5-piezas-milan\/\"\n\t\t\t\tclass=\"open-quick-view\"\n\t\t\t\trel=\"nofollow\"\n\t\t\t\tdata-id=\"61013\"\n\t\t\t\t>\n\t\t\t\t\t<span class=\"wd-action-icon\"><\/span>\n\t\t\t\t\t<span class=\"wd-action-text\">\n\t\t\t\t\t\tQuick view\t\t\t\t\t<\/span>\n\t\t\t<\/a>\n\t\t<\/div>\n\t\t\t\t\t<\/div>\n\t\t\t\t\t<\/div>\n\t<\/div>\n<\/div>\n<\/div>\n\t\t\t\t\t<\/div>\n\t\t\t\t<div class=\"wd-carousel-item\">\n\t\t\t\t\t\t\t\t\t\t\t<div class=\"wd-product wd-hover-buttons-on-hover product-grid-item product type-product post-61014 status-publish instock product_cat-butacas product_cat-outdoor-es product_cat-packs-sofas product_cat-promociones-web product_cat-sofas-es product_cat-sofas-y-butacas has-post-thumbnail sale taxable shipping-taxable purchasable product-type-simple\" data-loop=\"5\" data-id=\"61014\">\n\t\n<div class=\"wd-product-wrapper product-wrapper\">\n\t<div class=\"wd-product-thumb product-element-top wd-quick-shop\">\n\t\t<a href=\"https:\/\/www.lavillagardendesign.com\/es\/producto\/itali-collection-juego-de-tumbona-de-4-piezas-napoli\/\" class=\"wd-product-img-link product-image-link\" tabindex=\"-1\" aria-label=\"ITALI COLLECTION &#8211; Juego de Tumbona de 4 Piezas NAPOLI\">\n\t\t\t\t\t\t<div class=\"product-labels labels-rounded-sm\">\n\t\t\t\t<span class=\"onsale product-label wd-shape-round-sm\">-20%<\/span>\t\t\t<\/div>\n\t\t\t<img loading=\"lazy\" decoding=\"async\" width=\"350\" height=\"400\" src=\"https:\/\/www.lavillagardendesign.com\/wp-content\/uploads\/2026\/01\/Design-sans-titre2-1-350x400.jpg\" class=\"attachment-350x400 size-350x400\" alt=\"\" \/>\t\t<\/a>\n\n\t\t\t\t\t<div class=\"wd-product-img-hover hover-img\">\n\t\t\t\t<img loading=\"lazy\" decoding=\"async\" width=\"350\" height=\"400\" src=\"https:\/\/www.lavillagardendesign.com\/wp-content\/uploads\/2026\/01\/0663820-pm6_-set4_salotto_c_c_ibisco_bianco_wg20_1744603538-350x400.jpg\" class=\"attachment-350x400 size-350x400\" alt=\"\" \/>\t\t\t<\/div>\n\t\t\t\n\t\t<div class=\"wd-buttons wd-pos-r-t\">\n\t\t\t\t\t<\/div>\n\t<\/div>\n\n\t<div class=\"product-element-bottom\">\n\n\t\t<div class=\"wd-product-header\">\n\t\t\t<h3 class=\"wd-entities-title\"><a href=\"https:\/\/www.lavillagardendesign.com\/es\/producto\/itali-collection-juego-de-tumbona-de-4-piezas-napoli\/\">ITALI COLLECTION &#8211; Juego de Tumbona de 4 Piezas NAPOLI<\/a><\/h3>\n\t\t\t\t\t<\/div>\n\n\t\t\n\t\t\n\t\t<div class=\"wrap-price\">\n\t\t\t\n\t<span class=\"price\"><del aria-hidden=\"true\"><span class=\"woocommerce-Price-amount amount\"><bdi>4.124&nbsp;<span class=\"woocommerce-Price-currencySymbol\">&euro;<\/span><\/bdi><\/span><\/del> <span class=\"screen-reader-text\">El precio original era: 4.124&nbsp;&euro;.<\/span><ins aria-hidden=\"true\"><span class=\"woocommerce-Price-amount amount\"><bdi>3.298&nbsp;<span class=\"woocommerce-Price-currencySymbol\">&euro;<\/span><\/bdi><\/span><\/ins><span class=\"screen-reader-text\">El precio actual es: 3.298&nbsp;&euro;.<\/span> <small class=\"woocommerce-price-suffix\">con IVA<\/small><\/span>\n\n\t\t\t\t\t<\/div>\n\n\t\t\n\t\t\n\t\t\n\t\t\n\t\t<div class=\"wd-product-footer\">\n\t\t\t<div class=\"wd-add-btn wd-add-btn-replace\">\n\t\t\t\t<a href=\"\/es\/wp-json\/wp\/v2\/pages\/29645?add-to-cart=61014\" aria-describedby=\"woocommerce_loop_add_to_cart_link_describedby_61014\" data-quantity=\"1\" class=\"button product_type_simple add_to_cart_button ajax_add_to_cart add-to-cart-loop\" data-product_id=\"61014\" data-product_sku=\"\" aria-label=\"A\u00f1adir al carrito: \u201cITALI COLLECTION - Juego de Tumbona de 4 Piezas NAPOLI\u201d\" rel=\"nofollow\" data-success_message=\"\u00abITALI COLLECTION - Juego de Tumbona de 4 Piezas NAPOLI\u00bb se ha a\u00f1adido a tu carrito\" role=\"button\"><span class=\"wd-action-icon\"><span class=\"wd-check-icon\"><\/span><\/span><span class=\"wd-action-text\">A\u00f1adir al carrito<\/span><\/a>\t<span id=\"woocommerce_loop_add_to_cart_link_describedby_61014\" class=\"screen-reader-text\">\n\t\t\t<\/span>\n\t\t\t<\/div>\n\n\t\t\t\t\t\t<div class=\"wd-action-buttons\">\n\t\t\t\t\t\t\t\t\t\t<div class=\"wd-quick-view-btn wd-quick-view-icon wd-action-btn wd-style-icon wd-tooltip\">\n\t\t\t<a\n\t\t\t\thref=\"https:\/\/www.lavillagardendesign.com\/es\/producto\/itali-collection-juego-de-tumbona-de-4-piezas-napoli\/\"\n\t\t\t\tclass=\"open-quick-view\"\n\t\t\t\trel=\"nofollow\"\n\t\t\t\tdata-id=\"61014\"\n\t\t\t\t>\n\t\t\t\t\t<span class=\"wd-action-icon\"><\/span>\n\t\t\t\t\t<span class=\"wd-action-text\">\n\t\t\t\t\t\tQuick view\t\t\t\t\t<\/span>\n\t\t\t<\/a>\n\t\t<\/div>\n\t\t\t\t\t<\/div>\n\t\t\t\t\t<\/div>\n\t<\/div>\n<\/div>\n<\/div>\n\t\t\t\t\t<\/div>\n\t\t\t\t<div class=\"wd-carousel-item\">\n\t\t\t\t\t\t\t\t\t\t\t<div class=\"wd-product wd-hover-buttons-on-hover product-grid-item product type-product post-61022 status-publish instock product_cat-butacas product_cat-outdoor-es product_cat-packs-sofas product_cat-promociones-web product_cat-sofas-es product_cat-sofas-y-butacas has-post-thumbnail sale taxable shipping-taxable purchasable product-type-simple\" data-loop=\"6\" data-id=\"61022\">\n\t\n<div class=\"wd-product-wrapper product-wrapper\">\n\t<div class=\"wd-product-thumb product-element-top wd-quick-shop\">\n\t\t<a href=\"https:\/\/www.lavillagardendesign.com\/es\/producto\/itali-collection-juego-de-salon-de-5-piezas-niva\/\" class=\"wd-product-img-link product-image-link\" tabindex=\"-1\" aria-label=\"ITALI COLLECTION &#8211; Juego de sal\u00f3n de 5 piezas NIVA\">\n\t\t\t\t\t\t<div class=\"product-labels labels-rounded-sm\">\n\t\t\t\t<span class=\"onsale product-label wd-shape-round-sm\">-23%<\/span>\t\t\t<\/div>\n\t\t\t<img loading=\"lazy\" decoding=\"async\" width=\"350\" height=\"400\" src=\"https:\/\/www.lavillagardendesign.com\/wp-content\/uploads\/2026\/01\/Design-sans-titre-2-1-350x400.jpg\" class=\"attachment-350x400 size-350x400\" alt=\"\" \/>\t\t<\/a>\n\n\t\t\t\t\t<div class=\"wd-product-img-hover hover-img\">\n\t\t\t\t<img loading=\"lazy\" decoding=\"async\" width=\"350\" height=\"400\" src=\"https:\/\/www.lavillagardendesign.com\/wp-content\/uploads\/2026\/01\/Captura-de-pantalla-2025-12-23-a-las-11.51.28-350x400.jpg\" class=\"attachment-350x400 size-350x400\" alt=\"\" \/>\t\t\t<\/div>\n\t\t\t\n\t\t<div class=\"wd-buttons wd-pos-r-t\">\n\t\t\t\t\t<\/div>\n\t<\/div>\n\n\t<div class=\"product-element-bottom\">\n\n\t\t<div class=\"wd-product-header\">\n\t\t\t<h3 class=\"wd-entities-title\"><a href=\"https:\/\/www.lavillagardendesign.com\/es\/producto\/itali-collection-juego-de-salon-de-5-piezas-niva\/\">ITALI COLLECTION &#8211; Juego de sal\u00f3n de 5 piezas NIVA<\/a><\/h3>\n\t\t\t\t\t<\/div>\n\n\t\t\n\t\t\n\t\t<div class=\"wrap-price\">\n\t\t\t\n\t<span class=\"price\"><del aria-hidden=\"true\"><span class=\"woocommerce-Price-amount amount\"><bdi>1.066&nbsp;<span class=\"woocommerce-Price-currencySymbol\">&euro;<\/span><\/bdi><\/span><\/del> <span class=\"screen-reader-text\">El precio original era: 1.066&nbsp;&euro;.<\/span><ins aria-hidden=\"true\"><span class=\"woocommerce-Price-amount amount\"><bdi>818&nbsp;<span class=\"woocommerce-Price-currencySymbol\">&euro;<\/span><\/bdi><\/span><\/ins><span class=\"screen-reader-text\">El precio actual es: 818&nbsp;&euro;.<\/span> <small class=\"woocommerce-price-suffix\">con IVA<\/small><\/span>\n\n\t\t\t\t\t<\/div>\n\n\t\t\n\t\t\n\t\t\n\t\t\n\t\t<div class=\"wd-product-footer\">\n\t\t\t<div class=\"wd-add-btn wd-add-btn-replace\">\n\t\t\t\t<a href=\"\/es\/wp-json\/wp\/v2\/pages\/29645?add-to-cart=61022\" aria-describedby=\"woocommerce_loop_add_to_cart_link_describedby_61022\" data-quantity=\"1\" class=\"button product_type_simple add_to_cart_button ajax_add_to_cart add-to-cart-loop\" data-product_id=\"61022\" data-product_sku=\"\" aria-label=\"A\u00f1adir al carrito: \u201cITALI COLLECTION - Juego de sal\u00f3n de 5 piezas NIVA\u201d\" rel=\"nofollow\" data-success_message=\"\u00abITALI COLLECTION - Juego de sal\u00f3n de 5 piezas NIVA\u00bb se ha a\u00f1adido a tu carrito\" role=\"button\"><span class=\"wd-action-icon\"><span class=\"wd-check-icon\"><\/span><\/span><span class=\"wd-action-text\">A\u00f1adir al carrito<\/span><\/a>\t<span id=\"woocommerce_loop_add_to_cart_link_describedby_61022\" class=\"screen-reader-text\">\n\t\t\t<\/span>\n\t\t\t<\/div>\n\n\t\t\t\t\t\t<div class=\"wd-action-buttons\">\n\t\t\t\t\t\t\t\t\t\t<div class=\"wd-quick-view-btn wd-quick-view-icon wd-action-btn wd-style-icon wd-tooltip\">\n\t\t\t<a\n\t\t\t\thref=\"https:\/\/www.lavillagardendesign.com\/es\/producto\/itali-collection-juego-de-salon-de-5-piezas-niva\/\"\n\t\t\t\tclass=\"open-quick-view\"\n\t\t\t\trel=\"nofollow\"\n\t\t\t\tdata-id=\"61022\"\n\t\t\t\t>\n\t\t\t\t\t<span class=\"wd-action-icon\"><\/span>\n\t\t\t\t\t<span class=\"wd-action-text\">\n\t\t\t\t\t\tQuick view\t\t\t\t\t<\/span>\n\t\t\t<\/a>\n\t\t<\/div>\n\t\t\t\t\t<\/div>\n\t\t\t\t\t<\/div>\n\t<\/div>\n<\/div>\n<\/div>\n\t\t\t\t\t<\/div>\n\t\t\t\t<div class=\"wd-carousel-item\">\n\t\t\t\t\t\t\t\t\t\t\t<div class=\"wd-product wd-hover-buttons-on-hover product-grid-item product type-product post-61023 status-publish last instock product_cat-butacas product_cat-outdoor-es product_cat-packs-sofas product_cat-promociones-web product_cat-sofas-es product_cat-sofas-y-butacas has-post-thumbnail sale taxable shipping-taxable purchasable product-type-simple\" data-loop=\"7\" data-id=\"61023\">\n\t\n<div class=\"wd-product-wrapper product-wrapper\">\n\t<div class=\"wd-product-thumb product-element-top wd-quick-shop\">\n\t\t<a href=\"https:\/\/www.lavillagardendesign.com\/es\/producto\/itali-collection-juego-de-4-tumbonas-roma\/\" class=\"wd-product-img-link product-image-link\" tabindex=\"-1\" aria-label=\"ITALI COLLECTION &#8211; Juego de 4 tumbonas ROMA\">\n\t\t\t\t\t\t<div class=\"product-labels labels-rounded-sm\">\n\t\t\t\t<span class=\"onsale product-label wd-shape-round-sm\">-20%<\/span>\t\t\t<\/div>\n\t\t\t<img loading=\"lazy\" decoding=\"async\" width=\"350\" height=\"400\" src=\"https:\/\/www.lavillagardendesign.com\/wp-content\/uploads\/2026\/01\/Design-sans-titre-2-2-350x400.jpg\" class=\"attachment-350x400 size-350x400\" alt=\"\" \/>\t\t<\/a>\n\n\t\t\t\t\t<div class=\"wd-product-img-hover hover-img\">\n\t\t\t\t<img loading=\"lazy\" decoding=\"async\" width=\"350\" height=\"400\" src=\"https:\/\/www.lavillagardendesign.com\/wp-content\/uploads\/2026\/01\/0663765-tl1_-set4_salotto_c_c_moses_vapor_yk15_1738556598-350x400.jpg\" class=\"attachment-350x400 size-350x400\" alt=\"\" \/>\t\t\t<\/div>\n\t\t\t\n\t\t<div class=\"wd-buttons wd-pos-r-t\">\n\t\t\t\t\t<\/div>\n\t<\/div>\n\n\t<div class=\"product-element-bottom\">\n\n\t\t<div class=\"wd-product-header\">\n\t\t\t<h3 class=\"wd-entities-title\"><a href=\"https:\/\/www.lavillagardendesign.com\/es\/producto\/itali-collection-juego-de-4-tumbonas-roma\/\">ITALI COLLECTION &#8211; Juego de 4 tumbonas ROMA<\/a><\/h3>\n\t\t\t\t\t<\/div>\n\n\t\t\n\t\t\n\t\t<div class=\"wrap-price\">\n\t\t\t\n\t<span class=\"price\"><del aria-hidden=\"true\"><span class=\"woocommerce-Price-amount amount\"><bdi>4.124&nbsp;<span class=\"woocommerce-Price-currencySymbol\">&euro;<\/span><\/bdi><\/span><\/del> <span class=\"screen-reader-text\">El precio original era: 4.124&nbsp;&euro;.<\/span><ins aria-hidden=\"true\"><span class=\"woocommerce-Price-amount amount\"><bdi>3.298&nbsp;<span class=\"woocommerce-Price-currencySymbol\">&euro;<\/span><\/bdi><\/span><\/ins><span class=\"screen-reader-text\">El precio actual es: 3.298&nbsp;&euro;.<\/span> <small class=\"woocommerce-price-suffix\">con IVA<\/small><\/span>\n\n\t\t\t\t\t<\/div>\n\n\t\t\n\t\t\n\t\t\n\t\t\n\t\t<div class=\"wd-product-footer\">\n\t\t\t<div class=\"wd-add-btn wd-add-btn-replace\">\n\t\t\t\t<a href=\"\/es\/wp-json\/wp\/v2\/pages\/29645?add-to-cart=61023\" aria-describedby=\"woocommerce_loop_add_to_cart_link_describedby_61023\" data-quantity=\"1\" class=\"button product_type_simple add_to_cart_button ajax_add_to_cart add-to-cart-loop\" data-product_id=\"61023\" data-product_sku=\"\" aria-label=\"A\u00f1adir al carrito: \u201cITALI COLLECTION - Juego de 4 tumbonas ROMA\u201d\" rel=\"nofollow\" data-success_message=\"\u00abITALI COLLECTION - Juego de 4 tumbonas ROMA\u00bb se ha a\u00f1adido a tu carrito\" role=\"button\"><span class=\"wd-action-icon\"><span class=\"wd-check-icon\"><\/span><\/span><span class=\"wd-action-text\">A\u00f1adir al carrito<\/span><\/a>\t<span id=\"woocommerce_loop_add_to_cart_link_describedby_61023\" class=\"screen-reader-text\">\n\t\t\t<\/span>\n\t\t\t<\/div>\n\n\t\t\t\t\t\t<div class=\"wd-action-buttons\">\n\t\t\t\t\t\t\t\t\t\t<div class=\"wd-quick-view-btn wd-quick-view-icon wd-action-btn wd-style-icon wd-tooltip\">\n\t\t\t<a\n\t\t\t\thref=\"https:\/\/www.lavillagardendesign.com\/es\/producto\/itali-collection-juego-de-4-tumbonas-roma\/\"\n\t\t\t\tclass=\"open-quick-view\"\n\t\t\t\trel=\"nofollow\"\n\t\t\t\tdata-id=\"61023\"\n\t\t\t\t>\n\t\t\t\t\t<span class=\"wd-action-icon\"><\/span>\n\t\t\t\t\t<span class=\"wd-action-text\">\n\t\t\t\t\t\tQuick view\t\t\t\t\t<\/span>\n\t\t\t<\/a>\n\t\t<\/div>\n\t\t\t\t\t<\/div>\n\t\t\t\t\t<\/div>\n\t<\/div>\n<\/div>\n<\/div>\n\t\t\t\t\t<\/div>\n\t\t\t\t<div class=\"wd-carousel-item\">\n\t\t\t\t\t\t\t\t\t\t\t<div class=\"wd-product wd-hover-buttons-on-hover product-grid-item product type-product post-61010 status-publish first instock product_cat-butacas product_cat-outdoor-es product_cat-packs-sofas product_cat-promociones-web product_cat-sofas-es product_cat-sofas-y-butacas has-post-thumbnail sale taxable shipping-taxable purchasable product-type-simple\" data-loop=\"8\" data-id=\"61010\">\n\t\n<div class=\"wd-product-wrapper product-wrapper\">\n\t<div class=\"wd-product-thumb product-element-top wd-quick-shop\">\n\t\t<a href=\"https:\/\/www.lavillagardendesign.com\/es\/producto\/itali-collection-juego-de-tumbona-de-4-piezas-turino\/\" class=\"wd-product-img-link product-image-link\" tabindex=\"-1\" aria-label=\"ITALI COLLECTION &#8211; Juego de Tumbona de 4 Piezas TURINO\">\n\t\t\t\t\t\t<div class=\"product-labels labels-rounded-sm\">\n\t\t\t\t<span class=\"onsale product-label wd-shape-round-sm\">-23%<\/span>\t\t\t<\/div>\n\t\t\t<img loading=\"lazy\" decoding=\"async\" width=\"350\" height=\"400\" src=\"https:\/\/www.lavillagardendesign.com\/wp-content\/uploads\/2026\/01\/Design-sans-titre1-2-350x400.png\" class=\"attachment-350x400 size-350x400\" alt=\"\" \/>\t\t<\/a>\n\n\t\t\t\t\t<div class=\"wd-product-img-hover hover-img\">\n\t\t\t\t<img loading=\"lazy\" decoding=\"async\" width=\"350\" height=\"400\" src=\"https:\/\/www.lavillagardendesign.com\/wp-content\/uploads\/2026\/01\/Captura-de-pantalla-2025-12-23-a-las-12.09.24-350x400.jpg\" class=\"attachment-350x400 size-350x400\" alt=\"\" \/>\t\t\t<\/div>\n\t\t\t\n\t\t<div class=\"wd-buttons wd-pos-r-t\">\n\t\t\t\t\t<\/div>\n\t<\/div>\n\n\t<div class=\"product-element-bottom\">\n\n\t\t<div class=\"wd-product-header\">\n\t\t\t<h3 class=\"wd-entities-title\"><a href=\"https:\/\/www.lavillagardendesign.com\/es\/producto\/itali-collection-juego-de-tumbona-de-4-piezas-turino\/\">ITALI COLLECTION &#8211; Juego de Tumbona de 4 Piezas TURINO<\/a><\/h3>\n\t\t\t\t\t<\/div>\n\n\t\t\n\t\t\n\t\t<div class=\"wrap-price\">\n\t\t\t\n\t<span class=\"price\"><del aria-hidden=\"true\"><span class=\"woocommerce-Price-amount amount\"><bdi>1.066&nbsp;<span class=\"woocommerce-Price-currencySymbol\">&euro;<\/span><\/bdi><\/span><\/del> <span class=\"screen-reader-text\">El precio original era: 1.066&nbsp;&euro;.<\/span><ins aria-hidden=\"true\"><span class=\"woocommerce-Price-amount amount\"><bdi>818&nbsp;<span class=\"woocommerce-Price-currencySymbol\">&euro;<\/span><\/bdi><\/span><\/ins><span class=\"screen-reader-text\">El precio actual es: 818&nbsp;&euro;.<\/span> <small class=\"woocommerce-price-suffix\">con IVA<\/small><\/span>\n\n\t\t\t\t\t<\/div>\n\n\t\t\n\t\t\n\t\t\n\t\t\n\t\t<div class=\"wd-product-footer\">\n\t\t\t<div class=\"wd-add-btn wd-add-btn-replace\">\n\t\t\t\t<a href=\"\/es\/wp-json\/wp\/v2\/pages\/29645?add-to-cart=61010\" aria-describedby=\"woocommerce_loop_add_to_cart_link_describedby_61010\" data-quantity=\"1\" class=\"button product_type_simple add_to_cart_button ajax_add_to_cart add-to-cart-loop\" data-product_id=\"61010\" data-product_sku=\"\" aria-label=\"A\u00f1adir al carrito: \u201cITALI COLLECTION - Juego de Tumbona de 4 Piezas TURINO\u201d\" rel=\"nofollow\" data-success_message=\"\u00abITALI COLLECTION - Juego de Tumbona de 4 Piezas TURINO\u00bb se ha a\u00f1adido a tu carrito\" role=\"button\"><span class=\"wd-action-icon\"><span class=\"wd-check-icon\"><\/span><\/span><span class=\"wd-action-text\">A\u00f1adir al carrito<\/span><\/a>\t<span id=\"woocommerce_loop_add_to_cart_link_describedby_61010\" class=\"screen-reader-text\">\n\t\t\t<\/span>\n\t\t\t<\/div>\n\n\t\t\t\t\t\t<div class=\"wd-action-buttons\">\n\t\t\t\t\t\t\t\t\t\t<div class=\"wd-quick-view-btn wd-quick-view-icon wd-action-btn wd-style-icon wd-tooltip\">\n\t\t\t<a\n\t\t\t\thref=\"https:\/\/www.lavillagardendesign.com\/es\/producto\/itali-collection-juego-de-tumbona-de-4-piezas-turino\/\"\n\t\t\t\tclass=\"open-quick-view\"\n\t\t\t\trel=\"nofollow\"\n\t\t\t\tdata-id=\"61010\"\n\t\t\t\t>\n\t\t\t\t\t<span class=\"wd-action-icon\"><\/span>\n\t\t\t\t\t<span class=\"wd-action-text\">\n\t\t\t\t\t\tQuick view\t\t\t\t\t<\/span>\n\t\t\t<\/a>\n\t\t<\/div>\n\t\t\t\t\t<\/div>\n\t\t\t\t\t<\/div>\n\t<\/div>\n<\/div>\n<\/div>\n\t\t\t\t\t<\/div>\n\t\t\t\t<div class=\"wd-carousel-item\">\n\t\t\t\t\t\t\t\t\t\t\t<div class=\"wd-product wd-hover-buttons-on-hover product-grid-item product type-product post-61016 status-publish instock product_cat-butacas product_cat-outdoor-es product_cat-packs-sofas product_cat-promociones-web product_cat-sofas-es product_cat-sofas-y-butacas has-post-thumbnail sale taxable shipping-taxable purchasable product-type-simple\" data-loop=\"9\" data-id=\"61016\">\n\t\n<div class=\"wd-product-wrapper product-wrapper\">\n\t<div class=\"wd-product-thumb product-element-top wd-quick-shop\">\n\t\t<a href=\"https:\/\/www.lavillagardendesign.com\/es\/producto\/itali-collection-venezia-juego-de-salon-de-4-piezas\/\" class=\"wd-product-img-link product-image-link\" tabindex=\"-1\" aria-label=\"ITALI COLLECTION &#8211; VENEZIA Juego de sal\u00f3n de 4 piezas\">\n\t\t\t\t\t\t<div class=\"product-labels labels-rounded-sm\">\n\t\t\t\t<span class=\"onsale product-label wd-shape-round-sm\">-17%<\/span>\t\t\t<\/div>\n\t\t\t<img loading=\"lazy\" decoding=\"async\" width=\"350\" height=\"400\" src=\"https:\/\/www.lavillagardendesign.com\/wp-content\/uploads\/2026\/01\/Design-sans-titre1-2-350x400.jpg\" class=\"attachment-350x400 size-350x400\" alt=\"\" \/>\t\t<\/a>\n\n\t\t\t\t\t<div class=\"wd-product-img-hover hover-img\">\n\t\t\t\t<img loading=\"lazy\" decoding=\"async\" width=\"350\" height=\"400\" src=\"https:\/\/www.lavillagardendesign.com\/wp-content\/uploads\/2026\/01\/Captura-de-pantalla-2025-12-23-a-las-11.55.04-350x400.jpg\" class=\"attachment-350x400 size-350x400\" alt=\"\" \/>\t\t\t<\/div>\n\t\t\t\n\t\t<div class=\"wd-buttons wd-pos-r-t\">\n\t\t\t\t\t<\/div>\n\t<\/div>\n\n\t<div class=\"product-element-bottom\">\n\n\t\t<div class=\"wd-product-header\">\n\t\t\t<h3 class=\"wd-entities-title\"><a href=\"https:\/\/www.lavillagardendesign.com\/es\/producto\/itali-collection-venezia-juego-de-salon-de-4-piezas\/\">ITALI COLLECTION &#8211; VENEZIA Juego de sal\u00f3n de 4 piezas<\/a><\/h3>\n\t\t\t\t\t<\/div>\n\n\t\t\n\t\t\n\t\t<div class=\"wrap-price\">\n\t\t\t\n\t<span class=\"price\"><del aria-hidden=\"true\"><span class=\"woocommerce-Price-amount amount\"><bdi>2.967&nbsp;<span class=\"woocommerce-Price-currencySymbol\">&euro;<\/span><\/bdi><\/span><\/del> <span class=\"screen-reader-text\">El precio original era: 2.967&nbsp;&euro;.<\/span><ins aria-hidden=\"true\"><span class=\"woocommerce-Price-amount amount\"><bdi>2.471&nbsp;<span class=\"woocommerce-Price-currencySymbol\">&euro;<\/span><\/bdi><\/span><\/ins><span class=\"screen-reader-text\">El precio actual es: 2.471&nbsp;&euro;.<\/span> <small class=\"woocommerce-price-suffix\">con IVA<\/small><\/span>\n\n\t\t\t\t\t<\/div>\n\n\t\t\n\t\t\n\t\t\n\t\t\n\t\t<div class=\"wd-product-footer\">\n\t\t\t<div class=\"wd-add-btn wd-add-btn-replace\">\n\t\t\t\t<a href=\"\/es\/wp-json\/wp\/v2\/pages\/29645?add-to-cart=61016\" aria-describedby=\"woocommerce_loop_add_to_cart_link_describedby_61016\" data-quantity=\"1\" class=\"button product_type_simple add_to_cart_button ajax_add_to_cart add-to-cart-loop\" data-product_id=\"61016\" data-product_sku=\"\" aria-label=\"A\u00f1adir al carrito: \u201cITALI COLLECTION - VENEZIA Juego de sal\u00f3n de 4 piezas\u201d\" rel=\"nofollow\" data-success_message=\"\u00abITALI COLLECTION - VENEZIA Juego de sal\u00f3n de 4 piezas\u00bb se ha a\u00f1adido a tu carrito\" role=\"button\"><span class=\"wd-action-icon\"><span class=\"wd-check-icon\"><\/span><\/span><span class=\"wd-action-text\">A\u00f1adir al carrito<\/span><\/a>\t<span id=\"woocommerce_loop_add_to_cart_link_describedby_61016\" class=\"screen-reader-text\">\n\t\t\t<\/span>\n\t\t\t<\/div>\n\n\t\t\t\t\t\t<div class=\"wd-action-buttons\">\n\t\t\t\t\t\t\t\t\t\t<div class=\"wd-quick-view-btn wd-quick-view-icon wd-action-btn wd-style-icon wd-tooltip\">\n\t\t\t<a\n\t\t\t\thref=\"https:\/\/www.lavillagardendesign.com\/es\/producto\/itali-collection-venezia-juego-de-salon-de-4-piezas\/\"\n\t\t\t\tclass=\"open-quick-view\"\n\t\t\t\trel=\"nofollow\"\n\t\t\t\tdata-id=\"61016\"\n\t\t\t\t>\n\t\t\t\t\t<span class=\"wd-action-icon\"><\/span>\n\t\t\t\t\t<span class=\"wd-action-text\">\n\t\t\t\t\t\tQuick view\t\t\t\t\t<\/span>\n\t\t\t<\/a>\n\t\t<\/div>\n\t\t\t\t\t<\/div>\n\t\t\t\t\t<\/div>\n\t<\/div>\n<\/div>\n<\/div>\n\t\t\t\t\t<\/div>\n\t\t\t\t\t\t\t\t<\/div>\n\t\t\t\t\t<\/div>\n\n\t\t\t\t\t\t\t<div class=\"wd-nav-arrows wd-pos-sep wd-hover-1 wd-icon-1\">\n\t\t\t<div class=\"wd-btn-arrow wd-prev wd-disabled\">\n\t\t\t\t<div class=\"wd-arrow-inner\"><\/div>\n\t\t\t<\/div>\n\t\t\t<div class=\"wd-btn-arrow wd-next\">\n\t\t\t\t<div class=\"wd-arrow-inner\"><\/div>\n\t\t\t<\/div>\n\t\t<\/div>\n\t\t\t\t\t\t<\/div>\n\n\t\t\t\t\t\t\t\t\t<div class=\"wd-nav-pagin-wrap text-center wd-style-shape wd-hide-md-sm wd-hide-sm\">\n\t\t\t<ul class=\"wd-nav-pagin\"><\/ul>\n\t\t<\/div>\n\t\t\t\t\t\t\t\t\t<\/div>\n\t\t\t\t\t\t\n\t\t\t\t\t<\/div>\n\t\t\t\t\t\t\t\t\t<\/div>\n\t\t\t\t\t\t<\/div>\n\t\t\t\t<\/div>\n\t\t\t\t\t<\/div>\n\t\t\t\t<\/div>\n\t\t<div class=\"elementor-element elementor-element-0d84707 wd-section-stretch e-flex e-con-boxed elementor-invisible e-con e-parent\" data-id=\"0d84707\" data-element_type=\"container\" data-e-type=\"container\" data-settings=\"{&quot;animation&quot;:&quot;fadeIn&quot;,&quot;background_background&quot;:&quot;classic&quot;}\">\n\t\t\t\t\t<div class=\"e-con-inner\">\n\t\t<div class=\"elementor-element elementor-element-81f5575 e-con-full e-flex e-con e-child\" data-id=\"81f5575\" data-element_type=\"container\" data-e-type=\"container\">\n\t\t\t\t<div class=\"elementor-element elementor-element-2a92874 wd-width-100 elementor-widget elementor-widget-wd_title\" data-id=\"2a92874\" data-element_type=\"widget\" data-e-type=\"widget\" data-widget_type=\"wd_title.default\">\n\t\t\t\t<div class=\"elementor-widget-container\">\n\t\t\t\t\t\t\t<div class=\"title-wrapper wd-set-mb reset-last-child wd-title-color-default wd-title-style-default wd-title-size-large text-left\">\n\n\t\t\t\n\t\t\t<div class=\"liner-continer\">\n\t\t\t\t<h4 class=\"woodmart-title-container title wd-fontsize-xxl\">La Villa Revista<\/h4> \n\t\t\t\t\t\t\t<\/div>\n\n\t\t\t\t\t<\/div>\n\t\t\t\t\t\t<\/div>\n\t\t\t\t<\/div>\n\t\t\t\t<div class=\"elementor-element elementor-element-c82c5cc elementor-widget__width-auto elementor-invisible elementor-widget elementor-widget-wd_button\" data-id=\"c82c5cc\" data-element_type=\"widget\" data-e-type=\"widget\" data-settings=\"{&quot;_animation&quot;:&quot;fadeInRight&quot;}\" data-widget_type=\"wd_button.default\">\n\t\t\t\t<div class=\"elementor-widget-container\">\n\t\t\t\t\t\t\t<div class=\"wd-button-wrapper text-center\" >\n\t\t\t<a class=\"btn btn-style-default btn-shape-round btn-size-default btn-color-white btn-icon-pos-right\"  href=\"https:\/\/www.lavillagardendesign.com\/es\/blog\/\">\n\t\t\t\t<span class=\"wd-btn-text\" data-elementor-setting-key=\"text\">\n\t\t\t\t\tConsultar el Blog\t\t\t\t<\/span>\n\n\t\t\t\t\t\t\t\t\t<span class=\"wd-btn-icon\">\n\t\t\t\t\t\t<img decoding=\"async\"  src=\"https:\/\/www.lavillagardendesign.com\/wp-content\/uploads\/2023\/04\/wd-furniture-long-arrow-black.svg\" title=\"wd-furniture-long-arrow-black\" loading=\"lazy\" width=\"16\" height=\"17\">\t\t\t\t\t<\/span>\n\t\t\t\t\t\t\t<\/a>\n\t\t<\/div>\n\t\t\t\t\t\t<\/div>\n\t\t\t\t<\/div>\n\t\t\t\t<\/div>\n\t\t\t\t<div class=\"elementor-element elementor-element-ebd3dcb elementor-widget__width-initial wd-width-100 elementor-widget elementor-widget-wd_blog\" data-id=\"ebd3dcb\" data-element_type=\"widget\" data-e-type=\"widget\" data-widget_type=\"wd_blog.default\">\n\t\t\t\t<div class=\"elementor-widget-container\">\n\t\t\t\t\t\t\t\t\n\t\t\t<div id=\"carousel-429\" class=\"wd-carousel-container  wd-posts wd-blog-element\">\n\t\t\t\t\n\t\t\t\t\t\t\t\n\t\t\t\t<div class=\"wd-carousel-inner\">\n\t\t\t\t\t<div class=\" wd-carousel wd-grid scroll-init\" data-speed=\"3000\" data-wrap=\"yes\" data-autoplay=\"yes\" data-scroll_per_page=\"yes\" style=\"--wd-col-lg:5;--wd-col-md:2;--wd-col-sm:1;--wd-gap-lg:20px;--wd-gap-sm:10px;\">\n\t\t\t\t\t\t<div class=\"wd-carousel-wrap\">\n\t\t\t\t\t\t\t\t\t<div class=\"wd-carousel-item\">\n\t\t\t\t\t\t\t\n<article id=\"post-70554\" class=\"wd-post blog-design-meta-image blog-post-loop blog-style-bg post-70554 post type-post status-publish format-standard has-post-thumbnail hentry category-material-es\">\n\t\t\t<div class=\"wd-post-inner\">\n\t\n\t<div class=\"wd-post-thumb color-scheme-light\">\n\t\t\t\t\t<div class=\"wd-post-img\">\n\t\t\t\t<img loading=\"lazy\" decoding=\"async\" width=\"754\" height=\"862\" src=\"https:\/\/www.lavillagardendesign.com\/wp-content\/uploads\/2026\/04\/Diseno-sin-titulo.png\" class=\"attachment-1536x1536 size-1536x1536\" alt=\"best outdoor sofa\" srcset=\"https:\/\/www.lavillagardendesign.com\/wp-content\/uploads\/2026\/04\/Diseno-sin-titulo.png 754w, https:\/\/www.lavillagardendesign.com\/wp-content\/uploads\/2026\/04\/Diseno-sin-titulo-262x300.png 262w, https:\/\/www.lavillagardendesign.com\/wp-content\/uploads\/2026\/04\/Diseno-sin-titulo-700x800.png 700w, https:\/\/www.lavillagardendesign.com\/wp-content\/uploads\/2026\/04\/Diseno-sin-titulo-600x686.png 600w, https:\/\/www.lavillagardendesign.com\/wp-content\/uploads\/2026\/04\/Diseno-sin-titulo-300x343.png 300w\" sizes=\"auto, (max-width: 754px) 100vw, 754px\" \/>\t\t\t<\/div>\n\t\t\n\t\t\t\t<a class=\"wd-post-link wd-fill\" tabindex=\"-1\" href=\"https:\/\/www.lavillagardendesign.com\/es\/como-elegir-el-sofa-de-exterior-perfecto-para-tu-jardin-o-terraza\/\" rel=\"bookmark\" aria-label=\"Link on post C\u00f3mo elegir el sof\u00e1 de exterior perfecto para tu jard\u00edn o terraza\"><\/a>\n\n\t\t\t\t\t<div class=\"wd-post-header\">\n\t\t\t\t\t\t\t\t<div class=\"wd-post-author wd-meta-author\">\n\t\t\t\t\t\t\t\n\t\t\t\t\t<img alt='author-avatar' src='https:\/\/secure.gravatar.com\/avatar\/a53be0156bce3ee4ac13b20b3ddceacb2bb3bad8da31128f43c20673a1ad58d7?s=22&#038;d=mm&#038;r=g' srcset='https:\/\/secure.gravatar.com\/avatar\/a53be0156bce3ee4ac13b20b3ddceacb2bb3bad8da31128f43c20673a1ad58d7?s=44&#038;d=mm&#038;r=g 2x' class='avatar avatar-22 photo' height='22' width='22' \/>\t\t\n\t\t\t\t\t<a href=\"https:\/\/www.lavillagardendesign.com\/es\/author\/la-villa\/\" class=\"author\" rel=\"author\">La Villa<\/a>\n\t\t\t\t\t\t\t\t<\/div>\n\n\t\t\t\t<div class=\"wd-post-actions\">\n\t\t\t\t\t\t\t\t\t\t\t<div tabindex=\"0\" class=\"wd-post-share wd-tltp\">\n\t\t\t\t\t\t\t<div class=\"tooltip top\">\n\t\t\t\t\t\t\t\t<div class=\"tooltip-inner\">\n\t\t\t\t\t\t\t\t\t\t\t\t<div\n\t\t\t\t\t\tclass=\" wd-social-icons wd-style-default wd-size-small social-share wd-shape-circle color-scheme-light text-center\">\n\t\t\t\t\n\t\t\t\t\n\t\t\t\t\t\t\t\t\t<a rel=\"noopener noreferrer nofollow\" href=\"https:\/\/www.facebook.com\/sharer\/sharer.php?u=https:\/\/www.lavillagardendesign.com\/es\/como-elegir-el-sofa-de-exterior-perfecto-para-tu-jardin-o-terraza\/\" target=\"_blank\" class=\" wd-social-icon social-facebook\" aria-label=\"Facebook social link\">\n\t\t\t\t\t\t<span class=\"wd-icon\"><\/span>\n\t\t\t\t\t\t\t\t\t\t\t<\/a>\n\t\t\t\t\n\t\t\t\t\t\t\t\t\t<a rel=\"noopener noreferrer nofollow\" href=\"https:\/\/x.com\/share?url=https:\/\/www.lavillagardendesign.com\/es\/como-elegir-el-sofa-de-exterior-perfecto-para-tu-jardin-o-terraza\/\" target=\"_blank\" class=\" wd-social-icon social-twitter\" aria-label=\"X social link\">\n\t\t\t\t\t\t<span class=\"wd-icon\"><\/span>\n\t\t\t\t\t\t\t\t\t\t\t<\/a>\n\t\t\t\t\n\t\t\t\t\n\t\t\t\t\n\t\t\t\t\n\t\t\t\t\n\t\t\t\t\n\t\t\t\t\t\t\t\t\t<a rel=\"noopener noreferrer nofollow\" href=\"https:\/\/pinterest.com\/pin\/create\/button\/?url=https:\/\/www.lavillagardendesign.com\/es\/como-elegir-el-sofa-de-exterior-perfecto-para-tu-jardin-o-terraza\/&#038;media=https:\/\/www.lavillagardendesign.com\/wp-content\/uploads\/2026\/04\/Diseno-sin-titulo.png&#038;description=C%C3%B3mo%20elegir%20el%20sof%C3%A1%20de%20exterior%20perfecto%20para%20tu%20jard%C3%ADn%20o%20terraza\" target=\"_blank\" class=\" wd-social-icon social-pinterest\" aria-label=\"Pinterest social link\">\n\t\t\t\t\t\t<span class=\"wd-icon\"><\/span>\n\t\t\t\t\t\t\t\t\t\t\t<\/a>\n\t\t\t\t\n\t\t\t\t\n\t\t\t\t\n\t\t\t\t\n\t\t\t\t\n\t\t\t\t\n\t\t\t\t\n\t\t\t\t\n\t\t\t\t\n\t\t\t\t\n\t\t\t\t\n\t\t\t\t\n\t\t\t\t\n\t\t\t\t\n\t\t\t\t\n\t\t\t\t\n\t\t\t\t\n\t\t\t\t\n\t\t\t\t\n\t\t\t<\/div>\n\n\t\t\t\t\t\t\t\t\t\t<\/div>\n\t\t\t\t\t\t\t\t<div class=\"tooltip-arrow\"><\/div>\n\t\t\t\t\t\t\t<\/div>\n\t\t\t\t\t\t<\/div>\n\t\t\t\t\t\n\t\t\t\t\t\t\t\t\t<\/div>\n\t\t\t<\/div>\n\t\t\t<\/div>\n\n\t<div class=\"wd-post-content\">\n\t\t<div class=\"wd-post-meta wd-post-entry-meta\">\n\t\t\t\n\t\t\t\t\t\t\t<div class=\"wd-post-cat wd-style-default\">\n\t\t\t\t\t<a href=\"https:\/\/www.lavillagardendesign.com\/es\/category\/material-es\/\" rel=\"category tag\">Material<\/a>\t\t\t\t<\/div>\n\t\t\t\n\t\t\t\t\t\t\t<div class=\"wd-post-date wd-style-default\">\n\t\t\t\t\t<time class=\"published\" datetime=\"2026-04-13T10:47:54+02:00\">\n\t\t\t\t\t\t13 Abr 2026\t\t\t\t\t<\/time>\n\t\t\t\t<\/div>\n\n\t\t\t\t<div class=\"wd-modified-date\">\n\t\t\t\t\t\t\t<time class=\"updated\" datetime=\"2026-04-13T10:52:02+02:00\">\n\t\t\t13 de abril de 2026\t\t<\/time>\n\t\t\t\t\t\t<\/div>\n\t\t\t\t\t<\/div>\n\n\t\t\t\t\t<h3 class=\"wd-post-title wd-entities-title title post-title\">\n\t\t\t\t<a href=\"https:\/\/www.lavillagardendesign.com\/es\/como-elegir-el-sofa-de-exterior-perfecto-para-tu-jardin-o-terraza\/\" rel=\"bookmark\">\n\t\t\t\t\tC\u00f3mo elegir el sof\u00e1 de exterior perfecto para tu jard\u00edn o terraza\t\t\t\t<\/a>\n\t\t\t<\/h3>\n\t\t\n\t\t\n\t\t\t\t\t\t\t\t\t\t<div class=\"wd-post-read-more wd-style-link read-more-section\">\n\t\t\t\t\t\t<a class=\"\" href=\"https:\/\/www.lavillagardendesign.com\/es\/como-elegir-el-sofa-de-exterior-perfecto-para-tu-jardin-o-terraza\/\">Continue reading<\/a>\t\t\t\t\t<\/div>\n\t\t\t\t\t\t\t<\/div>\n\n\t\t\t<\/div>\n\t<\/article>\n\t\t\t\t\t<\/div>\n\t\t\t\t<div class=\"wd-carousel-item\">\n\t\t\t\t\t\t\t\n<article id=\"post-67806\" class=\"wd-post blog-design-meta-image blog-post-loop blog-style-bg post-67806 post type-post status-publish format-standard has-post-thumbnail hentry category-material-es\">\n\t\t\t<div class=\"wd-post-inner\">\n\t\n\t<div class=\"wd-post-thumb color-scheme-light\">\n\t\t\t\t\t<div class=\"wd-post-img\">\n\t\t\t\t<img loading=\"lazy\" decoding=\"async\" width=\"754\" height=\"862\" src=\"https:\/\/www.lavillagardendesign.com\/wp-content\/uploads\/2026\/03\/Diseno-sin-titulo.png\" class=\"attachment-1536x1536 size-1536x1536\" alt=\"\" srcset=\"https:\/\/www.lavillagardendesign.com\/wp-content\/uploads\/2026\/03\/Diseno-sin-titulo.png 754w, https:\/\/www.lavillagardendesign.com\/wp-content\/uploads\/2026\/03\/Diseno-sin-titulo-262x300.png 262w, https:\/\/www.lavillagardendesign.com\/wp-content\/uploads\/2026\/03\/Diseno-sin-titulo-700x800.png 700w, https:\/\/www.lavillagardendesign.com\/wp-content\/uploads\/2026\/03\/Diseno-sin-titulo-600x686.png 600w, https:\/\/www.lavillagardendesign.com\/wp-content\/uploads\/2026\/03\/Diseno-sin-titulo-300x343.png 300w\" sizes=\"auto, (max-width: 754px) 100vw, 754px\" \/>\t\t\t<\/div>\n\t\t\n\t\t\t\t<a class=\"wd-post-link wd-fill\" tabindex=\"-1\" href=\"https:\/\/www.lavillagardendesign.com\/es\/materiales-de-alta-calidad-para-muebles-de-exterior-aluminio-recubierto-de-polvo-teca-polipropileno-y-ceramica\/\" rel=\"bookmark\" aria-label=\"Link on post Materiales de alta calidad para muebles de exterior: Aluminio recubierto de polvo, teca, polipropileno y cer\u00e1mica\"><\/a>\n\n\t\t\t\t\t<div class=\"wd-post-header\">\n\t\t\t\t\t\t\t\t<div class=\"wd-post-author wd-meta-author\">\n\t\t\t\t\t\t\t\n\t\t\t\t\t<img alt='author-avatar' src='https:\/\/secure.gravatar.com\/avatar\/a53be0156bce3ee4ac13b20b3ddceacb2bb3bad8da31128f43c20673a1ad58d7?s=22&#038;d=mm&#038;r=g' srcset='https:\/\/secure.gravatar.com\/avatar\/a53be0156bce3ee4ac13b20b3ddceacb2bb3bad8da31128f43c20673a1ad58d7?s=44&#038;d=mm&#038;r=g 2x' class='avatar avatar-22 photo' height='22' width='22' \/>\t\t\n\t\t\t\t\t<a href=\"https:\/\/www.lavillagardendesign.com\/es\/author\/la-villa\/\" class=\"author\" rel=\"author\">La Villa<\/a>\n\t\t\t\t\t\t\t\t<\/div>\n\n\t\t\t\t<div class=\"wd-post-actions\">\n\t\t\t\t\t\t\t\t\t\t\t<div tabindex=\"0\" class=\"wd-post-share wd-tltp\">\n\t\t\t\t\t\t\t<div class=\"tooltip top\">\n\t\t\t\t\t\t\t\t<div class=\"tooltip-inner\">\n\t\t\t\t\t\t\t\t\t\t\t\t<div\n\t\t\t\t\t\tclass=\" wd-social-icons wd-style-default wd-size-small social-share wd-shape-circle color-scheme-light text-center\">\n\t\t\t\t\n\t\t\t\t\n\t\t\t\t\t\t\t\t\t<a rel=\"noopener noreferrer nofollow\" href=\"https:\/\/www.facebook.com\/sharer\/sharer.php?u=https:\/\/www.lavillagardendesign.com\/es\/materiales-de-alta-calidad-para-muebles-de-exterior-aluminio-recubierto-de-polvo-teca-polipropileno-y-ceramica\/\" target=\"_blank\" class=\" wd-social-icon social-facebook\" aria-label=\"Facebook social link\">\n\t\t\t\t\t\t<span class=\"wd-icon\"><\/span>\n\t\t\t\t\t\t\t\t\t\t\t<\/a>\n\t\t\t\t\n\t\t\t\t\t\t\t\t\t<a rel=\"noopener noreferrer nofollow\" href=\"https:\/\/x.com\/share?url=https:\/\/www.lavillagardendesign.com\/es\/materiales-de-alta-calidad-para-muebles-de-exterior-aluminio-recubierto-de-polvo-teca-polipropileno-y-ceramica\/\" target=\"_blank\" class=\" wd-social-icon social-twitter\" aria-label=\"X social link\">\n\t\t\t\t\t\t<span class=\"wd-icon\"><\/span>\n\t\t\t\t\t\t\t\t\t\t\t<\/a>\n\t\t\t\t\n\t\t\t\t\n\t\t\t\t\n\t\t\t\t\n\t\t\t\t\n\t\t\t\t\n\t\t\t\t\t\t\t\t\t<a rel=\"noopener noreferrer nofollow\" href=\"https:\/\/pinterest.com\/pin\/create\/button\/?url=https:\/\/www.lavillagardendesign.com\/es\/materiales-de-alta-calidad-para-muebles-de-exterior-aluminio-recubierto-de-polvo-teca-polipropileno-y-ceramica\/&#038;media=https:\/\/www.lavillagardendesign.com\/wp-content\/uploads\/2026\/03\/Diseno-sin-titulo.png&#038;description=Materiales%20de%20alta%20calidad%20para%20muebles%20de%20exterior%3A%20Aluminio%20recubierto%20de%20polvo%2C%20teca%2C%20polipropileno%20y%20cer%C3%A1mica\" target=\"_blank\" class=\" wd-social-icon social-pinterest\" aria-label=\"Pinterest social link\">\n\t\t\t\t\t\t<span class=\"wd-icon\"><\/span>\n\t\t\t\t\t\t\t\t\t\t\t<\/a>\n\t\t\t\t\n\t\t\t\t\n\t\t\t\t\n\t\t\t\t\n\t\t\t\t\n\t\t\t\t\n\t\t\t\t\n\t\t\t\t\n\t\t\t\t\n\t\t\t\t\n\t\t\t\t\n\t\t\t\t\n\t\t\t\t\n\t\t\t\t\n\t\t\t\t\n\t\t\t\t\n\t\t\t\t\n\t\t\t\t\n\t\t\t\t\n\t\t\t<\/div>\n\n\t\t\t\t\t\t\t\t\t\t<\/div>\n\t\t\t\t\t\t\t\t<div class=\"tooltip-arrow\"><\/div>\n\t\t\t\t\t\t\t<\/div>\n\t\t\t\t\t\t<\/div>\n\t\t\t\t\t\n\t\t\t\t\t\t\t\t\t<\/div>\n\t\t\t<\/div>\n\t\t\t<\/div>\n\n\t<div class=\"wd-post-content\">\n\t\t<div class=\"wd-post-meta wd-post-entry-meta\">\n\t\t\t\n\t\t\t\t\t\t\t<div class=\"wd-post-cat wd-style-default\">\n\t\t\t\t\t<a href=\"https:\/\/www.lavillagardendesign.com\/es\/category\/material-es\/\" rel=\"category tag\">Material<\/a>\t\t\t\t<\/div>\n\t\t\t\n\t\t\t\t\t\t\t<div class=\"wd-post-date wd-style-default\">\n\t\t\t\t\t<time class=\"published\" datetime=\"2026-03-11T18:39:17+01:00\">\n\t\t\t\t\t\t11 Mar 2026\t\t\t\t\t<\/time>\n\t\t\t\t<\/div>\n\n\t\t\t\t<div class=\"wd-modified-date\">\n\t\t\t\t\t\t\t<time class=\"updated\" datetime=\"2026-03-12T20:24:56+01:00\">\n\t\t\t12 de marzo de 2026\t\t<\/time>\n\t\t\t\t\t\t<\/div>\n\t\t\t\t\t<\/div>\n\n\t\t\t\t\t<h3 class=\"wd-post-title wd-entities-title title post-title\">\n\t\t\t\t<a href=\"https:\/\/www.lavillagardendesign.com\/es\/materiales-de-alta-calidad-para-muebles-de-exterior-aluminio-recubierto-de-polvo-teca-polipropileno-y-ceramica\/\" rel=\"bookmark\">\n\t\t\t\t\tMateriales de alta calidad para muebles de exterior: Aluminio recubierto de polvo, teca, polipropileno y cer\u00e1mica\t\t\t\t<\/a>\n\t\t\t<\/h3>\n\t\t\n\t\t\n\t\t\t\t\t\t\t\t\t\t<div class=\"wd-post-read-more wd-style-link read-more-section\">\n\t\t\t\t\t\t<a class=\"\" href=\"https:\/\/www.lavillagardendesign.com\/es\/materiales-de-alta-calidad-para-muebles-de-exterior-aluminio-recubierto-de-polvo-teca-polipropileno-y-ceramica\/\">Continue reading<\/a>\t\t\t\t\t<\/div>\n\t\t\t\t\t\t\t<\/div>\n\n\t\t\t<\/div>\n\t<\/article>\n\t\t\t\t\t<\/div>\n\t\t\t\t<div class=\"wd-carousel-item\">\n\t\t\t\t\t\t\t\n<article id=\"post-62874\" class=\"wd-post blog-design-meta-image blog-post-loop blog-style-bg post-62874 post type-post status-publish format-standard has-post-thumbnail hentry category-material-es\">\n\t\t\t<div class=\"wd-post-inner\">\n\t\n\t<div class=\"wd-post-thumb color-scheme-light\">\n\t\t\t\t\t<div class=\"wd-post-img\">\n\t\t\t\t<img loading=\"lazy\" decoding=\"async\" width=\"754\" height=\"862\" src=\"https:\/\/www.lavillagardendesign.com\/wp-content\/uploads\/2026\/02\/Diseno-sin-titulo-2.png\" class=\"attachment-1536x1536 size-1536x1536\" alt=\"Terrace Ready\" srcset=\"https:\/\/www.lavillagardendesign.com\/wp-content\/uploads\/2026\/02\/Diseno-sin-titulo-2.png 754w, https:\/\/www.lavillagardendesign.com\/wp-content\/uploads\/2026\/02\/Diseno-sin-titulo-2-262x300.png 262w, https:\/\/www.lavillagardendesign.com\/wp-content\/uploads\/2026\/02\/Diseno-sin-titulo-2-700x800.png 700w, https:\/\/www.lavillagardendesign.com\/wp-content\/uploads\/2026\/02\/Diseno-sin-titulo-2-600x686.png 600w, https:\/\/www.lavillagardendesign.com\/wp-content\/uploads\/2026\/02\/Diseno-sin-titulo-2-300x343.png 300w\" sizes=\"auto, (max-width: 754px) 100vw, 754px\" \/>\t\t\t<\/div>\n\t\t\n\t\t\t\t<a class=\"wd-post-link wd-fill\" tabindex=\"-1\" href=\"https:\/\/www.lavillagardendesign.com\/es\/prepara-tu-terraza-para-la-primavera-2026-tendencias-en-mobiliario-de-exterior-de-lujo\/\" rel=\"bookmark\" aria-label=\"Link on post \u00a1Prepara tu terraza para la primavera de 2026! Tendencias en muebles de exterior de lujo\"><\/a>\n\n\t\t\t\t\t<div class=\"wd-post-header\">\n\t\t\t\t\t\t\t\t<div class=\"wd-post-author wd-meta-author\">\n\t\t\t\t\t\t\t\n\t\t\t\t\t<img alt='author-avatar' src='https:\/\/secure.gravatar.com\/avatar\/a53be0156bce3ee4ac13b20b3ddceacb2bb3bad8da31128f43c20673a1ad58d7?s=22&#038;d=mm&#038;r=g' srcset='https:\/\/secure.gravatar.com\/avatar\/a53be0156bce3ee4ac13b20b3ddceacb2bb3bad8da31128f43c20673a1ad58d7?s=44&#038;d=mm&#038;r=g 2x' class='avatar avatar-22 photo' height='22' width='22' \/>\t\t\n\t\t\t\t\t<a href=\"https:\/\/www.lavillagardendesign.com\/es\/author\/la-villa\/\" class=\"author\" rel=\"author\">La Villa<\/a>\n\t\t\t\t\t\t\t\t<\/div>\n\n\t\t\t\t<div class=\"wd-post-actions\">\n\t\t\t\t\t\t\t\t\t\t\t<div tabindex=\"0\" class=\"wd-post-share wd-tltp\">\n\t\t\t\t\t\t\t<div class=\"tooltip top\">\n\t\t\t\t\t\t\t\t<div class=\"tooltip-inner\">\n\t\t\t\t\t\t\t\t\t\t\t\t<div\n\t\t\t\t\t\tclass=\" wd-social-icons wd-style-default wd-size-small social-share wd-shape-circle color-scheme-light text-center\">\n\t\t\t\t\n\t\t\t\t\n\t\t\t\t\t\t\t\t\t<a rel=\"noopener noreferrer nofollow\" href=\"https:\/\/www.facebook.com\/sharer\/sharer.php?u=https:\/\/www.lavillagardendesign.com\/es\/prepara-tu-terraza-para-la-primavera-2026-tendencias-en-mobiliario-de-exterior-de-lujo\/\" target=\"_blank\" class=\" wd-social-icon social-facebook\" aria-label=\"Facebook social link\">\n\t\t\t\t\t\t<span class=\"wd-icon\"><\/span>\n\t\t\t\t\t\t\t\t\t\t\t<\/a>\n\t\t\t\t\n\t\t\t\t\t\t\t\t\t<a rel=\"noopener noreferrer nofollow\" href=\"https:\/\/x.com\/share?url=https:\/\/www.lavillagardendesign.com\/es\/prepara-tu-terraza-para-la-primavera-2026-tendencias-en-mobiliario-de-exterior-de-lujo\/\" target=\"_blank\" class=\" wd-social-icon social-twitter\" aria-label=\"X social link\">\n\t\t\t\t\t\t<span class=\"wd-icon\"><\/span>\n\t\t\t\t\t\t\t\t\t\t\t<\/a>\n\t\t\t\t\n\t\t\t\t\n\t\t\t\t\n\t\t\t\t\n\t\t\t\t\n\t\t\t\t\n\t\t\t\t\t\t\t\t\t<a rel=\"noopener noreferrer nofollow\" href=\"https:\/\/pinterest.com\/pin\/create\/button\/?url=https:\/\/www.lavillagardendesign.com\/es\/prepara-tu-terraza-para-la-primavera-2026-tendencias-en-mobiliario-de-exterior-de-lujo\/&#038;media=https:\/\/www.lavillagardendesign.com\/wp-content\/uploads\/2026\/02\/Diseno-sin-titulo-2.png&#038;description=%C2%A1Prepara%20tu%20terraza%20para%20la%20primavera%20de%202026%21%20Tendencias%20en%20muebles%20de%20exterior%20de%20lujo\" target=\"_blank\" class=\" wd-social-icon social-pinterest\" aria-label=\"Pinterest social link\">\n\t\t\t\t\t\t<span class=\"wd-icon\"><\/span>\n\t\t\t\t\t\t\t\t\t\t\t<\/a>\n\t\t\t\t\n\t\t\t\t\n\t\t\t\t\n\t\t\t\t\n\t\t\t\t\n\t\t\t\t\n\t\t\t\t\n\t\t\t\t\n\t\t\t\t\n\t\t\t\t\n\t\t\t\t\n\t\t\t\t\n\t\t\t\t\n\t\t\t\t\n\t\t\t\t\n\t\t\t\t\n\t\t\t\t\n\t\t\t\t\n\t\t\t\t\n\t\t\t<\/div>\n\n\t\t\t\t\t\t\t\t\t\t<\/div>\n\t\t\t\t\t\t\t\t<div class=\"tooltip-arrow\"><\/div>\n\t\t\t\t\t\t\t<\/div>\n\t\t\t\t\t\t<\/div>\n\t\t\t\t\t\n\t\t\t\t\t\t\t\t\t<\/div>\n\t\t\t<\/div>\n\t\t\t<\/div>\n\n\t<div class=\"wd-post-content\">\n\t\t<div class=\"wd-post-meta wd-post-entry-meta\">\n\t\t\t\n\t\t\t\t\t\t\t<div class=\"wd-post-cat wd-style-default\">\n\t\t\t\t\t<a href=\"https:\/\/www.lavillagardendesign.com\/es\/category\/material-es\/\" rel=\"category tag\">Material<\/a>\t\t\t\t<\/div>\n\t\t\t\n\t\t\t\t\t\t\t<div class=\"wd-post-date wd-style-default\">\n\t\t\t\t\t<time class=\"published\" datetime=\"2026-02-10T20:14:36+01:00\">\n\t\t\t\t\t\t10 Feb 2026\t\t\t\t\t<\/time>\n\t\t\t\t<\/div>\n\n\t\t\t\t<div class=\"wd-modified-date\">\n\t\t\t\t\t\t\t<time class=\"updated\" datetime=\"2026-04-14T10:19:06+02:00\">\n\t\t\t14 de abril de 2026\t\t<\/time>\n\t\t\t\t\t\t<\/div>\n\t\t\t\t\t<\/div>\n\n\t\t\t\t\t<h3 class=\"wd-post-title wd-entities-title title post-title\">\n\t\t\t\t<a href=\"https:\/\/www.lavillagardendesign.com\/es\/prepara-tu-terraza-para-la-primavera-2026-tendencias-en-mobiliario-de-exterior-de-lujo\/\" rel=\"bookmark\">\n\t\t\t\t\t\u00a1Prepara tu terraza para la primavera de 2026! Tendencias en muebles de exterior de lujo\t\t\t\t<\/a>\n\t\t\t<\/h3>\n\t\t\n\t\t\n\t\t\t\t\t\t\t\t\t\t<div class=\"wd-post-read-more wd-style-link read-more-section\">\n\t\t\t\t\t\t<a class=\"\" href=\"https:\/\/www.lavillagardendesign.com\/es\/prepara-tu-terraza-para-la-primavera-2026-tendencias-en-mobiliario-de-exterior-de-lujo\/\">Continue reading<\/a>\t\t\t\t\t<\/div>\n\t\t\t\t\t\t\t<\/div>\n\n\t\t\t<\/div>\n\t<\/article>\n\t\t\t\t\t<\/div>\n\t\t\t\t<div class=\"wd-carousel-item\">\n\t\t\t\t\t\t\t\n<article id=\"post-60551\" class=\"wd-post blog-design-meta-image blog-post-loop blog-style-bg post-60551 post type-post status-publish format-standard has-post-thumbnail hentry category-material-es\">\n\t\t\t<div class=\"wd-post-inner\">\n\t\n\t<div class=\"wd-post-thumb color-scheme-light\">\n\t\t\t\t\t<div class=\"wd-post-img\">\n\t\t\t\t<img loading=\"lazy\" decoding=\"async\" width=\"754\" height=\"862\" src=\"https:\/\/www.lavillagardendesign.com\/wp-content\/uploads\/2026\/01\/Blog.jpg\" class=\"attachment-1536x1536 size-1536x1536\" alt=\"in and out\" srcset=\"https:\/\/www.lavillagardendesign.com\/wp-content\/uploads\/2026\/01\/Blog.jpg 754w, https:\/\/www.lavillagardendesign.com\/wp-content\/uploads\/2026\/01\/Blog-600x686.jpg 600w, https:\/\/www.lavillagardendesign.com\/wp-content\/uploads\/2026\/01\/Blog-300x343.jpg 300w, https:\/\/www.lavillagardendesign.com\/wp-content\/uploads\/2026\/01\/Blog-262x300.jpg 262w, https:\/\/www.lavillagardendesign.com\/wp-content\/uploads\/2026\/01\/Blog-700x800.jpg 700w\" sizes=\"auto, (max-width: 754px) 100vw, 754px\" \/>\t\t\t<\/div>\n\t\t\n\t\t\t\t<a class=\"wd-post-link wd-fill\" tabindex=\"-1\" href=\"https:\/\/www.lavillagardendesign.com\/es\/la-revolucion-dentro-y-fuera-conseguir-la-continuidad-estetica-entre-el-salon-y-la-terraza\/\" rel=\"bookmark\" aria-label=\"Link on post La revoluci\u00f3n \u00abdentro y fuera\u00bb: Conseguir la continuidad est\u00e9tica entre el sal\u00f3n y la terraza\"><\/a>\n\n\t\t\t\t\t<div class=\"wd-post-header\">\n\t\t\t\t\t\t\t\t<div class=\"wd-post-author wd-meta-author\">\n\t\t\t\t\t\t\t\n\t\t\t\t\t<img alt='author-avatar' src='https:\/\/secure.gravatar.com\/avatar\/a53be0156bce3ee4ac13b20b3ddceacb2bb3bad8da31128f43c20673a1ad58d7?s=22&#038;d=mm&#038;r=g' srcset='https:\/\/secure.gravatar.com\/avatar\/a53be0156bce3ee4ac13b20b3ddceacb2bb3bad8da31128f43c20673a1ad58d7?s=44&#038;d=mm&#038;r=g 2x' class='avatar avatar-22 photo' height='22' width='22' \/>\t\t\n\t\t\t\t\t<a href=\"https:\/\/www.lavillagardendesign.com\/es\/author\/la-villa\/\" class=\"author\" rel=\"author\">La Villa<\/a>\n\t\t\t\t\t\t\t\t<\/div>\n\n\t\t\t\t<div class=\"wd-post-actions\">\n\t\t\t\t\t\t\t\t\t\t\t<div tabindex=\"0\" class=\"wd-post-share wd-tltp\">\n\t\t\t\t\t\t\t<div class=\"tooltip top\">\n\t\t\t\t\t\t\t\t<div class=\"tooltip-inner\">\n\t\t\t\t\t\t\t\t\t\t\t\t<div\n\t\t\t\t\t\tclass=\" wd-social-icons wd-style-default wd-size-small social-share wd-shape-circle color-scheme-light text-center\">\n\t\t\t\t\n\t\t\t\t\n\t\t\t\t\t\t\t\t\t<a rel=\"noopener noreferrer nofollow\" href=\"https:\/\/www.facebook.com\/sharer\/sharer.php?u=https:\/\/www.lavillagardendesign.com\/es\/la-revolucion-dentro-y-fuera-conseguir-la-continuidad-estetica-entre-el-salon-y-la-terraza\/\" target=\"_blank\" class=\" wd-social-icon social-facebook\" aria-label=\"Facebook social link\">\n\t\t\t\t\t\t<span class=\"wd-icon\"><\/span>\n\t\t\t\t\t\t\t\t\t\t\t<\/a>\n\t\t\t\t\n\t\t\t\t\t\t\t\t\t<a rel=\"noopener noreferrer nofollow\" href=\"https:\/\/x.com\/share?url=https:\/\/www.lavillagardendesign.com\/es\/la-revolucion-dentro-y-fuera-conseguir-la-continuidad-estetica-entre-el-salon-y-la-terraza\/\" target=\"_blank\" class=\" wd-social-icon social-twitter\" aria-label=\"X social link\">\n\t\t\t\t\t\t<span class=\"wd-icon\"><\/span>\n\t\t\t\t\t\t\t\t\t\t\t<\/a>\n\t\t\t\t\n\t\t\t\t\n\t\t\t\t\n\t\t\t\t\n\t\t\t\t\n\t\t\t\t\n\t\t\t\t\t\t\t\t\t<a rel=\"noopener noreferrer nofollow\" href=\"https:\/\/pinterest.com\/pin\/create\/button\/?url=https:\/\/www.lavillagardendesign.com\/es\/la-revolucion-dentro-y-fuera-conseguir-la-continuidad-estetica-entre-el-salon-y-la-terraza\/&#038;media=https:\/\/www.lavillagardendesign.com\/wp-content\/uploads\/2026\/01\/Blog.jpg&#038;description=La%20revoluci%C3%B3n%20%C2%ABdentro%20y%20fuera%C2%BB%3A%20Conseguir%20la%20continuidad%20est%C3%A9tica%20entre%20el%20sal%C3%B3n%20y%20la%20terraza\" target=\"_blank\" class=\" wd-social-icon social-pinterest\" aria-label=\"Pinterest social link\">\n\t\t\t\t\t\t<span class=\"wd-icon\"><\/span>\n\t\t\t\t\t\t\t\t\t\t\t<\/a>\n\t\t\t\t\n\t\t\t\t\n\t\t\t\t\n\t\t\t\t\n\t\t\t\t\n\t\t\t\t\n\t\t\t\t\n\t\t\t\t\n\t\t\t\t\n\t\t\t\t\n\t\t\t\t\n\t\t\t\t\n\t\t\t\t\n\t\t\t\t\n\t\t\t\t\n\t\t\t\t\n\t\t\t\t\n\t\t\t\t\n\t\t\t\t\n\t\t\t<\/div>\n\n\t\t\t\t\t\t\t\t\t\t<\/div>\n\t\t\t\t\t\t\t\t<div class=\"tooltip-arrow\"><\/div>\n\t\t\t\t\t\t\t<\/div>\n\t\t\t\t\t\t<\/div>\n\t\t\t\t\t\n\t\t\t\t\t\t\t\t\t<\/div>\n\t\t\t<\/div>\n\t\t\t<\/div>\n\n\t<div class=\"wd-post-content\">\n\t\t<div class=\"wd-post-meta wd-post-entry-meta\">\n\t\t\t\n\t\t\t\t\t\t\t<div class=\"wd-post-cat wd-style-default\">\n\t\t\t\t\t<a href=\"https:\/\/www.lavillagardendesign.com\/es\/category\/material-es\/\" rel=\"category tag\">Material<\/a>\t\t\t\t<\/div>\n\t\t\t\n\t\t\t\t\t\t\t<div class=\"wd-post-date wd-style-default\">\n\t\t\t\t\t<time class=\"published\" datetime=\"2026-01-21T20:01:48+01:00\">\n\t\t\t\t\t\t21 Ene 2026\t\t\t\t\t<\/time>\n\t\t\t\t<\/div>\n\n\t\t\t\t<div class=\"wd-modified-date\">\n\t\t\t\t\t\t\t<time class=\"updated\" datetime=\"2026-04-14T10:20:34+02:00\">\n\t\t\t14 de abril de 2026\t\t<\/time>\n\t\t\t\t\t\t<\/div>\n\t\t\t\t\t<\/div>\n\n\t\t\t\t\t<h3 class=\"wd-post-title wd-entities-title title post-title\">\n\t\t\t\t<a href=\"https:\/\/www.lavillagardendesign.com\/es\/la-revolucion-dentro-y-fuera-conseguir-la-continuidad-estetica-entre-el-salon-y-la-terraza\/\" rel=\"bookmark\">\n\t\t\t\t\tLa revoluci\u00f3n \u00abdentro y fuera\u00bb: Conseguir la continuidad est\u00e9tica entre el sal\u00f3n y la terraza\t\t\t\t<\/a>\n\t\t\t<\/h3>\n\t\t\n\t\t\n\t\t\t\t\t\t\t\t\t\t<div class=\"wd-post-read-more wd-style-link read-more-section\">\n\t\t\t\t\t\t<a class=\"\" href=\"https:\/\/www.lavillagardendesign.com\/es\/la-revolucion-dentro-y-fuera-conseguir-la-continuidad-estetica-entre-el-salon-y-la-terraza\/\">Continue reading<\/a>\t\t\t\t\t<\/div>\n\t\t\t\t\t\t\t<\/div>\n\n\t\t\t<\/div>\n\t<\/article>\n\t\t\t\t\t<\/div>\n\t\t\t\t<div class=\"wd-carousel-item\">\n\t\t\t\t\t\t\t\n<article id=\"post-59320\" class=\"wd-post blog-design-meta-image blog-post-loop blog-style-bg post-59320 post type-post status-publish format-standard has-post-thumbnail hentry category-material-es\">\n\t\t\t<div class=\"wd-post-inner\">\n\t\n\t<div class=\"wd-post-thumb color-scheme-light\">\n\t\t\t\t\t<div class=\"wd-post-img\">\n\t\t\t\t<img loading=\"lazy\" decoding=\"async\" width=\"754\" height=\"862\" src=\"https:\/\/www.lavillagardendesign.com\/wp-content\/uploads\/2025\/12\/Blog.jpg\" class=\"attachment-1536x1536 size-1536x1536\" alt=\"\" srcset=\"https:\/\/www.lavillagardendesign.com\/wp-content\/uploads\/2025\/12\/Blog.jpg 754w, https:\/\/www.lavillagardendesign.com\/wp-content\/uploads\/2025\/12\/Blog-600x686.jpg 600w, https:\/\/www.lavillagardendesign.com\/wp-content\/uploads\/2025\/12\/Blog-300x343.jpg 300w, https:\/\/www.lavillagardendesign.com\/wp-content\/uploads\/2025\/12\/Blog-262x300.jpg 262w, https:\/\/www.lavillagardendesign.com\/wp-content\/uploads\/2025\/12\/Blog-700x800.jpg 700w\" sizes=\"auto, (max-width: 754px) 100vw, 754px\" \/>\t\t\t<\/div>\n\t\t\n\t\t\t\t<a class=\"wd-post-link wd-fill\" tabindex=\"-1\" href=\"https:\/\/www.lavillagardendesign.com\/es\/redefiniendo-la-navidad-de-lujo-al-aire-libre-con-la-villa\/\" rel=\"bookmark\" aria-label=\"Link on post Redefiniendo la Navidad de lujo al aire libre con La Villa\"><\/a>\n\n\t\t\t\t\t<div class=\"wd-post-header\">\n\t\t\t\t\t\t\t\t<div class=\"wd-post-author wd-meta-author\">\n\t\t\t\t\t\t\t\n\t\t\t\t\t<img alt='author-avatar' src='https:\/\/secure.gravatar.com\/avatar\/a53be0156bce3ee4ac13b20b3ddceacb2bb3bad8da31128f43c20673a1ad58d7?s=22&#038;d=mm&#038;r=g' srcset='https:\/\/secure.gravatar.com\/avatar\/a53be0156bce3ee4ac13b20b3ddceacb2bb3bad8da31128f43c20673a1ad58d7?s=44&#038;d=mm&#038;r=g 2x' class='avatar avatar-22 photo' height='22' width='22' \/>\t\t\n\t\t\t\t\t<a href=\"https:\/\/www.lavillagardendesign.com\/es\/author\/la-villa\/\" class=\"author\" rel=\"author\">La Villa<\/a>\n\t\t\t\t\t\t\t\t<\/div>\n\n\t\t\t\t<div class=\"wd-post-actions\">\n\t\t\t\t\t\t\t\t\t\t\t<div tabindex=\"0\" class=\"wd-post-share wd-tltp\">\n\t\t\t\t\t\t\t<div class=\"tooltip top\">\n\t\t\t\t\t\t\t\t<div class=\"tooltip-inner\">\n\t\t\t\t\t\t\t\t\t\t\t\t<div\n\t\t\t\t\t\tclass=\" wd-social-icons wd-style-default wd-size-small social-share wd-shape-circle color-scheme-light text-center\">\n\t\t\t\t\n\t\t\t\t\n\t\t\t\t\t\t\t\t\t<a rel=\"noopener noreferrer nofollow\" href=\"https:\/\/www.facebook.com\/sharer\/sharer.php?u=https:\/\/www.lavillagardendesign.com\/es\/redefiniendo-la-navidad-de-lujo-al-aire-libre-con-la-villa\/\" target=\"_blank\" class=\" wd-social-icon social-facebook\" aria-label=\"Facebook social link\">\n\t\t\t\t\t\t<span class=\"wd-icon\"><\/span>\n\t\t\t\t\t\t\t\t\t\t\t<\/a>\n\t\t\t\t\n\t\t\t\t\t\t\t\t\t<a rel=\"noopener noreferrer nofollow\" href=\"https:\/\/x.com\/share?url=https:\/\/www.lavillagardendesign.com\/es\/redefiniendo-la-navidad-de-lujo-al-aire-libre-con-la-villa\/\" target=\"_blank\" class=\" wd-social-icon social-twitter\" aria-label=\"X social link\">\n\t\t\t\t\t\t<span class=\"wd-icon\"><\/span>\n\t\t\t\t\t\t\t\t\t\t\t<\/a>\n\t\t\t\t\n\t\t\t\t\n\t\t\t\t\n\t\t\t\t\n\t\t\t\t\n\t\t\t\t\n\t\t\t\t\t\t\t\t\t<a rel=\"noopener noreferrer nofollow\" href=\"https:\/\/pinterest.com\/pin\/create\/button\/?url=https:\/\/www.lavillagardendesign.com\/es\/redefiniendo-la-navidad-de-lujo-al-aire-libre-con-la-villa\/&#038;media=https:\/\/www.lavillagardendesign.com\/wp-content\/uploads\/2025\/12\/Blog.jpg&#038;description=Redefiniendo%20la%20Navidad%20de%20lujo%20al%20aire%20libre%20con%20La%20Villa\" target=\"_blank\" class=\" wd-social-icon social-pinterest\" aria-label=\"Pinterest social link\">\n\t\t\t\t\t\t<span class=\"wd-icon\"><\/span>\n\t\t\t\t\t\t\t\t\t\t\t<\/a>\n\t\t\t\t\n\t\t\t\t\n\t\t\t\t\n\t\t\t\t\n\t\t\t\t\n\t\t\t\t\n\t\t\t\t\n\t\t\t\t\n\t\t\t\t\n\t\t\t\t\n\t\t\t\t\n\t\t\t\t\n\t\t\t\t\n\t\t\t\t\n\t\t\t\t\n\t\t\t\t\n\t\t\t\t\n\t\t\t\t\n\t\t\t\t\n\t\t\t<\/div>\n\n\t\t\t\t\t\t\t\t\t\t<\/div>\n\t\t\t\t\t\t\t\t<div class=\"tooltip-arrow\"><\/div>\n\t\t\t\t\t\t\t<\/div>\n\t\t\t\t\t\t<\/div>\n\t\t\t\t\t\n\t\t\t\t\t\t\t\t\t<\/div>\n\t\t\t<\/div>\n\t\t\t<\/div>\n\n\t<div class=\"wd-post-content\">\n\t\t<div class=\"wd-post-meta wd-post-entry-meta\">\n\t\t\t\n\t\t\t\t\t\t\t<div class=\"wd-post-cat wd-style-default\">\n\t\t\t\t\t<a href=\"https:\/\/www.lavillagardendesign.com\/es\/category\/material-es\/\" rel=\"category tag\">Material<\/a>\t\t\t\t<\/div>\n\t\t\t\n\t\t\t\t\t\t\t<div class=\"wd-post-date wd-style-default\">\n\t\t\t\t\t<time class=\"published\" datetime=\"2025-12-13T09:45:25+01:00\">\n\t\t\t\t\t\t13 Dic 2025\t\t\t\t\t<\/time>\n\t\t\t\t<\/div>\n\n\t\t\t\t<div class=\"wd-modified-date\">\n\t\t\t\t\t\t\t<time class=\"updated\" datetime=\"2026-03-12T20:28:06+01:00\">\n\t\t\t12 de marzo de 2026\t\t<\/time>\n\t\t\t\t\t\t<\/div>\n\t\t\t\t\t<\/div>\n\n\t\t\t\t\t<h3 class=\"wd-post-title wd-entities-title title post-title\">\n\t\t\t\t<a href=\"https:\/\/www.lavillagardendesign.com\/es\/redefiniendo-la-navidad-de-lujo-al-aire-libre-con-la-villa\/\" rel=\"bookmark\">\n\t\t\t\t\tRedefiniendo la Navidad de lujo al aire libre con La Villa\t\t\t\t<\/a>\n\t\t\t<\/h3>\n\t\t\n\t\t\n\t\t\t\t\t\t\t\t\t\t<div class=\"wd-post-read-more wd-style-link read-more-section\">\n\t\t\t\t\t\t<a class=\"\" href=\"https:\/\/www.lavillagardendesign.com\/es\/redefiniendo-la-navidad-de-lujo-al-aire-libre-con-la-villa\/\">Continue reading<\/a>\t\t\t\t\t<\/div>\n\t\t\t\t\t\t\t<\/div>\n\n\t\t\t<\/div>\n\t<\/article>\n\t\t\t\t\t<\/div>\n\t\t\t\t<div class=\"wd-carousel-item\">\n\t\t\t\t\t\t\t\n<article id=\"post-58928\" class=\"wd-post blog-design-meta-image blog-post-loop blog-style-bg post-58928 post type-post status-publish format-standard has-post-thumbnail hentry category-material-es\">\n\t\t\t<div class=\"wd-post-inner\">\n\t\n\t<div class=\"wd-post-thumb color-scheme-light\">\n\t\t\t\t\t<div class=\"wd-post-img\">\n\t\t\t\t<img loading=\"lazy\" decoding=\"async\" width=\"754\" height=\"862\" src=\"https:\/\/www.lavillagardendesign.com\/wp-content\/uploads\/2025\/11\/vondom.jpg\" class=\"attachment-1536x1536 size-1536x1536\" alt=\"\" srcset=\"https:\/\/www.lavillagardendesign.com\/wp-content\/uploads\/2025\/11\/vondom.jpg 754w, https:\/\/www.lavillagardendesign.com\/wp-content\/uploads\/2025\/11\/vondom-600x686.jpg 600w, https:\/\/www.lavillagardendesign.com\/wp-content\/uploads\/2025\/11\/vondom-300x343.jpg 300w, https:\/\/www.lavillagardendesign.com\/wp-content\/uploads\/2025\/11\/vondom-262x300.jpg 262w, https:\/\/www.lavillagardendesign.com\/wp-content\/uploads\/2025\/11\/vondom-700x800.jpg 700w\" sizes=\"auto, (max-width: 754px) 100vw, 754px\" \/>\t\t\t<\/div>\n\t\t\n\t\t\t\t<a class=\"wd-post-link wd-fill\" tabindex=\"-1\" href=\"https:\/\/www.lavillagardendesign.com\/es\/como-preparar-tu-terraza-para-el-invierno-muebles-de-exterior-que-duran\/\" rel=\"bookmark\" aria-label=\"Link on post C\u00f3mo preparar tu terraza para el invierno: Muebles de exterior que duran\"><\/a>\n\n\t\t\t\t\t<div class=\"wd-post-header\">\n\t\t\t\t\t\t\t\t<div class=\"wd-post-author wd-meta-author\">\n\t\t\t\t\t\t\t\n\t\t\t\t\t<img alt='author-avatar' src='https:\/\/secure.gravatar.com\/avatar\/a53be0156bce3ee4ac13b20b3ddceacb2bb3bad8da31128f43c20673a1ad58d7?s=22&#038;d=mm&#038;r=g' srcset='https:\/\/secure.gravatar.com\/avatar\/a53be0156bce3ee4ac13b20b3ddceacb2bb3bad8da31128f43c20673a1ad58d7?s=44&#038;d=mm&#038;r=g 2x' class='avatar avatar-22 photo' height='22' width='22' \/>\t\t\n\t\t\t\t\t<a href=\"https:\/\/www.lavillagardendesign.com\/es\/author\/la-villa\/\" class=\"author\" rel=\"author\">La Villa<\/a>\n\t\t\t\t\t\t\t\t<\/div>\n\n\t\t\t\t<div class=\"wd-post-actions\">\n\t\t\t\t\t\t\t\t\t\t\t<div tabindex=\"0\" class=\"wd-post-share wd-tltp\">\n\t\t\t\t\t\t\t<div class=\"tooltip top\">\n\t\t\t\t\t\t\t\t<div class=\"tooltip-inner\">\n\t\t\t\t\t\t\t\t\t\t\t\t<div\n\t\t\t\t\t\tclass=\" wd-social-icons wd-style-default wd-size-small social-share wd-shape-circle color-scheme-light text-center\">\n\t\t\t\t\n\t\t\t\t\n\t\t\t\t\t\t\t\t\t<a rel=\"noopener noreferrer nofollow\" href=\"https:\/\/www.facebook.com\/sharer\/sharer.php?u=https:\/\/www.lavillagardendesign.com\/es\/como-preparar-tu-terraza-para-el-invierno-muebles-de-exterior-que-duran\/\" target=\"_blank\" class=\" wd-social-icon social-facebook\" aria-label=\"Facebook social link\">\n\t\t\t\t\t\t<span class=\"wd-icon\"><\/span>\n\t\t\t\t\t\t\t\t\t\t\t<\/a>\n\t\t\t\t\n\t\t\t\t\t\t\t\t\t<a rel=\"noopener noreferrer nofollow\" href=\"https:\/\/x.com\/share?url=https:\/\/www.lavillagardendesign.com\/es\/como-preparar-tu-terraza-para-el-invierno-muebles-de-exterior-que-duran\/\" target=\"_blank\" class=\" wd-social-icon social-twitter\" aria-label=\"X social link\">\n\t\t\t\t\t\t<span class=\"wd-icon\"><\/span>\n\t\t\t\t\t\t\t\t\t\t\t<\/a>\n\t\t\t\t\n\t\t\t\t\n\t\t\t\t\n\t\t\t\t\n\t\t\t\t\n\t\t\t\t\n\t\t\t\t\t\t\t\t\t<a rel=\"noopener noreferrer nofollow\" href=\"https:\/\/pinterest.com\/pin\/create\/button\/?url=https:\/\/www.lavillagardendesign.com\/es\/como-preparar-tu-terraza-para-el-invierno-muebles-de-exterior-que-duran\/&#038;media=https:\/\/www.lavillagardendesign.com\/wp-content\/uploads\/2025\/11\/vondom.jpg&#038;description=C%C3%B3mo%20preparar%20tu%20terraza%20para%20el%20invierno%3A%20Muebles%20de%20exterior%20que%20duran\" target=\"_blank\" class=\" wd-social-icon social-pinterest\" aria-label=\"Pinterest social link\">\n\t\t\t\t\t\t<span class=\"wd-icon\"><\/span>\n\t\t\t\t\t\t\t\t\t\t\t<\/a>\n\t\t\t\t\n\t\t\t\t\n\t\t\t\t\n\t\t\t\t\n\t\t\t\t\n\t\t\t\t\n\t\t\t\t\n\t\t\t\t\n\t\t\t\t\n\t\t\t\t\n\t\t\t\t\n\t\t\t\t\n\t\t\t\t\n\t\t\t\t\n\t\t\t\t\n\t\t\t\t\n\t\t\t\t\n\t\t\t\t\n\t\t\t\t\n\t\t\t<\/div>\n\n\t\t\t\t\t\t\t\t\t\t<\/div>\n\t\t\t\t\t\t\t\t<div class=\"tooltip-arrow\"><\/div>\n\t\t\t\t\t\t\t<\/div>\n\t\t\t\t\t\t<\/div>\n\t\t\t\t\t\n\t\t\t\t\t\t\t\t\t<\/div>\n\t\t\t<\/div>\n\t\t\t<\/div>\n\n\t<div class=\"wd-post-content\">\n\t\t<div class=\"wd-post-meta wd-post-entry-meta\">\n\t\t\t\n\t\t\t\t\t\t\t<div class=\"wd-post-cat wd-style-default\">\n\t\t\t\t\t<a href=\"https:\/\/www.lavillagardendesign.com\/es\/category\/material-es\/\" rel=\"category tag\">Material<\/a>\t\t\t\t<\/div>\n\t\t\t\n\t\t\t\t\t\t\t<div class=\"wd-post-date wd-style-default\">\n\t\t\t\t\t<time class=\"published\" datetime=\"2025-11-15T15:29:36+01:00\">\n\t\t\t\t\t\t15 Nov 2025\t\t\t\t\t<\/time>\n\t\t\t\t<\/div>\n\n\t\t\t\t<div class=\"wd-modified-date\">\n\t\t\t\t\t\t\t<time class=\"updated\" datetime=\"2026-03-11T19:21:10+01:00\">\n\t\t\t11 de marzo de 2026\t\t<\/time>\n\t\t\t\t\t\t<\/div>\n\t\t\t\t\t<\/div>\n\n\t\t\t\t\t<h3 class=\"wd-post-title wd-entities-title title post-title\">\n\t\t\t\t<a href=\"https:\/\/www.lavillagardendesign.com\/es\/como-preparar-tu-terraza-para-el-invierno-muebles-de-exterior-que-duran\/\" rel=\"bookmark\">\n\t\t\t\t\tC\u00f3mo preparar tu terraza para el invierno: Muebles de exterior que duran\t\t\t\t<\/a>\n\t\t\t<\/h3>\n\t\t\n\t\t\n\t\t\t\t\t\t\t\t\t\t<div class=\"wd-post-read-more wd-style-link read-more-section\">\n\t\t\t\t\t\t<a class=\"\" href=\"https:\/\/www.lavillagardendesign.com\/es\/como-preparar-tu-terraza-para-el-invierno-muebles-de-exterior-que-duran\/\">Continue reading<\/a>\t\t\t\t\t<\/div>\n\t\t\t\t\t\t\t<\/div>\n\n\t\t\t<\/div>\n\t<\/article>\n\t\t\t\t\t<\/div>\n\t\t\t\t<div class=\"wd-carousel-item\">\n\t\t\t\t\t\t\t\n<article id=\"post-58656\" class=\"wd-post blog-design-meta-image blog-post-loop blog-style-bg post-58656 post type-post status-publish format-standard has-post-thumbnail hentry category-material-es\">\n\t\t\t<div class=\"wd-post-inner\">\n\t\n\t<div class=\"wd-post-thumb color-scheme-light\">\n\t\t\t\t\t<div class=\"wd-post-img\">\n\t\t\t\t<img loading=\"lazy\" decoding=\"async\" width=\"754\" height=\"862\" src=\"https:\/\/www.lavillagardendesign.com\/wp-content\/uploads\/2025\/10\/Blog.jpg\" class=\"attachment-1536x1536 size-1536x1536\" alt=\"\" srcset=\"https:\/\/www.lavillagardendesign.com\/wp-content\/uploads\/2025\/10\/Blog.jpg 754w, https:\/\/www.lavillagardendesign.com\/wp-content\/uploads\/2025\/10\/Blog-600x686.jpg 600w, https:\/\/www.lavillagardendesign.com\/wp-content\/uploads\/2025\/10\/Blog-300x343.jpg 300w, https:\/\/www.lavillagardendesign.com\/wp-content\/uploads\/2025\/10\/Blog-262x300.jpg 262w, https:\/\/www.lavillagardendesign.com\/wp-content\/uploads\/2025\/10\/Blog-700x800.jpg 700w\" sizes=\"auto, (max-width: 754px) 100vw, 754px\" \/>\t\t\t<\/div>\n\t\t\n\t\t\t\t<a class=\"wd-post-link wd-fill\" tabindex=\"-1\" href=\"https:\/\/www.lavillagardendesign.com\/es\/octubre-con-estilo-al-aire-libre-descubre-la-villa-garden-design\/\" rel=\"bookmark\" aria-label=\"Link on post Octubre con estilo al aire libre: Descubre La Villa Garden &amp;Design\"><\/a>\n\n\t\t\t\t\t<div class=\"wd-post-header\">\n\t\t\t\t\t\t\t\t<div class=\"wd-post-author wd-meta-author\">\n\t\t\t\t\t\t\t\n\t\t\t\t\t<img alt='author-avatar' src='https:\/\/secure.gravatar.com\/avatar\/a53be0156bce3ee4ac13b20b3ddceacb2bb3bad8da31128f43c20673a1ad58d7?s=22&#038;d=mm&#038;r=g' srcset='https:\/\/secure.gravatar.com\/avatar\/a53be0156bce3ee4ac13b20b3ddceacb2bb3bad8da31128f43c20673a1ad58d7?s=44&#038;d=mm&#038;r=g 2x' class='avatar avatar-22 photo' height='22' width='22' \/>\t\t\n\t\t\t\t\t<a href=\"https:\/\/www.lavillagardendesign.com\/es\/author\/la-villa\/\" class=\"author\" rel=\"author\">La Villa<\/a>\n\t\t\t\t\t\t\t\t<\/div>\n\n\t\t\t\t<div class=\"wd-post-actions\">\n\t\t\t\t\t\t\t\t\t\t\t<div tabindex=\"0\" class=\"wd-post-share wd-tltp\">\n\t\t\t\t\t\t\t<div class=\"tooltip top\">\n\t\t\t\t\t\t\t\t<div class=\"tooltip-inner\">\n\t\t\t\t\t\t\t\t\t\t\t\t<div\n\t\t\t\t\t\tclass=\" wd-social-icons wd-style-default wd-size-small social-share wd-shape-circle color-scheme-light text-center\">\n\t\t\t\t\n\t\t\t\t\n\t\t\t\t\t\t\t\t\t<a rel=\"noopener noreferrer nofollow\" href=\"https:\/\/www.facebook.com\/sharer\/sharer.php?u=https:\/\/www.lavillagardendesign.com\/es\/octubre-con-estilo-al-aire-libre-descubre-la-villa-garden-design\/\" target=\"_blank\" class=\" wd-social-icon social-facebook\" aria-label=\"Facebook social link\">\n\t\t\t\t\t\t<span class=\"wd-icon\"><\/span>\n\t\t\t\t\t\t\t\t\t\t\t<\/a>\n\t\t\t\t\n\t\t\t\t\t\t\t\t\t<a rel=\"noopener noreferrer nofollow\" href=\"https:\/\/x.com\/share?url=https:\/\/www.lavillagardendesign.com\/es\/octubre-con-estilo-al-aire-libre-descubre-la-villa-garden-design\/\" target=\"_blank\" class=\" wd-social-icon social-twitter\" aria-label=\"X social link\">\n\t\t\t\t\t\t<span class=\"wd-icon\"><\/span>\n\t\t\t\t\t\t\t\t\t\t\t<\/a>\n\t\t\t\t\n\t\t\t\t\n\t\t\t\t\n\t\t\t\t\n\t\t\t\t\n\t\t\t\t\n\t\t\t\t\t\t\t\t\t<a rel=\"noopener noreferrer nofollow\" href=\"https:\/\/pinterest.com\/pin\/create\/button\/?url=https:\/\/www.lavillagardendesign.com\/es\/octubre-con-estilo-al-aire-libre-descubre-la-villa-garden-design\/&#038;media=https:\/\/www.lavillagardendesign.com\/wp-content\/uploads\/2025\/10\/Blog.jpg&#038;description=Octubre%20con%20estilo%20al%20aire%20libre%3A%20Descubre%20La%20Villa%20Garden%20%26amp%3BDesign\" target=\"_blank\" class=\" wd-social-icon social-pinterest\" aria-label=\"Pinterest social link\">\n\t\t\t\t\t\t<span class=\"wd-icon\"><\/span>\n\t\t\t\t\t\t\t\t\t\t\t<\/a>\n\t\t\t\t\n\t\t\t\t\n\t\t\t\t\n\t\t\t\t\n\t\t\t\t\n\t\t\t\t\n\t\t\t\t\n\t\t\t\t\n\t\t\t\t\n\t\t\t\t\n\t\t\t\t\n\t\t\t\t\n\t\t\t\t\n\t\t\t\t\n\t\t\t\t\n\t\t\t\t\n\t\t\t\t\n\t\t\t\t\n\t\t\t\t\n\t\t\t<\/div>\n\n\t\t\t\t\t\t\t\t\t\t<\/div>\n\t\t\t\t\t\t\t\t<div class=\"tooltip-arrow\"><\/div>\n\t\t\t\t\t\t\t<\/div>\n\t\t\t\t\t\t<\/div>\n\t\t\t\t\t\n\t\t\t\t\t\t\t\t\t<\/div>\n\t\t\t<\/div>\n\t\t\t<\/div>\n\n\t<div class=\"wd-post-content\">\n\t\t<div class=\"wd-post-meta wd-post-entry-meta\">\n\t\t\t\n\t\t\t\t\t\t\t<div class=\"wd-post-cat wd-style-default\">\n\t\t\t\t\t<a href=\"https:\/\/www.lavillagardendesign.com\/es\/category\/material-es\/\" rel=\"category tag\">Material<\/a>\t\t\t\t<\/div>\n\t\t\t\n\t\t\t\t\t\t\t<div class=\"wd-post-date wd-style-default\">\n\t\t\t\t\t<time class=\"published\" datetime=\"2025-10-17T20:12:24+02:00\">\n\t\t\t\t\t\t17 Oct 2025\t\t\t\t\t<\/time>\n\t\t\t\t<\/div>\n\n\t\t\t\t<div class=\"wd-modified-date\">\n\t\t\t\t\t\t\t<time class=\"updated\" datetime=\"2026-04-14T10:22:30+02:00\">\n\t\t\t14 de abril de 2026\t\t<\/time>\n\t\t\t\t\t\t<\/div>\n\t\t\t\t\t<\/div>\n\n\t\t\t\t\t<h3 class=\"wd-post-title wd-entities-title title post-title\">\n\t\t\t\t<a href=\"https:\/\/www.lavillagardendesign.com\/es\/octubre-con-estilo-al-aire-libre-descubre-la-villa-garden-design\/\" rel=\"bookmark\">\n\t\t\t\t\tOctubre con estilo al aire libre: Descubre La Villa Garden &amp;Design\t\t\t\t<\/a>\n\t\t\t<\/h3>\n\t\t\n\t\t\n\t\t\t\t\t\t\t\t\t\t<div class=\"wd-post-read-more wd-style-link read-more-section\">\n\t\t\t\t\t\t<a class=\"\" href=\"https:\/\/www.lavillagardendesign.com\/es\/octubre-con-estilo-al-aire-libre-descubre-la-villa-garden-design\/\">Continue reading<\/a>\t\t\t\t\t<\/div>\n\t\t\t\t\t\t\t<\/div>\n\n\t\t\t<\/div>\n\t<\/article>\n\t\t\t\t\t<\/div>\n\t\t\t\t<div class=\"wd-carousel-item\">\n\t\t\t\t\t\t\t\n<article id=\"post-58536\" class=\"wd-post blog-design-meta-image blog-post-loop blog-style-bg post-58536 post type-post status-publish format-standard has-post-thumbnail hentry category-material-es\">\n\t\t\t<div class=\"wd-post-inner\">\n\t\n\t<div class=\"wd-post-thumb color-scheme-light\">\n\t\t\t\t\t<div class=\"wd-post-img\">\n\t\t\t\t<img loading=\"lazy\" decoding=\"async\" width=\"754\" height=\"862\" src=\"https:\/\/www.lavillagardendesign.com\/wp-content\/uploads\/2025\/09\/Blog.jpg\" class=\"attachment-1536x1536 size-1536x1536\" alt=\"autumn outdoor living\" srcset=\"https:\/\/www.lavillagardendesign.com\/wp-content\/uploads\/2025\/09\/Blog.jpg 754w, https:\/\/www.lavillagardendesign.com\/wp-content\/uploads\/2025\/09\/Blog-600x686.jpg 600w, https:\/\/www.lavillagardendesign.com\/wp-content\/uploads\/2025\/09\/Blog-300x343.jpg 300w, https:\/\/www.lavillagardendesign.com\/wp-content\/uploads\/2025\/09\/Blog-262x300.jpg 262w, https:\/\/www.lavillagardendesign.com\/wp-content\/uploads\/2025\/09\/Blog-700x800.jpg 700w\" sizes=\"auto, (max-width: 754px) 100vw, 754px\" \/>\t\t\t<\/div>\n\t\t\n\t\t\t\t<a class=\"wd-post-link wd-fill\" tabindex=\"-1\" href=\"https:\/\/www.lavillagardendesign.com\/es\/inspirados-por-el-otono-tendencias-en-mobiliario-de-exterior-para-la-temporada-2\/\" rel=\"bookmark\" aria-label=\"Link on post Inspirados por el Oto\u00f1o: Tendencias en mobiliario de exterior para la temporada\"><\/a>\n\n\t\t\t\t\t<div class=\"wd-post-header\">\n\t\t\t\t\t\t\t\t<div class=\"wd-post-author wd-meta-author\">\n\t\t\t\t\t\t\t\n\t\t\t\t\t<img alt='author-avatar' src='https:\/\/secure.gravatar.com\/avatar\/a53be0156bce3ee4ac13b20b3ddceacb2bb3bad8da31128f43c20673a1ad58d7?s=22&#038;d=mm&#038;r=g' srcset='https:\/\/secure.gravatar.com\/avatar\/a53be0156bce3ee4ac13b20b3ddceacb2bb3bad8da31128f43c20673a1ad58d7?s=44&#038;d=mm&#038;r=g 2x' class='avatar avatar-22 photo' height='22' width='22' \/>\t\t\n\t\t\t\t\t<a href=\"https:\/\/www.lavillagardendesign.com\/es\/author\/la-villa\/\" class=\"author\" rel=\"author\">La Villa<\/a>\n\t\t\t\t\t\t\t\t<\/div>\n\n\t\t\t\t<div class=\"wd-post-actions\">\n\t\t\t\t\t\t\t\t\t\t\t<div tabindex=\"0\" class=\"wd-post-share wd-tltp\">\n\t\t\t\t\t\t\t<div class=\"tooltip top\">\n\t\t\t\t\t\t\t\t<div class=\"tooltip-inner\">\n\t\t\t\t\t\t\t\t\t\t\t\t<div\n\t\t\t\t\t\tclass=\" wd-social-icons wd-style-default wd-size-small social-share wd-shape-circle color-scheme-light text-center\">\n\t\t\t\t\n\t\t\t\t\n\t\t\t\t\t\t\t\t\t<a rel=\"noopener noreferrer nofollow\" href=\"https:\/\/www.facebook.com\/sharer\/sharer.php?u=https:\/\/www.lavillagardendesign.com\/es\/inspirados-por-el-otono-tendencias-en-mobiliario-de-exterior-para-la-temporada-2\/\" target=\"_blank\" class=\" wd-social-icon social-facebook\" aria-label=\"Facebook social link\">\n\t\t\t\t\t\t<span class=\"wd-icon\"><\/span>\n\t\t\t\t\t\t\t\t\t\t\t<\/a>\n\t\t\t\t\n\t\t\t\t\t\t\t\t\t<a rel=\"noopener noreferrer nofollow\" href=\"https:\/\/x.com\/share?url=https:\/\/www.lavillagardendesign.com\/es\/inspirados-por-el-otono-tendencias-en-mobiliario-de-exterior-para-la-temporada-2\/\" target=\"_blank\" class=\" wd-social-icon social-twitter\" aria-label=\"X social link\">\n\t\t\t\t\t\t<span class=\"wd-icon\"><\/span>\n\t\t\t\t\t\t\t\t\t\t\t<\/a>\n\t\t\t\t\n\t\t\t\t\n\t\t\t\t\n\t\t\t\t\n\t\t\t\t\n\t\t\t\t\n\t\t\t\t\t\t\t\t\t<a rel=\"noopener noreferrer nofollow\" href=\"https:\/\/pinterest.com\/pin\/create\/button\/?url=https:\/\/www.lavillagardendesign.com\/es\/inspirados-por-el-otono-tendencias-en-mobiliario-de-exterior-para-la-temporada-2\/&#038;media=https:\/\/www.lavillagardendesign.com\/wp-content\/uploads\/2025\/09\/Blog.jpg&#038;description=Inspirados%20por%20el%20Oto%C3%B1o%3A%20Tendencias%20en%20mobiliario%20de%20exterior%20para%20la%20temporada\" target=\"_blank\" class=\" wd-social-icon social-pinterest\" aria-label=\"Pinterest social link\">\n\t\t\t\t\t\t<span class=\"wd-icon\"><\/span>\n\t\t\t\t\t\t\t\t\t\t\t<\/a>\n\t\t\t\t\n\t\t\t\t\n\t\t\t\t\n\t\t\t\t\n\t\t\t\t\n\t\t\t\t\n\t\t\t\t\n\t\t\t\t\n\t\t\t\t\n\t\t\t\t\n\t\t\t\t\n\t\t\t\t\n\t\t\t\t\n\t\t\t\t\n\t\t\t\t\n\t\t\t\t\n\t\t\t\t\n\t\t\t\t\n\t\t\t\t\n\t\t\t<\/div>\n\n\t\t\t\t\t\t\t\t\t\t<\/div>\n\t\t\t\t\t\t\t\t<div class=\"tooltip-arrow\"><\/div>\n\t\t\t\t\t\t\t<\/div>\n\t\t\t\t\t\t<\/div>\n\t\t\t\t\t\n\t\t\t\t\t\t\t\t\t<\/div>\n\t\t\t<\/div>\n\t\t\t<\/div>\n\n\t<div class=\"wd-post-content\">\n\t\t<div class=\"wd-post-meta wd-post-entry-meta\">\n\t\t\t\n\t\t\t\t\t\t\t<div class=\"wd-post-cat wd-style-default\">\n\t\t\t\t\t<a href=\"https:\/\/www.lavillagardendesign.com\/es\/category\/material-es\/\" rel=\"category tag\">Material<\/a>\t\t\t\t<\/div>\n\t\t\t\n\t\t\t\t\t\t\t<div class=\"wd-post-date wd-style-default\">\n\t\t\t\t\t<time class=\"published\" datetime=\"2025-09-15T10:51:01+02:00\">\n\t\t\t\t\t\t15 Sep 2025\t\t\t\t\t<\/time>\n\t\t\t\t<\/div>\n\n\t\t\t\t<div class=\"wd-modified-date\">\n\t\t\t\t\t\t\t<time class=\"updated\" datetime=\"2026-03-18T13:07:58+01:00\">\n\t\t\t18 de marzo de 2026\t\t<\/time>\n\t\t\t\t\t\t<\/div>\n\t\t\t\t\t<\/div>\n\n\t\t\t\t\t<h3 class=\"wd-post-title wd-entities-title title post-title\">\n\t\t\t\t<a href=\"https:\/\/www.lavillagardendesign.com\/es\/inspirados-por-el-otono-tendencias-en-mobiliario-de-exterior-para-la-temporada-2\/\" rel=\"bookmark\">\n\t\t\t\t\tInspirados por el Oto\u00f1o: Tendencias en mobiliario de exterior para la temporada\t\t\t\t<\/a>\n\t\t\t<\/h3>\n\t\t\n\t\t\n\t\t\t\t\t\t\t\t\t\t<div class=\"wd-post-read-more wd-style-link read-more-section\">\n\t\t\t\t\t\t<a class=\"\" href=\"https:\/\/www.lavillagardendesign.com\/es\/inspirados-por-el-otono-tendencias-en-mobiliario-de-exterior-para-la-temporada-2\/\">Continue reading<\/a>\t\t\t\t\t<\/div>\n\t\t\t\t\t\t\t<\/div>\n\n\t\t\t<\/div>\n\t<\/article>\n\t\t\t\t\t<\/div>\n\t\t\t\t<div class=\"wd-carousel-item\">\n\t\t\t\t\t\t\t\n<article id=\"post-56093\" class=\"wd-post blog-design-meta-image blog-post-loop blog-style-bg post-56093 post type-post status-publish format-standard has-post-thumbnail hentry category-material-es\">\n\t\t\t<div class=\"wd-post-inner\">\n\t\n\t<div class=\"wd-post-thumb color-scheme-light\">\n\t\t\t\t\t<div class=\"wd-post-img\">\n\t\t\t\t<img loading=\"lazy\" decoding=\"async\" width=\"754\" height=\"862\" src=\"https:\/\/www.lavillagardendesign.com\/wp-content\/uploads\/2025\/08\/Blog.jpg\" class=\"attachment-1536x1536 size-1536x1536\" alt=\"\" srcset=\"https:\/\/www.lavillagardendesign.com\/wp-content\/uploads\/2025\/08\/Blog.jpg 754w, https:\/\/www.lavillagardendesign.com\/wp-content\/uploads\/2025\/08\/Blog-600x686.jpg 600w, https:\/\/www.lavillagardendesign.com\/wp-content\/uploads\/2025\/08\/Blog-300x343.jpg 300w, https:\/\/www.lavillagardendesign.com\/wp-content\/uploads\/2025\/08\/Blog-262x300.jpg 262w, https:\/\/www.lavillagardendesign.com\/wp-content\/uploads\/2025\/08\/Blog-700x800.jpg 700w\" sizes=\"auto, (max-width: 754px) 100vw, 754px\" \/>\t\t\t<\/div>\n\t\t\n\t\t\t\t<a class=\"wd-post-link wd-fill\" tabindex=\"-1\" href=\"https:\/\/www.lavillagardendesign.com\/es\/descubre-los-beneficios-de-un-jacuzzi-para-tu-bienestar-la-villa-garden\/\" rel=\"bookmark\" aria-label=\"Link on post Descubre los beneficios de un jacuzzi para tu bienestar | La Villa Garden\"><\/a>\n\n\t\t\t\t\t<div class=\"wd-post-header\">\n\t\t\t\t\t\t\t\t<div class=\"wd-post-author wd-meta-author\">\n\t\t\t\t\t\t\t\n\t\t\t\t\t<img alt='author-avatar' src='https:\/\/secure.gravatar.com\/avatar\/a53be0156bce3ee4ac13b20b3ddceacb2bb3bad8da31128f43c20673a1ad58d7?s=22&#038;d=mm&#038;r=g' srcset='https:\/\/secure.gravatar.com\/avatar\/a53be0156bce3ee4ac13b20b3ddceacb2bb3bad8da31128f43c20673a1ad58d7?s=44&#038;d=mm&#038;r=g 2x' class='avatar avatar-22 photo' height='22' width='22' \/>\t\t\n\t\t\t\t\t<a href=\"https:\/\/www.lavillagardendesign.com\/es\/author\/la-villa\/\" class=\"author\" rel=\"author\">La Villa<\/a>\n\t\t\t\t\t\t\t\t<\/div>\n\n\t\t\t\t<div class=\"wd-post-actions\">\n\t\t\t\t\t\t\t\t\t\t\t<div tabindex=\"0\" class=\"wd-post-share wd-tltp\">\n\t\t\t\t\t\t\t<div class=\"tooltip top\">\n\t\t\t\t\t\t\t\t<div class=\"tooltip-inner\">\n\t\t\t\t\t\t\t\t\t\t\t\t<div\n\t\t\t\t\t\tclass=\" wd-social-icons wd-style-default wd-size-small social-share wd-shape-circle color-scheme-light text-center\">\n\t\t\t\t\n\t\t\t\t\n\t\t\t\t\t\t\t\t\t<a rel=\"noopener noreferrer nofollow\" href=\"https:\/\/www.facebook.com\/sharer\/sharer.php?u=https:\/\/www.lavillagardendesign.com\/es\/descubre-los-beneficios-de-un-jacuzzi-para-tu-bienestar-la-villa-garden\/\" target=\"_blank\" class=\" wd-social-icon social-facebook\" aria-label=\"Facebook social link\">\n\t\t\t\t\t\t<span class=\"wd-icon\"><\/span>\n\t\t\t\t\t\t\t\t\t\t\t<\/a>\n\t\t\t\t\n\t\t\t\t\t\t\t\t\t<a rel=\"noopener noreferrer nofollow\" href=\"https:\/\/x.com\/share?url=https:\/\/www.lavillagardendesign.com\/es\/descubre-los-beneficios-de-un-jacuzzi-para-tu-bienestar-la-villa-garden\/\" target=\"_blank\" class=\" wd-social-icon social-twitter\" aria-label=\"X social link\">\n\t\t\t\t\t\t<span class=\"wd-icon\"><\/span>\n\t\t\t\t\t\t\t\t\t\t\t<\/a>\n\t\t\t\t\n\t\t\t\t\n\t\t\t\t\n\t\t\t\t\n\t\t\t\t\n\t\t\t\t\n\t\t\t\t\t\t\t\t\t<a rel=\"noopener noreferrer nofollow\" href=\"https:\/\/pinterest.com\/pin\/create\/button\/?url=https:\/\/www.lavillagardendesign.com\/es\/descubre-los-beneficios-de-un-jacuzzi-para-tu-bienestar-la-villa-garden\/&#038;media=https:\/\/www.lavillagardendesign.com\/wp-content\/uploads\/2025\/08\/Blog.jpg&#038;description=Descubre%20los%20beneficios%20de%20un%20jacuzzi%20para%20tu%20bienestar%20%7C%20La%20Villa%20Garden\" target=\"_blank\" class=\" wd-social-icon social-pinterest\" aria-label=\"Pinterest social link\">\n\t\t\t\t\t\t<span class=\"wd-icon\"><\/span>\n\t\t\t\t\t\t\t\t\t\t\t<\/a>\n\t\t\t\t\n\t\t\t\t\n\t\t\t\t\n\t\t\t\t\n\t\t\t\t\n\t\t\t\t\n\t\t\t\t\n\t\t\t\t\n\t\t\t\t\n\t\t\t\t\n\t\t\t\t\n\t\t\t\t\n\t\t\t\t\n\t\t\t\t\n\t\t\t\t\n\t\t\t\t\n\t\t\t\t\n\t\t\t\t\n\t\t\t\t\n\t\t\t<\/div>\n\n\t\t\t\t\t\t\t\t\t\t<\/div>\n\t\t\t\t\t\t\t\t<div class=\"tooltip-arrow\"><\/div>\n\t\t\t\t\t\t\t<\/div>\n\t\t\t\t\t\t<\/div>\n\t\t\t\t\t\n\t\t\t\t\t\t\t\t\t<\/div>\n\t\t\t<\/div>\n\t\t\t<\/div>\n\n\t<div class=\"wd-post-content\">\n\t\t<div class=\"wd-post-meta wd-post-entry-meta\">\n\t\t\t\n\t\t\t\t\t\t\t<div class=\"wd-post-cat wd-style-default\">\n\t\t\t\t\t<a href=\"https:\/\/www.lavillagardendesign.com\/es\/category\/material-es\/\" rel=\"category tag\">Material<\/a>\t\t\t\t<\/div>\n\t\t\t\n\t\t\t\t\t\t\t<div class=\"wd-post-date wd-style-default\">\n\t\t\t\t\t<time class=\"published\" datetime=\"2025-08-03T14:55:09+02:00\">\n\t\t\t\t\t\t03 Ago 2025\t\t\t\t\t<\/time>\n\t\t\t\t<\/div>\n\n\t\t\t\t<div class=\"wd-modified-date\">\n\t\t\t\t\t\t\t<time class=\"updated\" datetime=\"2026-03-21T18:09:12+01:00\">\n\t\t\t21 de marzo de 2026\t\t<\/time>\n\t\t\t\t\t\t<\/div>\n\t\t\t\t\t<\/div>\n\n\t\t\t\t\t<h3 class=\"wd-post-title wd-entities-title title post-title\">\n\t\t\t\t<a href=\"https:\/\/www.lavillagardendesign.com\/es\/descubre-los-beneficios-de-un-jacuzzi-para-tu-bienestar-la-villa-garden\/\" rel=\"bookmark\">\n\t\t\t\t\tDescubre los beneficios de un jacuzzi para tu bienestar | La Villa Garden\t\t\t\t<\/a>\n\t\t\t<\/h3>\n\t\t\n\t\t\n\t\t\t\t\t\t\t\t\t\t<div class=\"wd-post-read-more wd-style-link read-more-section\">\n\t\t\t\t\t\t<a class=\"\" href=\"https:\/\/www.lavillagardendesign.com\/es\/descubre-los-beneficios-de-un-jacuzzi-para-tu-bienestar-la-villa-garden\/\">Continue reading<\/a>\t\t\t\t\t<\/div>\n\t\t\t\t\t\t\t<\/div>\n\n\t\t\t<\/div>\n\t<\/article>\n\t\t\t\t\t<\/div>\n\t\t\t\t<div class=\"wd-carousel-item\">\n\t\t\t\t\t\t\t\n<article id=\"post-55682\" class=\"wd-post blog-design-meta-image blog-post-loop blog-style-bg post-55682 post type-post status-publish format-standard has-post-thumbnail hentry category-material-es\">\n\t\t\t<div class=\"wd-post-inner\">\n\t\n\t<div class=\"wd-post-thumb color-scheme-light\">\n\t\t\t\t\t<div class=\"wd-post-img\">\n\t\t\t\t<img loading=\"lazy\" decoding=\"async\" width=\"754\" height=\"862\" src=\"https:\/\/www.lavillagardendesign.com\/wp-content\/uploads\/2025\/07\/Blog.jpg\" class=\"attachment-1536x1536 size-1536x1536\" alt=\"\" srcset=\"https:\/\/www.lavillagardendesign.com\/wp-content\/uploads\/2025\/07\/Blog.jpg 754w, https:\/\/www.lavillagardendesign.com\/wp-content\/uploads\/2025\/07\/Blog-600x686.jpg 600w, https:\/\/www.lavillagardendesign.com\/wp-content\/uploads\/2025\/07\/Blog-300x343.jpg 300w, https:\/\/www.lavillagardendesign.com\/wp-content\/uploads\/2025\/07\/Blog-262x300.jpg 262w, https:\/\/www.lavillagardendesign.com\/wp-content\/uploads\/2025\/07\/Blog-700x800.jpg 700w\" sizes=\"auto, (max-width: 754px) 100vw, 754px\" \/>\t\t\t<\/div>\n\t\t\n\t\t\t\t<a class=\"wd-post-link wd-fill\" tabindex=\"-1\" href=\"https:\/\/www.lavillagardendesign.com\/es\/la-magia-del-verano-y-la-alegria-de-vivir-al-aire-libre-muebles-que-transforman-tu-espacio\/\" rel=\"bookmark\" aria-label=\"Link on post La Magia del Verano y la Alegr\u00eda de Vivir al Aire Libre: Muebles que transforman tu espacio\"><\/a>\n\n\t\t\t\t\t<div class=\"wd-post-header\">\n\t\t\t\t\t\t\t\t<div class=\"wd-post-author wd-meta-author\">\n\t\t\t\t\t\t\t\n\t\t\t\t\t<img alt='author-avatar' src='https:\/\/secure.gravatar.com\/avatar\/a53be0156bce3ee4ac13b20b3ddceacb2bb3bad8da31128f43c20673a1ad58d7?s=22&#038;d=mm&#038;r=g' srcset='https:\/\/secure.gravatar.com\/avatar\/a53be0156bce3ee4ac13b20b3ddceacb2bb3bad8da31128f43c20673a1ad58d7?s=44&#038;d=mm&#038;r=g 2x' class='avatar avatar-22 photo' height='22' width='22' \/>\t\t\n\t\t\t\t\t<a href=\"https:\/\/www.lavillagardendesign.com\/es\/author\/la-villa\/\" class=\"author\" rel=\"author\">La Villa<\/a>\n\t\t\t\t\t\t\t\t<\/div>\n\n\t\t\t\t<div class=\"wd-post-actions\">\n\t\t\t\t\t\t\t\t\t\t\t<div tabindex=\"0\" class=\"wd-post-share wd-tltp\">\n\t\t\t\t\t\t\t<div class=\"tooltip top\">\n\t\t\t\t\t\t\t\t<div class=\"tooltip-inner\">\n\t\t\t\t\t\t\t\t\t\t\t\t<div\n\t\t\t\t\t\tclass=\" wd-social-icons wd-style-default wd-size-small social-share wd-shape-circle color-scheme-light text-center\">\n\t\t\t\t\n\t\t\t\t\n\t\t\t\t\t\t\t\t\t<a rel=\"noopener noreferrer nofollow\" href=\"https:\/\/www.facebook.com\/sharer\/sharer.php?u=https:\/\/www.lavillagardendesign.com\/es\/la-magia-del-verano-y-la-alegria-de-vivir-al-aire-libre-muebles-que-transforman-tu-espacio\/\" target=\"_blank\" class=\" wd-social-icon social-facebook\" aria-label=\"Facebook social link\">\n\t\t\t\t\t\t<span class=\"wd-icon\"><\/span>\n\t\t\t\t\t\t\t\t\t\t\t<\/a>\n\t\t\t\t\n\t\t\t\t\t\t\t\t\t<a rel=\"noopener noreferrer nofollow\" href=\"https:\/\/x.com\/share?url=https:\/\/www.lavillagardendesign.com\/es\/la-magia-del-verano-y-la-alegria-de-vivir-al-aire-libre-muebles-que-transforman-tu-espacio\/\" target=\"_blank\" class=\" wd-social-icon social-twitter\" aria-label=\"X social link\">\n\t\t\t\t\t\t<span class=\"wd-icon\"><\/span>\n\t\t\t\t\t\t\t\t\t\t\t<\/a>\n\t\t\t\t\n\t\t\t\t\n\t\t\t\t\n\t\t\t\t\n\t\t\t\t\n\t\t\t\t\n\t\t\t\t\t\t\t\t\t<a rel=\"noopener noreferrer nofollow\" href=\"https:\/\/pinterest.com\/pin\/create\/button\/?url=https:\/\/www.lavillagardendesign.com\/es\/la-magia-del-verano-y-la-alegria-de-vivir-al-aire-libre-muebles-que-transforman-tu-espacio\/&#038;media=https:\/\/www.lavillagardendesign.com\/wp-content\/uploads\/2025\/07\/Blog.jpg&#038;description=La%20Magia%20del%20Verano%20y%20la%20Alegr%C3%ADa%20de%20Vivir%20al%20Aire%20Libre%3A%20Muebles%20que%20transforman%20tu%20espacio\" target=\"_blank\" class=\" wd-social-icon social-pinterest\" aria-label=\"Pinterest social link\">\n\t\t\t\t\t\t<span class=\"wd-icon\"><\/span>\n\t\t\t\t\t\t\t\t\t\t\t<\/a>\n\t\t\t\t\n\t\t\t\t\n\t\t\t\t\n\t\t\t\t\n\t\t\t\t\n\t\t\t\t\n\t\t\t\t\n\t\t\t\t\n\t\t\t\t\n\t\t\t\t\n\t\t\t\t\n\t\t\t\t\n\t\t\t\t\n\t\t\t\t\n\t\t\t\t\n\t\t\t\t\n\t\t\t\t\n\t\t\t\t\n\t\t\t\t\n\t\t\t<\/div>\n\n\t\t\t\t\t\t\t\t\t\t<\/div>\n\t\t\t\t\t\t\t\t<div class=\"tooltip-arrow\"><\/div>\n\t\t\t\t\t\t\t<\/div>\n\t\t\t\t\t\t<\/div>\n\t\t\t\t\t\n\t\t\t\t\t\t\t\t\t<\/div>\n\t\t\t<\/div>\n\t\t\t<\/div>\n\n\t<div class=\"wd-post-content\">\n\t\t<div class=\"wd-post-meta wd-post-entry-meta\">\n\t\t\t\n\t\t\t\t\t\t\t<div class=\"wd-post-cat wd-style-default\">\n\t\t\t\t\t<a href=\"https:\/\/www.lavillagardendesign.com\/es\/category\/material-es\/\" rel=\"category tag\">Material<\/a>\t\t\t\t<\/div>\n\t\t\t\n\t\t\t\t\t\t\t<div class=\"wd-post-date wd-style-default\">\n\t\t\t\t\t<time class=\"published\" datetime=\"2025-07-04T19:46:28+02:00\">\n\t\t\t\t\t\t04 Jul 2025\t\t\t\t\t<\/time>\n\t\t\t\t<\/div>\n\n\t\t\t\t<div class=\"wd-modified-date\">\n\t\t\t\t\t\t\t<time class=\"updated\" datetime=\"2026-03-21T18:11:47+01:00\">\n\t\t\t21 de marzo de 2026\t\t<\/time>\n\t\t\t\t\t\t<\/div>\n\t\t\t\t\t<\/div>\n\n\t\t\t\t\t<h3 class=\"wd-post-title wd-entities-title title post-title\">\n\t\t\t\t<a href=\"https:\/\/www.lavillagardendesign.com\/es\/la-magia-del-verano-y-la-alegria-de-vivir-al-aire-libre-muebles-que-transforman-tu-espacio\/\" rel=\"bookmark\">\n\t\t\t\t\tLa Magia del Verano y la Alegr\u00eda de Vivir al Aire Libre: Muebles que transforman tu espacio\t\t\t\t<\/a>\n\t\t\t<\/h3>\n\t\t\n\t\t\n\t\t\t\t\t\t\t\t\t\t<div class=\"wd-post-read-more wd-style-link read-more-section\">\n\t\t\t\t\t\t<a class=\"\" href=\"https:\/\/www.lavillagardendesign.com\/es\/la-magia-del-verano-y-la-alegria-de-vivir-al-aire-libre-muebles-que-transforman-tu-espacio\/\">Continue reading<\/a>\t\t\t\t\t<\/div>\n\t\t\t\t\t\t\t<\/div>\n\n\t\t\t<\/div>\n\t<\/article>\n\t\t\t\t\t<\/div>\n\t\t\t\t<div class=\"wd-carousel-item\">\n\t\t\t\t\t\t\t\n<article id=\"post-54901\" class=\"wd-post blog-design-meta-image blog-post-loop blog-style-bg post-54901 post type-post status-publish format-standard has-post-thumbnail hentry category-material-es\">\n\t\t\t<div class=\"wd-post-inner\">\n\t\n\t<div class=\"wd-post-thumb color-scheme-light\">\n\t\t\t\t\t<div class=\"wd-post-img\">\n\t\t\t\t<img loading=\"lazy\" decoding=\"async\" width=\"754\" height=\"862\" src=\"https:\/\/www.lavillagardendesign.com\/wp-content\/uploads\/2025\/06\/vondom.jpg\" class=\"attachment-1536x1536 size-1536x1536\" alt=\"\" srcset=\"https:\/\/www.lavillagardendesign.com\/wp-content\/uploads\/2025\/06\/vondom.jpg 754w, https:\/\/www.lavillagardendesign.com\/wp-content\/uploads\/2025\/06\/vondom-600x686.jpg 600w, https:\/\/www.lavillagardendesign.com\/wp-content\/uploads\/2025\/06\/vondom-300x343.jpg 300w, https:\/\/www.lavillagardendesign.com\/wp-content\/uploads\/2025\/06\/vondom-262x300.jpg 262w, https:\/\/www.lavillagardendesign.com\/wp-content\/uploads\/2025\/06\/vondom-700x800.jpg 700w\" sizes=\"auto, (max-width: 754px) 100vw, 754px\" \/>\t\t\t<\/div>\n\t\t\n\t\t\t\t<a class=\"wd-post-link wd-fill\" tabindex=\"-1\" href=\"https:\/\/www.lavillagardendesign.com\/es\/vondom-diseno-vanguardista-de-exteriores-para-un-verano-elegante\/\" rel=\"bookmark\" aria-label=\"Link on post Vondom: Dise\u00f1o vanguardista de exteriores para un verano elegante\"><\/a>\n\n\t\t\t\t\t<div class=\"wd-post-header\">\n\t\t\t\t\t\t\t\t<div class=\"wd-post-author wd-meta-author\">\n\t\t\t\t\t\t\t\n\t\t\t\t\t<img alt='author-avatar' src='https:\/\/secure.gravatar.com\/avatar\/a53be0156bce3ee4ac13b20b3ddceacb2bb3bad8da31128f43c20673a1ad58d7?s=22&#038;d=mm&#038;r=g' srcset='https:\/\/secure.gravatar.com\/avatar\/a53be0156bce3ee4ac13b20b3ddceacb2bb3bad8da31128f43c20673a1ad58d7?s=44&#038;d=mm&#038;r=g 2x' class='avatar avatar-22 photo' height='22' width='22' \/>\t\t\n\t\t\t\t\t<a href=\"https:\/\/www.lavillagardendesign.com\/es\/author\/la-villa\/\" class=\"author\" rel=\"author\">La Villa<\/a>\n\t\t\t\t\t\t\t\t<\/div>\n\n\t\t\t\t<div class=\"wd-post-actions\">\n\t\t\t\t\t\t\t\t\t\t\t<div tabindex=\"0\" class=\"wd-post-share wd-tltp\">\n\t\t\t\t\t\t\t<div class=\"tooltip top\">\n\t\t\t\t\t\t\t\t<div class=\"tooltip-inner\">\n\t\t\t\t\t\t\t\t\t\t\t\t<div\n\t\t\t\t\t\tclass=\" wd-social-icons wd-style-default wd-size-small social-share wd-shape-circle color-scheme-light text-center\">\n\t\t\t\t\n\t\t\t\t\n\t\t\t\t\t\t\t\t\t<a rel=\"noopener noreferrer nofollow\" href=\"https:\/\/www.facebook.com\/sharer\/sharer.php?u=https:\/\/www.lavillagardendesign.com\/es\/vondom-diseno-vanguardista-de-exteriores-para-un-verano-elegante\/\" target=\"_blank\" class=\" wd-social-icon social-facebook\" aria-label=\"Facebook social link\">\n\t\t\t\t\t\t<span class=\"wd-icon\"><\/span>\n\t\t\t\t\t\t\t\t\t\t\t<\/a>\n\t\t\t\t\n\t\t\t\t\t\t\t\t\t<a rel=\"noopener noreferrer nofollow\" href=\"https:\/\/x.com\/share?url=https:\/\/www.lavillagardendesign.com\/es\/vondom-diseno-vanguardista-de-exteriores-para-un-verano-elegante\/\" target=\"_blank\" class=\" wd-social-icon social-twitter\" aria-label=\"X social link\">\n\t\t\t\t\t\t<span class=\"wd-icon\"><\/span>\n\t\t\t\t\t\t\t\t\t\t\t<\/a>\n\t\t\t\t\n\t\t\t\t\n\t\t\t\t\n\t\t\t\t\n\t\t\t\t\n\t\t\t\t\n\t\t\t\t\t\t\t\t\t<a rel=\"noopener noreferrer nofollow\" href=\"https:\/\/pinterest.com\/pin\/create\/button\/?url=https:\/\/www.lavillagardendesign.com\/es\/vondom-diseno-vanguardista-de-exteriores-para-un-verano-elegante\/&#038;media=https:\/\/www.lavillagardendesign.com\/wp-content\/uploads\/2025\/06\/vondom.jpg&#038;description=Vondom%3A%20Dise%C3%B1o%20vanguardista%20de%20exteriores%20para%20un%20verano%20elegante\" target=\"_blank\" class=\" wd-social-icon social-pinterest\" aria-label=\"Pinterest social link\">\n\t\t\t\t\t\t<span class=\"wd-icon\"><\/span>\n\t\t\t\t\t\t\t\t\t\t\t<\/a>\n\t\t\t\t\n\t\t\t\t\n\t\t\t\t\n\t\t\t\t\n\t\t\t\t\n\t\t\t\t\n\t\t\t\t\n\t\t\t\t\n\t\t\t\t\n\t\t\t\t\n\t\t\t\t\n\t\t\t\t\n\t\t\t\t\n\t\t\t\t\n\t\t\t\t\n\t\t\t\t\n\t\t\t\t\n\t\t\t\t\n\t\t\t\t\n\t\t\t<\/div>\n\n\t\t\t\t\t\t\t\t\t\t<\/div>\n\t\t\t\t\t\t\t\t<div class=\"tooltip-arrow\"><\/div>\n\t\t\t\t\t\t\t<\/div>\n\t\t\t\t\t\t<\/div>\n\t\t\t\t\t\n\t\t\t\t\t\t\t\t\t<\/div>\n\t\t\t<\/div>\n\t\t\t<\/div>\n\n\t<div class=\"wd-post-content\">\n\t\t<div class=\"wd-post-meta wd-post-entry-meta\">\n\t\t\t\n\t\t\t\t\t\t\t<div class=\"wd-post-cat wd-style-default\">\n\t\t\t\t\t<a href=\"https:\/\/www.lavillagardendesign.com\/es\/category\/material-es\/\" rel=\"category tag\">Material<\/a>\t\t\t\t<\/div>\n\t\t\t\n\t\t\t\t\t\t\t<div class=\"wd-post-date wd-style-default\">\n\t\t\t\t\t<time class=\"published\" datetime=\"2025-06-07T22:23:01+02:00\">\n\t\t\t\t\t\t07 Jun 2025\t\t\t\t\t<\/time>\n\t\t\t\t<\/div>\n\n\t\t\t\t<div class=\"wd-modified-date\">\n\t\t\t\t\t\t\t<time class=\"updated\" datetime=\"2026-03-18T13:09:46+01:00\">\n\t\t\t18 de marzo de 2026\t\t<\/time>\n\t\t\t\t\t\t<\/div>\n\t\t\t\t\t<\/div>\n\n\t\t\t\t\t<h3 class=\"wd-post-title wd-entities-title title post-title\">\n\t\t\t\t<a href=\"https:\/\/www.lavillagardendesign.com\/es\/vondom-diseno-vanguardista-de-exteriores-para-un-verano-elegante\/\" rel=\"bookmark\">\n\t\t\t\t\tVondom: Dise\u00f1o vanguardista de exteriores para un verano elegante\t\t\t\t<\/a>\n\t\t\t<\/h3>\n\t\t\n\t\t\n\t\t\t\t\t\t\t\t\t\t<div class=\"wd-post-read-more wd-style-link read-more-section\">\n\t\t\t\t\t\t<a class=\"\" href=\"https:\/\/www.lavillagardendesign.com\/es\/vondom-diseno-vanguardista-de-exteriores-para-un-verano-elegante\/\">Continue reading<\/a>\t\t\t\t\t<\/div>\n\t\t\t\t\t\t\t<\/div>\n\n\t\t\t<\/div>\n\t<\/article>\n\t\t\t\t\t<\/div>\n\t\t\t\t<div class=\"wd-carousel-item\">\n\t\t\t\t\t\t\t\n<article id=\"post-53905\" class=\"wd-post blog-design-meta-image blog-post-loop blog-style-bg post-53905 post type-post status-publish format-standard has-post-thumbnail hentry category-material-es\">\n\t\t\t<div class=\"wd-post-inner\">\n\t\n\t<div class=\"wd-post-thumb color-scheme-light\">\n\t\t\t\t\t<div class=\"wd-post-img\">\n\t\t\t\t<img loading=\"lazy\" decoding=\"async\" width=\"754\" height=\"862\" src=\"https:\/\/www.lavillagardendesign.com\/wp-content\/uploads\/2025\/05\/kug.jpg\" class=\"attachment-1536x1536 size-1536x1536\" alt=\"outdoor furniture for small spaces\" srcset=\"https:\/\/www.lavillagardendesign.com\/wp-content\/uploads\/2025\/05\/kug.jpg 754w, https:\/\/www.lavillagardendesign.com\/wp-content\/uploads\/2025\/05\/kug-600x686.jpg 600w, https:\/\/www.lavillagardendesign.com\/wp-content\/uploads\/2025\/05\/kug-300x343.jpg 300w, https:\/\/www.lavillagardendesign.com\/wp-content\/uploads\/2025\/05\/kug-262x300.jpg 262w, https:\/\/www.lavillagardendesign.com\/wp-content\/uploads\/2025\/05\/kug-700x800.jpg 700w\" sizes=\"auto, (max-width: 754px) 100vw, 754px\" \/>\t\t\t<\/div>\n\t\t\n\t\t\t\t<a class=\"wd-post-link wd-fill\" tabindex=\"-1\" href=\"https:\/\/www.lavillagardendesign.com\/es\/como-convertir-un-jardin-pequeno-en-un-paraiso-con-los-muebles-de-exterior-adecuados\/\" rel=\"bookmark\" aria-label=\"Link on post C\u00f3mo convertir un jard\u00edn peque\u00f1o en un para\u00edso con los muebles de exterior adecuados\"><\/a>\n\n\t\t\t\t\t<div class=\"wd-post-header\">\n\t\t\t\t\t\t\t\t<div class=\"wd-post-author wd-meta-author\">\n\t\t\t\t\t\t\t\n\t\t\t\t\t<img alt='author-avatar' src='https:\/\/secure.gravatar.com\/avatar\/a53be0156bce3ee4ac13b20b3ddceacb2bb3bad8da31128f43c20673a1ad58d7?s=22&#038;d=mm&#038;r=g' srcset='https:\/\/secure.gravatar.com\/avatar\/a53be0156bce3ee4ac13b20b3ddceacb2bb3bad8da31128f43c20673a1ad58d7?s=44&#038;d=mm&#038;r=g 2x' class='avatar avatar-22 photo' height='22' width='22' \/>\t\t\n\t\t\t\t\t<a href=\"https:\/\/www.lavillagardendesign.com\/es\/author\/la-villa\/\" class=\"author\" rel=\"author\">La Villa<\/a>\n\t\t\t\t\t\t\t\t<\/div>\n\n\t\t\t\t<div class=\"wd-post-actions\">\n\t\t\t\t\t\t\t\t\t\t\t<div tabindex=\"0\" class=\"wd-post-share wd-tltp\">\n\t\t\t\t\t\t\t<div class=\"tooltip top\">\n\t\t\t\t\t\t\t\t<div class=\"tooltip-inner\">\n\t\t\t\t\t\t\t\t\t\t\t\t<div\n\t\t\t\t\t\tclass=\" wd-social-icons wd-style-default wd-size-small social-share wd-shape-circle color-scheme-light text-center\">\n\t\t\t\t\n\t\t\t\t\n\t\t\t\t\t\t\t\t\t<a rel=\"noopener noreferrer nofollow\" href=\"https:\/\/www.facebook.com\/sharer\/sharer.php?u=https:\/\/www.lavillagardendesign.com\/es\/como-convertir-un-jardin-pequeno-en-un-paraiso-con-los-muebles-de-exterior-adecuados\/\" target=\"_blank\" class=\" wd-social-icon social-facebook\" aria-label=\"Facebook social link\">\n\t\t\t\t\t\t<span class=\"wd-icon\"><\/span>\n\t\t\t\t\t\t\t\t\t\t\t<\/a>\n\t\t\t\t\n\t\t\t\t\t\t\t\t\t<a rel=\"noopener noreferrer nofollow\" href=\"https:\/\/x.com\/share?url=https:\/\/www.lavillagardendesign.com\/es\/como-convertir-un-jardin-pequeno-en-un-paraiso-con-los-muebles-de-exterior-adecuados\/\" target=\"_blank\" class=\" wd-social-icon social-twitter\" aria-label=\"X social link\">\n\t\t\t\t\t\t<span class=\"wd-icon\"><\/span>\n\t\t\t\t\t\t\t\t\t\t\t<\/a>\n\t\t\t\t\n\t\t\t\t\n\t\t\t\t\n\t\t\t\t\n\t\t\t\t\n\t\t\t\t\n\t\t\t\t\t\t\t\t\t<a rel=\"noopener noreferrer nofollow\" href=\"https:\/\/pinterest.com\/pin\/create\/button\/?url=https:\/\/www.lavillagardendesign.com\/es\/como-convertir-un-jardin-pequeno-en-un-paraiso-con-los-muebles-de-exterior-adecuados\/&#038;media=https:\/\/www.lavillagardendesign.com\/wp-content\/uploads\/2025\/05\/kug.jpg&#038;description=C%C3%B3mo%20convertir%20un%20jard%C3%ADn%20peque%C3%B1o%20en%20un%20para%C3%ADso%20con%20los%20muebles%20de%20exterior%20adecuados\" target=\"_blank\" class=\" wd-social-icon social-pinterest\" aria-label=\"Pinterest social link\">\n\t\t\t\t\t\t<span class=\"wd-icon\"><\/span>\n\t\t\t\t\t\t\t\t\t\t\t<\/a>\n\t\t\t\t\n\t\t\t\t\n\t\t\t\t\n\t\t\t\t\n\t\t\t\t\n\t\t\t\t\n\t\t\t\t\n\t\t\t\t\n\t\t\t\t\n\t\t\t\t\n\t\t\t\t\n\t\t\t\t\n\t\t\t\t\n\t\t\t\t\n\t\t\t\t\n\t\t\t\t\n\t\t\t\t\n\t\t\t\t\n\t\t\t\t\n\t\t\t<\/div>\n\n\t\t\t\t\t\t\t\t\t\t<\/div>\n\t\t\t\t\t\t\t\t<div class=\"tooltip-arrow\"><\/div>\n\t\t\t\t\t\t\t<\/div>\n\t\t\t\t\t\t<\/div>\n\t\t\t\t\t\n\t\t\t\t\t\t\t\t\t<\/div>\n\t\t\t<\/div>\n\t\t\t<\/div>\n\n\t<div class=\"wd-post-content\">\n\t\t<div class=\"wd-post-meta wd-post-entry-meta\">\n\t\t\t\n\t\t\t\t\t\t\t<div class=\"wd-post-cat wd-style-default\">\n\t\t\t\t\t<a href=\"https:\/\/www.lavillagardendesign.com\/es\/category\/material-es\/\" rel=\"category tag\">Material<\/a>\t\t\t\t<\/div>\n\t\t\t\n\t\t\t\t\t\t\t<div class=\"wd-post-date wd-style-default\">\n\t\t\t\t\t<time class=\"published\" datetime=\"2025-05-09T19:55:35+02:00\">\n\t\t\t\t\t\t09 May 2025\t\t\t\t\t<\/time>\n\t\t\t\t<\/div>\n\n\t\t\t\t<div class=\"wd-modified-date\">\n\t\t\t\t\t\t\t<time class=\"updated\" datetime=\"2026-03-21T18:18:57+01:00\">\n\t\t\t21 de marzo de 2026\t\t<\/time>\n\t\t\t\t\t\t<\/div>\n\t\t\t\t\t<\/div>\n\n\t\t\t\t\t<h3 class=\"wd-post-title wd-entities-title title post-title\">\n\t\t\t\t<a href=\"https:\/\/www.lavillagardendesign.com\/es\/como-convertir-un-jardin-pequeno-en-un-paraiso-con-los-muebles-de-exterior-adecuados\/\" rel=\"bookmark\">\n\t\t\t\t\tC\u00f3mo convertir un jard\u00edn peque\u00f1o en un para\u00edso con los muebles de exterior adecuados\t\t\t\t<\/a>\n\t\t\t<\/h3>\n\t\t\n\t\t\n\t\t\t\t\t\t\t\t\t\t<div class=\"wd-post-read-more wd-style-link read-more-section\">\n\t\t\t\t\t\t<a class=\"\" href=\"https:\/\/www.lavillagardendesign.com\/es\/como-convertir-un-jardin-pequeno-en-un-paraiso-con-los-muebles-de-exterior-adecuados\/\">Continue reading<\/a>\t\t\t\t\t<\/div>\n\t\t\t\t\t\t\t<\/div>\n\n\t\t\t<\/div>\n\t<\/article>\n\t\t\t\t\t<\/div>\n\t\t\t\t<div class=\"wd-carousel-item\">\n\t\t\t\t\t\t\t\n<article id=\"post-53189\" class=\"wd-post blog-design-meta-image blog-post-loop blog-style-bg post-53189 post type-post status-publish format-standard has-post-thumbnail hentry category-receta\">\n\t\t\t<div class=\"wd-post-inner\">\n\t\n\t<div class=\"wd-post-thumb color-scheme-light\">\n\t\t\t\t\t<div class=\"wd-post-img\">\n\t\t\t\t<img loading=\"lazy\" decoding=\"async\" width=\"754\" height=\"862\" src=\"https:\/\/www.lavillagardendesign.com\/wp-content\/uploads\/2025\/04\/salad-meditera.jpg\" class=\"attachment-1536x1536 size-1536x1536\" alt=\"salad meditera\" srcset=\"https:\/\/www.lavillagardendesign.com\/wp-content\/uploads\/2025\/04\/salad-meditera.jpg 754w, https:\/\/www.lavillagardendesign.com\/wp-content\/uploads\/2025\/04\/salad-meditera-600x686.jpg 600w, https:\/\/www.lavillagardendesign.com\/wp-content\/uploads\/2025\/04\/salad-meditera-300x343.jpg 300w, https:\/\/www.lavillagardendesign.com\/wp-content\/uploads\/2025\/04\/salad-meditera-262x300.jpg 262w, https:\/\/www.lavillagardendesign.com\/wp-content\/uploads\/2025\/04\/salad-meditera-700x800.jpg 700w\" sizes=\"auto, (max-width: 754px) 100vw, 754px\" \/>\t\t\t<\/div>\n\t\t\n\t\t\t\t<a class=\"wd-post-link wd-fill\" tabindex=\"-1\" href=\"https:\/\/www.lavillagardendesign.com\/es\/idea-de-receta-para-disfrutar-al-aire-libre-ensalada-mediterranea\/\" rel=\"bookmark\" aria-label=\"Link on post Idea de receta para disfrutar al aire libre: Ensalada Mediterr\u00e1nea.\"><\/a>\n\n\t\t\t\t\t<div class=\"wd-post-header\">\n\t\t\t\t\t\t\t\t<div class=\"wd-post-author wd-meta-author\">\n\t\t\t\t\t\t\t\n\t\t\t\t\t<img alt='author-avatar' src='https:\/\/secure.gravatar.com\/avatar\/a53be0156bce3ee4ac13b20b3ddceacb2bb3bad8da31128f43c20673a1ad58d7?s=22&#038;d=mm&#038;r=g' srcset='https:\/\/secure.gravatar.com\/avatar\/a53be0156bce3ee4ac13b20b3ddceacb2bb3bad8da31128f43c20673a1ad58d7?s=44&#038;d=mm&#038;r=g 2x' class='avatar avatar-22 photo' height='22' width='22' \/>\t\t\n\t\t\t\t\t<a href=\"https:\/\/www.lavillagardendesign.com\/es\/author\/la-villa\/\" class=\"author\" rel=\"author\">La Villa<\/a>\n\t\t\t\t\t\t\t\t<\/div>\n\n\t\t\t\t<div class=\"wd-post-actions\">\n\t\t\t\t\t\t\t\t\t\t\t<div tabindex=\"0\" class=\"wd-post-share wd-tltp\">\n\t\t\t\t\t\t\t<div class=\"tooltip top\">\n\t\t\t\t\t\t\t\t<div class=\"tooltip-inner\">\n\t\t\t\t\t\t\t\t\t\t\t\t<div\n\t\t\t\t\t\tclass=\" wd-social-icons wd-style-default wd-size-small social-share wd-shape-circle color-scheme-light text-center\">\n\t\t\t\t\n\t\t\t\t\n\t\t\t\t\t\t\t\t\t<a rel=\"noopener noreferrer nofollow\" href=\"https:\/\/www.facebook.com\/sharer\/sharer.php?u=https:\/\/www.lavillagardendesign.com\/es\/idea-de-receta-para-disfrutar-al-aire-libre-ensalada-mediterranea\/\" target=\"_blank\" class=\" wd-social-icon social-facebook\" aria-label=\"Facebook social link\">\n\t\t\t\t\t\t<span class=\"wd-icon\"><\/span>\n\t\t\t\t\t\t\t\t\t\t\t<\/a>\n\t\t\t\t\n\t\t\t\t\t\t\t\t\t<a rel=\"noopener noreferrer nofollow\" href=\"https:\/\/x.com\/share?url=https:\/\/www.lavillagardendesign.com\/es\/idea-de-receta-para-disfrutar-al-aire-libre-ensalada-mediterranea\/\" target=\"_blank\" class=\" wd-social-icon social-twitter\" aria-label=\"X social link\">\n\t\t\t\t\t\t<span class=\"wd-icon\"><\/span>\n\t\t\t\t\t\t\t\t\t\t\t<\/a>\n\t\t\t\t\n\t\t\t\t\n\t\t\t\t\n\t\t\t\t\n\t\t\t\t\n\t\t\t\t\n\t\t\t\t\t\t\t\t\t<a rel=\"noopener noreferrer nofollow\" href=\"https:\/\/pinterest.com\/pin\/create\/button\/?url=https:\/\/www.lavillagardendesign.com\/es\/idea-de-receta-para-disfrutar-al-aire-libre-ensalada-mediterranea\/&#038;media=https:\/\/www.lavillagardendesign.com\/wp-content\/uploads\/2025\/04\/salad-meditera.jpg&#038;description=Idea%20de%20receta%20para%20disfrutar%20al%20aire%20libre%3A%20Ensalada%20Mediterr%C3%A1nea.\" target=\"_blank\" class=\" wd-social-icon social-pinterest\" aria-label=\"Pinterest social link\">\n\t\t\t\t\t\t<span class=\"wd-icon\"><\/span>\n\t\t\t\t\t\t\t\t\t\t\t<\/a>\n\t\t\t\t\n\t\t\t\t\n\t\t\t\t\n\t\t\t\t\n\t\t\t\t\n\t\t\t\t\n\t\t\t\t\n\t\t\t\t\n\t\t\t\t\n\t\t\t\t\n\t\t\t\t\n\t\t\t\t\n\t\t\t\t\n\t\t\t\t\n\t\t\t\t\n\t\t\t\t\n\t\t\t\t\n\t\t\t\t\n\t\t\t\t\n\t\t\t<\/div>\n\n\t\t\t\t\t\t\t\t\t\t<\/div>\n\t\t\t\t\t\t\t\t<div class=\"tooltip-arrow\"><\/div>\n\t\t\t\t\t\t\t<\/div>\n\t\t\t\t\t\t<\/div>\n\t\t\t\t\t\n\t\t\t\t\t\t\t\t\t<\/div>\n\t\t\t<\/div>\n\t\t\t<\/div>\n\n\t<div class=\"wd-post-content\">\n\t\t<div class=\"wd-post-meta wd-post-entry-meta\">\n\t\t\t\n\t\t\t\t\t\t\t<div class=\"wd-post-cat wd-style-default\">\n\t\t\t\t\t<a href=\"https:\/\/www.lavillagardendesign.com\/es\/category\/receta\/\" rel=\"category tag\">Receta<\/a>\t\t\t\t<\/div>\n\t\t\t\n\t\t\t\t\t\t\t<div class=\"wd-post-date wd-style-default\">\n\t\t\t\t\t<time class=\"published\" datetime=\"2025-04-08T19:19:58+02:00\">\n\t\t\t\t\t\t08 Abr 2025\t\t\t\t\t<\/time>\n\t\t\t\t<\/div>\n\n\t\t\t\t<div class=\"wd-modified-date\">\n\t\t\t\t\t\t\t<time class=\"updated\" datetime=\"2025-10-17T20:24:20+02:00\">\n\t\t\t17 de octubre de 2025\t\t<\/time>\n\t\t\t\t\t\t<\/div>\n\t\t\t\t\t<\/div>\n\n\t\t\t\t\t<h3 class=\"wd-post-title wd-entities-title title post-title\">\n\t\t\t\t<a href=\"https:\/\/www.lavillagardendesign.com\/es\/idea-de-receta-para-disfrutar-al-aire-libre-ensalada-mediterranea\/\" rel=\"bookmark\">\n\t\t\t\t\tIdea de receta para disfrutar al aire libre: Ensalada Mediterr\u00e1nea.\t\t\t\t<\/a>\n\t\t\t<\/h3>\n\t\t\n\t\t\n\t\t\t\t\t\t\t\t\t\t<div class=\"wd-post-read-more wd-style-link read-more-section\">\n\t\t\t\t\t\t<a class=\"\" href=\"https:\/\/www.lavillagardendesign.com\/es\/idea-de-receta-para-disfrutar-al-aire-libre-ensalada-mediterranea\/\">Continue reading<\/a>\t\t\t\t\t<\/div>\n\t\t\t\t\t\t\t<\/div>\n\n\t\t\t<\/div>\n\t<\/article>\n\t\t\t\t\t<\/div>\n\t\t\t\t<div class=\"wd-carousel-item\">\n\t\t\t\t\t\t\t\n<article id=\"post-51643\" class=\"wd-post blog-design-meta-image blog-post-loop blog-style-bg post-51643 post type-post status-publish format-standard has-post-thumbnail hentry category-material-es\">\n\t\t\t<div class=\"wd-post-inner\">\n\t\n\t<div class=\"wd-post-thumb color-scheme-light\">\n\t\t\t\t\t<div class=\"wd-post-img\">\n\t\t\t\t<img loading=\"lazy\" decoding=\"async\" width=\"754\" height=\"862\" src=\"https:\/\/www.lavillagardendesign.com\/wp-content\/uploads\/2025\/03\/Design-sans-titre.jpg\" class=\"attachment-1536x1536 size-1536x1536\" alt=\"\" srcset=\"https:\/\/www.lavillagardendesign.com\/wp-content\/uploads\/2025\/03\/Design-sans-titre.jpg 754w, https:\/\/www.lavillagardendesign.com\/wp-content\/uploads\/2025\/03\/Design-sans-titre-600x686.jpg 600w, https:\/\/www.lavillagardendesign.com\/wp-content\/uploads\/2025\/03\/Design-sans-titre-300x343.jpg 300w, https:\/\/www.lavillagardendesign.com\/wp-content\/uploads\/2025\/03\/Design-sans-titre-262x300.jpg 262w, https:\/\/www.lavillagardendesign.com\/wp-content\/uploads\/2025\/03\/Design-sans-titre-700x800.jpg 700w\" sizes=\"auto, (max-width: 754px) 100vw, 754px\" \/>\t\t\t<\/div>\n\t\t\n\t\t\t\t<a class=\"wd-post-link wd-fill\" tabindex=\"-1\" href=\"https:\/\/www.lavillagardendesign.com\/es\/minimalismo-refinado\/\" rel=\"bookmark\" aria-label=\"Link on post Minimalismo refinado\"><\/a>\n\n\t\t\t\t\t<div class=\"wd-post-header\">\n\t\t\t\t\t\t\t\t<div class=\"wd-post-author wd-meta-author\">\n\t\t\t\t\t\t\t\n\t\t\t\t\t<img alt='author-avatar' src='https:\/\/secure.gravatar.com\/avatar\/a53be0156bce3ee4ac13b20b3ddceacb2bb3bad8da31128f43c20673a1ad58d7?s=22&#038;d=mm&#038;r=g' srcset='https:\/\/secure.gravatar.com\/avatar\/a53be0156bce3ee4ac13b20b3ddceacb2bb3bad8da31128f43c20673a1ad58d7?s=44&#038;d=mm&#038;r=g 2x' class='avatar avatar-22 photo' height='22' width='22' \/>\t\t\n\t\t\t\t\t<a href=\"https:\/\/www.lavillagardendesign.com\/es\/author\/la-villa\/\" class=\"author\" rel=\"author\">La Villa<\/a>\n\t\t\t\t\t\t\t\t<\/div>\n\n\t\t\t\t<div class=\"wd-post-actions\">\n\t\t\t\t\t\t\t\t\t\t\t<div tabindex=\"0\" class=\"wd-post-share wd-tltp\">\n\t\t\t\t\t\t\t<div class=\"tooltip top\">\n\t\t\t\t\t\t\t\t<div class=\"tooltip-inner\">\n\t\t\t\t\t\t\t\t\t\t\t\t<div\n\t\t\t\t\t\tclass=\" wd-social-icons wd-style-default wd-size-small social-share wd-shape-circle color-scheme-light text-center\">\n\t\t\t\t\n\t\t\t\t\n\t\t\t\t\t\t\t\t\t<a rel=\"noopener noreferrer nofollow\" href=\"https:\/\/www.facebook.com\/sharer\/sharer.php?u=https:\/\/www.lavillagardendesign.com\/es\/minimalismo-refinado\/\" target=\"_blank\" class=\" wd-social-icon social-facebook\" aria-label=\"Facebook social link\">\n\t\t\t\t\t\t<span class=\"wd-icon\"><\/span>\n\t\t\t\t\t\t\t\t\t\t\t<\/a>\n\t\t\t\t\n\t\t\t\t\t\t\t\t\t<a rel=\"noopener noreferrer nofollow\" href=\"https:\/\/x.com\/share?url=https:\/\/www.lavillagardendesign.com\/es\/minimalismo-refinado\/\" target=\"_blank\" class=\" wd-social-icon social-twitter\" aria-label=\"X social link\">\n\t\t\t\t\t\t<span class=\"wd-icon\"><\/span>\n\t\t\t\t\t\t\t\t\t\t\t<\/a>\n\t\t\t\t\n\t\t\t\t\n\t\t\t\t\n\t\t\t\t\n\t\t\t\t\n\t\t\t\t\n\t\t\t\t\t\t\t\t\t<a rel=\"noopener noreferrer nofollow\" href=\"https:\/\/pinterest.com\/pin\/create\/button\/?url=https:\/\/www.lavillagardendesign.com\/es\/minimalismo-refinado\/&#038;media=https:\/\/www.lavillagardendesign.com\/wp-content\/uploads\/2025\/03\/Design-sans-titre.jpg&#038;description=Minimalismo%20refinado\" target=\"_blank\" class=\" wd-social-icon social-pinterest\" aria-label=\"Pinterest social link\">\n\t\t\t\t\t\t<span class=\"wd-icon\"><\/span>\n\t\t\t\t\t\t\t\t\t\t\t<\/a>\n\t\t\t\t\n\t\t\t\t\n\t\t\t\t\n\t\t\t\t\n\t\t\t\t\n\t\t\t\t\n\t\t\t\t\n\t\t\t\t\n\t\t\t\t\n\t\t\t\t\n\t\t\t\t\n\t\t\t\t\n\t\t\t\t\n\t\t\t\t\n\t\t\t\t\n\t\t\t\t\n\t\t\t\t\n\t\t\t\t\n\t\t\t\t\n\t\t\t<\/div>\n\n\t\t\t\t\t\t\t\t\t\t<\/div>\n\t\t\t\t\t\t\t\t<div class=\"tooltip-arrow\"><\/div>\n\t\t\t\t\t\t\t<\/div>\n\t\t\t\t\t\t<\/div>\n\t\t\t\t\t\n\t\t\t\t\t\t\t\t\t<\/div>\n\t\t\t<\/div>\n\t\t\t<\/div>\n\n\t<div class=\"wd-post-content\">\n\t\t<div class=\"wd-post-meta wd-post-entry-meta\">\n\t\t\t\n\t\t\t\t\t\t\t<div class=\"wd-post-cat wd-style-default\">\n\t\t\t\t\t<a href=\"https:\/\/www.lavillagardendesign.com\/es\/category\/material-es\/\" rel=\"category tag\">Material<\/a>\t\t\t\t<\/div>\n\t\t\t\n\t\t\t\t\t\t\t<div class=\"wd-post-date wd-style-default\">\n\t\t\t\t\t<time class=\"published\" datetime=\"2025-03-09T12:23:28+01:00\">\n\t\t\t\t\t\t09 Mar 2025\t\t\t\t\t<\/time>\n\t\t\t\t<\/div>\n\n\t\t\t\t<div class=\"wd-modified-date\">\n\t\t\t\t\t\t\t<time class=\"updated\" datetime=\"2025-10-17T20:24:20+02:00\">\n\t\t\t17 de octubre de 2025\t\t<\/time>\n\t\t\t\t\t\t<\/div>\n\t\t\t\t\t<\/div>\n\n\t\t\t\t\t<h3 class=\"wd-post-title wd-entities-title title post-title\">\n\t\t\t\t<a href=\"https:\/\/www.lavillagardendesign.com\/es\/minimalismo-refinado\/\" rel=\"bookmark\">\n\t\t\t\t\tMinimalismo refinado\t\t\t\t<\/a>\n\t\t\t<\/h3>\n\t\t\n\t\t\n\t\t\t\t\t\t\t\t\t\t<div class=\"wd-post-read-more wd-style-link read-more-section\">\n\t\t\t\t\t\t<a class=\"\" href=\"https:\/\/www.lavillagardendesign.com\/es\/minimalismo-refinado\/\">Continue reading<\/a>\t\t\t\t\t<\/div>\n\t\t\t\t\t\t\t<\/div>\n\n\t\t\t<\/div>\n\t<\/article>\n\t\t\t\t\t<\/div>\n\t\t\t\t<div class=\"wd-carousel-item\">\n\t\t\t\t\t\t\t\n<article id=\"post-50031\" class=\"wd-post blog-design-meta-image blog-post-loop blog-style-bg post-50031 post type-post status-publish format-standard has-post-thumbnail hentry category-material-es tag-muebles tag-teca\">\n\t\t\t<div class=\"wd-post-inner\">\n\t\n\t<div class=\"wd-post-thumb color-scheme-light\">\n\t\t\t\t\t<div class=\"wd-post-img\">\n\t\t\t\t<img loading=\"lazy\" decoding=\"async\" width=\"754\" height=\"862\" src=\"https:\/\/www.lavillagardendesign.com\/wp-content\/uploads\/2025\/02\/Design-sans-titre.jpg\" class=\"attachment-1536x1536 size-1536x1536\" alt=\"elegant outdoor furniture\" srcset=\"https:\/\/www.lavillagardendesign.com\/wp-content\/uploads\/2025\/02\/Design-sans-titre.jpg 754w, https:\/\/www.lavillagardendesign.com\/wp-content\/uploads\/2025\/02\/Design-sans-titre-600x686.jpg 600w, https:\/\/www.lavillagardendesign.com\/wp-content\/uploads\/2025\/02\/Design-sans-titre-300x343.jpg 300w, https:\/\/www.lavillagardendesign.com\/wp-content\/uploads\/2025\/02\/Design-sans-titre-262x300.jpg 262w, https:\/\/www.lavillagardendesign.com\/wp-content\/uploads\/2025\/02\/Design-sans-titre-700x800.jpg 700w\" sizes=\"auto, (max-width: 754px) 100vw, 754px\" \/>\t\t\t<\/div>\n\t\t\n\t\t\t\t<a class=\"wd-post-link wd-fill\" tabindex=\"-1\" href=\"https:\/\/www.lavillagardendesign.com\/es\/como-elegir-el-mobiliario-perfecto-para-tu-terraza-elegante\/\" rel=\"bookmark\" aria-label=\"Link on post Mobiliario perfecto para una terraza perfecta\"><\/a>\n\n\t\t\t\t\t<div class=\"wd-post-header\">\n\t\t\t\t\t\t\t\t<div class=\"wd-post-author wd-meta-author\">\n\t\t\t\t\t\t\t\n\t\t\t\t\t<img alt='author-avatar' src='https:\/\/secure.gravatar.com\/avatar\/a53be0156bce3ee4ac13b20b3ddceacb2bb3bad8da31128f43c20673a1ad58d7?s=22&#038;d=mm&#038;r=g' srcset='https:\/\/secure.gravatar.com\/avatar\/a53be0156bce3ee4ac13b20b3ddceacb2bb3bad8da31128f43c20673a1ad58d7?s=44&#038;d=mm&#038;r=g 2x' class='avatar avatar-22 photo' height='22' width='22' \/>\t\t\n\t\t\t\t\t<a href=\"https:\/\/www.lavillagardendesign.com\/es\/author\/la-villa\/\" class=\"author\" rel=\"author\">La Villa<\/a>\n\t\t\t\t\t\t\t\t<\/div>\n\n\t\t\t\t<div class=\"wd-post-actions\">\n\t\t\t\t\t\t\t\t\t\t\t<div tabindex=\"0\" class=\"wd-post-share wd-tltp\">\n\t\t\t\t\t\t\t<div class=\"tooltip top\">\n\t\t\t\t\t\t\t\t<div class=\"tooltip-inner\">\n\t\t\t\t\t\t\t\t\t\t\t\t<div\n\t\t\t\t\t\tclass=\" wd-social-icons wd-style-default wd-size-small social-share wd-shape-circle color-scheme-light text-center\">\n\t\t\t\t\n\t\t\t\t\n\t\t\t\t\t\t\t\t\t<a rel=\"noopener noreferrer nofollow\" href=\"https:\/\/www.facebook.com\/sharer\/sharer.php?u=https:\/\/www.lavillagardendesign.com\/es\/como-elegir-el-mobiliario-perfecto-para-tu-terraza-elegante\/\" target=\"_blank\" class=\" wd-social-icon social-facebook\" aria-label=\"Facebook social link\">\n\t\t\t\t\t\t<span class=\"wd-icon\"><\/span>\n\t\t\t\t\t\t\t\t\t\t\t<\/a>\n\t\t\t\t\n\t\t\t\t\t\t\t\t\t<a rel=\"noopener noreferrer nofollow\" href=\"https:\/\/x.com\/share?url=https:\/\/www.lavillagardendesign.com\/es\/como-elegir-el-mobiliario-perfecto-para-tu-terraza-elegante\/\" target=\"_blank\" class=\" wd-social-icon social-twitter\" aria-label=\"X social link\">\n\t\t\t\t\t\t<span class=\"wd-icon\"><\/span>\n\t\t\t\t\t\t\t\t\t\t\t<\/a>\n\t\t\t\t\n\t\t\t\t\n\t\t\t\t\n\t\t\t\t\n\t\t\t\t\n\t\t\t\t\n\t\t\t\t\t\t\t\t\t<a rel=\"noopener noreferrer nofollow\" href=\"https:\/\/pinterest.com\/pin\/create\/button\/?url=https:\/\/www.lavillagardendesign.com\/es\/como-elegir-el-mobiliario-perfecto-para-tu-terraza-elegante\/&#038;media=https:\/\/www.lavillagardendesign.com\/wp-content\/uploads\/2025\/02\/Design-sans-titre.jpg&#038;description=Mobiliario%20perfecto%20para%20una%20terraza%20perfecta\" target=\"_blank\" class=\" wd-social-icon social-pinterest\" aria-label=\"Pinterest social link\">\n\t\t\t\t\t\t<span class=\"wd-icon\"><\/span>\n\t\t\t\t\t\t\t\t\t\t\t<\/a>\n\t\t\t\t\n\t\t\t\t\n\t\t\t\t\n\t\t\t\t\n\t\t\t\t\n\t\t\t\t\n\t\t\t\t\n\t\t\t\t\n\t\t\t\t\n\t\t\t\t\n\t\t\t\t\n\t\t\t\t\n\t\t\t\t\n\t\t\t\t\n\t\t\t\t\n\t\t\t\t\n\t\t\t\t\n\t\t\t\t\n\t\t\t\t\n\t\t\t<\/div>\n\n\t\t\t\t\t\t\t\t\t\t<\/div>\n\t\t\t\t\t\t\t\t<div class=\"tooltip-arrow\"><\/div>\n\t\t\t\t\t\t\t<\/div>\n\t\t\t\t\t\t<\/div>\n\t\t\t\t\t\n\t\t\t\t\t\t\t\t\t<\/div>\n\t\t\t<\/div>\n\t\t\t<\/div>\n\n\t<div class=\"wd-post-content\">\n\t\t<div class=\"wd-post-meta wd-post-entry-meta\">\n\t\t\t\n\t\t\t\t\t\t\t<div class=\"wd-post-cat wd-style-default\">\n\t\t\t\t\t<a href=\"https:\/\/www.lavillagardendesign.com\/es\/category\/material-es\/\" rel=\"category tag\">Material<\/a>\t\t\t\t<\/div>\n\t\t\t\n\t\t\t\t\t\t\t<div class=\"wd-post-date wd-style-default\">\n\t\t\t\t\t<time class=\"published\" datetime=\"2025-02-03T12:01:18+01:00\">\n\t\t\t\t\t\t03 Feb 2025\t\t\t\t\t<\/time>\n\t\t\t\t<\/div>\n\n\t\t\t\t<div class=\"wd-modified-date\">\n\t\t\t\t\t\t\t<time class=\"updated\" datetime=\"2025-10-17T20:24:20+02:00\">\n\t\t\t17 de octubre de 2025\t\t<\/time>\n\t\t\t\t\t\t<\/div>\n\t\t\t\t\t<\/div>\n\n\t\t\t\t\t<h3 class=\"wd-post-title wd-entities-title title post-title\">\n\t\t\t\t<a href=\"https:\/\/www.lavillagardendesign.com\/es\/como-elegir-el-mobiliario-perfecto-para-tu-terraza-elegante\/\" rel=\"bookmark\">\n\t\t\t\t\tMobiliario perfecto para una terraza perfecta\t\t\t\t<\/a>\n\t\t\t<\/h3>\n\t\t\n\t\t\n\t\t\t\t\t\t\t\t\t\t<div class=\"wd-post-read-more wd-style-link read-more-section\">\n\t\t\t\t\t\t<a class=\"\" href=\"https:\/\/www.lavillagardendesign.com\/es\/como-elegir-el-mobiliario-perfecto-para-tu-terraza-elegante\/\">Continue reading<\/a>\t\t\t\t\t<\/div>\n\t\t\t\t\t\t\t<\/div>\n\n\t\t\t<\/div>\n\t<\/article>\n\t\t\t\t\t<\/div>\n\t\t\t\t\t\t\t\t<\/div>\n\t\t\t\t\t<\/div>\n\n\t\t\t\t\t\t\t<div class=\"wd-nav-arrows wd-pos-sep wd-hover-1 wd-icon-1\">\n\t\t\t<div class=\"wd-btn-arrow wd-prev wd-disabled\">\n\t\t\t\t<div class=\"wd-arrow-inner\"><\/div>\n\t\t\t<\/div>\n\t\t\t<div class=\"wd-btn-arrow wd-next\">\n\t\t\t\t<div class=\"wd-arrow-inner\"><\/div>\n\t\t\t<\/div>\n\t\t<\/div>\n\t\t\t\t\t\t<\/div>\n\n\t\t\t\t\t\t\t\t\t\t\t\t\t\t<\/div>\n\t\t\t\t\t\t\t\t\t\t<\/div>\n\t\t\t\t<\/div>\n\t\t\t\t\t<\/div>\n\t\t\t\t<\/div>\n\t\t<div class=\"elementor-element elementor-element-a4e7434 e-grid wd-section-stretch e-con-boxed e-con e-parent\" data-id=\"a4e7434\" data-element_type=\"container\" data-e-type=\"container\">\n\t\t\t\t\t<div class=\"e-con-inner\">\n\t\t<div class=\"elementor-element elementor-element-6229ed3 e-con-full e-flex e-con e-child\" data-id=\"6229ed3\" data-element_type=\"container\" data-e-type=\"container\">\n\t\t<div class=\"elementor-element elementor-element-3ccfd1a e-con-full e-flex e-con e-child\" data-id=\"3ccfd1a\" data-element_type=\"container\" data-e-type=\"container\">\n\t\t\t\t<div class=\"elementor-element elementor-element-1a0110a elementor-widget elementor-widget-image\" data-id=\"1a0110a\" data-element_type=\"widget\" data-e-type=\"widget\" data-widget_type=\"image.default\">\n\t\t\t\t<div class=\"elementor-widget-container\">\n\t\t\t\t\t\t\t\t\t\t\t\t\t\t\t\t<a href=\"https:\/\/www.lavillagardendesign.com\/es\/categoria-producto\/mesas\/\">\n\t\t\t\t\t\t\t<img loading=\"lazy\" decoding=\"async\" width=\"150\" height=\"150\" src=\"https:\/\/www.lavillagardendesign.com\/wp-content\/uploads\/2025\/05\/2-1-150x150.png\" class=\"attachment-thumbnail size-thumbnail wp-image-54584\" alt=\"\" srcset=\"https:\/\/www.lavillagardendesign.com\/wp-content\/uploads\/2025\/05\/2-1-150x150.png 150w, https:\/\/www.lavillagardendesign.com\/wp-content\/uploads\/2025\/05\/2-1-300x300.png 300w, https:\/\/www.lavillagardendesign.com\/wp-content\/uploads\/2025\/05\/2-1-768x768.png 768w\" sizes=\"auto, (max-width: 150px) 100vw, 150px\" \/>\t\t\t\t\t\t\t\t<\/a>\n\t\t\t\t\t\t\t\t\t\t\t\t\t\t\t<\/div>\n\t\t\t\t<\/div>\n\t\t\t\t<\/div>\n\t\t<div class=\"elementor-element elementor-element-7749293 e-con-full e-flex e-con e-child\" data-id=\"7749293\" data-element_type=\"container\" data-e-type=\"container\">\n\t\t\t\t<div class=\"elementor-element elementor-element-367997e elementor-widget elementor-widget-heading\" data-id=\"367997e\" data-element_type=\"widget\" data-e-type=\"widget\" data-widget_type=\"heading.default\">\n\t\t\t\t<div class=\"elementor-widget-container\">\n\t\t\t\t\t<h2 class=\"elementor-heading-title elementor-size-default\"><a href=\"https:\/\/www.lavillagardendesign.com\/es\/categoria-producto\/mesas\/\">Tables<\/a><\/h2>\t\t\t\t<\/div>\n\t\t\t\t<\/div>\n\t\t\t\t<\/div>\n\t\t\t\t<\/div>\n\t\t<div class=\"elementor-element elementor-element-5ca49f2 e-con-full e-flex e-con e-child\" data-id=\"5ca49f2\" data-element_type=\"container\" data-e-type=\"container\">\n\t\t<div class=\"elementor-element elementor-element-040dd5c e-con-full e-flex e-con e-child\" data-id=\"040dd5c\" data-element_type=\"container\" data-e-type=\"container\">\n\t\t\t\t<div class=\"elementor-element elementor-element-3a9d209 elementor-widget elementor-widget-image\" data-id=\"3a9d209\" data-element_type=\"widget\" data-e-type=\"widget\" data-widget_type=\"image.default\">\n\t\t\t\t<div class=\"elementor-widget-container\">\n\t\t\t\t\t\t\t\t\t\t\t\t\t\t\t\t<a href=\"https:\/\/www.lavillagardendesign.com\/es\/categoria-producto\/sillas\/\">\n\t\t\t\t\t\t\t<img loading=\"lazy\" decoding=\"async\" width=\"150\" height=\"150\" src=\"https:\/\/www.lavillagardendesign.com\/wp-content\/uploads\/2025\/05\/6-2-150x150.png\" class=\"attachment-thumbnail size-thumbnail wp-image-54596\" alt=\"\" srcset=\"https:\/\/www.lavillagardendesign.com\/wp-content\/uploads\/2025\/05\/6-2-150x150.png 150w, https:\/\/www.lavillagardendesign.com\/wp-content\/uploads\/2025\/05\/6-2-600x600.png 600w, https:\/\/www.lavillagardendesign.com\/wp-content\/uploads\/2025\/05\/6-2-300x300.png 300w, https:\/\/www.lavillagardendesign.com\/wp-content\/uploads\/2025\/05\/6-2-768x768.png 768w, https:\/\/www.lavillagardendesign.com\/wp-content\/uploads\/2025\/05\/6-2.png 800w\" sizes=\"auto, (max-width: 150px) 100vw, 150px\" \/>\t\t\t\t\t\t\t\t<\/a>\n\t\t\t\t\t\t\t\t\t\t\t\t\t\t\t<\/div>\n\t\t\t\t<\/div>\n\t\t\t\t<\/div>\n\t\t<div class=\"elementor-element elementor-element-3dcb668 e-con-full e-flex e-con e-child\" data-id=\"3dcb668\" data-element_type=\"container\" data-e-type=\"container\">\n\t\t\t\t<div class=\"elementor-element elementor-element-311bdfb elementor-widget elementor-widget-heading\" data-id=\"311bdfb\" data-element_type=\"widget\" data-e-type=\"widget\" data-widget_type=\"heading.default\">\n\t\t\t\t<div class=\"elementor-widget-container\">\n\t\t\t\t\t<h2 class=\"elementor-heading-title elementor-size-default\"><a href=\"https:\/\/www.lavillagardendesign.com\/es\/categoria-producto\/sillas\/\">Chairs<\/a><\/h2>\t\t\t\t<\/div>\n\t\t\t\t<\/div>\n\t\t\t\t<\/div>\n\t\t\t\t<\/div>\n\t\t<div class=\"elementor-element elementor-element-7e7dc67 e-con-full e-flex e-con e-child\" data-id=\"7e7dc67\" data-element_type=\"container\" data-e-type=\"container\">\n\t\t<div class=\"elementor-element elementor-element-783fd8b e-con-full e-flex e-con e-child\" data-id=\"783fd8b\" data-element_type=\"container\" data-e-type=\"container\">\n\t\t\t\t<div class=\"elementor-element elementor-element-bba1a40 elementor-widget elementor-widget-image\" data-id=\"bba1a40\" data-element_type=\"widget\" data-e-type=\"widget\" data-widget_type=\"image.default\">\n\t\t\t\t<div class=\"elementor-widget-container\">\n\t\t\t\t\t\t\t\t\t\t\t\t\t\t\t\t<a href=\"https:\/\/www.lavillagardendesign.com\/es\/categoria-producto\/sofas-y-butacas\/\">\n\t\t\t\t\t\t\t<img loading=\"lazy\" decoding=\"async\" width=\"150\" height=\"150\" src=\"https:\/\/www.lavillagardendesign.com\/wp-content\/uploads\/2025\/05\/1-3-150x150.png\" class=\"attachment-thumbnail size-thumbnail wp-image-54581\" alt=\"\" srcset=\"https:\/\/www.lavillagardendesign.com\/wp-content\/uploads\/2025\/05\/1-3-150x150.png 150w, https:\/\/www.lavillagardendesign.com\/wp-content\/uploads\/2025\/05\/1-3-600x600.png 600w, https:\/\/www.lavillagardendesign.com\/wp-content\/uploads\/2025\/05\/1-3-300x300.png 300w, https:\/\/www.lavillagardendesign.com\/wp-content\/uploads\/2025\/05\/1-3-768x768.png 768w, https:\/\/www.lavillagardendesign.com\/wp-content\/uploads\/2025\/05\/1-3.png 800w\" sizes=\"auto, (max-width: 150px) 100vw, 150px\" \/>\t\t\t\t\t\t\t\t<\/a>\n\t\t\t\t\t\t\t\t\t\t\t\t\t\t\t<\/div>\n\t\t\t\t<\/div>\n\t\t\t\t<\/div>\n\t\t<div class=\"elementor-element elementor-element-9f6e118 e-con-full e-flex e-con e-child\" data-id=\"9f6e118\" data-element_type=\"container\" data-e-type=\"container\">\n\t\t\t\t<div class=\"elementor-element elementor-element-e564ce3 elementor-widget elementor-widget-heading\" data-id=\"e564ce3\" data-element_type=\"widget\" data-e-type=\"widget\" data-widget_type=\"heading.default\">\n\t\t\t\t<div class=\"elementor-widget-container\">\n\t\t\t\t\t<h2 class=\"elementor-heading-title elementor-size-default\"><a href=\"https:\/\/www.lavillagardendesign.com\/es\/categoria-producto\/sofas-y-butacas\/\">Sofas<\/a><\/h2>\t\t\t\t<\/div>\n\t\t\t\t<\/div>\n\t\t\t\t<\/div>\n\t\t\t\t<\/div>\n\t\t<div class=\"elementor-element elementor-element-46c2268 e-con-full e-flex e-con e-child\" data-id=\"46c2268\" data-element_type=\"container\" data-e-type=\"container\">\n\t\t<div class=\"elementor-element elementor-element-e4caac8 e-con-full e-flex e-con e-child\" data-id=\"e4caac8\" data-element_type=\"container\" data-e-type=\"container\">\n\t\t\t\t<div class=\"elementor-element elementor-element-1671602 elementor-widget elementor-widget-image\" data-id=\"1671602\" data-element_type=\"widget\" data-e-type=\"widget\" data-widget_type=\"image.default\">\n\t\t\t\t<div class=\"elementor-widget-container\">\n\t\t\t\t\t\t\t\t\t\t\t\t\t\t\t\t<a href=\"https:\/\/www.lavillagardendesign.com\/es\/categoria-producto\/iluminacion\/\">\n\t\t\t\t\t\t\t<img loading=\"lazy\" decoding=\"async\" width=\"150\" height=\"150\" src=\"https:\/\/www.lavillagardendesign.com\/wp-content\/uploads\/2025\/05\/3-3-150x150.png\" class=\"attachment-thumbnail size-thumbnail wp-image-54587\" alt=\"\" srcset=\"https:\/\/www.lavillagardendesign.com\/wp-content\/uploads\/2025\/05\/3-3-150x150.png 150w, https:\/\/www.lavillagardendesign.com\/wp-content\/uploads\/2025\/05\/3-3-600x600.png 600w, https:\/\/www.lavillagardendesign.com\/wp-content\/uploads\/2025\/05\/3-3-300x300.png 300w, https:\/\/www.lavillagardendesign.com\/wp-content\/uploads\/2025\/05\/3-3-768x768.png 768w, https:\/\/www.lavillagardendesign.com\/wp-content\/uploads\/2025\/05\/3-3.png 800w\" sizes=\"auto, (max-width: 150px) 100vw, 150px\" \/>\t\t\t\t\t\t\t\t<\/a>\n\t\t\t\t\t\t\t\t\t\t\t\t\t\t\t<\/div>\n\t\t\t\t<\/div>\n\t\t\t\t<\/div>\n\t\t<div class=\"elementor-element elementor-element-b9ad01e e-con-full e-flex e-con e-child\" data-id=\"b9ad01e\" data-element_type=\"container\" data-e-type=\"container\">\n\t\t\t\t<div class=\"elementor-element elementor-element-0b83dcd elementor-widget elementor-widget-heading\" data-id=\"0b83dcd\" data-element_type=\"widget\" data-e-type=\"widget\" data-widget_type=\"heading.default\">\n\t\t\t\t<div class=\"elementor-widget-container\">\n\t\t\t\t\t<h2 class=\"elementor-heading-title elementor-size-default\"><a href=\"https:\/\/www.lavillagardendesign.com\/es\/categoria-producto\/iluminacion\/\">Lamps<\/a><\/h2>\t\t\t\t<\/div>\n\t\t\t\t<\/div>\n\t\t\t\t<\/div>\n\t\t\t\t<\/div>\n\t\t<div class=\"elementor-element elementor-element-ce3ded7 e-con-full e-flex e-con e-child\" data-id=\"ce3ded7\" data-element_type=\"container\" data-e-type=\"container\">\n\t\t<div class=\"elementor-element elementor-element-334bbd7 e-con-full e-flex e-con e-child\" data-id=\"334bbd7\" data-element_type=\"container\" data-e-type=\"container\">\n\t\t\t\t<div class=\"elementor-element elementor-element-29612d9 elementor-widget elementor-widget-image\" data-id=\"29612d9\" data-element_type=\"widget\" data-e-type=\"widget\" data-widget_type=\"image.default\">\n\t\t\t\t<div class=\"elementor-widget-container\">\n\t\t\t\t\t\t\t\t\t\t\t\t\t\t\t\t<a href=\"https:\/\/www.lavillagardendesign.com\/es\/categoria-producto\/sombrillas\/\">\n\t\t\t\t\t\t\t<img loading=\"lazy\" decoding=\"async\" width=\"150\" height=\"150\" src=\"https:\/\/www.lavillagardendesign.com\/wp-content\/uploads\/2025\/05\/4-1-150x150.png\" class=\"attachment-thumbnail size-thumbnail wp-image-54590\" alt=\"\" srcset=\"https:\/\/www.lavillagardendesign.com\/wp-content\/uploads\/2025\/05\/4-1-150x150.png 150w, https:\/\/www.lavillagardendesign.com\/wp-content\/uploads\/2025\/05\/4-1-600x600.png 600w, https:\/\/www.lavillagardendesign.com\/wp-content\/uploads\/2025\/05\/4-1-300x300.png 300w, https:\/\/www.lavillagardendesign.com\/wp-content\/uploads\/2025\/05\/4-1-768x768.png 768w, https:\/\/www.lavillagardendesign.com\/wp-content\/uploads\/2025\/05\/4-1.png 800w\" sizes=\"auto, (max-width: 150px) 100vw, 150px\" \/>\t\t\t\t\t\t\t\t<\/a>\n\t\t\t\t\t\t\t\t\t\t\t\t\t\t\t<\/div>\n\t\t\t\t<\/div>\n\t\t\t\t<\/div>\n\t\t<div class=\"elementor-element elementor-element-bbeae08 e-con-full e-flex e-con e-child\" data-id=\"bbeae08\" data-element_type=\"container\" data-e-type=\"container\">\n\t\t\t\t<div class=\"elementor-element elementor-element-3f40572 elementor-widget elementor-widget-heading\" data-id=\"3f40572\" data-element_type=\"widget\" data-e-type=\"widget\" data-widget_type=\"heading.default\">\n\t\t\t\t<div class=\"elementor-widget-container\">\n\t\t\t\t\t<h2 class=\"elementor-heading-title elementor-size-default\"><a href=\"https:\/\/www.lavillagardendesign.com\/es\/categoria-producto\/sombrillas\/\">Sunshades<\/a><\/h2>\t\t\t\t<\/div>\n\t\t\t\t<\/div>\n\t\t\t\t<\/div>\n\t\t\t\t<\/div>\n\t\t<div class=\"elementor-element elementor-element-bd68efd e-con-full e-flex e-con e-child\" data-id=\"bd68efd\" data-element_type=\"container\" data-e-type=\"container\">\n\t\t<div class=\"elementor-element elementor-element-1c28c80 e-con-full e-flex e-con e-child\" data-id=\"1c28c80\" data-element_type=\"container\" data-e-type=\"container\">\n\t\t\t\t<div class=\"elementor-element elementor-element-2ad3849 elementor-widget elementor-widget-image\" data-id=\"2ad3849\" data-element_type=\"widget\" data-e-type=\"widget\" data-widget_type=\"image.default\">\n\t\t\t\t<div class=\"elementor-widget-container\">\n\t\t\t\t\t\t\t\t\t\t\t\t\t\t\t\t<a href=\"https:\/\/www.lavillagardendesign.com\/es\/categoria-producto\/tumbonas-camas\/\">\n\t\t\t\t\t\t\t<img loading=\"lazy\" decoding=\"async\" width=\"150\" height=\"150\" src=\"https:\/\/www.lavillagardendesign.com\/wp-content\/uploads\/2025\/05\/5-3-150x150.png\" class=\"attachment-thumbnail size-thumbnail wp-image-54593\" alt=\"\" srcset=\"https:\/\/www.lavillagardendesign.com\/wp-content\/uploads\/2025\/05\/5-3-150x150.png 150w, https:\/\/www.lavillagardendesign.com\/wp-content\/uploads\/2025\/05\/5-3-600x600.png 600w, https:\/\/www.lavillagardendesign.com\/wp-content\/uploads\/2025\/05\/5-3-300x300.png 300w, https:\/\/www.lavillagardendesign.com\/wp-content\/uploads\/2025\/05\/5-3-768x768.png 768w, https:\/\/www.lavillagardendesign.com\/wp-content\/uploads\/2025\/05\/5-3.png 800w\" sizes=\"auto, (max-width: 150px) 100vw, 150px\" \/>\t\t\t\t\t\t\t\t<\/a>\n\t\t\t\t\t\t\t\t\t\t\t\t\t\t\t<\/div>\n\t\t\t\t<\/div>\n\t\t\t\t<\/div>\n\t\t<div class=\"elementor-element elementor-element-052194d e-con-full e-flex e-con e-child\" data-id=\"052194d\" data-element_type=\"container\" data-e-type=\"container\">\n\t\t\t\t<div class=\"elementor-element elementor-element-2421198 elementor-widget elementor-widget-heading\" data-id=\"2421198\" data-element_type=\"widget\" data-e-type=\"widget\" data-widget_type=\"heading.default\">\n\t\t\t\t<div class=\"elementor-widget-container\">\n\t\t\t\t\t<h2 class=\"elementor-heading-title elementor-size-default\"><a href=\"https:\/\/www.lavillagardendesign.com\/es\/categoria-producto\/tumbonas-camas\/\">Sunloungers<\/a><\/h2>\t\t\t\t<\/div>\n\t\t\t\t<\/div>\n\t\t\t\t<\/div>\n\t\t\t\t<\/div>\n\t\t\t\t\t<\/div>\n\t\t\t\t<\/div>\n\t\t<div class=\"elementor-element elementor-element-d2c6e78 e-con-full wd-section-stretch e-flex e-con e-parent\" data-id=\"d2c6e78\" data-element_type=\"container\" data-e-type=\"container\">\n\t\t\t\t<div class=\"elementor-element elementor-element-90cfeec elementor-widget__width-initial elementor-widget-tablet__width-initial elementor-widget elementor-widget-html\" data-id=\"90cfeec\" data-element_type=\"widget\" data-e-type=\"widget\" data-widget_type=\"html.default\">\n\t\t\t\t<div class=\"elementor-widget-container\">\n\t\t\t\t\t<div class=\"read-more-container\">\n  <p class=\"short-text\">\n    <strong>La Villa Garden&amp;Design<\/strong> is the largest outdoor furniture showroom in Europe, with over <strong>2,000 m\u00b2 of exhibition space<\/strong> dedicated to design, innovation, and the art of outdoor living. With locations in <strong>Ibiza, Figueres, and Barcelona<\/strong>, we specialize in creating unique outdoor spaces through high-end solutions that combine <strong>contemporary aesthetics<\/strong>, <strong>durability<\/strong>, and <strong>ultimate comfort<\/strong>.\n  <\/p>\n  <p class=\"full-text\">\n    We work exclusively with premium materials such as <strong>powder-coated aluminum<\/strong> and <strong>Sunbrella\u00ae fabrics<\/strong>, renowned for their resistance to UV rays, moisture, and wear over time.<br><br>\n    Our collection includes <strong>modular sofas<\/strong>, <strong>daybeds<\/strong>, <strong>sun loungers<\/strong>, <strong>dining sets<\/strong>, <strong>outdoor kitchens<\/strong>, <strong>designer barbecues<\/strong>, <strong>jacuzzis<\/strong>, <strong>spas<\/strong>, and <strong>decorative accessories<\/strong>, all carefully selected to offer style and functionality year-round.<br><br>\n    We partner with iconic brands like <strong>Vondom<\/strong>, <strong>Ofyr<\/strong>, <strong>Jacuzzi\u00ae<\/strong>, and other prestigious international names, enabling us to deliver exclusive products and tailor-made projects for <strong>private clients<\/strong>, <strong>hotels<\/strong>, <strong>villas<\/strong>, <strong>restaurants<\/strong>, and <strong>contract spaces<\/strong>.<br><br>\n    Our team of experts supports you throughout the <strong>design and planning process<\/strong>, tailoring each project to your preferences and needs.<br><br>\n    At <strong>La Villa Garden&amp;Design<\/strong>, quality, design, and sustainability come together to transform your garden or terrace into a <strong>true wellness oasis<\/strong>, with a complete solution that turns your outdoor space into a place to enjoy in style.\n  <\/p>\n  <div class=\"read-more-btn-wrapper\">\n    <button class=\"read-more-btn\">Read more<\/button>\n  <\/div>\n<\/div>\n\n<style>\n  .read-more-container {\n    font-family: 'Poppins', sans-serif;\n    font-size: 18px;\n    line-height: 1.6;\n    text-align: center;\n    max-width: 900px;\n    margin: 0 auto;\n    padding: 10px;\n  }\n\n  .full-text {\n    display: none;\n  }\n\n  .read-more-btn-wrapper {\n    text-align: center;\n    margin-top: 20px;\n  }\n\n  .read-more-btn {\n    padding: 10px 25px;\n    font-size: 16px;\n    font-family: 'Poppins', sans-serif;\n    cursor: pointer;\n    background-color: #ffffff;\n    color: #23363E;\n    border: 2px solid #23363E;\n    border-radius: 5px;\n    transition: background-color 0.3s ease, color 0.3s ease;\n  }\n\n  .read-more-btn:hover {\n    background-color: #23363E;\n    color: #ffffff;\n  }\n\n  @media screen and (max-width: 767px) {\n    .read-more-container {\n      font-size: 16px;\n    }\n  }\n<\/style>\n\n<script>\n  document.addEventListener(\"DOMContentLoaded\", function () {\n    const btn = document.querySelector(\".read-more-btn\");\n    const fullText = document.querySelector(\".full-text\");\n\n    btn.addEventListener(\"click\", function () {\n      fullText.style.display = \"block\";\n      btn.style.display = \"none\";\n    });\n  });\n<\/script>\n\t\t\t\t<\/div>\n\t\t\t\t<\/div>\n\t\t\t\t<\/div>\n\t\t\t\t<\/div>\n\t\t","protected":false},"excerpt":{"rendered":"<p>NUEVA colecci\u00f3n 2026 Descubrir NUEVA colecci\u00f3n 2026 Descubrir Our Categories Browse our store through our categories Tables (135) 135 products<\/p>\n","protected":false},"author":1,"featured_media":0,"parent":0,"menu_order":0,"comment_status":"closed","ping_status":"closed","template":"","meta":{"footnotes":""},"class_list":["post-29645","page","type-page","status-publish","hentry"],"yoast_head":"<!-- This site is optimized with the Yoast SEO plugin v27.4 - https:\/\/yoast.com\/product\/yoast-seo-wordpress\/ -->\n<title>La Villa Garden - Mobiliario exterior de calidad<\/title>\n<meta name=\"description\" content=\"La Villa Garden, su especialista en mobiliario y decoraci\u00f3n exterior de calidad, con showrooms en Espa\u00f1a y entrega en Europa.\" \/>\n<meta name=\"robots\" content=\"index, follow, max-snippet:-1, max-image-preview:large, max-video-preview:-1\" \/>\n<link rel=\"canonical\" href=\"https:\/\/www.lavillagardendesign.com\/\" \/>\n<meta property=\"og:locale\" content=\"es_ES\" \/>\n<meta property=\"og:type\" content=\"article\" \/>\n<meta property=\"og:title\" content=\"La Villa Garden - Mobiliario exterior de calidad\" \/>\n<meta property=\"og:description\" content=\"La Villa Garden, su especialista en mobiliario y decoraci\u00f3n exterior de calidad, con showrooms en Espa\u00f1a y entrega en Europa.\" \/>\n<meta property=\"og:url\" content=\"https:\/\/www.lavillagardendesign.com\/\" \/>\n<meta property=\"og:site_name\" content=\"La Villa Garden&amp;Design\" \/>\n<meta property=\"article:publisher\" content=\"https:\/\/www.facebook.com\/lavillagardendesign\/\" \/>\n<meta property=\"article:modified_time\" content=\"2026-04-23T06:24:13+00:00\" \/>\n<meta property=\"og:image\" content=\"https:\/\/www.lavillagardendesign.com\/wp-content\/uploads\/2026\/04\/1-de-mayo-4.png\" \/>\n<meta name=\"twitter:card\" content=\"summary_large_image\" \/>\n<meta name=\"twitter:label1\" content=\"Tiempo de lectura\" \/>\n\t<meta name=\"twitter:data1\" content=\"14 minutos\" \/>\n<script type=\"application\/ld+json\" class=\"yoast-schema-graph\">{\"@context\":\"https:\\\/\\\/schema.org\",\"@graph\":[{\"@type\":\"WebPage\",\"@id\":\"https:\\\/\\\/www.lavillagardendesign.com\\\/\",\"url\":\"https:\\\/\\\/www.lavillagardendesign.com\\\/\",\"name\":\"La Villa Garden - Mobiliario exterior de calidad\",\"isPartOf\":{\"@id\":\"https:\\\/\\\/www.lavillagardendesign.com\\\/#website\"},\"primaryImageOfPage\":{\"@id\":\"https:\\\/\\\/www.lavillagardendesign.com\\\/#primaryimage\"},\"image\":{\"@id\":\"https:\\\/\\\/www.lavillagardendesign.com\\\/#primaryimage\"},\"thumbnailUrl\":\"https:\\\/\\\/www.lavillagardendesign.com\\\/wp-content\\\/uploads\\\/2026\\\/04\\\/1-de-mayo-4.png\",\"datePublished\":\"2023-04-20T10:41:51+00:00\",\"dateModified\":\"2026-04-23T06:24:13+00:00\",\"description\":\"La Villa Garden, su especialista en mobiliario y decoraci\u00f3n exterior de calidad, con showrooms en Espa\u00f1a y entrega en Europa.\",\"breadcrumb\":{\"@id\":\"https:\\\/\\\/www.lavillagardendesign.com\\\/#breadcrumb\"},\"inLanguage\":\"es\",\"potentialAction\":[{\"@type\":\"ReadAction\",\"target\":[\"https:\\\/\\\/www.lavillagardendesign.com\\\/\"]}]},{\"@type\":\"ImageObject\",\"inLanguage\":\"es\",\"@id\":\"https:\\\/\\\/www.lavillagardendesign.com\\\/#primaryimage\",\"url\":\"https:\\\/\\\/www.lavillagardendesign.com\\\/wp-content\\\/uploads\\\/2026\\\/04\\\/1-de-mayo-4.png\",\"contentUrl\":\"https:\\\/\\\/www.lavillagardendesign.com\\\/wp-content\\\/uploads\\\/2026\\\/04\\\/1-de-mayo-4.png\"},{\"@type\":\"BreadcrumbList\",\"@id\":\"https:\\\/\\\/www.lavillagardendesign.com\\\/#breadcrumb\",\"itemListElement\":[{\"@type\":\"ListItem\",\"position\":1,\"name\":\"Home\",\"item\":\"https:\\\/\\\/www.lavillagardendesign.com\\\/\"},{\"@type\":\"ListItem\",\"position\":2,\"name\":\"Inicio\"}]},{\"@type\":\"WebSite\",\"@id\":\"https:\\\/\\\/www.lavillagardendesign.com\\\/#website\",\"url\":\"https:\\\/\\\/www.lavillagardendesign.com\\\/\",\"name\":\"La Villa Garden&Design\",\"description\":\"\",\"publisher\":{\"@id\":\"https:\\\/\\\/www.lavillagardendesign.com\\\/#organization\"},\"potentialAction\":[{\"@type\":\"SearchAction\",\"target\":{\"@type\":\"EntryPoint\",\"urlTemplate\":\"https:\\\/\\\/www.lavillagardendesign.com\\\/?s={search_term_string}\"},\"query-input\":{\"@type\":\"PropertyValueSpecification\",\"valueRequired\":true,\"valueName\":\"search_term_string\"}}],\"inLanguage\":\"es\"},{\"@type\":\"Organization\",\"@id\":\"https:\\\/\\\/www.lavillagardendesign.com\\\/#organization\",\"name\":\"La Villa Garden&Design\",\"url\":\"https:\\\/\\\/www.lavillagardendesign.com\\\/\",\"logo\":{\"@type\":\"ImageObject\",\"inLanguage\":\"es\",\"@id\":\"https:\\\/\\\/www.lavillagardendesign.com\\\/#\\\/schema\\\/logo\\\/image\\\/\",\"url\":\"https:\\\/\\\/www.lavillagardendesign.com\\\/wp-content\\\/uploads\\\/2024\\\/04\\\/logolavilla.png\",\"contentUrl\":\"https:\\\/\\\/www.lavillagardendesign.com\\\/wp-content\\\/uploads\\\/2024\\\/04\\\/logolavilla.png\",\"width\":682,\"height\":391,\"caption\":\"La Villa Garden&Design\"},\"image\":{\"@id\":\"https:\\\/\\\/www.lavillagardendesign.com\\\/#\\\/schema\\\/logo\\\/image\\\/\"},\"sameAs\":[\"https:\\\/\\\/www.facebook.com\\\/lavillagardendesign\\\/\"]}]}<\/script>\n<!-- \/ Yoast SEO plugin. -->","yoast_head_json":{"title":"La Villa Garden - Mobiliario exterior de calidad","description":"La Villa Garden, su especialista en mobiliario y decoraci\u00f3n exterior de calidad, con showrooms en Espa\u00f1a y entrega en Europa.","robots":{"index":"index","follow":"follow","max-snippet":"max-snippet:-1","max-image-preview":"max-image-preview:large","max-video-preview":"max-video-preview:-1"},"canonical":"https:\/\/www.lavillagardendesign.com\/","og_locale":"es_ES","og_type":"article","og_title":"La Villa Garden - Mobiliario exterior de calidad","og_description":"La Villa Garden, su especialista en mobiliario y decoraci\u00f3n exterior de calidad, con showrooms en Espa\u00f1a y entrega en Europa.","og_url":"https:\/\/www.lavillagardendesign.com\/","og_site_name":"La Villa Garden&amp;Design","article_publisher":"https:\/\/www.facebook.com\/lavillagardendesign\/","article_modified_time":"2026-04-23T06:24:13+00:00","og_image":[{"url":"https:\/\/www.lavillagardendesign.com\/wp-content\/uploads\/2026\/04\/1-de-mayo-4.png","type":"","width":"","height":""}],"twitter_card":"summary_large_image","twitter_misc":{"Tiempo de lectura":"14 minutos"},"schema":{"@context":"https:\/\/schema.org","@graph":[{"@type":"WebPage","@id":"https:\/\/www.lavillagardendesign.com\/","url":"https:\/\/www.lavillagardendesign.com\/","name":"La Villa Garden - Mobiliario exterior de calidad","isPartOf":{"@id":"https:\/\/www.lavillagardendesign.com\/#website"},"primaryImageOfPage":{"@id":"https:\/\/www.lavillagardendesign.com\/#primaryimage"},"image":{"@id":"https:\/\/www.lavillagardendesign.com\/#primaryimage"},"thumbnailUrl":"https:\/\/www.lavillagardendesign.com\/wp-content\/uploads\/2026\/04\/1-de-mayo-4.png","datePublished":"2023-04-20T10:41:51+00:00","dateModified":"2026-04-23T06:24:13+00:00","description":"La Villa Garden, su especialista en mobiliario y decoraci\u00f3n exterior de calidad, con showrooms en Espa\u00f1a y entrega en Europa.","breadcrumb":{"@id":"https:\/\/www.lavillagardendesign.com\/#breadcrumb"},"inLanguage":"es","potentialAction":[{"@type":"ReadAction","target":["https:\/\/www.lavillagardendesign.com\/"]}]},{"@type":"ImageObject","inLanguage":"es","@id":"https:\/\/www.lavillagardendesign.com\/#primaryimage","url":"https:\/\/www.lavillagardendesign.com\/wp-content\/uploads\/2026\/04\/1-de-mayo-4.png","contentUrl":"https:\/\/www.lavillagardendesign.com\/wp-content\/uploads\/2026\/04\/1-de-mayo-4.png"},{"@type":"BreadcrumbList","@id":"https:\/\/www.lavillagardendesign.com\/#breadcrumb","itemListElement":[{"@type":"ListItem","position":1,"name":"Home","item":"https:\/\/www.lavillagardendesign.com\/"},{"@type":"ListItem","position":2,"name":"Inicio"}]},{"@type":"WebSite","@id":"https:\/\/www.lavillagardendesign.com\/#website","url":"https:\/\/www.lavillagardendesign.com\/","name":"La Villa Garden&Design","description":"","publisher":{"@id":"https:\/\/www.lavillagardendesign.com\/#organization"},"potentialAction":[{"@type":"SearchAction","target":{"@type":"EntryPoint","urlTemplate":"https:\/\/www.lavillagardendesign.com\/?s={search_term_string}"},"query-input":{"@type":"PropertyValueSpecification","valueRequired":true,"valueName":"search_term_string"}}],"inLanguage":"es"},{"@type":"Organization","@id":"https:\/\/www.lavillagardendesign.com\/#organization","name":"La Villa Garden&Design","url":"https:\/\/www.lavillagardendesign.com\/","logo":{"@type":"ImageObject","inLanguage":"es","@id":"https:\/\/www.lavillagardendesign.com\/#\/schema\/logo\/image\/","url":"https:\/\/www.lavillagardendesign.com\/wp-content\/uploads\/2024\/04\/logolavilla.png","contentUrl":"https:\/\/www.lavillagardendesign.com\/wp-content\/uploads\/2024\/04\/logolavilla.png","width":682,"height":391,"caption":"La Villa Garden&Design"},"image":{"@id":"https:\/\/www.lavillagardendesign.com\/#\/schema\/logo\/image\/"},"sameAs":["https:\/\/www.facebook.com\/lavillagardendesign\/"]}]}},"_links":{"self":[{"href":"https:\/\/www.lavillagardendesign.com\/es\/wp-json\/wp\/v2\/pages\/29645","targetHints":{"allow":["GET"]}}],"collection":[{"href":"https:\/\/www.lavillagardendesign.com\/es\/wp-json\/wp\/v2\/pages"}],"about":[{"href":"https:\/\/www.lavillagardendesign.com\/es\/wp-json\/wp\/v2\/types\/page"}],"author":[{"embeddable":true,"href":"https:\/\/www.lavillagardendesign.com\/es\/wp-json\/wp\/v2\/users\/1"}],"replies":[{"embeddable":true,"href":"https:\/\/www.lavillagardendesign.com\/es\/wp-json\/wp\/v2\/comments?post=29645"}],"version-history":[{"count":767,"href":"https:\/\/www.lavillagardendesign.com\/es\/wp-json\/wp\/v2\/pages\/29645\/revisions"}],"predecessor-version":[{"id":70810,"href":"https:\/\/www.lavillagardendesign.com\/es\/wp-json\/wp\/v2\/pages\/29645\/revisions\/70810"}],"wp:attachment":[{"href":"https:\/\/www.lavillagardendesign.com\/es\/wp-json\/wp\/v2\/media?parent=29645"}],"curies":[{"name":"wp","href":"https:\/\/api.w.org\/{rel}","templated":true}]}}